{"id":25046,"date":"2021-11-04T17:50:12","date_gmt":"2021-11-04T15:50:12","guid":{"rendered":"https:\/\/www.borsaturismoarcheologico.it\/%d9%85%d8%b1%d8%a7%d8%ac%d8%b9%d8%a9-%d8%a7%d9%84%d8%b5%d8%ad%d8%a7%d9%81%d8%a9-2\/"},"modified":"2021-11-04T17:50:12","modified_gmt":"2021-11-04T15:50:12","slug":"%d9%85%d8%b1%d8%a7%d8%ac%d8%b9%d8%a9-%d8%a7%d9%84%d8%b5%d8%ad%d8%a7%d9%81%d8%a9-2","status":"publish","type":"page","link":"https:\/\/www.borsaturismoarcheologico.it\/ar\/%d9%85%d8%b1%d8%a7%d8%ac%d8%b9%d8%a9-%d8%a7%d9%84%d8%b5%d8%ad%d8%a7%d9%81%d8%a9-2\/","title":{"rendered":"<p dir=\"rtl\">\u0645\u0631\u0627\u062c\u0639\u0629 \u0627\u0644\u0635\u062d\u0627\u0641\u0629<\/p>"},"content":{"rendered":"<table width=\"1093\">\n<tbody>\n<tr>\n<td width=\"auto\">\n<h3><strong><span style=\"color: #ff6600;\">XXIII edizione<\/span><\/strong><\/h3>\n<\/td>\n<td width=\"auto\"><\/td>\n<td><\/td>\n<\/tr>\n<tr>\n<td><strong>gennaio 2022<\/strong><\/td>\n<td><span style=\"color: #ff6600;\"><strong><a style=\"color: #ff6600;\" href=\"https:\/\/www.borsaturismoarcheologico.it\/wp-content\/uploads\/2022\/01\/turismoariaaperta_1-22.pdf\" target=\"_blank\" rel=\"noopener noreferrer\">Turismo all&#8217;aria aperta<\/a><\/strong><\/span><\/td>\n<td>Nuove scoperte nell&#8217;Anatolia neolitica: Karahantepe<\/td>\n<td><a title=\"aef\" href=\"https:\/\/www.borsaturismoarcheologico.it\/wp-content\/uploads\/2022\/01\/turismoariaaperta_1-22.pdf\" target=\"_blank\" rel=\"noopener noreferrer\"><img decoding=\"async\" class=\"aligncenter\" src=\"https:\/\/www.borsaturismoarcheologico.it\/wp-content\/uploads\/2013\/01\/1360704754_pdf.x50452.png\" alt=\"1360704754_pdf\" width=\"20\" height=\"20\" title=\"\"><\/a><\/td>\n<\/tr>\n<tr>\n<td><strong>30 dicembre 2021<\/strong><\/td>\n<td><span style=\"color: #ff6600;\"><strong><a style=\"color: #ff6600;\" href=\"https:\/\/www.borsaturismoarcheologico.it\/wp-content\/uploads\/2022\/01\/qn_30-12.pdf\" target=\"_blank\" rel=\"noopener noreferrer\">Quotidiano Nazionale<\/a><\/strong><\/span><\/td>\n<td>Negli abissi i tesori della storia<\/td>\n<td><a title=\"aef\" href=\"https:\/\/www.borsaturismoarcheologico.it\/wp-content\/uploads\/2022\/01\/qn_30-12.pdf\" target=\"_blank\" rel=\"noopener noreferrer\"><img decoding=\"async\" class=\"aligncenter\" src=\"https:\/\/www.borsaturismoarcheologico.it\/wp-content\/uploads\/2013\/01\/1360704754_pdf.x50452.png\" alt=\"1360704754_pdf\" width=\"20\" height=\"20\" title=\"\"><\/a><\/td>\n<\/tr>\n<tr>\n<td><strong>19 dicembre 2021<\/strong><\/td>\n<td><span style=\"color: #ff6600;\"><strong><a style=\"color: #ff6600;\" href=\"https:\/\/www.borsaturismoarcheologico.it\/wp-content\/uploads\/2021\/12\/Espresso-19-12_compressed.pdf\" target=\"_blank\" rel=\"noopener noreferrer\">L&#8217;Espresso<\/a><\/strong><\/span><\/td>\n<td>Turchia \u00e8 l&#8217;ora dell&#8217;archeopolitica<\/td>\n<td><a title=\"aef\" href=\"https:\/\/www.borsaturismoarcheologico.it\/wp-content\/uploads\/2021\/12\/Espresso-19-12_compressed.pdf\" target=\"_blank\" rel=\"noopener noreferrer\"><img decoding=\"async\" class=\"aligncenter\" src=\"https:\/\/www.borsaturismoarcheologico.it\/wp-content\/uploads\/2013\/01\/1360704754_pdf.x50452.png\" alt=\"1360704754_pdf\" width=\"20\" height=\"20\" title=\"\"><\/a><\/td>\n<\/tr>\n<tr>\n<td><strong>15 dicembre 2021<\/strong><\/td>\n<td><span style=\"color: #ff6600;\"><strong><a style=\"color: #ff6600;\" href=\"https:\/\/www.ilgiornaleoff.it\/2021\/12\/15\/nuovi-percorsi-esperenziali-per-sostituire-lidea-del-vecchio-museo\/\" target=\"_blank\" rel=\"noopener noreferrer nofollow\">IlGiornaleOFF.it<\/a><\/strong><\/span><\/td>\n<td>Nuovi percorsi esperenziali per sostituire l\u2019idea del \u201cvecchio museo\u201d<\/td>\n<td><a title=\"aef\" href=\"https:\/\/www.ilgiornaleoff.it\/2021\/12\/15\/nuovi-percorsi-esperenziali-per-sostituire-lidea-del-vecchio-museo\/\" target=\"_blank\" rel=\"noopener noreferrer nofollow\"><img decoding=\"async\" class=\"aligncenter\" src=\"https:\/\/www.borsaturismoarcheologico.it\/wp-content\/uploads\/2018\/07\/weblogo.x50452.png\" alt=\"1360704754_pdf\" width=\"20\" height=\"20\" title=\"\"><\/a><\/td>\n<\/tr>\n<tr>\n<td><strong>14 dicembre 2021<\/strong><\/td>\n<td><span style=\"color: #ff6600;\"><strong><a style=\"color: #ff6600;\" href=\"https:\/\/www.borsaturismoarcheologico.it\/wp-content\/uploads\/2021\/12\/quotsud_14-12.pdf\" target=\"_blank\" rel=\"noopener noreferrer\">Il Quotidiano del Sud ed. Salerno<\/a><\/strong><\/span><\/td>\n<td>La vera archeologia al Museo diocesano<\/td>\n<td><a title=\"aef\" href=\"https:\/\/www.borsaturismoarcheologico.it\/wp-content\/uploads\/2021\/12\/quotsud_14-12.pdf\" target=\"_blank\" rel=\"noopener noreferrer\"><img decoding=\"async\" class=\"aligncenter\" src=\"https:\/\/www.borsaturismoarcheologico.it\/wp-content\/uploads\/2013\/01\/1360704754_pdf.x50452.png\" alt=\"1360704754_pdf\" width=\"20\" height=\"20\" title=\"\"><\/a><\/td>\n<\/tr>\n<tr>\n<td><strong>14 dicembre 2021<\/strong><\/td>\n<td><span style=\"color: #ff6600;\"><strong><a style=\"color: #ff6600;\" href=\"https:\/\/www.borsaturismoarcheologico.it\/wp-content\/uploads\/2021\/12\/cronache_14-12.pdf\" target=\"_blank\" rel=\"noopener noreferrer\">Le Cronache<\/a><\/strong><\/span><\/td>\n<td>&#8220;La passione e la polvere&#8221; di Luigi Malnati. Appuntamento oggi alle 17 alla presenza di Monsignor Andrea Bellandi<\/td>\n<td><a title=\"aef\" href=\"https:\/\/www.borsaturismoarcheologico.it\/wp-content\/uploads\/2021\/12\/cronache_14-12.pdf\" target=\"_blank\" rel=\"noopener noreferrer\"><img decoding=\"async\" class=\"aligncenter\" src=\"https:\/\/www.borsaturismoarcheologico.it\/wp-content\/uploads\/2013\/01\/1360704754_pdf.x50452.png\" alt=\"1360704754_pdf\" width=\"20\" height=\"20\" title=\"\"><\/a><\/td>\n<\/tr>\n<tr>\n<td><strong>13 dicembre 2021<\/strong><\/td>\n<td><span style=\"color: #ff6600;\"><strong><a style=\"color: #ff6600;\" href=\"https:\/\/www.ilmattino.it\/cultura\/libri\/la_passione_e_la_polvere_malnati_archeologia-6381207.html\" target=\"_blank\" rel=\"noopener noreferrer nofollow\">IlMattino.it<\/a><\/strong><\/span><\/td>\n<td>\u00abLa passione e la polvere\u00bb, il libro di Malnati sulla storia dell&#8217;archeologia<\/td>\n<td><a title=\"aef\" href=\"https:\/\/www.ilmattino.it\/cultura\/libri\/la_passione_e_la_polvere_malnati_archeologia-6381207.html\" target=\"_blank\" rel=\"noopener noreferrer nofollow\"><img decoding=\"async\" class=\"aligncenter\" src=\"https:\/\/www.borsaturismoarcheologico.it\/wp-content\/uploads\/2018\/07\/weblogo.x50452.png\" alt=\"1360704754_pdf\" width=\"20\" height=\"20\" title=\"\"><\/a><\/td>\n<\/tr>\n<tr>\n<td><strong>13 dicembre 2021<\/strong><\/td>\n<td><span style=\"color: #ff6600;\"><strong><a style=\"color: #ff6600;\" href=\"https:\/\/www.borsaturismoarcheologico.it\/wp-content\/uploads\/2021\/12\/mattino_13-12.pdf\" target=\"_blank\" rel=\"noopener noreferrer\">Il Mattino ed. Salerno<\/a><\/strong><\/span><\/td>\n<td>Il mestiere di archeologo, Malnati: non \u00e8 un film ma polvere e passione<\/td>\n<td><a title=\"aef\" href=\"https:\/\/www.borsaturismoarcheologico.it\/wp-content\/uploads\/2021\/12\/mattino_13-12.pdf\" target=\"_blank\" rel=\"noopener noreferrer\"><img decoding=\"async\" class=\"aligncenter\" src=\"https:\/\/www.borsaturismoarcheologico.it\/wp-content\/uploads\/2013\/01\/1360704754_pdf.x50452.png\" alt=\"1360704754_pdf\" width=\"20\" height=\"20\" title=\"\"><\/a><\/td>\n<\/tr>\n<tr>\n<td><strong>12 dicembre 2021<\/strong><\/td>\n<td><span style=\"color: #ff6600;\"><strong><a style=\"color: #ff6600;\" href=\"https:\/\/www.borsaturismoarcheologico.it\/wp-content\/uploads\/2021\/12\/toscana-oggi_9-12.pdf\" target=\"_blank\" rel=\"noopener noreferrer\">Toscana Oggi<\/a><\/strong><\/span><\/td>\n<td>Il progetto \u00abToscana Terra Etrusca\u00bb, protagonista alla BMTA di Paestum<\/td>\n<td><a title=\"aef\" href=\"https:\/\/www.borsaturismoarcheologico.it\/wp-content\/uploads\/2021\/12\/toscana-oggi_9-12.pdf\" target=\"_blank\" rel=\"noopener noreferrer\"><img decoding=\"async\" class=\"aligncenter\" src=\"https:\/\/www.borsaturismoarcheologico.it\/wp-content\/uploads\/2013\/01\/1360704754_pdf.x50452.png\" alt=\"1360704754_pdf\" width=\"20\" height=\"20\" title=\"\"><\/a><\/td>\n<\/tr>\n<tr>\n<td><strong>11 dicembre 2021<\/strong><\/td>\n<td><span style=\"color: #ff6600;\"><strong><a style=\"color: #ff6600;\" href=\"https:\/\/wsimag.com\/es\/cultura\/67961-iniciativas-para-la-arqueologia-oculta\" target=\"_blank\" rel=\"noopener noreferrer nofollow\">Wall Street International Magazine<\/a><\/strong><\/span><\/td>\n<td>Iniciativas para la arqueolog\u00eda oculta. Edici\u00f3n 2021 de la Bolsa Mediterr\u00e1nea del Turismo Arqueol\u00f3gico<\/td>\n<td><a title=\"aef\" href=\"https:\/\/wsimag.com\/es\/cultura\/67961-iniciativas-para-la-arqueologia-oculta\" target=\"_blank\" rel=\"noopener noreferrer nofollow\"><img decoding=\"async\" class=\"aligncenter\" src=\"https:\/\/www.borsaturismoarcheologico.it\/wp-content\/uploads\/2018\/07\/weblogo.x50452.png\" alt=\"1360704754_pdf\" width=\"20\" height=\"20\" title=\"\"><\/a><\/td>\n<\/tr>\n<tr>\n<td><strong>11 dicembre 2021<\/strong><\/td>\n<td><span style=\"color: #ff6600;\"><strong><a style=\"color: #ff6600;\" href=\"https:\/\/www.metropolitano.it\/relitti-un-patrimonio-sommerso-da-visitare-nei-nostri-fondali\/\" target=\"_blank\" rel=\"noopener noreferrer nofollow\">Metropolitano.it<\/a><\/strong><\/span><\/td>\n<td>Relitti: un patrimonio sommerso da visitare nei nostri fondali<\/td>\n<td><a title=\"aef\" href=\"https:\/\/www.metropolitano.it\/relitti-un-patrimonio-sommerso-da-visitare-nei-nostri-fondali\/\" target=\"_blank\" rel=\"noopener noreferrer nofollow\"><img decoding=\"async\" class=\"aligncenter\" src=\"https:\/\/www.borsaturismoarcheologico.it\/wp-content\/uploads\/2018\/07\/weblogo.x50452.png\" alt=\"1360704754_pdf\" width=\"20\" height=\"20\" title=\"\"><\/a><\/td>\n<\/tr>\n<tr>\n<td><strong>9 dicembre 2021<\/strong><\/td>\n<td><span style=\"color: #ff6600;\"><strong><a style=\"color: #ff6600;\" href=\"https:\/\/www.borsaturismoarcheologico.it\/wp-content\/uploads\/2021\/12\/mesven_9-12.pdf\" target=\"_blank\" rel=\"noopener noreferrer\">Messaggero Veneto<\/a><\/strong><\/span><\/td>\n<td>Nuove scoperte in Kurdistan. Un premio mondiale all&#8217;ateneo<\/td>\n<td><a title=\"aef\" href=\"https:\/\/www.borsaturismoarcheologico.it\/wp-content\/uploads\/2021\/12\/mesven_9-12.pdf\" target=\"_blank\" rel=\"noopener noreferrer\"><img decoding=\"async\" class=\"aligncenter\" src=\"https:\/\/www.borsaturismoarcheologico.it\/wp-content\/uploads\/2013\/01\/1360704754_pdf.x50452.png\" alt=\"1360704754_pdf\" width=\"20\" height=\"20\" title=\"\"><\/a><\/td>\n<\/tr>\n<tr>\n<td><strong>9 dicembre 2021<\/strong><\/td>\n<td><span style=\"color: #ff6600;\"><strong><a style=\"color: #ff6600;\" href=\"https:\/\/www.borsaturismoarcheologico.it\/wp-content\/uploads\/2021\/12\/metropolis_9-12.pdf\" target=\"_blank\" rel=\"noopener noreferrer\">Metropolis<\/a><\/strong><\/span><\/td>\n<td>BMTA, il Castello in vetrina<\/td>\n<td><a title=\"aef\" href=\"https:\/\/www.borsaturismoarcheologico.it\/wp-content\/uploads\/2021\/12\/metropolis_9-12.pdf\" target=\"_blank\" rel=\"noopener noreferrer\"><img decoding=\"async\" class=\"aligncenter\" src=\"https:\/\/www.borsaturismoarcheologico.it\/wp-content\/uploads\/2013\/01\/1360704754_pdf.x50452.png\" alt=\"1360704754_pdf\" width=\"20\" height=\"20\" title=\"\"><\/a><\/td>\n<\/tr>\n<tr>\n<td><strong>8 dicembre 2021<\/strong><\/td>\n<td><span style=\"color: #ff6600;\"><strong><a style=\"color: #ff6600;\" href=\"https:\/\/www.borsaturismoarcheologico.it\/wp-content\/uploads\/2021\/12\/rc_8-12.pdf\" target=\"_blank\" rel=\"noopener noreferrer\">Il Resto del Carlino ed. Pesaro<\/a><\/strong><\/span><\/td>\n<td>Nuova edizione dell&#8217;itinerario archeologico<\/td>\n<td><a title=\"aef\" href=\"https:\/\/www.borsaturismoarcheologico.it\/wp-content\/uploads\/2021\/12\/rc_8-12.pdf\" target=\"_blank\" rel=\"noopener noreferrer\"><img decoding=\"async\" class=\"aligncenter\" src=\"https:\/\/www.borsaturismoarcheologico.it\/wp-content\/uploads\/2013\/01\/1360704754_pdf.x50452.png\" alt=\"1360704754_pdf\" width=\"20\" height=\"20\" title=\"\"><\/a><\/td>\n<\/tr>\n<tr>\n<td><strong>7 dicembre 2021<\/strong><\/td>\n<td><span style=\"color: #ff6600;\"><strong><a style=\"color: #ff6600;\" href=\"https:\/\/www.lagenziadiviaggi.it\/da-kel-12-a-carrani-la-stagione-dei-viaggi-lenti-e-colti\/\" target=\"_blank\" rel=\"noopener noreferrer nofollow\">L&#8217;AgenziadiViaggi.it<\/a><\/strong><\/span><\/td>\n<td>Da Kel 12 a Carrani: la stagione dei viaggi \u201clenti e colti\u201d<\/td>\n<td><a title=\"aef\" href=\"https:\/\/www.lagenziadiviaggi.it\/da-kel-12-a-carrani-la-stagione-dei-viaggi-lenti-e-colti\/\" target=\"_blank\" rel=\"noopener noreferrer nofollow\"><img decoding=\"async\" class=\"aligncenter\" src=\"https:\/\/www.borsaturismoarcheologico.it\/wp-content\/uploads\/2018\/07\/weblogo.x50452.png\" alt=\"1360704754_pdf\" width=\"20\" height=\"20\" title=\"\"><\/a><\/td>\n<\/tr>\n<tr>\n<td><strong>7 dicembre 2021<\/strong><\/td>\n<td><span style=\"color: #ff6600;\"><strong><a style=\"color: #ff6600;\" href=\"https:\/\/www.ilgiornaleoff.it\/2021\/12\/07\/i-siti-subacquei-italiani-nella-rete-certificata-degli-itinerari-archeologici-europei\/\" target=\"_blank\" rel=\"noopener noreferrer nofollow\">IlGiornaleOFF.it<\/a><\/strong><\/span><\/td>\n<td>I siti subacquei italiani nella rete certificata degli itinerari archeologici europei<\/td>\n<td><a title=\"aef\" href=\"https:\/\/www.ilgiornaleoff.it\/2021\/12\/07\/i-siti-subacquei-italiani-nella-rete-certificata-degli-itinerari-archeologici-europei\/\" target=\"_blank\" rel=\"noopener noreferrer nofollow\"><img decoding=\"async\" class=\"aligncenter\" src=\"https:\/\/www.borsaturismoarcheologico.it\/wp-content\/uploads\/2018\/07\/weblogo.x50452.png\" alt=\"1360704754_pdf\" width=\"20\" height=\"20\" title=\"\"><\/a><\/td>\n<\/tr>\n<tr>\n<td><strong>7 dicembre 2021<\/strong><\/td>\n<td><span style=\"color: #ff6600;\"><strong><a style=\"color: #ff6600;\" href=\"https:\/\/www.borsaturismoarcheologico.it\/wp-content\/uploads\/2021\/12\/rc_7-12.pdf\" target=\"_blank\" rel=\"noopener noreferrer\">Il Resto del Carlino ed. Ancona<\/a><\/strong><\/span><\/td>\n<td>I borghi marchigiani conquistano la BMTA a Paestum<\/td>\n<td><a title=\"aef\" href=\"https:\/\/www.borsaturismoarcheologico.it\/wp-content\/uploads\/2021\/12\/rc_7-12.pdf\" target=\"_blank\" rel=\"noopener noreferrer\"><img decoding=\"async\" class=\"aligncenter\" src=\"https:\/\/www.borsaturismoarcheologico.it\/wp-content\/uploads\/2013\/01\/1360704754_pdf.x50452.png\" alt=\"1360704754_pdf\" width=\"20\" height=\"20\" title=\"\"><\/a><\/td>\n<\/tr>\n<tr>\n<td><strong>6 dicembre 2021<\/strong><\/td>\n<td><span style=\"color: #ff6600;\"><strong><a style=\"color: #ff6600;\" href=\"https:\/\/www.borsaturismoarcheologico.it\/wp-content\/uploads\/2021\/12\/citta_6-12.pdf\" target=\"_blank\" rel=\"noopener noreferrer\">La Citt\u00e0<\/a><\/strong><\/span><\/td>\n<td>BMTA al sapore di rilancio. Idee e progetti per il Parco<\/td>\n<td><a title=\"aef\" href=\"https:\/\/www.borsaturismoarcheologico.it\/wp-content\/uploads\/2021\/12\/citta_6-12.pdf\" target=\"_blank\" rel=\"noopener noreferrer\"><img decoding=\"async\" class=\"aligncenter\" src=\"https:\/\/www.borsaturismoarcheologico.it\/wp-content\/uploads\/2013\/01\/1360704754_pdf.x50452.png\" alt=\"1360704754_pdf\" width=\"20\" height=\"20\" title=\"\"><\/a><\/td>\n<\/tr>\n<tr>\n<td><strong>6 dicembre 2021<\/strong><\/td>\n<td><span style=\"color: #ff6600;\"><strong><a style=\"color: #ff6600;\" href=\"https:\/\/www.borsaturismoarcheologico.it\/wp-content\/uploads\/2021\/12\/roma_6-12.pdf\" target=\"_blank\" rel=\"noopener noreferrer\">Roma<\/a><\/strong><\/span><\/td>\n<td>Cresce la rete dei musei soci ICOM in Campania<\/td>\n<td><a title=\"aef\" href=\"https:\/\/www.borsaturismoarcheologico.it\/wp-content\/uploads\/2021\/12\/roma_6-12.pdf\" target=\"_blank\" rel=\"noopener noreferrer\"><img decoding=\"async\" class=\"aligncenter\" src=\"https:\/\/www.borsaturismoarcheologico.it\/wp-content\/uploads\/2013\/01\/1360704754_pdf.x50452.png\" alt=\"1360704754_pdf\" width=\"20\" height=\"20\" title=\"\"><\/a><\/td>\n<\/tr>\n<tr>\n<td><strong>5 dicembre 2021<\/strong><\/td>\n<td><span style=\"color: #ff6600;\"><strong><a style=\"color: #ff6600;\" href=\"https:\/\/www.borsaturismoarcheologico.it\/wp-content\/uploads\/2021\/12\/nazione_5-12.pdf\" target=\"_blank\" rel=\"noopener noreferrer\">La Nazione ed. Firenze<\/a><\/strong><\/span><\/td>\n<td>La stele di Baratti rivive in un ologramma<\/td>\n<td><a title=\"aef\" href=\"https:\/\/www.borsaturismoarcheologico.it\/wp-content\/uploads\/2021\/12\/nazione_5-12.pdf\" target=\"_blank\" rel=\"noopener noreferrer\"><img decoding=\"async\" class=\"aligncenter\" src=\"https:\/\/www.borsaturismoarcheologico.it\/wp-content\/uploads\/2013\/01\/1360704754_pdf.x50452.png\" alt=\"1360704754_pdf\" width=\"20\" height=\"20\" title=\"\"><\/a><\/td>\n<\/tr>\n<tr>\n<td><strong>5 dicembre 2021<\/strong><\/td>\n<td><span style=\"color: #ff6600;\"><strong><a style=\"color: #ff6600;\" href=\"https:\/\/www.borsaturismoarcheologico.it\/wp-content\/uploads\/2021\/12\/toscana-oggi-5-12.pdf\" target=\"_blank\" rel=\"noopener noreferrer\">Toscana Oggi<\/a><\/strong><\/span><\/td>\n<td>La Quadriga infernale di Sarteano nello stand della Toscana a Paestum<\/td>\n<td><a title=\"aef\" href=\"https:\/\/www.borsaturismoarcheologico.it\/wp-content\/uploads\/2021\/12\/toscana-oggi-5-12.pdf\" target=\"_blank\" rel=\"noopener noreferrer\"><img decoding=\"async\" class=\"aligncenter\" src=\"https:\/\/www.borsaturismoarcheologico.it\/wp-content\/uploads\/2013\/01\/1360704754_pdf.x50452.png\" alt=\"1360704754_pdf\" width=\"20\" height=\"20\" title=\"\"><\/a><\/td>\n<\/tr>\n<tr>\n<td><strong>5 dicembre 2021<\/strong><\/td>\n<td><span style=\"color: #ff6600;\"><strong><a style=\"color: #ff6600;\" href=\"https:\/\/www.borsaturismoarcheologico.it\/wp-content\/uploads\/2021\/12\/avv_5-12.pdf\" target=\"_blank\" rel=\"noopener noreferrer\">L&#8217;Avvenire di Calabria<\/a><\/strong><\/span><\/td>\n<td>I Bronzi protagonisti a Paestum<\/td>\n<td><a title=\"aef\" href=\"https:\/\/www.borsaturismoarcheologico.it\/wp-content\/uploads\/2021\/12\/avv_5-12.pdf\" target=\"_blank\" rel=\"noopener noreferrer\"><img decoding=\"async\" class=\"aligncenter\" src=\"https:\/\/www.borsaturismoarcheologico.it\/wp-content\/uploads\/2013\/01\/1360704754_pdf.x50452.png\" alt=\"1360704754_pdf\" width=\"20\" height=\"20\" title=\"\"><\/a><\/td>\n<\/tr>\n<tr>\n<td><strong>4 dicembre 2021<\/strong><\/td>\n<td><span style=\"color: #ff6600;\"><strong><a style=\"color: #ff6600;\" href=\"https:\/\/www.borsaturismoarcheologico.it\/wp-content\/uploads\/2021\/12\/rc_4-12.pdf\" target=\"_blank\" rel=\"noopener noreferrer\">Il Resto del Carlino ed. Macerata<\/a><\/strong><\/span><\/td>\n<td>In vetrina i tesori d&#8217;arte di Cingoli<\/td>\n<td><a title=\"aef\" href=\"https:\/\/www.borsaturismoarcheologico.it\/wp-content\/uploads\/2021\/12\/rc_4-12.pdf\" target=\"_blank\" rel=\"noopener noreferrer\"><img decoding=\"async\" class=\"aligncenter\" src=\"https:\/\/www.borsaturismoarcheologico.it\/wp-content\/uploads\/2013\/01\/1360704754_pdf.x50452.png\" alt=\"1360704754_pdf\" width=\"20\" height=\"20\" title=\"\"><\/a><\/td>\n<\/tr>\n<tr>\n<td><strong>4 dicembre 2021<\/strong><\/td>\n<td><span style=\"color: #ff6600;\"><strong><a style=\"color: #ff6600;\" href=\"https:\/\/www.borsaturismoarcheologico.it\/wp-content\/uploads\/2021\/12\/edsud_4-12.pdf\" target=\"_blank\" rel=\"noopener noreferrer\">L&#8217;Edicola del Sud<\/a><\/strong><\/span><\/td>\n<td>Sono tre i progetti alla BMTA, l&#8217;archeologia pugliese \u00e8 protagonista<\/td>\n<td><a title=\"aef\" href=\"https:\/\/www.borsaturismoarcheologico.it\/wp-content\/uploads\/2021\/12\/edsud_4-12.pdf\" target=\"_blank\" rel=\"noopener noreferrer\"><img decoding=\"async\" class=\"aligncenter\" src=\"https:\/\/www.borsaturismoarcheologico.it\/wp-content\/uploads\/2013\/01\/1360704754_pdf.x50452.png\" alt=\"1360704754_pdf\" width=\"20\" height=\"20\" title=\"\"><\/a><\/td>\n<\/tr>\n<tr>\n<td><strong>4 dicembre 2021<\/strong><\/td>\n<td><span style=\"color: #ff6600;\"><strong><a style=\"color: #ff6600;\" href=\"https:\/\/www.borsaturismoarcheologico.it\/wp-content\/uploads\/2021\/12\/gazzmar_4-12.pdf\" target=\"_blank\" rel=\"noopener noreferrer\">La Gazzetta Marittima<\/a><\/strong><\/span><\/td>\n<td>Oltre 202 mila i relitti di cui 1.300 nei fondali italiani<\/td>\n<td><a title=\"aef\" href=\"https:\/\/www.borsaturismoarcheologico.it\/wp-content\/uploads\/2021\/12\/gazzmar_4-12.pdf\" target=\"_blank\" rel=\"noopener noreferrer\"><img decoding=\"async\" class=\"aligncenter\" src=\"https:\/\/www.borsaturismoarcheologico.it\/wp-content\/uploads\/2013\/01\/1360704754_pdf.x50452.png\" alt=\"1360704754_pdf\" width=\"20\" height=\"20\" title=\"\"><\/a><\/td>\n<\/tr>\n<tr>\n<td><strong>3 dicembre 2021<\/strong><\/td>\n<td><span style=\"color: #ff6600;\"><strong><a style=\"color: #ff6600;\" href=\"https:\/\/www.borsaturismoarcheologico.it\/wp-content\/uploads\/2021\/12\/ANSA-3-DIC.docx\" target=\"_blank\" rel=\"noopener noreferrer\">Ansa<\/a><\/strong><\/span><\/td>\n<td>Borsa Mediterranea Turismo Archeologico: 7000 i visitatori<\/td>\n<td><a title=\"aef\" href=\"https:\/\/www.borsaturismoarcheologico.it\/wp-content\/uploads\/2021\/12\/ANSA-3-DIC.docx\" target=\"_blank\" rel=\"noopener noreferrer\"><img decoding=\"async\" class=\"aligncenter\" src=\"https:\/\/www.borsaturismoarcheologico.it\/wp-content\/uploads\/2013\/01\/1360704754_pdf.x50452.png\" alt=\"1360704754_pdf\" width=\"20\" height=\"20\" title=\"\"><\/a><\/td>\n<\/tr>\n<tr>\n<td><strong>3 dicembre 2021<\/strong><\/td>\n<td><span style=\"color: #ff6600;\"><strong><a style=\"color: #ff6600;\" href=\"https:\/\/www.ansa.it\/friuliveneziagiulia\/notizie\/2021\/12\/03\/archeologia-premio-khaled-al-asaad-a-universita-udine_ff583f2b-06ab-42ba-8074-b1274521606c.html\" target=\"_blank\" rel=\"noopener noreferrer nofollow\">Ansa.it<\/a><\/strong><\/span><\/td>\n<td>Archeologia: premio Khaled al-Asaad a Universit\u00e0 Udine<\/td>\n<td><a title=\"aef\" href=\"https:\/\/www.ansa.it\/friuliveneziagiulia\/notizie\/2021\/12\/03\/archeologia-premio-khaled-al-asaad-a-universita-udine_ff583f2b-06ab-42ba-8074-b1274521606c.html\" target=\"_blank\" rel=\"noopener noreferrer nofollow\"><img decoding=\"async\" class=\"aligncenter\" src=\"https:\/\/www.borsaturismoarcheologico.it\/wp-content\/uploads\/2018\/07\/weblogo.x50452.png\" alt=\"1360704754_pdf\" width=\"20\" height=\"20\" title=\"\"><\/a><\/td>\n<\/tr>\n<tr>\n<td><strong>3 dicembre 2021<\/strong><\/td>\n<td><span style=\"color: #ff6600;\"><strong><a style=\"color: #ff6600;\" href=\"https:\/\/www.viaggioff.it\/in-fondo-al-mar-la-mappa-segreta-dei-relitti-del-mediterraneo\/\" target=\"_blank\" rel=\"noopener noreferrer nofollow\">ViaggiOFF.it<\/a><\/strong><\/span><\/td>\n<td>In fondo al mar: la mappa \u201csegreta\u201d dei relitti del Mediterraneo<\/td>\n<td><a title=\"aef\" href=\"https:\/\/www.viaggioff.it\/in-fondo-al-mar-la-mappa-segreta-dei-relitti-del-mediterraneo\/\" target=\"_blank\" rel=\"noopener noreferrer nofollow\"><img decoding=\"async\" class=\"aligncenter\" src=\"https:\/\/www.borsaturismoarcheologico.it\/wp-content\/uploads\/2018\/07\/weblogo.x50452.png\" alt=\"1360704754_pdf\" width=\"20\" height=\"20\" title=\"\"><\/a><\/td>\n<\/tr>\n<tr>\n<td><strong>3 dicembre 2021<\/strong><\/td>\n<td><span style=\"color: #ff6600;\"><strong><a style=\"color: #ff6600;\" href=\"https:\/\/www.ilfriuli.it\/articolo\/cronaca\/le-straordinarie-scoperte-nel-cuore-dell%E2%80%99antica-mesopotamia\/2\/256517\" target=\"_blank\" rel=\"noopener noreferrer nofollow\">IlFriuli.it<\/a><\/strong><\/span><\/td>\n<td>Straordinarie scoperte nel cuore dell\u2019antica Mesopotamia<\/td>\n<td><a title=\"aef\" href=\"https:\/\/www.ilfriuli.it\/articolo\/cronaca\/le-straordinarie-scoperte-nel-cuore-dell%E2%80%99antica-mesopotamia\/2\/256517\" target=\"_blank\" rel=\"noopener noreferrer nofollow\"><img decoding=\"async\" class=\"aligncenter\" src=\"https:\/\/www.borsaturismoarcheologico.it\/wp-content\/uploads\/2018\/07\/weblogo.x50452.png\" alt=\"1360704754_pdf\" width=\"20\" height=\"20\" title=\"\"><\/a><\/td>\n<\/tr>\n<tr>\n<td><strong>2 dicembre 2021<\/strong><\/td>\n<td><span style=\"color: #ff6600;\"><strong><a style=\"color: #ff6600;\" href=\"https:\/\/www.borsaturismoarcheologico.it\/wp-content\/uploads\/2021\/12\/gazsud_2-12.pdf\" target=\"_blank\" rel=\"noopener noreferrer\">Gazzetta del Sud<\/a><\/strong><\/span><\/td>\n<td>Gli scavi di Halaesa protagonisti in Francia<\/td>\n<td><a title=\"aef\" href=\"https:\/\/www.borsaturismoarcheologico.it\/wp-content\/uploads\/2021\/12\/gazsud_2-12.pdf\" target=\"_blank\" rel=\"noopener noreferrer\"><img decoding=\"async\" class=\"aligncenter\" src=\"https:\/\/www.borsaturismoarcheologico.it\/wp-content\/uploads\/2013\/01\/1360704754_pdf.x50452.png\" alt=\"1360704754_pdf\" width=\"20\" height=\"20\" title=\"\"><\/a><\/td>\n<\/tr>\n<tr>\n<td><strong>2 dicembre 2021<\/strong><\/td>\n<td><span style=\"color: #ff6600;\"><strong><a style=\"color: #ff6600;\" href=\"https:\/\/www.borsaturismoarcheologico.it\/wp-content\/uploads\/2021\/12\/corsiena_2-12.pdf\" target=\"_blank\" rel=\"noopener noreferrer\">Corriere di Siena<\/a><\/strong><\/span><\/td>\n<td>Tomba della Quadriga infernale simbolo per la Regione Toscana e al centro di un progetto in 3d<\/td>\n<td><a title=\"aef\" href=\"https:\/\/www.borsaturismoarcheologico.it\/wp-content\/uploads\/2021\/12\/corsiena_2-12.pdf\" target=\"_blank\" rel=\"noopener noreferrer\"><img decoding=\"async\" class=\"aligncenter\" src=\"https:\/\/www.borsaturismoarcheologico.it\/wp-content\/uploads\/2013\/01\/1360704754_pdf.x50452.png\" alt=\"1360704754_pdf\" width=\"20\" height=\"20\" title=\"\"><\/a><\/td>\n<\/tr>\n<tr>\n<td><strong>2 dicembre 2021<\/strong><\/td>\n<td><span style=\"color: #ff6600;\"><strong><a style=\"color: #ff6600;\" href=\"https:\/\/www.borsaturismoarcheologico.it\/wp-content\/uploads\/2021\/12\/sannio_2-12.pdf\" target=\"_blank\" rel=\"noopener noreferrer\">Il Sannio<\/a><\/strong><\/span><\/td>\n<td>Montesarchio ospite della BMTA<\/td>\n<td><a title=\"aef\" href=\"https:\/\/www.borsaturismoarcheologico.it\/wp-content\/uploads\/2021\/12\/sannio_2-12.pdf\" target=\"_blank\" rel=\"noopener noreferrer\"><img decoding=\"async\" class=\"aligncenter\" src=\"https:\/\/www.borsaturismoarcheologico.it\/wp-content\/uploads\/2013\/01\/1360704754_pdf.x50452.png\" alt=\"1360704754_pdf\" width=\"20\" height=\"20\" title=\"\"><\/a><\/td>\n<\/tr>\n<tr>\n<td><strong>2 dicembre 2021<\/strong><\/td>\n<td><span style=\"color: #ff6600;\"><strong><a style=\"color: #ff6600;\" href=\"https:\/\/www.borsaturismoarcheologico.it\/wp-content\/uploads\/2021\/12\/edsud_2-12.pdf\" target=\"_blank\" rel=\"noopener noreferrer\">L&#8217;Edicola del Sud<\/a><\/strong><\/span><\/td>\n<td>Strategia #SmartinPuglia. Ecco i Laboratori di Fruizione<\/td>\n<td><a title=\"aef\" href=\"https:\/\/www.borsaturismoarcheologico.it\/wp-content\/uploads\/2021\/12\/edsud_2-12.pdf\" target=\"_blank\" rel=\"noopener noreferrer\"><img decoding=\"async\" class=\"aligncenter\" src=\"https:\/\/www.borsaturismoarcheologico.it\/wp-content\/uploads\/2013\/01\/1360704754_pdf.x50452.png\" alt=\"1360704754_pdf\" width=\"20\" height=\"20\" title=\"\"><\/a><\/td>\n<\/tr>\n<tr>\n<td><strong>1 dicembre 2021<\/strong><\/td>\n<td><span style=\"color: #ff6600;\"><strong><a style=\"color: #ff6600;\" href=\"https:\/\/www.lagenziadiviaggi.it\/i-viaggi-di-maurizio-levi-premiato-alla-bmta-di-paestum\/\" target=\"_blank\" rel=\"noopener noreferrer nofollow\">L&#8217;AgenziadiViaggi.it<\/a><\/strong><\/span><\/td>\n<td>I Viaggi di Maurizio Levi premiato alla Bmta di Paestum<\/td>\n<td><a title=\"aef\" href=\"https:\/\/www.lagenziadiviaggi.it\/i-viaggi-di-maurizio-levi-premiato-alla-bmta-di-paestum\/\" target=\"_blank\" rel=\"noopener noreferrer nofollow\"><img decoding=\"async\" class=\"aligncenter\" src=\"https:\/\/www.borsaturismoarcheologico.it\/wp-content\/uploads\/2018\/07\/weblogo.x50452.png\" alt=\"1360704754_pdf\" width=\"20\" height=\"20\" title=\"\"><\/a><\/td>\n<\/tr>\n<tr>\n<td><strong>1 dicembre 2021<\/strong><\/td>\n<td><span style=\"color: #ff6600;\"><strong><a style=\"color: #ff6600;\" href=\"https:\/\/www.lavocedeltrentino.it\/2021\/12\/01\/le-palafitte-del-trentino-alla-borsa-mediterranea-del-turismo-archeologico-di-paestum\/\" target=\"_blank\" rel=\"noopener noreferrer nofollow\">LaVocedelTrentino.it<\/a><\/strong><\/span><\/td>\n<td>Le palafitte del Trentino alla BMTA di Paestum<\/td>\n<td><a title=\"aef\" href=\"https:\/\/www.lavocedeltrentino.it\/2021\/12\/01\/le-palafitte-del-trentino-alla-borsa-mediterranea-del-turismo-archeologico-di-paestum\/\" target=\"_blank\" rel=\"noopener noreferrer nofollow\"><img decoding=\"async\" class=\"aligncenter\" src=\"https:\/\/www.borsaturismoarcheologico.it\/wp-content\/uploads\/2018\/07\/weblogo.x50452.png\" alt=\"1360704754_pdf\" width=\"20\" height=\"20\" title=\"\"><\/a><\/td>\n<\/tr>\n<tr>\n<td><strong>1 dicembre 2021<\/strong><\/td>\n<td><span style=\"color: #ff6600;\"><strong><a style=\"color: #ff6600;\" href=\"https:\/\/www.borsaturismoarcheologico.it\/wp-content\/uploads\/2021\/12\/tirreno_1-12.pdf\" target=\"_blank\" rel=\"noopener noreferrer\">Il Tirreno ed. Piombino<\/a><\/strong><\/span><\/td>\n<td>Il Parco di Baratti protagonista dell&#8217;archeologia a Paestum<\/td>\n<td><a title=\"aef\" href=\"https:\/\/www.borsaturismoarcheologico.it\/wp-content\/uploads\/2021\/12\/tirreno_1-12.pdf\" target=\"_blank\" rel=\"noopener noreferrer\"><img decoding=\"async\" class=\"aligncenter\" src=\"https:\/\/www.borsaturismoarcheologico.it\/wp-content\/uploads\/2013\/01\/1360704754_pdf.x50452.png\" alt=\"1360704754_pdf\" width=\"20\" height=\"20\" title=\"\"><\/a><\/td>\n<\/tr>\n<tr>\n<td><strong>1 dicembre 2021<\/strong><\/td>\n<td><span style=\"color: #ff6600;\"><strong><a style=\"color: #ff6600;\" href=\"https:\/\/www.borsaturismoarcheologico.it\/wp-content\/uploads\/2021\/12\/metropolis_1-12.pdf\" target=\"_blank\" rel=\"noopener noreferrer\">Metropolis<\/a><\/strong><\/span><\/td>\n<td>Longola protagonista alla BMTA<\/td>\n<td><a title=\"aef\" href=\"https:\/\/www.borsaturismoarcheologico.it\/wp-content\/uploads\/2021\/12\/metropolis_1-12.pdf\" target=\"_blank\" rel=\"noopener noreferrer\"><img decoding=\"async\" class=\"aligncenter\" src=\"https:\/\/www.borsaturismoarcheologico.it\/wp-content\/uploads\/2013\/01\/1360704754_pdf.x50452.png\" alt=\"1360704754_pdf\" width=\"20\" height=\"20\" title=\"\"><\/a><\/td>\n<\/tr>\n<tr>\n<td><strong>1 dicembre 2021<\/strong><\/td>\n<td><span style=\"color: #ff6600;\"><strong><a style=\"color: #ff6600;\" href=\"https:\/\/www.borsaturismoarcheologico.it\/wp-content\/uploads\/2021\/12\/nuovasar_1-12.pdf\" target=\"_blank\" rel=\"noopener noreferrer\">La Nuova Sardegna<\/a><\/strong><\/span><\/td>\n<td>Sinis e Giganti di Mont&#8217;e Prama: un successo a Paestum<\/td>\n<td><a title=\"aef\" href=\"https:\/\/www.borsaturismoarcheologico.it\/wp-content\/uploads\/2021\/12\/nuovasar_1-12.pdf\" target=\"_blank\" rel=\"noopener noreferrer\"><img decoding=\"async\" class=\"aligncenter\" src=\"https:\/\/www.borsaturismoarcheologico.it\/wp-content\/uploads\/2013\/01\/1360704754_pdf.x50452.png\" alt=\"1360704754_pdf\" width=\"20\" height=\"20\" title=\"\"><\/a><\/td>\n<\/tr>\n<tr>\n<td><strong>1 dicembre 2021<\/strong><\/td>\n<td><span style=\"color: #ff6600;\"><strong><a style=\"color: #ff6600;\" href=\"https:\/\/www.borsaturismoarcheologico.it\/wp-content\/uploads\/2021\/12\/nuovasargal_1-12.pdf\" target=\"_blank\" rel=\"noopener noreferrer\">La Nuova Sardegna<\/a><\/strong><\/span><\/td>\n<td>BMTA, per il GAL bilancio positivo<\/td>\n<td><a title=\"aef\" href=\"https:\/\/www.borsaturismoarcheologico.it\/wp-content\/uploads\/2021\/12\/nuovasargal_1-12.pdf\" target=\"_blank\" rel=\"noopener noreferrer\"><img decoding=\"async\" class=\"aligncenter\" src=\"https:\/\/www.borsaturismoarcheologico.it\/wp-content\/uploads\/2013\/01\/1360704754_pdf.x50452.png\" alt=\"1360704754_pdf\" width=\"20\" height=\"20\" title=\"\"><\/a><\/td>\n<\/tr>\n<tr>\n<td><strong>1 dicembre 2021<\/strong><\/td>\n<td><span style=\"color: #ff6600;\"><strong><a style=\"color: #ff6600;\" href=\"https:\/\/www.borsaturismoarcheologico.it\/wp-content\/uploads\/2021\/12\/attacco_1-12.pdf\" target=\"_blank\" rel=\"noopener noreferrer\">L&#8217;Attacco<\/a><\/strong><\/span><\/td>\n<td>La foggiana Trawellit alla BMTA di Paestum. &#8220;Per noi importante esperienza di promozione&#8221;<\/td>\n<td><a title=\"aef\" href=\"https:\/\/www.borsaturismoarcheologico.it\/wp-content\/uploads\/2021\/12\/attacco_1-12.pdf\" target=\"_blank\" rel=\"noopener noreferrer\"><img decoding=\"async\" class=\"aligncenter\" src=\"https:\/\/www.borsaturismoarcheologico.it\/wp-content\/uploads\/2013\/01\/1360704754_pdf.x50452.png\" alt=\"1360704754_pdf\" width=\"20\" height=\"20\" title=\"\"><\/a><\/td>\n<\/tr>\n<tr>\n<td><strong>dicembre 2021<\/strong><\/td>\n<td><span style=\"color: #ff6600;\"><strong><a style=\"color: #ff6600;\" href=\"https:\/\/www.borsaturismoarcheologico.it\/wp-content\/uploads\/2021\/11\/TpC-12.pdf\" target=\"_blank\" rel=\"noopener noreferrer\">Turisti per Caso Magazine<\/a><\/strong><\/span><\/td>\n<td>Appuntamenti<\/td>\n<td><a title=\"aef\" href=\"https:\/\/www.borsaturismoarcheologico.it\/wp-content\/uploads\/2021\/11\/TpC-12.pdf\" target=\"_blank\" rel=\"noopener noreferrer\"><img decoding=\"async\" class=\"aligncenter\" src=\"https:\/\/www.borsaturismoarcheologico.it\/wp-content\/uploads\/2013\/01\/1360704754_pdf.x50452.png\" alt=\"1360704754_pdf\" width=\"20\" height=\"20\" title=\"\"><\/a><\/td>\n<\/tr>\n<tr>\n<td><strong>30 novembre 2021<\/strong><\/td>\n<td><span style=\"color: #ff6600;\"><strong><a style=\"color: #ff6600;\" href=\"https:\/\/www.borsaturismoarcheologico.it\/wp-content\/uploads\/2021\/11\/mattsal_30-11.pdf\" target=\"_blank\" rel=\"noopener noreferrer\">Il Mattino ed. Salerno<\/a><\/strong><\/span><\/td>\n<td>La BMTA dei record: 7mila visitatori<\/td>\n<td><a title=\"aef\" href=\"https:\/\/www.borsaturismoarcheologico.it\/wp-content\/uploads\/2021\/11\/mattsal_30-11.pdf\" target=\"_blank\" rel=\"noopener noreferrer\"><img decoding=\"async\" class=\"aligncenter\" src=\"https:\/\/www.borsaturismoarcheologico.it\/wp-content\/uploads\/2013\/01\/1360704754_pdf.x50452.png\" alt=\"1360704754_pdf\" width=\"20\" height=\"20\" title=\"\"><\/a><\/td>\n<\/tr>\n<tr>\n<td><strong>30 novembre 2021<\/strong><\/td>\n<td><span style=\"color: #ff6600;\"><strong><a style=\"color: #ff6600;\" href=\"https:\/\/www.borsaturismoarcheologico.it\/wp-content\/uploads\/2021\/11\/nazionesiena_30-11.pdf\" target=\"_blank\" rel=\"noopener noreferrer\">La Nazione ed. Siena<\/a><\/strong><\/span><\/td>\n<td>La Quadriga infernale diventa un video in 3D<\/td>\n<td><a title=\"aef\" href=\"https:\/\/www.borsaturismoarcheologico.it\/wp-content\/uploads\/2021\/11\/nazionesiena_30-11.pdf\" target=\"_blank\" rel=\"noopener noreferrer\"><img decoding=\"async\" class=\"aligncenter\" src=\"https:\/\/www.borsaturismoarcheologico.it\/wp-content\/uploads\/2013\/01\/1360704754_pdf.x50452.png\" alt=\"1360704754_pdf\" width=\"20\" height=\"20\" title=\"\"><\/a><\/td>\n<\/tr>\n<tr>\n<td><strong>30 novembre 2021<\/strong><\/td>\n<td><span style=\"color: #ff6600;\"><strong><a style=\"color: #ff6600;\" href=\"https:\/\/www.borsaturismoarcheologico.it\/wp-content\/uploads\/2021\/11\/gazsudcat_30-11.pdf\" target=\"_blank\" rel=\"noopener noreferrer\">Gazzetta del Sud ed. Catanzaro<\/a><\/strong><\/span><\/td>\n<td>Trovato l&#8217;Olivo della Madonna. Un albero in via di estinzione<\/td>\n<td><a title=\"aef\" href=\"https:\/\/www.borsaturismoarcheologico.it\/wp-content\/uploads\/2021\/11\/gazsudcat_30-11.pdf\" target=\"_blank\" rel=\"noopener noreferrer\"><img decoding=\"async\" class=\"aligncenter\" src=\"https:\/\/www.borsaturismoarcheologico.it\/wp-content\/uploads\/2013\/01\/1360704754_pdf.x50452.png\" alt=\"1360704754_pdf\" width=\"20\" height=\"20\" title=\"\"><\/a><\/td>\n<\/tr>\n<tr>\n<td><strong>30 novembre 2021<\/strong><\/td>\n<td><span style=\"color: #ff6600;\"><strong><a style=\"color: #ff6600;\" href=\"https:\/\/www.borsaturismoarcheologico.it\/wp-content\/uploads\/2021\/11\/CorrVit_30-11.pdf\" target=\"_blank\" rel=\"noopener noreferrer\">Corriere di Viterbo<\/a><\/strong><\/span><\/td>\n<td>Rieti sotterranea protagonista alla BMTA<\/td>\n<td><a title=\"aef\" href=\"https:\/\/www.borsaturismoarcheologico.it\/wp-content\/uploads\/2021\/11\/CorrVit_30-11.pdf\" target=\"_blank\" rel=\"noopener noreferrer\"><img decoding=\"async\" class=\"aligncenter\" src=\"https:\/\/www.borsaturismoarcheologico.it\/wp-content\/uploads\/2013\/01\/1360704754_pdf.x50452.png\" alt=\"1360704754_pdf\" width=\"20\" height=\"20\" title=\"\"><\/a><\/td>\n<\/tr>\n<tr>\n<td><strong>30 novembre 2021<\/strong><\/td>\n<td><span style=\"color: #ff6600;\"><strong><a style=\"color: #ff6600;\" href=\"https:\/\/www.borsaturismoarcheologico.it\/wp-content\/uploads\/2021\/11\/attacco_30-11.pdf\" target=\"_blank\" rel=\"noopener noreferrer\">L&#8217;Attacco<\/a><\/strong><\/span><\/td>\n<td>Bovino inedita con le sue ville romane alla Borsa di Paestum<\/td>\n<td><a title=\"aef\" href=\"https:\/\/www.borsaturismoarcheologico.it\/wp-content\/uploads\/2021\/11\/attacco_30-11.pdf\" target=\"_blank\" rel=\"noopener noreferrer\"><img decoding=\"async\" class=\"aligncenter\" src=\"https:\/\/www.borsaturismoarcheologico.it\/wp-content\/uploads\/2013\/01\/1360704754_pdf.x50452.png\" alt=\"1360704754_pdf\" width=\"20\" height=\"20\" title=\"\"><\/a><\/td>\n<\/tr>\n<tr>\n<td><strong>30 novembre 2021<\/strong><\/td>\n<td><span style=\"color: #ff6600;\"><strong><a style=\"color: #ff6600;\" href=\"https:\/\/www.borsaturismoarcheologico.it\/wp-content\/uploads\/2021\/11\/quotsudvv_30-11_2.pdf\" target=\"_blank\" rel=\"noopener noreferrer\">Il Quotidiano del Sud ed. Vibo Valentia<\/a><\/strong><\/span><\/td>\n<td>Le potenzialit\u00e0 del Castello di Bivona<\/td>\n<td><a title=\"aef\" href=\"https:\/\/www.borsaturismoarcheologico.it\/wp-content\/uploads\/2021\/11\/quotsudvv_30-11_2.pdf\" target=\"_blank\" rel=\"noopener noreferrer\"><img decoding=\"async\" class=\"aligncenter\" src=\"https:\/\/www.borsaturismoarcheologico.it\/wp-content\/uploads\/2013\/01\/1360704754_pdf.x50452.png\" alt=\"1360704754_pdf\" width=\"20\" height=\"20\" title=\"\"><\/a><\/td>\n<\/tr>\n<tr>\n<td><strong>30 novembre 2021<\/strong><\/td>\n<td><span style=\"color: #ff6600;\"><strong><a style=\"color: #ff6600;\" href=\"https:\/\/www.borsaturismoarcheologico.it\/wp-content\/uploads\/2021\/11\/quotsudvv_30-11.pdf\" target=\"_blank\" rel=\"noopener noreferrer\">Il Quotidiano del Sud ed. Vibo Valentia<\/a><\/strong><\/span><\/td>\n<td>Le bellezze vibonesi alla BMTA<\/td>\n<td><a title=\"aef\" href=\"https:\/\/www.borsaturismoarcheologico.it\/wp-content\/uploads\/2021\/11\/quotsudvv_30-11.pdf\" target=\"_blank\" rel=\"noopener noreferrer\"><img decoding=\"async\" class=\"aligncenter\" src=\"https:\/\/www.borsaturismoarcheologico.it\/wp-content\/uploads\/2013\/01\/1360704754_pdf.x50452.png\" alt=\"1360704754_pdf\" width=\"20\" height=\"20\" title=\"\"><\/a><\/td>\n<\/tr>\n<tr>\n<td><strong>30 novembre 2021<\/strong><\/td>\n<td><span style=\"color: #ff6600;\"><strong><a style=\"color: #ff6600;\" href=\"https:\/\/www.borsaturismoarcheologico.it\/wp-content\/uploads\/2021\/11\/Roma_3011.pdf\" target=\"_blank\" rel=\"noopener noreferrer\">Roma<\/a><\/strong><\/span><\/td>\n<td>Lista mondiale Unesco, il dossier Campi Flegrei &#8220;accelera&#8221; sul bradisismo<\/td>\n<td><a title=\"aef\" href=\"https:\/\/www.borsaturismoarcheologico.it\/wp-content\/uploads\/2021\/11\/Roma_3011.pdf\" target=\"_blank\" rel=\"noopener noreferrer\"><img decoding=\"async\" class=\"aligncenter\" src=\"https:\/\/www.borsaturismoarcheologico.it\/wp-content\/uploads\/2013\/01\/1360704754_pdf.x50452.png\" alt=\"1360704754_pdf\" width=\"20\" height=\"20\" title=\"\"><\/a><\/td>\n<\/tr>\n<tr>\n<td><strong>30 novembre 2021<\/strong><\/td>\n<td><span style=\"color: #ff6600;\"><strong><a style=\"color: #ff6600;\" href=\"https:\/\/www.guidaviaggi.it\/2021\/11\/30\/bmta-il-partenariato-pubblico-privato-per-il-futuro-del-settore\/\" target=\"_blank\" rel=\"noopener noreferrer nofollow\">GuidaViaggi.it<\/a><\/strong><\/span><\/td>\n<td>BMTA, il futuro del settore nel partenariato pubblico-privato<\/td>\n<td><a title=\"aef\" href=\"https:\/\/www.guidaviaggi.it\/2021\/11\/30\/bmta-il-partenariato-pubblico-privato-per-il-futuro-del-settore\/\" target=\"_blank\" rel=\"noopener noreferrer nofollow\"><img decoding=\"async\" class=\"aligncenter\" src=\"https:\/\/www.borsaturismoarcheologico.it\/wp-content\/uploads\/2018\/07\/weblogo.x50452.png\" alt=\"1360704754_pdf\" width=\"20\" height=\"20\" title=\"\"><\/a><\/td>\n<\/tr>\n<tr>\n<td><strong>29 novembre 2021<\/strong><\/td>\n<td><span style=\"color: #ff6600;\"><strong><a style=\"color: #ff6600;\" href=\"https:\/\/www.guidaviaggi.it\/2021\/11\/29\/bmta-al-tabacchificio-cafasso-larcheologia-fa-il-tutto-esaurito\/\" target=\"_blank\" rel=\"noopener noreferrer nofollow\">GuidaViaggi.it<\/a><\/strong><\/span><\/td>\n<td>BMTA, al Tabacchificio Cafasso l\u2019archeologia fa il tutto esaurito<\/td>\n<td><a title=\"aef\" href=\"https:\/\/www.guidaviaggi.it\/2021\/11\/29\/bmta-al-tabacchificio-cafasso-larcheologia-fa-il-tutto-esaurito\/\" target=\"_blank\" rel=\"noopener noreferrer nofollow\"><img decoding=\"async\" class=\"aligncenter\" src=\"https:\/\/www.borsaturismoarcheologico.it\/wp-content\/uploads\/2018\/07\/weblogo.x50452.png\" alt=\"1360704754_pdf\" width=\"20\" height=\"20\" title=\"\"><\/a><\/td>\n<\/tr>\n<tr>\n<td><strong>29 novembre 2021<\/strong><\/td>\n<td><span style=\"color: #ff6600;\"><strong><a style=\"color: #ff6600;\" href=\"https:\/\/www.lagenziadiviaggi.it\/travel-appello-di-paestum-bmta-patto-pubblico-privato-per-il-rilancio\/\" target=\"_blank\" rel=\"noopener noreferrer nofollow\">L&#8217;AgenziadiViaggi.it<\/a><\/strong><\/span><\/td>\n<td>Travel, appello di Paestum (BMTA): \u201cPatto pubblico-privato per il rilancio\u201d<\/td>\n<td><a title=\"aef\" href=\"https:\/\/www.lagenziadiviaggi.it\/travel-appello-di-paestum-bmta-patto-pubblico-privato-per-il-rilancio\/\" target=\"_blank\" rel=\"noopener noreferrer nofollow\"><img decoding=\"async\" class=\"aligncenter\" src=\"https:\/\/www.borsaturismoarcheologico.it\/wp-content\/uploads\/2018\/07\/weblogo.x50452.png\" alt=\"1360704754_pdf\" width=\"20\" height=\"20\" title=\"\"><\/a><\/td>\n<\/tr>\n<tr>\n<td><strong>29 novembre 2021<\/strong><\/td>\n<td><span style=\"color: #ff6600;\"><strong><a style=\"color: #ff6600;\" href=\"https:\/\/www.borsaturismoarcheologico.it\/wp-content\/uploads\/2021\/11\/roma_29-11.pdf\" target=\"_blank\" rel=\"noopener noreferrer\">Roma<\/a><\/strong><\/span><\/td>\n<td>Turismo, la Campania fa tendenza<\/td>\n<td><a title=\"aef\" href=\"https:\/\/www.borsaturismoarcheologico.it\/wp-content\/uploads\/2021\/11\/roma_29-11.pdf\" target=\"_blank\" rel=\"noopener noreferrer\"><img decoding=\"async\" class=\"aligncenter\" src=\"https:\/\/www.borsaturismoarcheologico.it\/wp-content\/uploads\/2013\/01\/1360704754_pdf.x50452.png\" alt=\"1360704754_pdf\" width=\"20\" height=\"20\" title=\"\"><\/a><\/td>\n<\/tr>\n<tr>\n<td><strong>29 novembre 2021<\/strong><\/td>\n<td><span style=\"color: #ff6600;\"><strong><a style=\"color: #ff6600;\" href=\"https:\/\/www.borsaturismoarcheologico.it\/wp-content\/uploads\/2021\/11\/quotsudirp_29-11.pdf\" target=\"_blank\" rel=\"noopener noreferrer\">Il Quotidiano del Sud ed. Irpinia<\/a><\/strong><\/span><\/td>\n<td>Il gruppo archeologico Maiuri alla BMTA<\/td>\n<td><a title=\"aef\" href=\"https:\/\/www.borsaturismoarcheologico.it\/wp-content\/uploads\/2021\/11\/quotsudirp_29-11.pdf\" target=\"_blank\" rel=\"noopener noreferrer\"><img decoding=\"async\" class=\"aligncenter\" src=\"https:\/\/www.borsaturismoarcheologico.it\/wp-content\/uploads\/2013\/01\/1360704754_pdf.x50452.png\" alt=\"1360704754_pdf\" width=\"20\" height=\"20\" title=\"\"><\/a><\/td>\n<\/tr>\n<tr>\n<td><strong>29 novembre 2021<\/strong><\/td>\n<td><span style=\"color: #ff6600;\"><strong><a style=\"color: #ff6600;\" href=\"https:\/\/www.borsaturismoarcheologico.it\/wp-content\/uploads\/2021\/11\/quotsud_29-11.pdf\" target=\"_blank\" rel=\"noopener noreferrer\">Il Quotidiano del Sud ed. Salerno<\/a><\/strong><\/span><\/td>\n<td>Musei, un avatar come guida<\/td>\n<td><a title=\"aef\" href=\"https:\/\/www.borsaturismoarcheologico.it\/wp-content\/uploads\/2021\/11\/quotsud_29-11.pdf\" target=\"_blank\" rel=\"noopener noreferrer\"><img decoding=\"async\" class=\"aligncenter\" src=\"https:\/\/www.borsaturismoarcheologico.it\/wp-content\/uploads\/2013\/01\/1360704754_pdf.x50452.png\" alt=\"1360704754_pdf\" width=\"20\" height=\"20\" title=\"\"><\/a><\/td>\n<\/tr>\n<tr>\n<td><strong>29 novembre 2021<\/strong><\/td>\n<td><span style=\"color: #ff6600;\"><strong><a style=\"color: #ff6600;\" href=\"https:\/\/www.borsaturismoarcheologico.it\/wp-content\/uploads\/2021\/11\/mattpugbas_29-11.pdf\" target=\"_blank\" rel=\"noopener noreferrer\">Il Mattino di Puglia e Basilicata<\/a><\/strong><\/span><\/td>\n<td>La Bovino sotterranea a Paestum<\/td>\n<td><a title=\"aef\" href=\"https:\/\/www.borsaturismoarcheologico.it\/wp-content\/uploads\/2021\/11\/mattpugbas_29-11.pdf\" target=\"_blank\" rel=\"noopener noreferrer\"><img decoding=\"async\" class=\"aligncenter\" src=\"https:\/\/www.borsaturismoarcheologico.it\/wp-content\/uploads\/2013\/01\/1360704754_pdf.x50452.png\" alt=\"1360704754_pdf\" width=\"20\" height=\"20\" title=\"\"><\/a><\/td>\n<\/tr>\n<tr>\n<td><strong>29 novembre 2021<\/strong><\/td>\n<td><span style=\"color: #ff6600;\"><strong><a style=\"color: #ff6600;\" href=\"https:\/\/www.borsaturismoarcheologico.it\/wp-content\/uploads\/2021\/11\/cronache_29-11.pdf\" target=\"_blank\" rel=\"noopener noreferrer\">Le Cronache<\/a><\/strong><\/span><\/td>\n<td>Chiusa la BMTA<\/td>\n<td><a title=\"aef\" href=\"https:\/\/www.borsaturismoarcheologico.it\/wp-content\/uploads\/2021\/11\/cronache_29-11.pdf\" target=\"_blank\" rel=\"noopener noreferrer\"><img decoding=\"async\" class=\"aligncenter\" src=\"https:\/\/www.borsaturismoarcheologico.it\/wp-content\/uploads\/2013\/01\/1360704754_pdf.x50452.png\" alt=\"1360704754_pdf\" width=\"20\" height=\"20\" title=\"\"><\/a><\/td>\n<\/tr>\n<tr>\n<td><strong>29 novembre 2021<\/strong><\/td>\n<td><span style=\"color: #ff6600;\"><strong><a style=\"color: #ff6600;\" href=\"https:\/\/www.borsaturismoarcheologico.it\/wp-content\/uploads\/2021\/11\/corradri_29-11.pdf\" target=\"_blank\" rel=\"noopener noreferrer\">Corriere Adriatico ed. Pesaro Urbino<\/a><\/strong><\/span><\/td>\n<td>L&#8217;itinerario archeologico a Paestum<\/td>\n<td><a title=\"aef\" href=\"https:\/\/www.borsaturismoarcheologico.it\/wp-content\/uploads\/2021\/11\/corradri_29-11.pdf\" target=\"_blank\" rel=\"noopener noreferrer\"><img decoding=\"async\" class=\"aligncenter\" src=\"https:\/\/www.borsaturismoarcheologico.it\/wp-content\/uploads\/2013\/01\/1360704754_pdf.x50452.png\" alt=\"1360704754_pdf\" width=\"20\" height=\"20\" title=\"\"><\/a><\/td>\n<\/tr>\n<tr>\n<td><strong>29 novembre 2021<\/strong><\/td>\n<td><span style=\"color: #ff6600;\"><strong><a style=\"color: #ff6600;\" href=\"https:\/\/www.borsaturismoarcheologico.it\/wp-content\/uploads\/2021\/11\/ciociaria-29-11_1.pdf\" target=\"_blank\" rel=\"noopener noreferrer\">Ciociaria Editoriale Oggi<\/a><\/strong><\/span><\/td>\n<td>Cultura e Turismo, nascono progetti per la valorizzazione<\/td>\n<td><a title=\"aef\" href=\"https:\/\/www.borsaturismoarcheologico.it\/wp-content\/uploads\/2021\/11\/ciociaria-29-11_1.pdf\" target=\"_blank\" rel=\"noopener noreferrer\"><img decoding=\"async\" class=\"aligncenter\" src=\"https:\/\/www.borsaturismoarcheologico.it\/wp-content\/uploads\/2013\/01\/1360704754_pdf.x50452.png\" alt=\"1360704754_pdf\" width=\"20\" height=\"20\" title=\"\"><\/a><\/td>\n<\/tr>\n<tr>\n<td><strong>29 novembre 2021<\/strong><\/td>\n<td><span style=\"color: #ff6600;\"><strong><a style=\"color: #ff6600;\" href=\"https:\/\/www.borsaturismoarcheologico.it\/wp-content\/uploads\/2021\/11\/ciociaria-29-11.pdf\" target=\"_blank\" rel=\"noopener noreferrer\">Ciociaria Editoriale Oggi<\/a><\/strong><\/span><\/td>\n<td>Le mura megalitiche e il Teatro romano in mostra a Paestum<\/td>\n<td><a title=\"aef\" href=\"https:\/\/www.borsaturismoarcheologico.it\/wp-content\/uploads\/2021\/11\/ciociaria-29-11.pdf\" target=\"_blank\" rel=\"noopener noreferrer\"><img decoding=\"async\" class=\"aligncenter\" src=\"https:\/\/www.borsaturismoarcheologico.it\/wp-content\/uploads\/2013\/01\/1360704754_pdf.x50452.png\" alt=\"1360704754_pdf\" width=\"20\" height=\"20\" title=\"\"><\/a><\/td>\n<\/tr>\n<tr>\n<td><strong>29 novembre 2021<\/strong><\/td>\n<td><span style=\"color: #ff6600;\"><strong><a style=\"color: #ff6600;\" href=\"https:\/\/agcult.it\/a\/48680\/2021-11-29\/bmta-direttore-picarelli-opportunita-di-promozione-del-turismo-culturale\" target=\"_blank\" rel=\"noopener noreferrer nofollow\">AgCult.it<\/a><\/strong><\/span><\/td>\n<td>BMTA, Direttore Picarelli: opportunit\u00e0 di promozione del turismo culturale<\/td>\n<td><a title=\"aef\" href=\"https:\/\/agcult.it\/a\/48680\/2021-11-29\/bmta-direttore-picarelli-opportunita-di-promozione-del-turismo-culturale\" target=\"_blank\" rel=\"noopener noreferrer nofollow\"><img decoding=\"async\" class=\"aligncenter\" src=\"https:\/\/www.borsaturismoarcheologico.it\/wp-content\/uploads\/2018\/07\/weblogo.x50452.png\" alt=\"1360704754_pdf\" width=\"20\" height=\"20\" title=\"\"><\/a><\/td>\n<\/tr>\n<tr>\n<td><strong>28 novembre 2021<\/strong><\/td>\n<td><span style=\"color: #ff6600;\"><strong><a style=\"color: #ff6600;\" href=\"https:\/\/www.borsaturismoarcheologico.it\/wp-content\/uploads\/2021\/11\/2021.11.28-Il-Mattino-ed.-Salerno.pdf\" target=\"_blank\" rel=\"noopener noreferrer\">Il Mattino ed. Salerno<\/a><\/strong><\/span><\/td>\n<td>Premi al-Asaad e Tusa, la BMTA delle emozioni<\/td>\n<td><a title=\"aef\" href=\"https:\/\/www.borsaturismoarcheologico.it\/wp-content\/uploads\/2021\/11\/2021.11.28-Il-Mattino-ed.-Salerno.pdf\" target=\"_blank\" rel=\"noopener noreferrer\"><img decoding=\"async\" class=\"aligncenter\" src=\"https:\/\/www.borsaturismoarcheologico.it\/wp-content\/uploads\/2013\/01\/1360704754_pdf.x50452.png\" alt=\"1360704754_pdf\" width=\"20\" height=\"20\" title=\"\"><\/a><\/td>\n<\/tr>\n<tr>\n<td><strong>28 novembre 2021<\/strong><\/td>\n<td><span style=\"color: #ff6600;\"><strong><a style=\"color: #ff6600;\" href=\"https:\/\/www.borsaturismoarcheologico.it\/wp-content\/uploads\/2021\/11\/2021.11.28-Gazzetta-del-Sud-Reggio.pdf\" target=\"_blank\" rel=\"noopener noreferrer\">Gazzetta del Sud ed. Reggio Calabria<\/a><\/strong><\/span><\/td>\n<td>I Bronzi festeggiano 50 anni: presentato il nuovo logo<\/td>\n<td><a title=\"aef\" href=\"https:\/\/www.borsaturismoarcheologico.it\/wp-content\/uploads\/2021\/11\/2021.11.28-Gazzetta-del-Sud-Reggio.pdf\" target=\"_blank\" rel=\"noopener noreferrer\"><img decoding=\"async\" class=\"aligncenter\" src=\"https:\/\/www.borsaturismoarcheologico.it\/wp-content\/uploads\/2013\/01\/1360704754_pdf.x50452.png\" alt=\"1360704754_pdf\" width=\"20\" height=\"20\" title=\"\"><\/a><\/td>\n<\/tr>\n<tr>\n<td><strong>28 novembre 2021<\/strong><\/td>\n<td><span style=\"color: #ff6600;\"><strong><a style=\"color: #ff6600;\" href=\"https:\/\/www.borsaturismoarcheologico.it\/wp-content\/uploads\/2021\/11\/2021.11.28-Roma-3.pdf\" target=\"_blank\" rel=\"noopener noreferrer\">Roma<\/a><\/strong><\/span><\/td>\n<td>Thalassa, dalla mostra mondiale al film del regista Antonio Luongo<\/td>\n<td><a title=\"aef\" href=\"https:\/\/www.borsaturismoarcheologico.it\/wp-content\/uploads\/2021\/11\/2021.11.28-Roma-3.pdf\" target=\"_blank\" rel=\"noopener noreferrer\"><img decoding=\"async\" class=\"aligncenter\" src=\"https:\/\/www.borsaturismoarcheologico.it\/wp-content\/uploads\/2013\/01\/1360704754_pdf.x50452.png\" alt=\"1360704754_pdf\" width=\"20\" height=\"20\" title=\"\"><\/a><\/td>\n<\/tr>\n<tr>\n<td><strong>28 novembre 2021<\/strong><\/td>\n<td><span style=\"color: #ff6600;\"><strong><a style=\"color: #ff6600;\" href=\"https:\/\/www.borsaturismoarcheologico.it\/wp-content\/uploads\/2021\/11\/2021.11.28-Il-Mattino-ed-Benevento.pdf\" target=\"_blank\" rel=\"noopener noreferrer\">Il Mattino ed. Benevento<\/a><\/strong><\/span><\/td>\n<td>Sfida per l&#8217;incoming, in vetrina alla BMTA i tesori del capoluogo<\/td>\n<td><a title=\"aef\" href=\"https:\/\/www.borsaturismoarcheologico.it\/wp-content\/uploads\/2021\/11\/2021.11.28-Il-Mattino-ed-Benevento.pdf\" target=\"_blank\" rel=\"noopener noreferrer\"><img decoding=\"async\" class=\"aligncenter\" src=\"https:\/\/www.borsaturismoarcheologico.it\/wp-content\/uploads\/2013\/01\/1360704754_pdf.x50452.png\" alt=\"1360704754_pdf\" width=\"20\" height=\"20\" title=\"\"><\/a><\/td>\n<\/tr>\n<tr>\n<td><strong>28 novembre 2021<\/strong><\/td>\n<td><span style=\"color: #ff6600;\"><strong><a style=\"color: #ff6600;\" href=\"https:\/\/www.borsaturismoarcheologico.it\/wp-content\/uploads\/2021\/11\/2021.11.28-Il-Quotidiano-del-Sud-ed.-Salerno.pdf\" target=\"_blank\" rel=\"noopener noreferrer\">Il Quotidiano del Sud ed. Salerno<\/a><\/strong><\/span><\/td>\n<td>Tesori sommersi. Censiti almeno 1300 nei fondali italiani<\/td>\n<td><a title=\"aef\" href=\"https:\/\/www.borsaturismoarcheologico.it\/wp-content\/uploads\/2021\/11\/2021.11.28-Il-Quotidiano-del-Sud-ed.-Salerno.pdf\" target=\"_blank\" rel=\"noopener noreferrer\"><img decoding=\"async\" class=\"aligncenter\" src=\"https:\/\/www.borsaturismoarcheologico.it\/wp-content\/uploads\/2013\/01\/1360704754_pdf.x50452.png\" alt=\"1360704754_pdf\" width=\"20\" height=\"20\" title=\"\"><\/a><\/td>\n<\/tr>\n<tr>\n<td><strong>28 novembre 2021<\/strong><\/td>\n<td><span style=\"color: #ff6600;\"><strong><a style=\"color: #ff6600;\" href=\"https:\/\/www.borsaturismoarcheologico.it\/wp-content\/uploads\/2021\/11\/Roma_28-11.pdf\" target=\"_blank\" rel=\"noopener noreferrer\">Roma<\/a><\/strong><\/span><\/td>\n<td>Promuovere la Dieta Mediterranea<\/td>\n<td><a title=\"aef\" href=\"https:\/\/www.borsaturismoarcheologico.it\/wp-content\/uploads\/2021\/11\/Roma_28-11.pdf\" target=\"_blank\" rel=\"noopener noreferrer\"><img decoding=\"async\" class=\"aligncenter\" src=\"https:\/\/www.borsaturismoarcheologico.it\/wp-content\/uploads\/2013\/01\/1360704754_pdf.x50452.png\" alt=\"1360704754_pdf\" width=\"20\" height=\"20\" title=\"\"><\/a><\/td>\n<\/tr>\n<tr>\n<td><strong>28 novembre 2021<\/strong><\/td>\n<td><span style=\"color: #ff6600;\"><strong><a style=\"color: #ff6600;\" href=\"https:\/\/www.borsaturismoarcheologico.it\/wp-content\/uploads\/2021\/11\/2021.11.28-Roma.pdf\" target=\"_blank\" rel=\"noopener noreferrer\">Roma<\/a><\/strong><\/span><\/td>\n<td>Ambiente e cultura, l&#8217;amministrazione Mastella rilancia<\/td>\n<td><a title=\"aef\" href=\"https:\/\/www.borsaturismoarcheologico.it\/wp-content\/uploads\/2021\/11\/2021.11.28-Roma.pdf\" target=\"_blank\" rel=\"noopener noreferrer\"><img decoding=\"async\" class=\"aligncenter\" src=\"https:\/\/www.borsaturismoarcheologico.it\/wp-content\/uploads\/2013\/01\/1360704754_pdf.x50452.png\" alt=\"1360704754_pdf\" width=\"20\" height=\"20\" title=\"\"><\/a><\/td>\n<\/tr>\n<tr>\n<td><strong>28 novembre 2021<\/strong><\/td>\n<td><span style=\"color: #ff6600;\"><strong><a style=\"color: #ff6600;\" href=\"https:\/\/www.borsaturismoarcheologico.it\/wp-content\/uploads\/2021\/11\/2021.11.28-Roma-2.pdf\" target=\"_blank\" rel=\"noopener noreferrer\">Roma<\/a><\/strong><\/span><\/td>\n<td>A Paestum gli studi sull&#8217;acquedotto di Stabiae<\/td>\n<td><a title=\"aef\" href=\"https:\/\/www.borsaturismoarcheologico.it\/wp-content\/uploads\/2021\/11\/2021.11.28-Roma-2.pdf\" target=\"_blank\" rel=\"noopener noreferrer\"><img decoding=\"async\" class=\"aligncenter\" src=\"https:\/\/www.borsaturismoarcheologico.it\/wp-content\/uploads\/2013\/01\/1360704754_pdf.x50452.png\" alt=\"1360704754_pdf\" width=\"20\" height=\"20\" title=\"\"><\/a><\/td>\n<\/tr>\n<tr>\n<td><strong>28 novembre 2021<\/strong><\/td>\n<td><span style=\"color: #ff6600;\"><strong><a style=\"color: #ff6600;\" href=\"https:\/\/www.borsaturismoarcheologico.it\/wp-content\/uploads\/2021\/11\/2021.11.28-Il-Quotidiano-del-Sud-ed.-Salerno.pdf\" target=\"_blank\" rel=\"noopener noreferrer\">Il Quotidiano del Sud ed. Reggio Calabria<\/a><\/strong><\/span><\/td>\n<td>Bronzi di Riace, svelato il logo<\/td>\n<td><a title=\"aef\" href=\"https:\/\/www.borsaturismoarcheologico.it\/wp-content\/uploads\/2021\/11\/2021.11.28-Il-Quotidiano-del-Sud-ed.-Salerno.pdf\" target=\"_blank\" rel=\"noopener noreferrer\"><img decoding=\"async\" class=\"aligncenter\" src=\"https:\/\/www.borsaturismoarcheologico.it\/wp-content\/uploads\/2013\/01\/1360704754_pdf.x50452.png\" alt=\"1360704754_pdf\" width=\"20\" height=\"20\" title=\"\"><\/a><\/td>\n<\/tr>\n<tr>\n<td><strong>28 novembre 2021<\/strong><\/td>\n<td><span style=\"color: #ff6600;\"><strong><a style=\"color: #ff6600;\" href=\"https:\/\/www.borsaturismoarcheologico.it\/wp-content\/uploads\/2021\/11\/2021.11.28-Roma.pdf\" target=\"_blank\" rel=\"noopener noreferrer\">Roma<\/a><\/strong><\/span><\/td>\n<td>Ambiente e cultura, l&#8217;amministrazione Mastella rilancia<\/td>\n<td><a title=\"aef\" href=\"https:\/\/www.borsaturismoarcheologico.it\/wp-content\/uploads\/2021\/11\/2021.11.28-Roma.pdf\" target=\"_blank\" rel=\"noopener noreferrer\"><img decoding=\"async\" class=\"aligncenter\" src=\"https:\/\/www.borsaturismoarcheologico.it\/wp-content\/uploads\/2013\/01\/1360704754_pdf.x50452.png\" alt=\"1360704754_pdf\" width=\"20\" height=\"20\" title=\"\"><\/a><\/td>\n<\/tr>\n<tr>\n<td><strong>28 novembre 2021<\/strong><\/td>\n<td><span style=\"color: #ff6600;\"><strong><a style=\"color: #ff6600;\" href=\"https:\/\/www.borsaturismoarcheologico.it\/wp-content\/uploads\/2021\/11\/2021.11.28-Il-Sannio.pdf\" target=\"_blank\" rel=\"noopener noreferrer\">Il Sannio<\/a><\/strong><\/span><\/td>\n<td>BMTA, successo per lo stand di Benevento<\/td>\n<td><a title=\"aef\" href=\"https:\/\/www.borsaturismoarcheologico.it\/wp-content\/uploads\/2021\/11\/2021.11.28-Il-Sannio.pdf\" target=\"_blank\" rel=\"noopener noreferrer\"><img decoding=\"async\" class=\"aligncenter\" src=\"https:\/\/www.borsaturismoarcheologico.it\/wp-content\/uploads\/2013\/01\/1360704754_pdf.x50452.png\" alt=\"1360704754_pdf\" width=\"20\" height=\"20\" title=\"\"><\/a><\/td>\n<\/tr>\n<tr>\n<td><strong>28 novembre 2021<\/strong><\/td>\n<td><span style=\"color: #ff6600;\"><strong><a style=\"color: #ff6600;\" href=\"https:\/\/www.borsaturismoarcheologico.it\/wp-content\/uploads\/2021\/11\/2021.11.28-La-Nuova-Sardegna.pdf\" target=\"_blank\" rel=\"noopener noreferrer\">La Nuova Sardegna<\/a><\/strong><\/span><\/td>\n<td>Esordio vincente per i Giganti di Paestum<\/td>\n<td><a title=\"aef\" href=\"https:\/\/www.borsaturismoarcheologico.it\/wp-content\/uploads\/2021\/11\/2021.11.28-La-Nuova-Sardegna.pdf\" target=\"_blank\" rel=\"noopener noreferrer\"><img decoding=\"async\" class=\"aligncenter\" src=\"https:\/\/www.borsaturismoarcheologico.it\/wp-content\/uploads\/2013\/01\/1360704754_pdf.x50452.png\" alt=\"1360704754_pdf\" width=\"20\" height=\"20\" title=\"\"><\/a><\/td>\n<\/tr>\n<tr>\n<td><strong>28 novembre 2021<\/strong><\/td>\n<td><span style=\"color: #ff6600;\"><strong><a style=\"color: #ff6600;\" href=\"https:\/\/www.borsaturismoarcheologico.it\/wp-content\/uploads\/2021\/11\/2021.11.28-LUnione-Sarda.pdf\" target=\"_blank\" rel=\"noopener noreferrer\">L&#8217;Unione Sarda<\/a><\/strong><\/span><\/td>\n<td>La Marmilla alla BMTA<\/td>\n<td><a title=\"aef\" href=\"https:\/\/www.borsaturismoarcheologico.it\/wp-content\/uploads\/2021\/11\/2021.11.28-LUnione-Sarda.pdf\" target=\"_blank\" rel=\"noopener noreferrer\"><img decoding=\"async\" class=\"aligncenter\" src=\"https:\/\/www.borsaturismoarcheologico.it\/wp-content\/uploads\/2013\/01\/1360704754_pdf.x50452.png\" alt=\"1360704754_pdf\" width=\"20\" height=\"20\" title=\"\"><\/a><\/td>\n<\/tr>\n<tr>\n<td><strong>28 novembre 2021<\/strong><\/td>\n<td><span style=\"color: #ff6600;\"><strong><a style=\"color: #ff6600;\" href=\"https:\/\/www.repubblica.it\/dossier\/cronaca\/turismo-2021\/2021\/11\/28\/news\/borsa_mediterranea_del_turismo_archeologico_i_numeri_dell_edizione_2021-328191170\/\" target=\"_blank\" rel=\"noopener noreferrer nofollow\">Repubblica.it<\/a><\/strong><\/span><\/td>\n<td>BMTA: i numeri dell&#8217;edizione 2021<\/td>\n<td><a title=\"aef\" href=\"https:\/\/www.repubblica.it\/dossier\/cronaca\/turismo-2021\/2021\/11\/28\/news\/borsa_mediterranea_del_turismo_archeologico_i_numeri_dell_edizione_2021-328191170\/\" target=\"_blank\" rel=\"noopener noreferrer nofollow\"><img decoding=\"async\" class=\"aligncenter\" src=\"https:\/\/www.borsaturismoarcheologico.it\/wp-content\/uploads\/2018\/07\/weblogo.x50452.png\" alt=\"1360704754_pdf\" width=\"20\" height=\"20\" title=\"\"><\/a><\/td>\n<\/tr>\n<tr>\n<td><strong>28 novembre 2021<\/strong><\/td>\n<td><span style=\"color: #ff6600;\"><strong><a style=\"color: #ff6600;\" href=\"https:\/\/www.repubblica.it\/dossier\/cronaca\/turismo-2021\/2021\/11\/28\/news\/pubblico_e_prinvato_insieme_cosi_si_rilancia_il_turismo_nel_sud-328190845\/\" target=\"_blank\" rel=\"noopener noreferrer nofollow\">Repubblica.it<\/a><\/strong><\/span><\/td>\n<td>Pubblico e privato insieme: cos\u00ec si rilancia il turismo nel Sud<\/td>\n<td><a title=\"aef\" href=\"https:\/\/www.repubblica.it\/dossier\/cronaca\/turismo-2021\/2021\/11\/28\/news\/pubblico_e_prinvato_insieme_cosi_si_rilancia_il_turismo_nel_sud-328190845\/\" target=\"_blank\" rel=\"noopener noreferrer nofollow\"><img decoding=\"async\" class=\"aligncenter\" src=\"https:\/\/www.borsaturismoarcheologico.it\/wp-content\/uploads\/2018\/07\/weblogo.x50452.png\" alt=\"1360704754_pdf\" width=\"20\" height=\"20\" title=\"\"><\/a><\/td>\n<\/tr>\n<tr>\n<td><strong>28 novembre 2021<\/strong><\/td>\n<td><span style=\"color: #ff6600;\"><strong><a style=\"color: #ff6600;\" href=\"https:\/\/www.repubblica.it\/dossier\/cronaca\/turismo-2021\/2021\/11\/28\/news\/turismo_il_lazio_alla_btma_di_paestum_per_promuovere_il_patrimonio_archeologico_del_territorio-327628656\/\" target=\"_blank\" rel=\"noopener noreferrer nofollow\">Repubblica.it<\/a><\/strong><\/span><\/td>\n<td>Turismo, il Lazio alla BMTA per promuovere il patrimonio archeologico del territorio<\/td>\n<td><a title=\"aef\" href=\"https:\/\/www.repubblica.it\/dossier\/cronaca\/turismo-2021\/2021\/11\/28\/news\/turismo_il_lazio_alla_btma_di_paestum_per_promuovere_il_patrimonio_archeologico_del_territorio-327628656\/\" target=\"_blank\" rel=\"noopener noreferrer nofollow\"><img decoding=\"async\" class=\"aligncenter\" src=\"https:\/\/www.borsaturismoarcheologico.it\/wp-content\/uploads\/2018\/07\/weblogo.x50452.png\" alt=\"1360704754_pdf\" width=\"20\" height=\"20\" title=\"\"><\/a><\/td>\n<\/tr>\n<tr>\n<td><strong>28 novembre 2021<\/strong><\/td>\n<td><span style=\"color: #ff6600;\"><strong><a style=\"color: #ff6600;\" href=\"https:\/\/www.repubblica.it\/dossier\/cronaca\/turismo-2021\/2021\/11\/28\/news\/le_sfide_dei_musei_post_covid-327876656\/\" target=\"_blank\" rel=\"noopener noreferrer nofollow\">Repubblica.it<\/a><\/strong><\/span><\/td>\n<td>Le sfide dei musei post Covid<\/td>\n<td><a title=\"aef\" href=\"https:\/\/www.repubblica.it\/dossier\/cronaca\/turismo-2021\/2021\/11\/28\/news\/le_sfide_dei_musei_post_covid-327876656\/\" target=\"_blank\" rel=\"noopener noreferrer nofollow\"><img decoding=\"async\" class=\"aligncenter\" src=\"https:\/\/www.borsaturismoarcheologico.it\/wp-content\/uploads\/2018\/07\/weblogo.x50452.png\" alt=\"1360704754_pdf\" width=\"20\" height=\"20\" title=\"\"><\/a><\/td>\n<\/tr>\n<tr>\n<td><strong>28 novembre 2021<\/strong><\/td>\n<td><span style=\"color: #ff6600;\"><strong><a style=\"color: #ff6600;\" href=\"https:\/\/www.repubblica.it\/dossier\/cronaca\/turismo-2021\/2021\/11\/28\/news\/la_valle_d_aosta_porta_preistoria_romanita_e_castelli_alla_borsa_del_turismo_archeologico-327596971\/\" target=\"_blank\" rel=\"noopener noreferrer nofollow\">Repubblica.it<\/a><\/strong><\/span><\/td>\n<td>La Valle d&#8217;Aosta porta preistoria, romanit\u00e0 e castelli alla BMTA<\/td>\n<td><a title=\"aef\" href=\"https:\/\/www.repubblica.it\/dossier\/cronaca\/turismo-2021\/2021\/11\/28\/news\/la_valle_d_aosta_porta_preistoria_romanita_e_castelli_alla_borsa_del_turismo_archeologico-327596971\/\" target=\"_blank\" rel=\"noopener noreferrer nofollow\"><img decoding=\"async\" class=\"aligncenter\" src=\"https:\/\/www.borsaturismoarcheologico.it\/wp-content\/uploads\/2018\/07\/weblogo.x50452.png\" alt=\"1360704754_pdf\" width=\"20\" height=\"20\" title=\"\"><\/a><\/td>\n<\/tr>\n<tr>\n<td><strong>28 novembre 2021<\/strong><\/td>\n<td><span style=\"color: #ff6600;\"><strong><a style=\"color: #ff6600;\" href=\"https:\/\/www.ansa.it\/molise\/notizie\/2021\/11\/28\/turismo-a-borsa-paestum-selfie-davanti-a-stand-molise_7a9249ae-fe7c-4fb8-837c-866eb7b6f6d6.html\" target=\"_blank\" rel=\"noopener noreferrer nofollow\">Ansa.it<\/a><\/strong><\/span><\/td>\n<td>Turismo, a Borsa Paestum selfie davanti a stand Molise<\/td>\n<td><a title=\"aef\" href=\"https:\/\/www.ansa.it\/molise\/notizie\/2021\/11\/28\/turismo-a-borsa-paestum-selfie-davanti-a-stand-molise_7a9249ae-fe7c-4fb8-837c-866eb7b6f6d6.html\" target=\"_blank\" rel=\"noopener noreferrer nofollow\"><img decoding=\"async\" class=\"aligncenter\" src=\"https:\/\/www.borsaturismoarcheologico.it\/wp-content\/uploads\/2018\/07\/weblogo.x50452.png\" alt=\"1360704754_pdf\" width=\"20\" height=\"20\" title=\"\"><\/a><\/td>\n<\/tr>\n<tr>\n<td><strong>27 novembre 2021<\/strong><\/td>\n<td><span style=\"color: #ff6600;\"><strong><a style=\"color: #ff6600;\" href=\"https:\/\/calabria.gazzettadelsud.it\/articoli\/cultura\/2021\/11\/27\/beni-archeologici-cambiare-passo-sulla-gestione-tra-pubblico-e-privato-favorendo-nuovi-modelli-77ea0632-4474-4f4f-a7ca-547614c66bd7\/\" target=\"_blank\" rel=\"noopener noreferrer nofollow\">GazzettadelSud.it<\/a><\/strong><\/span><\/td>\n<td>Beni archeologici, cambiare passo sulla gestione tra pubblico e privato favorendo nuovi modelli<\/td>\n<td><a title=\"aef\" href=\"https:\/\/calabria.gazzettadelsud.it\/articoli\/cultura\/2021\/11\/27\/beni-archeologici-cambiare-passo-sulla-gestione-tra-pubblico-e-privato-favorendo-nuovi-modelli-77ea0632-4474-4f4f-a7ca-547614c66bd7\/\" target=\"_blank\" rel=\"noopener noreferrer nofollow\"><img decoding=\"async\" class=\"aligncenter\" src=\"https:\/\/www.borsaturismoarcheologico.it\/wp-content\/uploads\/2018\/07\/weblogo.x50452.png\" alt=\"1360704754_pdf\" width=\"20\" height=\"20\" title=\"\"><\/a><\/td>\n<\/tr>\n<tr>\n<td><strong>27 novembre 2021<\/strong><\/td>\n<td><span style=\"color: #ff6600;\"><strong><a style=\"color: #ff6600;\" href=\"https:\/\/www.fsnews.it\/it\/focus-on\/servizi\/trenitalia-borsa-mediterranea-del-turismo-2021-di-paestum.html\" target=\"_blank\" rel=\"noopener noreferrer nofollow\">FsNews.it<\/a><\/strong><\/span><\/td>\n<td>Trenitalia per il turismo archeologico<\/td>\n<td><a title=\"aef\" href=\"https:\/\/www.fsnews.it\/it\/focus-on\/servizi\/trenitalia-borsa-mediterranea-del-turismo-2021-di-paestum.html\" target=\"_blank\" rel=\"noopener noreferrer nofollow\"><img decoding=\"async\" class=\"aligncenter\" src=\"https:\/\/www.borsaturismoarcheologico.it\/wp-content\/uploads\/2018\/07\/weblogo.x50452.png\" alt=\"1360704754_pdf\" width=\"20\" height=\"20\" title=\"\"><\/a><\/td>\n<\/tr>\n<tr>\n<td><strong>27 novembre 2021<\/strong><\/td>\n<td><span style=\"color: #ff6600;\"><strong><a style=\"color: #ff6600;\" href=\"https:\/\/www.ansa.it\/sardegna\/notizie\/2021\/11\/27\/prima-uscita-ufficiale-fondazione-monte-prama-a-paestum_6170a00f-9fb0-4bdc-889f-1ce1ed26df70.html\" target=\"_blank\" rel=\"noopener noreferrer nofollow\">Ansa.it<\/a><\/strong><\/span><\/td>\n<td>Prima uscita ufficiale Fondazione Mont&#8217;e Prama a Paestum<\/td>\n<td><a title=\"aef\" href=\"https:\/\/www.ansa.it\/sardegna\/notizie\/2021\/11\/27\/prima-uscita-ufficiale-fondazione-monte-prama-a-paestum_6170a00f-9fb0-4bdc-889f-1ce1ed26df70.html\" target=\"_blank\" rel=\"noopener noreferrer nofollow\"><img decoding=\"async\" class=\"aligncenter\" src=\"https:\/\/www.borsaturismoarcheologico.it\/wp-content\/uploads\/2018\/07\/weblogo.x50452.png\" alt=\"1360704754_pdf\" width=\"20\" height=\"20\" title=\"\"><\/a><\/td>\n<\/tr>\n<tr>\n<td><strong>27 novembre 2021<\/strong><\/td>\n<td><span style=\"color: #ff6600;\"><strong><a style=\"color: #ff6600;\" href=\"http:\/\/www.qaeditoria.it\/details.aspx?idarticle=180619\" target=\"_blank\" rel=\"noopener noreferrer nofollow\">QA Turismo Cultura Arte<\/a><\/strong><\/span><\/td>\n<td>Dalla XXIII BMTA la proposta al Consiglio d\u2019Europa per l\u2019Itinerario Culturale Europeo del Turismo Archeologico Subacqueo<\/td>\n<td><a title=\"aef\" href=\"http:\/\/www.qaeditoria.it\/details.aspx?idarticle=180619\" target=\"_blank\" rel=\"noopener noreferrer nofollow\"><img decoding=\"async\" class=\"aligncenter\" src=\"https:\/\/www.borsaturismoarcheologico.it\/wp-content\/uploads\/2018\/07\/weblogo.x50452.png\" alt=\"1360704754_pdf\" width=\"20\" height=\"20\" title=\"\"><\/a><\/td>\n<\/tr>\n<tr>\n<td><strong>27 novembre 2021<\/strong><\/td>\n<td><span style=\"color: #ff6600;\"><strong><a style=\"color: #ff6600;\" href=\"https:\/\/www.classicult.it\/alla-bmta-i-primi-premi-per-larcheologia-subacquea\/\" target=\"_blank\" rel=\"noopener noreferrer nofollow\">Classicult<\/a><\/strong><\/span><\/td>\n<td>Alla BMTA i primi premi per l\u2019archeologia subacquea<\/td>\n<td><a title=\"aef\" href=\"https:\/\/www.classicult.it\/alla-bmta-i-primi-premi-per-larcheologia-subacquea\/\" target=\"_blank\" rel=\"noopener noreferrer nofollow\"><img decoding=\"async\" class=\"aligncenter\" src=\"https:\/\/www.borsaturismoarcheologico.it\/wp-content\/uploads\/2018\/07\/weblogo.x50452.png\" alt=\"1360704754_pdf\" width=\"20\" height=\"20\" title=\"\"><\/a><\/td>\n<\/tr>\n<tr>\n<td><strong>27 novembre 2021<\/strong><\/td>\n<td><span style=\"color: #ff6600;\"><strong><a style=\"color: #ff6600;\" href=\"https:\/\/www.borsaturismoarcheologico.it\/wp-content\/uploads\/2021\/11\/2021.11.27-Il-Mattino-ed-Salerno.pdf\" target=\"_blank\" rel=\"noopener noreferrer\">Il Mattino ed. Salerno<\/a><\/strong><\/span><\/td>\n<td>La BMTA al femminile premia Dana e Bianchi<\/td>\n<td><a title=\"aef\" href=\"https:\/\/www.borsaturismoarcheologico.it\/wp-content\/uploads\/2021\/11\/2021.11.27-Il-Mattino-ed-Salerno.pdf\" target=\"_blank\" rel=\"noopener noreferrer\"><img decoding=\"async\" class=\"aligncenter\" src=\"https:\/\/www.borsaturismoarcheologico.it\/wp-content\/uploads\/2013\/01\/1360704754_pdf.x50452.png\" alt=\"1360704754_pdf\" width=\"20\" height=\"20\" title=\"\"><\/a><\/td>\n<\/tr>\n<tr>\n<td><strong>27 novembre 2021<\/strong><\/td>\n<td><span style=\"color: #ff6600;\"><strong><a style=\"color: #ff6600;\" href=\"https:\/\/www.borsaturismoarcheologico.it\/wp-content\/uploads\/2021\/11\/2021.11.27-Il-Mattino.pdf\" target=\"_blank\" rel=\"noopener noreferrer\">Il Mattino<\/a><\/strong><\/span><\/td>\n<td>BMTA: docu-film inedito su Baia<\/td>\n<td><a title=\"aef\" href=\"https:\/\/www.borsaturismoarcheologico.it\/wp-content\/uploads\/2021\/11\/2021.11.27-Il-Mattino.pdf\" target=\"_blank\" rel=\"noopener noreferrer\"><img decoding=\"async\" class=\"aligncenter\" src=\"https:\/\/www.borsaturismoarcheologico.it\/wp-content\/uploads\/2013\/01\/1360704754_pdf.x50452.png\" alt=\"1360704754_pdf\" width=\"20\" height=\"20\" title=\"\"><\/a><\/td>\n<\/tr>\n<tr>\n<td><strong>27 novembre 2021<\/strong><\/td>\n<td><span style=\"color: #ff6600;\"><strong><a style=\"color: #ff6600;\" href=\"https:\/\/www.borsaturismoarcheologico.it\/wp-content\/uploads\/2021\/11\/2021.11.27-La-Sicilia.pdf\" target=\"_blank\" rel=\"noopener noreferrer\">La Sicilia<\/a><\/strong><\/span><\/td>\n<td>Il patrimonio e gli itinerari culturali della Sicilia protagonisti alla BMTA di Paestum<\/td>\n<td><a title=\"aef\" href=\"https:\/\/www.borsaturismoarcheologico.it\/wp-content\/uploads\/2021\/11\/2021.11.27-La-Sicilia.pdf\" target=\"_blank\" rel=\"noopener noreferrer\"><img decoding=\"async\" class=\"aligncenter\" src=\"https:\/\/www.borsaturismoarcheologico.it\/wp-content\/uploads\/2013\/01\/1360704754_pdf.x50452.png\" alt=\"1360704754_pdf\" width=\"20\" height=\"20\" title=\"\"><\/a><\/td>\n<\/tr>\n<tr>\n<td><strong>27 novembre 2021<\/strong><\/td>\n<td><span style=\"color: #ff6600;\"><strong><a style=\"color: #ff6600;\" href=\"https:\/\/www.borsaturismoarcheologico.it\/wp-content\/uploads\/2021\/11\/2021.11.27-Roma.pdf\" target=\"_blank\" rel=\"noopener noreferrer\">Roma<\/a><\/strong><\/span><\/td>\n<td>Napoli in controtendenza: piace ai turisti<\/td>\n<td><a title=\"aef\" href=\"https:\/\/www.borsaturismoarcheologico.it\/wp-content\/uploads\/2021\/11\/2021.11.27-Roma.pdf\" target=\"_blank\" rel=\"noopener noreferrer\"><img decoding=\"async\" class=\"aligncenter\" src=\"https:\/\/www.borsaturismoarcheologico.it\/wp-content\/uploads\/2013\/01\/1360704754_pdf.x50452.png\" alt=\"1360704754_pdf\" width=\"20\" height=\"20\" title=\"\"><\/a><\/td>\n<\/tr>\n<tr>\n<td><strong>27 novembre 2021<\/strong><\/td>\n<td><span style=\"color: #ff6600;\"><strong><a style=\"color: #ff6600;\" href=\"https:\/\/www.borsaturismoarcheologico.it\/wp-content\/uploads\/2021\/11\/2021.11.27-La-Citta\u0300.pdf\" target=\"_blank\" rel=\"noopener noreferrer\">La Citt\u00e0<\/a><\/strong><\/span><\/td>\n<td>La Borsa alla &#8220;Stazione&#8221;<\/td>\n<td><a title=\"aef\" href=\"https:\/\/www.borsaturismoarcheologico.it\/wp-content\/uploads\/2021\/11\/2021.11.27-La-Citta\u0300.pdf\" target=\"_blank\" rel=\"noopener noreferrer\"><img decoding=\"async\" class=\"aligncenter\" src=\"https:\/\/www.borsaturismoarcheologico.it\/wp-content\/uploads\/2013\/01\/1360704754_pdf.x50452.png\" alt=\"1360704754_pdf\" width=\"20\" height=\"20\" title=\"\"><\/a><\/td>\n<\/tr>\n<tr>\n<td><strong>27 novembre 2021<\/strong><\/td>\n<td><span style=\"color: #ff6600;\"><strong><a style=\"color: #ff6600;\" href=\"https:\/\/www.borsaturismoarcheologico.it\/wp-content\/uploads\/2021\/11\/2021.11.27-Corriere-del-Mezzogiorno-ed-Campania.pdf\" target=\"_blank\" rel=\"noopener noreferrer\">Corriere del Mezzogiorno ed. Campania<\/a><\/strong><\/span><\/td>\n<td>&#8220;Thalassa&#8221; docu-film sul patrimonio sommerso<\/td>\n<td><a title=\"aef\" href=\"https:\/\/www.borsaturismoarcheologico.it\/wp-content\/uploads\/2021\/11\/2021.11.27-Corriere-del-Mezzogiorno-ed-Campania.pdf\" target=\"_blank\" rel=\"noopener noreferrer\"><img decoding=\"async\" class=\"aligncenter\" src=\"https:\/\/www.borsaturismoarcheologico.it\/wp-content\/uploads\/2013\/01\/1360704754_pdf.x50452.png\" alt=\"1360704754_pdf\" width=\"20\" height=\"20\" title=\"\"><\/a><\/td>\n<\/tr>\n<tr>\n<td><strong>27 novembre 2021<\/strong><\/td>\n<td><span style=\"color: #ff6600;\"><strong><a style=\"color: #ff6600;\" href=\"https:\/\/www.borsaturismoarcheologico.it\/wp-content\/uploads\/2021\/11\/2021.11.27-Il-Manifesto.pdf\" target=\"_blank\" rel=\"noopener noreferrer\">Il Manifesto<\/a><\/strong><\/span><\/td>\n<td>L&#8217;archeologia non si fa con gli &#8220;Indiana Jones&#8221;<\/td>\n<td><a title=\"aef\" href=\"https:\/\/www.borsaturismoarcheologico.it\/wp-content\/uploads\/2021\/11\/2021.11.27-Il-Manifesto.pdf\" target=\"_blank\" rel=\"noopener noreferrer\"><img decoding=\"async\" class=\"aligncenter\" src=\"https:\/\/www.borsaturismoarcheologico.it\/wp-content\/uploads\/2013\/01\/1360704754_pdf.x50452.png\" alt=\"1360704754_pdf\" width=\"20\" height=\"20\" title=\"\"><\/a><\/td>\n<\/tr>\n<tr>\n<td><strong>27 novembre 2021<\/strong><\/td>\n<td><span style=\"color: #ff6600;\"><strong><a style=\"color: #ff6600;\" href=\"https:\/\/www.borsaturismoarcheologico.it\/wp-content\/uploads\/2021\/11\/2021.11.27-Il-Quotidiano-del-Sud-Ed.-Iripinia.pdf\" target=\"_blank\" rel=\"noopener noreferrer\">Il Quotidiano del Sud ed. Iripinia<\/a><\/strong><\/span><\/td>\n<td>Anche l&#8217;Irpinia alla Borsa Mediterranea del Turismo Archeologico<\/td>\n<td><a title=\"aef\" href=\"https:\/\/www.borsaturismoarcheologico.it\/wp-content\/uploads\/2021\/11\/2021.11.27-Il-Quotidiano-del-Sud-Ed.-Iripinia.pdf\" target=\"_blank\" rel=\"noopener noreferrer\"><img decoding=\"async\" class=\"aligncenter\" src=\"https:\/\/www.borsaturismoarcheologico.it\/wp-content\/uploads\/2013\/01\/1360704754_pdf.x50452.png\" alt=\"1360704754_pdf\" width=\"20\" height=\"20\" title=\"\"><\/a><\/td>\n<\/tr>\n<tr>\n<td><strong>27 novembre 2021<\/strong><\/td>\n<td><span style=\"color: #ff6600;\"><strong><a style=\"color: #ff6600;\" href=\"https:\/\/www.borsaturismoarcheologico.it\/wp-content\/uploads\/2021\/11\/2021.11.27-Il-Quotidiano-del-Sud-ed.-Salerno.pdf\" target=\"_blank\" rel=\"noopener noreferrer\">Il Quotidiano del Sud ed. Salerno<\/a><\/strong><\/span><\/td>\n<td>La nuova archeologia pensa digitale<\/td>\n<td><a title=\"aef\" href=\"https:\/\/www.borsaturismoarcheologico.it\/wp-content\/uploads\/2021\/11\/2021.11.27-Il-Quotidiano-del-Sud-ed.-Salerno.pdf\" target=\"_blank\" rel=\"noopener noreferrer\"><img decoding=\"async\" class=\"aligncenter\" src=\"https:\/\/www.borsaturismoarcheologico.it\/wp-content\/uploads\/2013\/01\/1360704754_pdf.x50452.png\" alt=\"1360704754_pdf\" width=\"20\" height=\"20\" title=\"\"><\/a><\/td>\n<\/tr>\n<tr>\n<td><strong>27 novembre 2021<\/strong><\/td>\n<td><span style=\"color: #ff6600;\"><strong><a style=\"color: #ff6600;\" href=\"https:\/\/www.borsaturismoarcheologico.it\/wp-content\/uploads\/2021\/11\/2021.11.27-Il-Quotidiano-del-Sud-ed.-Salerno-2.pdf\" target=\"_blank\" rel=\"noopener noreferrer\">Il Quotidiano del Sud ed. Salerno<\/a><\/strong><\/span><\/td>\n<td>Numeri e dati della XXIII edizione<\/td>\n<td><a title=\"aef\" href=\"https:\/\/www.borsaturismoarcheologico.it\/wp-content\/uploads\/2021\/11\/2021.11.27-Il-Quotidiano-del-Sud-ed.-Salerno-2.pdf\" target=\"_blank\" rel=\"noopener noreferrer\"><img decoding=\"async\" class=\"aligncenter\" src=\"https:\/\/www.borsaturismoarcheologico.it\/wp-content\/uploads\/2013\/01\/1360704754_pdf.x50452.png\" alt=\"1360704754_pdf\" width=\"20\" height=\"20\" title=\"\"><\/a><\/td>\n<\/tr>\n<tr>\n<td><strong>27 novembre 2021<\/strong><\/td>\n<td><span style=\"color: #ff6600;\"><strong><a style=\"color: #ff6600;\" href=\"https:\/\/www.borsaturismoarcheologico.it\/wp-content\/uploads\/2021\/11\/2021.11.27-Il-Resto-del-Carlino-ed.-Pesaro.pdf\" target=\"_blank\" rel=\"noopener noreferrer\">Il Resto del Carlino ed. Pesaro<\/a><\/strong><\/span><\/td>\n<td>Il libro &#8220;Pisaurum Felix&#8221; illustrato da John Betti presentato alla BMTA di Paestum<\/td>\n<td><a title=\"aef\" href=\"https:\/\/www.borsaturismoarcheologico.it\/wp-content\/uploads\/2021\/11\/2021.11.27-Il-Resto-del-Carlino-ed.-Pesaro.pdf\" target=\"_blank\" rel=\"noopener noreferrer\"><img decoding=\"async\" class=\"aligncenter\" src=\"https:\/\/www.borsaturismoarcheologico.it\/wp-content\/uploads\/2013\/01\/1360704754_pdf.x50452.png\" alt=\"1360704754_pdf\" width=\"20\" height=\"20\" title=\"\"><\/a><\/td>\n<\/tr>\n<tr>\n<td><strong>27 novembre 2021<\/strong><\/td>\n<td><span style=\"color: #ff6600;\"><strong><a style=\"color: #ff6600;\" href=\"https:\/\/www.borsaturismoarcheologico.it\/wp-content\/uploads\/2021\/11\/2021.11.27-Il-Secolo-XIX-ed.-La-Spezia.pdf\" target=\"_blank\" rel=\"noopener noreferrer\">Il Secolo XIX ed. La Spezia<\/a><\/strong><\/span><\/td>\n<td>Luni diventa internazionale, al via progetti e sinergie<\/td>\n<td><a title=\"aef\" href=\"https:\/\/www.borsaturismoarcheologico.it\/wp-content\/uploads\/2021\/11\/2021.11.27-Il-Secolo-XIX-ed.-La-Spezia.pdf\" target=\"_blank\" rel=\"noopener noreferrer\"><img decoding=\"async\" class=\"aligncenter\" src=\"https:\/\/www.borsaturismoarcheologico.it\/wp-content\/uploads\/2013\/01\/1360704754_pdf.x50452.png\" alt=\"1360704754_pdf\" width=\"20\" height=\"20\" title=\"\"><\/a><\/td>\n<\/tr>\n<tr>\n<td><strong>27 novembre 2021<\/strong><\/td>\n<td><span style=\"color: #ff6600;\"><strong><a style=\"color: #ff6600;\" href=\"https:\/\/travelnostop.com\/sicilia\/beni-culturali\/turismo-archeologico-un-primato-siciliano_532780\" target=\"_blank\" rel=\"noopener noreferrer nofollow\">Travelnostop.com<\/a><\/strong><\/span><\/td>\n<td>Turismo archeologico, primato siciliano alla BMTA di Paestum<\/td>\n<td><a title=\"aef\" href=\"https:\/\/travelnostop.com\/sicilia\/beni-culturali\/turismo-archeologico-un-primato-siciliano_532780\" target=\"_blank\" rel=\"noopener noreferrer nofollow\"><img decoding=\"async\" class=\"aligncenter\" src=\"https:\/\/www.borsaturismoarcheologico.it\/wp-content\/uploads\/2018\/07\/weblogo.x50452.png\" alt=\"1360704754_pdf\" width=\"20\" height=\"20\" title=\"\"><\/a><\/td>\n<\/tr>\n<tr>\n<td><strong>27 novembre 2021<\/strong><\/td>\n<td><span style=\"color: #ff6600;\"><strong><a style=\"color: #ff6600;\" href=\"https:\/\/agcult.it\/a\/48674\/2021-11-27\/oltre-202mila-relitti-nel-mondo-alla-bmta-presentata-ricerca-su-archeologia-subacquea\" target=\"_blank\" rel=\"noopener noreferrer nofollow\">AgCult.it<\/a><\/strong><\/span><\/td>\n<td>Oltre 202mila relitti nel mondo: alla BMTA presentata ricerca su archeologia subacquea<\/td>\n<td><a title=\"aef\" href=\"https:\/\/agcult.it\/a\/48674\/2021-11-27\/oltre-202mila-relitti-nel-mondo-alla-bmta-presentata-ricerca-su-archeologia-subacquea\" target=\"_blank\" rel=\"noopener noreferrer nofollow\"><img decoding=\"async\" class=\"aligncenter\" src=\"https:\/\/www.borsaturismoarcheologico.it\/wp-content\/uploads\/2018\/07\/weblogo.x50452.png\" alt=\"1360704754_pdf\" width=\"20\" height=\"20\" title=\"\"><\/a><\/td>\n<\/tr>\n<tr>\n<td><strong>26 novembre 2021<\/strong><\/td>\n<td><span style=\"color: #ff6600;\"><strong><a style=\"color: #ff6600;\" href=\"https:\/\/mediterraneoantico.it\/articoli\/archeoexperience-alla-borsa-di-paestum-un-viaggio-materiale-nella-nostra-storia\/\" target=\"_blank\" rel=\"noopener noreferrer nofollow\">MediterraneoAntico.it<\/a><\/strong><\/span><\/td>\n<td>ArcheoExperience alla BMTA di Paestum: un viaggio materiale nella nostra storia<\/td>\n<td><a title=\"aef\" href=\"https:\/\/mediterraneoantico.it\/articoli\/archeoexperience-alla-borsa-di-paestum-un-viaggio-materiale-nella-nostra-storia\/\" target=\"_blank\" rel=\"noopener noreferrer nofollow\"><img decoding=\"async\" class=\"aligncenter\" src=\"https:\/\/www.borsaturismoarcheologico.it\/wp-content\/uploads\/2018\/07\/weblogo.x50452.png\" alt=\"1360704754_pdf\" width=\"20\" height=\"20\" title=\"\"><\/a><\/td>\n<\/tr>\n<tr>\n<td><strong>26 novembre 2021<\/strong><\/td>\n<td><span style=\"color: #ff6600;\"><strong><a style=\"color: #ff6600;\" href=\"https:\/\/agcult.it\/a\/48629\/2021-11-26\/bmta-stand-mann-dedicato-alla-mostra-sardegna-isola-megalitica\" target=\"_blank\" rel=\"noopener noreferrer nofollow\">AgCult.it<\/a><\/strong><\/span><\/td>\n<td>BMTA, stand Mann dedicato alla mostra &#8220;Sardegna Isola Megalitica&#8221;<\/td>\n<td><a title=\"aef\" href=\"https:\/\/agcult.it\/a\/48629\/2021-11-26\/bmta-stand-mann-dedicato-alla-mostra-sardegna-isola-megalitica\" target=\"_blank\" rel=\"noopener noreferrer nofollow\"><img decoding=\"async\" class=\"aligncenter\" src=\"https:\/\/www.borsaturismoarcheologico.it\/wp-content\/uploads\/2018\/07\/weblogo.x50452.png\" alt=\"1360704754_pdf\" width=\"20\" height=\"20\" title=\"\"><\/a><\/td>\n<\/tr>\n<tr>\n<td><strong>26 novembre 2021<\/strong><\/td>\n<td><span style=\"color: #ff6600;\"><strong><a style=\"color: #ff6600;\" href=\"https:\/\/agcult.it\/a\/48650\/2021-11-26\/bmta-giornata-dedicata-al-turismo-archeologico-sostenibile-verde-e-subacqueo\" target=\"_blank\" rel=\"noopener noreferrer nofollow\">AgCult.it<\/a><\/strong><\/span><\/td>\n<td>BMTA, giornata dedicata al Turismo Archeologico sostenibile, verde e subacqueo<\/td>\n<td><a title=\"aef\" href=\"https:\/\/agcult.it\/a\/48650\/2021-11-26\/bmta-giornata-dedicata-al-turismo-archeologico-sostenibile-verde-e-subacqueo\" target=\"_blank\" rel=\"noopener noreferrer nofollow\"><img decoding=\"async\" class=\"aligncenter\" src=\"https:\/\/www.borsaturismoarcheologico.it\/wp-content\/uploads\/2018\/07\/weblogo.x50452.png\" alt=\"1360704754_pdf\" width=\"20\" height=\"20\" title=\"\"><\/a><\/td>\n<\/tr>\n<tr>\n<td><strong>26 novembre 2021<\/strong><\/td>\n<td><span style=\"color: #ff6600;\"><strong><a style=\"color: #ff6600;\" href=\"https:\/\/www.classicult.it\/bmta-intercettare-pubblico-cultura\/\" target=\"_blank\" rel=\"noopener noreferrer nofollow\">Classicult<\/a><\/strong><\/span><\/td>\n<td>BMTA: intercettare il nuovo pubblico della Cultura<\/td>\n<td><a title=\"aef\" href=\"https:\/\/www.classicult.it\/bmta-intercettare-pubblico-cultura\/\" target=\"_blank\" rel=\"noopener noreferrer nofollow\"><img decoding=\"async\" class=\"aligncenter\" src=\"https:\/\/www.borsaturismoarcheologico.it\/wp-content\/uploads\/2018\/07\/weblogo.x50452.png\" alt=\"1360704754_pdf\" width=\"20\" height=\"20\" title=\"\"><\/a><\/td>\n<\/tr>\n<tr>\n<td><strong>26 novembre 2021<\/strong><\/td>\n<td><span style=\"color: #ff6600;\"><strong><a style=\"color: #ff6600;\" href=\"https:\/\/travelnostop.com\/news\/cronaca\/lappello-dei-tour-operator-viaggiare-e-sicuro_532726\" target=\"_blank\" rel=\"noopener noreferrer nofollow\">Travelnostop.com<\/a><\/strong><\/span><\/td>\n<td>L\u2019appello dei tour operator: viaggiare \u00e8 sicuro<\/td>\n<td><a title=\"aef\" href=\"https:\/\/travelnostop.com\/news\/cronaca\/lappello-dei-tour-operator-viaggiare-e-sicuro_532726\" target=\"_blank\" rel=\"noopener noreferrer nofollow\"><img decoding=\"async\" class=\"aligncenter\" src=\"https:\/\/www.borsaturismoarcheologico.it\/wp-content\/uploads\/2018\/07\/weblogo.x50452.png\" alt=\"1360704754_pdf\" width=\"20\" height=\"20\" title=\"\"><\/a><\/td>\n<\/tr>\n<tr>\n<td><strong>26 novembre 2021<\/strong><\/td>\n<td><span style=\"color: #ff6600;\"><strong><a style=\"color: #ff6600;\" href=\"https:\/\/travelnostop.com\/news\/beni-culturali\/musei-e-parchi-archeologici-vincono-la-sfida-del-post-covid_532774\" target=\"_blank\" rel=\"noopener noreferrer nofollow\">Travelnostop.com<\/a><\/strong><\/span><\/td>\n<td>Musei e parchi archeologici vincono la sfida del post-covid<\/td>\n<td><a title=\"aef\" href=\"https:\/\/travelnostop.com\/news\/beni-culturali\/musei-e-parchi-archeologici-vincono-la-sfida-del-post-covid_532774\" target=\"_blank\" rel=\"noopener noreferrer nofollow\"><img decoding=\"async\" class=\"aligncenter\" src=\"https:\/\/www.borsaturismoarcheologico.it\/wp-content\/uploads\/2018\/07\/weblogo.x50452.png\" alt=\"1360704754_pdf\" width=\"20\" height=\"20\" title=\"\"><\/a><\/td>\n<\/tr>\n<tr>\n<td><strong>26 novembre 2021<\/strong><\/td>\n<td><span style=\"color: #ff6600;\"><strong><a style=\"color: #ff6600;\" href=\"https:\/\/www.guidaviaggi.it\/2021\/11\/26\/bmta-nuovo-pubblico-cultura-musei\/\" target=\"_blank\" rel=\"noopener noreferrer nofollow\">GuidaViaggi.it<\/a><\/strong><\/span><\/td>\n<td>BMTA: \u201cC\u2019\u00e8 un nuovo pubblico della cultura, va intercettato\u201d<\/td>\n<td><a title=\"aef\" href=\"https:\/\/www.guidaviaggi.it\/2021\/11\/26\/bmta-nuovo-pubblico-cultura-musei\/\" target=\"_blank\" rel=\"noopener noreferrer nofollow\"><img decoding=\"async\" class=\"aligncenter\" src=\"https:\/\/www.borsaturismoarcheologico.it\/wp-content\/uploads\/2018\/07\/weblogo.x50452.png\" alt=\"1360704754_pdf\" width=\"20\" height=\"20\" title=\"\"><\/a><\/td>\n<\/tr>\n<tr>\n<td><strong>26 novembre 2021<\/strong><\/td>\n<td><span style=\"color: #ff6600;\"><strong><a style=\"color: #ff6600;\" href=\"https:\/\/www.ansa.it\/canale_viaggiart\/it\/notizie\/bellezza\/2021\/11\/26\/verde-e-subacqueo-turismo-archeologico-cerca-la-sostenibilita_24c8c4c2-709e-4b01-88b7-62e0b448e40d.html\" target=\"_blank\" rel=\"noopener noreferrer nofollow\">Ansa.it<\/a><\/strong><\/span><\/td>\n<td>Verde e subacqueo, turismo archeologico cerca la sostenibilit\u00e0<\/td>\n<td><a title=\"aef\" href=\"https:\/\/www.ansa.it\/canale_viaggiart\/it\/notizie\/bellezza\/2021\/11\/26\/verde-e-subacqueo-turismo-archeologico-cerca-la-sostenibilita_24c8c4c2-709e-4b01-88b7-62e0b448e40d.html\" target=\"_blank\" rel=\"noopener noreferrer nofollow\"><img decoding=\"async\" class=\"aligncenter\" src=\"https:\/\/www.borsaturismoarcheologico.it\/wp-content\/uploads\/2018\/07\/weblogo.x50452.png\" alt=\"1360704754_pdf\" width=\"20\" height=\"20\" title=\"\"><\/a><\/td>\n<\/tr>\n<tr>\n<td><strong>26 novembre 2021<\/strong><\/td>\n<td><span style=\"color: #ff6600;\"><strong><a style=\"color: #ff6600;\" href=\"https:\/\/www.ansa.it\/canale_viaggiart\/it\/notizie\/mondo\/2021\/11\/26\/ansa-dai-fenici-alle-miniere-itinerari-in-cerca-di-storia_e25961d1-7587-4c85-974f-ff10e5db68df.html\" target=\"_blank\" rel=\"noopener noreferrer nofollow\">Ansa.it<\/a><\/strong><\/span><\/td>\n<td>Dai Fenici alle miniere, itinerari in cerca di storia. Alla Bmta confronto tra i percorsi europei<\/td>\n<td><a title=\"aef\" href=\"https:\/\/www.ansa.it\/canale_viaggiart\/it\/notizie\/mondo\/2021\/11\/26\/ansa-dai-fenici-alle-miniere-itinerari-in-cerca-di-storia_e25961d1-7587-4c85-974f-ff10e5db68df.html\" target=\"_blank\" rel=\"noopener noreferrer nofollow\"><img decoding=\"async\" class=\"aligncenter\" src=\"https:\/\/www.borsaturismoarcheologico.it\/wp-content\/uploads\/2018\/07\/weblogo.x50452.png\" alt=\"1360704754_pdf\" width=\"20\" height=\"20\" title=\"\"><\/a><\/td>\n<\/tr>\n<tr>\n<td><strong>26 novembre 2021<\/strong><\/td>\n<td><span style=\"color: #ff6600;\"><strong><a style=\"color: #ff6600;\" href=\"https:\/\/www.lagenziadiviaggi.it\/il-turismo-archeologico-si-rilancia-alla-bmta-di-paestum\/\" target=\"_blank\" rel=\"noopener noreferrer nofollow\">L&#8217;AgenziadiViaggi.it<\/a><\/strong><\/span><\/td>\n<td>Il turismo archeologico si rilancia alla BMTA di Paestum<\/td>\n<td><a title=\"aef\" href=\"https:\/\/www.lagenziadiviaggi.it\/il-turismo-archeologico-si-rilancia-alla-bmta-di-paestum\/\" target=\"_blank\" rel=\"noopener noreferrer nofollow\"><img decoding=\"async\" class=\"aligncenter\" src=\"https:\/\/www.borsaturismoarcheologico.it\/wp-content\/uploads\/2018\/07\/weblogo.x50452.png\" alt=\"1360704754_pdf\" width=\"20\" height=\"20\" title=\"\"><\/a><\/td>\n<\/tr>\n<tr>\n<td><strong>26 novembre 2021<\/strong><\/td>\n<td><span style=\"color: #ff6600;\"><strong><a style=\"color: #ff6600;\" href=\"https:\/\/www.borsaturismoarcheologico.it\/wp-content\/uploads\/2021\/11\/1-2021.11.26-Il-Venerdi\u0300-di-Repubblica.pdf\" target=\"_blank\" rel=\"noopener noreferrer\">Il Venerd\u00ec di Repubblica <\/a><\/strong><\/span><\/td>\n<td>La luce mediterranea accende Salerno<\/td>\n<td><a title=\"aef\" href=\"https:\/\/www.borsaturismoarcheologico.it\/wp-content\/uploads\/2021\/11\/1-2021.11.26-Il-Venerdi\u0300-di-Repubblica.pdf\" target=\"_blank\" rel=\"noopener noreferrer\"><img decoding=\"async\" class=\"aligncenter\" src=\"https:\/\/www.borsaturismoarcheologico.it\/wp-content\/uploads\/2013\/01\/1360704754_pdf.x50452.png\" alt=\"1360704754_pdf\" width=\"20\" height=\"20\" title=\"\"><\/a><\/td>\n<\/tr>\n<tr>\n<td><strong>26 novembre 2021<\/strong><\/td>\n<td><span style=\"color: #ff6600;\"><strong><a style=\"color: #ff6600;\" href=\"https:\/\/www.borsaturismoarcheologico.it\/wp-content\/uploads\/2021\/11\/2021.11.26-Il-Mattino.pdf\" target=\"_blank\" rel=\"noopener noreferrer\">Il Mattino<\/a><\/strong><\/span><\/td>\n<td>BMTA: la scommessa della cultura<\/td>\n<td><a title=\"aef\" href=\"https:\/\/www.borsaturismoarcheologico.it\/wp-content\/uploads\/2021\/11\/2021.11.26-Il-Mattino.pdf\" target=\"_blank\" rel=\"noopener noreferrer\"><img decoding=\"async\" class=\"aligncenter\" src=\"https:\/\/www.borsaturismoarcheologico.it\/wp-content\/uploads\/2013\/01\/1360704754_pdf.x50452.png\" alt=\"1360704754_pdf\" width=\"20\" height=\"20\" title=\"\"><\/a><\/td>\n<\/tr>\n<tr>\n<td><strong>26 novembre 2021<\/strong><\/td>\n<td><span style=\"color: #ff6600;\"><strong><a style=\"color: #ff6600;\" href=\"https:\/\/www.borsaturismoarcheologico.it\/wp-content\/uploads\/2021\/11\/2021.11.26-Il-Mattino-2.pdf\" target=\"_blank\" rel=\"noopener noreferrer\">Il Mattino<\/a><\/strong><\/span><\/td>\n<td>Lettera al Direttore &#8211; Focus BMTA2021<\/td>\n<td><a title=\"aef\" href=\"https:\/\/www.borsaturismoarcheologico.it\/wp-content\/uploads\/2021\/11\/2021.11.26-Il-Mattino-2.pdf\" target=\"_blank\" rel=\"noopener noreferrer\"><img decoding=\"async\" class=\"aligncenter\" src=\"https:\/\/www.borsaturismoarcheologico.it\/wp-content\/uploads\/2013\/01\/1360704754_pdf.x50452.png\" alt=\"1360704754_pdf\" width=\"20\" height=\"20\" title=\"\"><\/a><\/td>\n<\/tr>\n<tr>\n<td><strong>26 novembre 2021<\/strong><\/td>\n<td><span style=\"color: #ff6600;\"><strong><a style=\"color: #ff6600;\" href=\"https:\/\/www.borsaturismoarcheologico.it\/wp-content\/uploads\/2021\/11\/2021.11.26-Il-Mattino-ed.-Salerno.pdf\" target=\"_blank\" rel=\"noopener noreferrer\">Il Mattino ed. Salerno<\/a><\/strong><\/span><\/td>\n<td>La Borsa nel Tabacchificio. Paestum riscrive la storia<\/td>\n<td><a title=\"aef\" href=\"https:\/\/www.borsaturismoarcheologico.it\/wp-content\/uploads\/2021\/11\/2021.11.26-Il-Mattino-ed.-Salerno.pdf\" target=\"_blank\" rel=\"noopener noreferrer\"><img decoding=\"async\" class=\"aligncenter\" src=\"https:\/\/www.borsaturismoarcheologico.it\/wp-content\/uploads\/2013\/01\/1360704754_pdf.x50452.png\" alt=\"1360704754_pdf\" width=\"20\" height=\"20\" title=\"\"><\/a><\/td>\n<\/tr>\n<tr>\n<td><strong>26 novembre 2021<\/strong><\/td>\n<td><span style=\"color: #ff6600;\"><strong><a style=\"color: #ff6600;\" href=\"https:\/\/www.borsaturismoarcheologico.it\/wp-content\/uploads\/2021\/11\/2021.11.26-La-Repubblica-ed.-Napoli.pdf\" target=\"_blank\" rel=\"noopener noreferrer\">La Repubblica ed. Napoli<\/a><\/strong><\/span><\/td>\n<td>Allarme nei musei. PNRR a rischio senza personale nei musei<\/td>\n<td><a title=\"aef\" href=\"https:\/\/www.borsaturismoarcheologico.it\/wp-content\/uploads\/2021\/11\/2021.11.26-La-Repubblica-ed.-Napoli.pdf\" target=\"_blank\" rel=\"noopener noreferrer\"><img decoding=\"async\" class=\"aligncenter\" src=\"https:\/\/www.borsaturismoarcheologico.it\/wp-content\/uploads\/2013\/01\/1360704754_pdf.x50452.png\" alt=\"1360704754_pdf\" width=\"20\" height=\"20\" title=\"\"><\/a><\/td>\n<\/tr>\n<tr>\n<td><strong>26 novembre 2021<\/strong><\/td>\n<td><span style=\"color: #ff6600;\"><strong><a style=\"color: #ff6600;\" href=\"https:\/\/www.borsaturismoarcheologico.it\/wp-content\/uploads\/2021\/11\/2021.11.26-La-Citta\u0300-Salerno.pdf\" target=\"_blank\" rel=\"noopener noreferrer\">La Citt\u00e0<\/a><\/strong><\/span><\/td>\n<td>Archeologia, cultura e turismo, \u00e8 la Borsa che guarda al futuro<\/td>\n<td><a title=\"aef\" href=\"https:\/\/www.borsaturismoarcheologico.it\/wp-content\/uploads\/2021\/11\/2021.11.26-La-Citta\u0300-Salerno.pdf\" target=\"_blank\" rel=\"noopener noreferrer\"><img decoding=\"async\" class=\"aligncenter\" src=\"https:\/\/www.borsaturismoarcheologico.it\/wp-content\/uploads\/2013\/01\/1360704754_pdf.x50452.png\" alt=\"1360704754_pdf\" width=\"20\" height=\"20\" title=\"\"><\/a><\/td>\n<\/tr>\n<tr>\n<td><strong>26 novembre 2021<\/strong><\/td>\n<td><span style=\"color: #ff6600;\"><strong><a style=\"color: #ff6600;\" href=\"https:\/\/www.borsaturismoarcheologico.it\/wp-content\/uploads\/2021\/11\/2021.11.26-Le-Cronache.pdf\" target=\"_blank\" rel=\"noopener noreferrer\">La Cronache<\/a><\/strong><\/span><\/td>\n<td>A Paestum il mondo dell&#8217;archeologia con i suoi tesori e le sue proposte<\/td>\n<td><a title=\"aef\" href=\"https:\/\/www.borsaturismoarcheologico.it\/wp-content\/uploads\/2021\/11\/2021.11.26-Le-Cronache.pdf\" target=\"_blank\" rel=\"noopener noreferrer\"><img decoding=\"async\" class=\"aligncenter\" src=\"https:\/\/www.borsaturismoarcheologico.it\/wp-content\/uploads\/2013\/01\/1360704754_pdf.x50452.png\" alt=\"1360704754_pdf\" width=\"20\" height=\"20\" title=\"\"><\/a><\/td>\n<\/tr>\n<tr>\n<td><strong>26 novembre 2021<\/strong><\/td>\n<td><span style=\"color: #ff6600;\"><strong><a style=\"color: #ff6600;\" href=\"https:\/\/www.borsaturismoarcheologico.it\/wp-content\/uploads\/2021\/11\/2021.11.26-Le-Cronache-2.pdf\" target=\"_blank\" rel=\"noopener noreferrer\">La Cronache<\/a><\/strong><\/span><\/td>\n<td>Toscana terra etrusca: il progetto alla BMTA<\/td>\n<td><a title=\"aef\" href=\"https:\/\/www.borsaturismoarcheologico.it\/wp-content\/uploads\/2021\/11\/2021.11.26-Le-Cronache-2.pdf\" target=\"_blank\" rel=\"noopener noreferrer\"><img decoding=\"async\" class=\"aligncenter\" src=\"https:\/\/www.borsaturismoarcheologico.it\/wp-content\/uploads\/2013\/01\/1360704754_pdf.x50452.png\" alt=\"1360704754_pdf\" width=\"20\" height=\"20\" title=\"\"><\/a><\/td>\n<\/tr>\n<tr>\n<td><strong>26 novembre 2021<\/strong><\/td>\n<td><span style=\"color: #ff6600;\"><strong><a style=\"color: #ff6600;\" href=\"https:\/\/www.borsaturismoarcheologico.it\/wp-content\/uploads\/2021\/11\/2021.11.26-Le-Cronache-3.pdf\" target=\"_blank\" rel=\"noopener noreferrer\">La Cronache<\/a><\/strong><\/span><\/td>\n<td>Salerno verso il turismo internazionale. Adesso siamo sulla strada giusta<\/td>\n<td><a title=\"aef\" href=\"https:\/\/www.borsaturismoarcheologico.it\/wp-content\/uploads\/2021\/11\/2021.11.26-Le-Cronache-3.pdf\" target=\"_blank\" rel=\"noopener noreferrer\"><img decoding=\"async\" class=\"aligncenter\" src=\"https:\/\/www.borsaturismoarcheologico.it\/wp-content\/uploads\/2013\/01\/1360704754_pdf.x50452.png\" alt=\"1360704754_pdf\" width=\"20\" height=\"20\" title=\"\"><\/a><\/td>\n<\/tr>\n<tr>\n<td><strong>26 novembre 2021<\/strong><\/td>\n<td><span style=\"color: #ff6600;\"><strong><a style=\"color: #ff6600;\" href=\"https:\/\/www.borsaturismoarcheologico.it\/wp-content\/uploads\/2021\/11\/2021.11.26-Il-Quotidiano-del-Sud.pdf\" target=\"_blank\" rel=\"noopener noreferrer\">Il Quotidiano del Sud<\/a><\/strong><\/span><\/td>\n<td>I tesori della Calabria protagonisti della Borsa del Turismo Archeologico<\/td>\n<td><a title=\"aef\" href=\"https:\/\/www.borsaturismoarcheologico.it\/wp-content\/uploads\/2021\/11\/2021.11.26-Il-Quotidiano-del-Sud.pdf\" target=\"_blank\" rel=\"noopener noreferrer\"><img decoding=\"async\" class=\"aligncenter\" src=\"https:\/\/www.borsaturismoarcheologico.it\/wp-content\/uploads\/2013\/01\/1360704754_pdf.x50452.png\" alt=\"1360704754_pdf\" width=\"20\" height=\"20\" title=\"\"><\/a><\/td>\n<\/tr>\n<tr>\n<td><strong>26 novembre 2021<\/strong><\/td>\n<td><span style=\"color: #ff6600;\"><strong><a style=\"color: #ff6600;\" href=\"https:\/\/www.borsaturismoarcheologico.it\/wp-content\/uploads\/2021\/11\/2021.11.26-La-Nuova-Sardegna.pdf\" target=\"_blank\" rel=\"noopener noreferrer\">La Nuova Sardegna<\/a><\/strong><\/span><\/td>\n<td>I Giganti alla Borsa del Turismo Archeologico<\/td>\n<td><a title=\"aef\" href=\"https:\/\/www.borsaturismoarcheologico.it\/wp-content\/uploads\/2021\/11\/2021.11.26-La-Nuova-Sardegna.pdf\" target=\"_blank\" rel=\"noopener noreferrer\"><img decoding=\"async\" class=\"aligncenter\" src=\"https:\/\/www.borsaturismoarcheologico.it\/wp-content\/uploads\/2013\/01\/1360704754_pdf.x50452.png\" alt=\"1360704754_pdf\" width=\"20\" height=\"20\" title=\"\"><\/a><\/td>\n<\/tr>\n<tr>\n<td><strong>26 novembre 2021<\/strong><\/td>\n<td><span style=\"color: #ff6600;\"><strong><a style=\"color: #ff6600;\" href=\"https:\/\/www.borsaturismoarcheologico.it\/wp-content\/uploads\/2021\/11\/2021.11.26-Il-Roma.pdf\" target=\"_blank\" rel=\"noopener noreferrer\">Roma<\/a><\/strong><\/span><\/td>\n<td>Siti archeologici vicini con ArtBus<\/td>\n<td><a title=\"aef\" href=\"https:\/\/www.borsaturismoarcheologico.it\/wp-content\/uploads\/2021\/11\/2021.11.26-Il-Roma.pdf\" target=\"_blank\" rel=\"noopener noreferrer\"><img decoding=\"async\" class=\"aligncenter\" src=\"https:\/\/www.borsaturismoarcheologico.it\/wp-content\/uploads\/2013\/01\/1360704754_pdf.x50452.png\" alt=\"1360704754_pdf\" width=\"20\" height=\"20\" title=\"\"><\/a><\/td>\n<\/tr>\n<tr>\n<td><strong>26 novembre 2021<\/strong><\/td>\n<td><span style=\"color: #ff6600;\"><strong><a style=\"color: #ff6600;\" href=\"https:\/\/www.borsaturismoarcheologico.it\/wp-content\/uploads\/2021\/11\/2021.11.26-Il-Roma-2.pdf\" target=\"_blank\" rel=\"noopener noreferrer\">Roma<\/a><\/strong><\/span><\/td>\n<td>Turismo archeologico il mondo alla Borsa di Paestum<\/td>\n<td><a title=\"aef\" href=\"https:\/\/www.borsaturismoarcheologico.it\/wp-content\/uploads\/2021\/11\/2021.11.26-Il-Roma-2.pdf\" target=\"_blank\" rel=\"noopener noreferrer\"><img decoding=\"async\" class=\"aligncenter\" src=\"https:\/\/www.borsaturismoarcheologico.it\/wp-content\/uploads\/2013\/01\/1360704754_pdf.x50452.png\" alt=\"1360704754_pdf\" width=\"20\" height=\"20\" title=\"\"><\/a><\/td>\n<\/tr>\n<tr>\n<td><strong>26 novembre 2021<\/strong><\/td>\n<td><span style=\"color: #ff6600;\"><strong><a style=\"color: #ff6600;\" href=\"https:\/\/www.borsaturismoarcheologico.it\/wp-content\/uploads\/2021\/11\/2021.11.26-Il-Quotidiano-del-Sud-ed.-Salerno.pdf\" target=\"_blank\" rel=\"noopener noreferrer\">Il Quotidiano del Sud ed. Salerno<\/a><\/strong><\/span><\/td>\n<td>La BMTA al centro del mondo. Parte la XXIII edizione<\/td>\n<td><a title=\"aef\" href=\"https:\/\/www.borsaturismoarcheologico.it\/wp-content\/uploads\/2021\/11\/2021.11.26-Il-Quotidiano-del-Sud-ed.-Salerno.pdf\" target=\"_blank\" rel=\"noopener noreferrer\"><img decoding=\"async\" class=\"aligncenter\" src=\"https:\/\/www.borsaturismoarcheologico.it\/wp-content\/uploads\/2013\/01\/1360704754_pdf.x50452.png\" alt=\"1360704754_pdf\" width=\"20\" height=\"20\" title=\"\"><\/a><\/td>\n<\/tr>\n<tr>\n<td><strong>26 novembre 2021<\/strong><\/td>\n<td><span style=\"color: #ff6600;\"><strong><a style=\"color: #ff6600;\" href=\"https:\/\/www.borsaturismoarcheologico.it\/wp-content\/uploads\/2021\/11\/3-2021.11.26-La-Nazione-ed.-La-Spezia.pdf\" target=\"_blank\" rel=\"noopener noreferrer\">La Nazione ed. La Spezia<\/a><\/strong><\/span><\/td>\n<td>Luni. Area archeologica alla Borsa del Turismo Archeologico<\/td>\n<td><a title=\"aef\" href=\"https:\/\/www.borsaturismoarcheologico.it\/wp-content\/uploads\/2021\/11\/3-2021.11.26-La-Nazione-ed.-La-Spezia.pdf\" target=\"_blank\" rel=\"noopener noreferrer\"><img decoding=\"async\" class=\"aligncenter\" src=\"https:\/\/www.borsaturismoarcheologico.it\/wp-content\/uploads\/2013\/01\/1360704754_pdf.x50452.png\" alt=\"1360704754_pdf\" width=\"20\" height=\"20\" title=\"\"><\/a><\/td>\n<\/tr>\n<tr>\n<td><strong>26 novembre 2021<\/strong><\/td>\n<td><span style=\"color: #ff6600;\"><strong><a style=\"color: #ff6600;\" href=\"https:\/\/www.borsaturismoarcheologico.it\/wp-content\/uploads\/2021\/11\/4-2021.11.26-Gazzetta-del-Sud-ed.-Reggio-Calabria2.pdf\" target=\"_blank\" rel=\"noopener noreferrer\">Gazzetta del Sud ed. Reggio Calabria<\/a><\/strong><\/span><\/td>\n<td>I tesori reggini si mettono in mostra a Paestum<\/td>\n<td><a title=\"aef\" href=\"https:\/\/www.borsaturismoarcheologico.it\/wp-content\/uploads\/2021\/11\/4-2021.11.26-Gazzetta-del-Sud-ed.-Reggio-Calabria2.pdf\" target=\"_blank\" rel=\"noopener noreferrer\"><img decoding=\"async\" class=\"aligncenter\" src=\"https:\/\/www.borsaturismoarcheologico.it\/wp-content\/uploads\/2013\/01\/1360704754_pdf.x50452.png\" alt=\"1360704754_pdf\" width=\"20\" height=\"20\" title=\"\"><\/a><\/td>\n<\/tr>\n<tr>\n<td><strong>26 novembre 2021<\/strong><\/td>\n<td><span style=\"color: #ff6600;\"><strong><a style=\"color: #ff6600;\" href=\"https:\/\/www.borsaturismoarcheologico.it\/wp-content\/uploads\/2021\/11\/5-2021.11.26-Gazzetta-del-Sud-ed.-Reggio-Calabria3_compressed.pdf\" target=\"_blank\" rel=\"noopener noreferrer\">Gazzetta del Sud ed. Reggio Calabria<\/a><\/strong><\/span><\/td>\n<td>Mancuso: la nostra terra \u00e8 di rara bellezza<\/td>\n<td><a title=\"aef\" href=\"https:\/\/www.borsaturismoarcheologico.it\/wp-content\/uploads\/2021\/11\/5-2021.11.26-Gazzetta-del-Sud-ed.-Reggio-Calabria3_compressed.pdf\" target=\"_blank\" rel=\"noopener noreferrer\"><img decoding=\"async\" class=\"aligncenter\" src=\"https:\/\/www.borsaturismoarcheologico.it\/wp-content\/uploads\/2013\/01\/1360704754_pdf.x50452.png\" alt=\"1360704754_pdf\" width=\"20\" height=\"20\" title=\"\"><\/a><\/td>\n<\/tr>\n<tr>\n<td><strong>26 novembre 2021<\/strong><\/td>\n<td><span style=\"color: #ff6600;\"><strong><a style=\"color: #ff6600;\" href=\"https:\/\/www.borsaturismoarcheologico.it\/wp-content\/uploads\/2021\/11\/2021.11.26-Corriere-Romagna-di-Ravenna-Faenza-Lugo-e-Imola.pdf\" target=\"_blank\" rel=\"noopener noreferrer\">Corriere Romagna ed. Ravenna Faenza-Lugo e Imola<\/a><\/strong><\/span><\/td>\n<td>RavennAntica alla Borsa di Paestum<\/td>\n<td><a title=\"aef\" href=\"https:\/\/www.borsaturismoarcheologico.it\/wp-content\/uploads\/2021\/11\/2021.11.26-Corriere-Romagna-di-Ravenna-Faenza-Lugo-e-Imola.pdf\" target=\"_blank\" rel=\"noopener noreferrer\"><img decoding=\"async\" class=\"aligncenter\" src=\"https:\/\/www.borsaturismoarcheologico.it\/wp-content\/uploads\/2013\/01\/1360704754_pdf.x50452.png\" alt=\"1360704754_pdf\" width=\"20\" height=\"20\" title=\"\"><\/a><\/td>\n<\/tr>\n<tr>\n<td><strong>26 novembre 2021<\/strong><\/td>\n<td><span style=\"color: #ff6600;\"><strong><a style=\"color: #ff6600;\" href=\"https:\/\/www.borsaturismoarcheologico.it\/wp-content\/uploads\/2021\/11\/2-2021.11.26-Il-Resto-del-Carlino-ed.-Pesaro-Urbino.pdf\" target=\"_blank\" rel=\"noopener noreferrer\">Il Resto del Carlino ed. Pesaro-Urbino <\/a><\/strong><\/span><\/td>\n<td>Turismo e cultura le nostre armi potenti<\/td>\n<td><a title=\"aef\" href=\"https:\/\/www.borsaturismoarcheologico.it\/wp-content\/uploads\/2021\/11\/2-2021.11.26-Il-Resto-del-Carlino-ed.-Pesaro-Urbino.pdf\" target=\"_blank\" rel=\"noopener noreferrer\"><img decoding=\"async\" class=\"aligncenter\" src=\"https:\/\/www.borsaturismoarcheologico.it\/wp-content\/uploads\/2013\/01\/1360704754_pdf.x50452.png\" alt=\"1360704754_pdf\" width=\"20\" height=\"20\" title=\"\"><\/a><\/td>\n<\/tr>\n<tr>\n<td><strong>26 novembre 2021<\/strong><\/td>\n<td><span style=\"color: #ff6600;\"><strong><a style=\"color: #ff6600;\" href=\"https:\/\/www.borsaturismoarcheologico.it\/wp-content\/uploads\/2021\/11\/2021.11.26-Metropolis.pdf\" target=\"_blank\" rel=\"noopener noreferrer\">Metropolis<\/a><\/strong><\/span><\/td>\n<td>Arriva a Pompeii ArtBus, la navetta della cultura<\/td>\n<td><a title=\"aef\" href=\"https:\/\/www.borsaturismoarcheologico.it\/wp-content\/uploads\/2021\/11\/2021.11.26-Metropolis.pdf\" target=\"_blank\" rel=\"noopener noreferrer\"><img decoding=\"async\" class=\"aligncenter\" src=\"https:\/\/www.borsaturismoarcheologico.it\/wp-content\/uploads\/2013\/01\/1360704754_pdf.x50452.png\" alt=\"1360704754_pdf\" width=\"20\" height=\"20\" title=\"\"><\/a><\/td>\n<\/tr>\n<tr>\n<td><strong>26 novembre 2021<\/strong><\/td>\n<td><span style=\"color: #ff6600;\"><strong><a style=\"color: #ff6600;\" href=\"https:\/\/www.borsaturismoarcheologico.it\/wp-content\/uploads\/2021\/11\/2021.11.26-Metropolis.pdf\" target=\"_blank\" rel=\"noopener noreferrer\">Cronache di Napoli<\/a><\/strong><\/span><\/td>\n<td>Pompei, nuovi reperti del Parco in mostra<\/td>\n<td><a title=\"aef\" href=\"https:\/\/www.borsaturismoarcheologico.it\/wp-content\/uploads\/2021\/11\/2021.11.26-Metropolis.pdf\" target=\"_blank\" rel=\"noopener noreferrer\"><img decoding=\"async\" class=\"aligncenter\" src=\"https:\/\/www.borsaturismoarcheologico.it\/wp-content\/uploads\/2013\/01\/1360704754_pdf.x50452.png\" alt=\"1360704754_pdf\" width=\"20\" height=\"20\" title=\"\"><\/a><\/td>\n<\/tr>\n<tr>\n<td><strong>26 novembre 2021<\/strong><\/td>\n<td><span style=\"color: #ff6600;\"><strong><a style=\"color: #ff6600;\" href=\"https:\/\/www.borsaturismoarcheologico.it\/wp-content\/uploads\/2021\/11\/adn26.docx\" target=\"_blank\" rel=\"noopener noreferrer\">Adnkronos\/Labitalia<\/a><\/strong><\/span><\/td>\n<td>Turismo: archeologico, verde e subacqueo, la nuova esperienza di viaggio alla BMTA<\/td>\n<td><a title=\"aef\" href=\"https:\/\/www.borsaturismoarcheologico.it\/wp-content\/uploads\/2021\/11\/adn26.docx\" target=\"_blank\" rel=\"noopener noreferrer\"><img decoding=\"async\" class=\"aligncenter\" src=\"https:\/\/www.borsaturismoarcheologico.it\/wp-content\/uploads\/2013\/01\/1360704754_pdf.x50452.png\" alt=\"1360704754_pdf\" width=\"20\" height=\"20\" title=\"\"><\/a><\/td>\n<\/tr>\n<tr>\n<td><strong>26 novembre 2021<\/strong><\/td>\n<td><span style=\"color: #ff6600;\"><strong><a style=\"color: #ff6600;\" href=\"https:\/\/www.borsaturismoarcheologico.it\/wp-content\/uploads\/2021\/11\/Paestum-agenzie.pdf\" target=\"_blank\" rel=\"noopener noreferrer\">Agenzie di stampa<\/a><\/strong><\/span><\/td>\n<td>BMTA 25-26<\/td>\n<td><a title=\"aef\" href=\"https:\/\/www.borsaturismoarcheologico.it\/wp-content\/uploads\/2021\/11\/Paestum-agenzie.pdf\" target=\"_blank\" rel=\"noopener noreferrer\"><img decoding=\"async\" class=\"aligncenter\" src=\"https:\/\/www.borsaturismoarcheologico.it\/wp-content\/uploads\/2013\/01\/1360704754_pdf.x50452.png\" alt=\"1360704754_pdf\" width=\"20\" height=\"20\" title=\"\"><\/a><\/td>\n<\/tr>\n<tr>\n<td><strong>25 novembre 2021<\/strong><\/td>\n<td><span style=\"color: #ff6600;\"><strong><a style=\"color: #ff6600;\" href=\"https:\/\/www.askanews.it\/senza-categoria\/2021\/11\/25\/modello-turistico-toscano-sara-protagonista-paestum\/\" target=\"_blank\" rel=\"noopener noreferrer nofollow\">Askanews.it<\/a><\/strong><\/span><\/td>\n<td>Il modello turistico toscano sar\u00e0 protagonista a Paestum<\/td>\n<td><a title=\"aef\" href=\"https:\/\/www.askanews.it\/senza-categoria\/2021\/11\/25\/modello-turistico-toscano-sara-protagonista-paestum\/\" target=\"_blank\" rel=\"noopener noreferrer nofollow\"><img decoding=\"async\" class=\"aligncenter\" src=\"https:\/\/www.borsaturismoarcheologico.it\/wp-content\/uploads\/2018\/07\/weblogo.x50452.png\" alt=\"1360704754_pdf\" width=\"20\" height=\"20\" title=\"\"><\/a><\/td>\n<\/tr>\n<tr>\n<td><strong>25 novembre 2021<\/strong><\/td>\n<td><span style=\"color: #ff6600;\"><strong><a style=\"color: #ff6600;\" href=\"https:\/\/www.guidaviaggi.it\/2021\/11\/25\/borsa-mediterranea-turismo-archeologico-paestum\/\" target=\"_blank\" rel=\"noopener noreferrer nofollow\">GuidaViaggi.it<\/a><\/strong><\/span><\/td>\n<td>Al via la Borsa Mediterranea del Turismo Archeologico<\/td>\n<td><a title=\"aef\" href=\"https:\/\/www.guidaviaggi.it\/2021\/11\/25\/borsa-mediterranea-turismo-archeologico-paestum\/\" target=\"_blank\" rel=\"noopener noreferrer nofollow\"><img decoding=\"async\" class=\"aligncenter\" src=\"https:\/\/www.borsaturismoarcheologico.it\/wp-content\/uploads\/2018\/07\/weblogo.x50452.png\" alt=\"1360704754_pdf\" width=\"20\" height=\"20\" title=\"\"><\/a><\/td>\n<\/tr>\n<tr>\n<td><strong>25 novembre 2021<\/strong><\/td>\n<td><span style=\"color: #ff6600;\"><strong><a style=\"color: #ff6600;\" href=\"https:\/\/www.ansa.it\/sito\/notizie\/cronaca\/2021\/11\/25\/covid-lappello-dei-tour-operator-viaggiare-e-sicuro_7a3f14db-4c25-4077-a208-c40a26ee2b02.html\" target=\"_blank\" rel=\"noopener noreferrer nofollow\">Ansa.it<\/a><\/strong><\/span><\/td>\n<td>Covid, l&#8217;appello dei tour operator, &#8220;viaggiare \u00e8 sicuro&#8221;<\/td>\n<td><a title=\"aef\" href=\"https:\/\/www.ansa.it\/sito\/notizie\/cronaca\/2021\/11\/25\/covid-lappello-dei-tour-operator-viaggiare-e-sicuro_7a3f14db-4c25-4077-a208-c40a26ee2b02.html\" target=\"_blank\" rel=\"noopener noreferrer nofollow\"><img decoding=\"async\" class=\"aligncenter\" src=\"https:\/\/www.borsaturismoarcheologico.it\/wp-content\/uploads\/2018\/07\/weblogo.x50452.png\" alt=\"1360704754_pdf\" width=\"20\" height=\"20\" title=\"\"><\/a><\/td>\n<\/tr>\n<tr>\n<td><strong>25 novembre 2021<\/strong><\/td>\n<td><span style=\"color: #ff6600;\"><strong><a style=\"color: #ff6600;\" href=\"https:\/\/www.ansa.it\/sardegna\/notizie\/2021\/11\/25\/i-cammini-delle-anime-anticheviaggio-tra-sette-meraviglie_f93ae8ab-523f-4beb-b13a-7e540c79c427.html\" target=\"_blank\" rel=\"noopener noreferrer nofollow\">Ansa.it<\/a><\/strong><\/span><\/td>\n<td>&#8220;I cammini delle anime antiche&#8221;, viaggio tra sette meraviglie<\/td>\n<td><a title=\"aef\" href=\"https:\/\/www.ansa.it\/sardegna\/notizie\/2021\/11\/25\/i-cammini-delle-anime-anticheviaggio-tra-sette-meraviglie_f93ae8ab-523f-4beb-b13a-7e540c79c427.html\" target=\"_blank\" rel=\"noopener noreferrer nofollow\"><img decoding=\"async\" class=\"aligncenter\" src=\"https:\/\/www.borsaturismoarcheologico.it\/wp-content\/uploads\/2018\/07\/weblogo.x50452.png\" alt=\"1360704754_pdf\" width=\"20\" height=\"20\" title=\"\"><\/a><\/td>\n<\/tr>\n<tr>\n<td><strong>25 novembre 2021<\/strong><\/td>\n<td><span style=\"color: #ff6600;\"><strong><a style=\"color: #ff6600;\" href=\"https:\/\/mediterraneoantico.it\/articoli\/news\/borsa-mediterranea-per-il-turismo-archeologico-di-paestum-inaugurazione-storica\/\" target=\"_blank\" rel=\"noopener noreferrer nofollow\">MediterraneoAntico.it<\/a><\/strong><\/span><\/td>\n<td>BMTA di Paestum: inaugurazione storica<\/td>\n<td><a title=\"aef\" href=\"https:\/\/mediterraneoantico.it\/articoli\/news\/borsa-mediterranea-per-il-turismo-archeologico-di-paestum-inaugurazione-storica\/\" target=\"_blank\" rel=\"noopener noreferrer nofollow\"><img decoding=\"async\" class=\"aligncenter\" src=\"https:\/\/www.borsaturismoarcheologico.it\/wp-content\/uploads\/2018\/07\/weblogo.x50452.png\" alt=\"1360704754_pdf\" width=\"20\" height=\"20\" title=\"\"><\/a><\/td>\n<\/tr>\n<tr>\n<td><strong>25 novembre 2021<\/strong><\/td>\n<td><span style=\"color: #ff6600;\"><strong><a style=\"color: #ff6600;\" href=\"https:\/\/www.borsaturismoarcheologico.it\/wp-content\/uploads\/2021\/11\/2021.11.25-Corriere-della-sera.pdf\" target=\"_blank\" rel=\"noopener noreferrer\">Corriere della sera<\/a><\/strong><\/span><\/td>\n<td>Al via a Paestum la Borsa Mediterranea del Turismo Archeologico<\/td>\n<td><a title=\"aef\" href=\"https:\/\/www.borsaturismoarcheologico.it\/wp-content\/uploads\/2021\/11\/2021.11.25-Corriere-della-sera.pdf\" target=\"_blank\" rel=\"noopener noreferrer\"><img decoding=\"async\" class=\"aligncenter\" src=\"https:\/\/www.borsaturismoarcheologico.it\/wp-content\/uploads\/2013\/01\/1360704754_pdf.x50452.png\" alt=\"1360704754_pdf\" width=\"20\" height=\"20\" title=\"\"><\/a><\/td>\n<\/tr>\n<tr>\n<td><strong>25 novembre 2021<\/strong><\/td>\n<td><span style=\"color: #ff6600;\"><strong><a style=\"color: #ff6600;\" href=\"https:\/\/www.borsaturismoarcheologico.it\/wp-content\/uploads\/2021\/11\/2021.11.25-Le-Cronache.pdf\" target=\"_blank\" rel=\"noopener noreferrer\">Le Cronache<\/a><\/strong><\/span><\/td>\n<td>Arte e turismo a Paestum<\/td>\n<td><a title=\"aef\" href=\"https:\/\/www.borsaturismoarcheologico.it\/wp-content\/uploads\/2021\/11\/2021.11.25-Le-Cronache.pdf\" target=\"_blank\" rel=\"noopener noreferrer\"><img decoding=\"async\" class=\"aligncenter\" src=\"https:\/\/www.borsaturismoarcheologico.it\/wp-content\/uploads\/2013\/01\/1360704754_pdf.x50452.png\" alt=\"1360704754_pdf\" width=\"20\" height=\"20\" title=\"\"><\/a><\/td>\n<\/tr>\n<tr>\n<td><strong>25 novembre 2021<\/strong><\/td>\n<td><span style=\"color: #ff6600;\"><strong><a style=\"color: #ff6600;\" href=\"https:\/\/www.borsaturismoarcheologico.it\/wp-content\/uploads\/2021\/11\/2021.11.25-Le-Cronache-3.pdf\" target=\"_blank\" rel=\"noopener noreferrer\">Le Cronache<\/a><\/strong><\/span><\/td>\n<td>Quarto appuntamento del progetto &#8220;Irno Valley&#8221;<\/td>\n<td><a title=\"aef\" href=\"https:\/\/www.borsaturismoarcheologico.it\/wp-content\/uploads\/2021\/11\/2021.11.25-Le-Cronache-3.pdf\" target=\"_blank\" rel=\"noopener noreferrer\"><img decoding=\"async\" class=\"aligncenter\" src=\"https:\/\/www.borsaturismoarcheologico.it\/wp-content\/uploads\/2013\/01\/1360704754_pdf.x50452.png\" alt=\"1360704754_pdf\" width=\"20\" height=\"20\" title=\"\"><\/a><\/td>\n<\/tr>\n<tr>\n<td><strong>25 novembre 2021<\/strong><\/td>\n<td><span style=\"color: #ff6600;\"><strong><a style=\"color: #ff6600;\" href=\"https:\/\/www.borsaturismoarcheologico.it\/wp-content\/uploads\/2021\/11\/2021.11.25-Le-Cronache-2.pdf\" target=\"_blank\" rel=\"noopener noreferrer\">Le Cronache<\/a><\/strong><\/span><\/td>\n<td>La BMTA apre oggi la XXIII edizione con un incontro alla Sala Nettuno<\/td>\n<td><a title=\"aef\" href=\"https:\/\/www.borsaturismoarcheologico.it\/wp-content\/uploads\/2021\/11\/2021.11.25-Le-Cronache-2.pdf\" target=\"_blank\" rel=\"noopener noreferrer\"><img decoding=\"async\" class=\"aligncenter\" src=\"https:\/\/www.borsaturismoarcheologico.it\/wp-content\/uploads\/2013\/01\/1360704754_pdf.x50452.png\" alt=\"1360704754_pdf\" width=\"20\" height=\"20\" title=\"\"><\/a><\/td>\n<\/tr>\n<tr>\n<td><strong>25 novembre 2021<\/strong><\/td>\n<td><span style=\"color: #ff6600;\"><strong><a style=\"color: #ff6600;\" href=\"https:\/\/www.borsaturismoarcheologico.it\/wp-content\/uploads\/2021\/11\/2021.11.25-La-Repubblica-Palermo.pdf\" target=\"_blank\" rel=\"noopener noreferrer\">La Repubblica ed. Palermo<\/a><\/strong><\/span><\/td>\n<td>La Borsa di Paestum, i tesori sott&#8217;acqua occasione di turismo<\/td>\n<td><a title=\"aef\" href=\"https:\/\/www.borsaturismoarcheologico.it\/wp-content\/uploads\/2021\/11\/2021.11.25-La-Repubblica-Palermo.pdf\" target=\"_blank\" rel=\"noopener noreferrer\"><img decoding=\"async\" class=\"aligncenter\" src=\"https:\/\/www.borsaturismoarcheologico.it\/wp-content\/uploads\/2013\/01\/1360704754_pdf.x50452.png\" alt=\"1360704754_pdf\" width=\"20\" height=\"20\" title=\"\"><\/a><\/td>\n<\/tr>\n<tr>\n<td><strong>25 novembre 2021<\/strong><\/td>\n<td><span style=\"color: #ff6600;\"><strong><a style=\"color: #ff6600;\" href=\"https:\/\/www.borsaturismoarcheologico.it\/wp-content\/uploads\/2021\/11\/2021.11.25-Il-Secolo-XIX-La-Spezia.pdf\" target=\"_blank\" rel=\"noopener noreferrer\">Il Secolo XIX ed. La Spezia<\/a><\/strong><\/span><\/td>\n<td>Luni. L&#8217;anfiteatro sar\u00e0 gestito dal Comune. Silvestri: &#8220;Investimento sulla cultura&#8221;<\/td>\n<td><a title=\"aef\" href=\"https:\/\/www.borsaturismoarcheologico.it\/wp-content\/uploads\/2021\/11\/2021.11.25-Il-Secolo-XIX-La-Spezia.pdf\" target=\"_blank\" rel=\"noopener noreferrer\"><img decoding=\"async\" class=\"aligncenter\" src=\"https:\/\/www.borsaturismoarcheologico.it\/wp-content\/uploads\/2013\/01\/1360704754_pdf.x50452.png\" alt=\"1360704754_pdf\" width=\"20\" height=\"20\" title=\"\"><\/a><\/td>\n<\/tr>\n<tr>\n<td><strong>25 novembre 2021<\/strong><\/td>\n<td><span style=\"color: #ff6600;\"><strong><a style=\"color: #ff6600;\" href=\"https:\/\/www.borsaturismoarcheologico.it\/wp-content\/uploads\/2021\/11\/2021.11.25-Il-Quotidiano-di-Sicilia.pdf\" target=\"_blank\" rel=\"noopener noreferrer\">Il Quotidiano di Sicilia<\/a><\/strong><\/span><\/td>\n<td>Stand Sicilia alla Borsa Mediterranea del Turismo Archeologico<\/td>\n<td><a title=\"aef\" href=\"https:\/\/www.borsaturismoarcheologico.it\/wp-content\/uploads\/2021\/11\/2021.11.25-Il-Quotidiano-di-Sicilia.pdf\" target=\"_blank\" rel=\"noopener noreferrer\"><img decoding=\"async\" class=\"aligncenter\" src=\"https:\/\/www.borsaturismoarcheologico.it\/wp-content\/uploads\/2013\/01\/1360704754_pdf.x50452.png\" alt=\"1360704754_pdf\" width=\"20\" height=\"20\" title=\"\"><\/a><\/td>\n<\/tr>\n<tr>\n<td><strong>25 novembre 2021<\/strong><\/td>\n<td><span style=\"color: #ff6600;\"><strong><a style=\"color: #ff6600;\" href=\"https:\/\/www.borsaturismoarcheologico.it\/wp-content\/uploads\/2021\/11\/2021.11.25-Il-Quotidiano-del-Sud-2.pdf\" target=\"_blank\" rel=\"noopener noreferrer\">Il Quotidiano del Sud ed. Vibo Valentia <\/a><\/strong><\/span><\/td>\n<td>Vibo Valentia sbarca alla Borsa del Turismo Archeologico<\/td>\n<td><a title=\"aef\" href=\"https:\/\/www.borsaturismoarcheologico.it\/wp-content\/uploads\/2021\/11\/2021.11.25-Gazzetta-del-Sud.pdf\" target=\"_blank\" rel=\"noopener noreferrer\"><img decoding=\"async\" class=\"aligncenter\" src=\"https:\/\/www.borsaturismoarcheologico.it\/wp-content\/uploads\/2013\/01\/1360704754_pdf.x50452.png\" alt=\"1360704754_pdf\" width=\"20\" height=\"20\" title=\"\"><\/a><\/td>\n<\/tr>\n<tr>\n<td><strong>25 novembre 2021<\/strong><\/td>\n<td><span style=\"color: #ff6600;\"><strong><a style=\"color: #ff6600;\" href=\"https:\/\/www.borsaturismoarcheologico.it\/wp-content\/uploads\/2021\/11\/2021.11.25-Gazzetta-del-Sud.pdf\" target=\"_blank\" rel=\"noopener noreferrer\">Gazzetta del Sud<\/a><\/strong><\/span><\/td>\n<td>Le isole Eolie alla Borsa del Turismo Archeologico<\/td>\n<td><a title=\"aef\" href=\"https:\/\/www.borsaturismoarcheologico.it\/wp-content\/uploads\/2021\/11\/2021.11.25-Gazzetta-del-Sud.pdf\" target=\"_blank\" rel=\"noopener noreferrer\"><img decoding=\"async\" class=\"aligncenter\" src=\"https:\/\/www.borsaturismoarcheologico.it\/wp-content\/uploads\/2013\/01\/1360704754_pdf.x50452.png\" alt=\"1360704754_pdf\" width=\"20\" height=\"20\" title=\"\"><\/a><\/td>\n<\/tr>\n<tr>\n<td><strong>25 novembre 2021<\/strong><\/td>\n<td><span style=\"color: #ff6600;\"><strong><a style=\"color: #ff6600;\" href=\"https:\/\/www.borsaturismoarcheologico.it\/wp-content\/uploads\/2021\/11\/2021.11.25-Corriere-di-Viterbo.pdf\" target=\"_blank\" rel=\"noopener noreferrer\">Corriere di Viterbo<\/a><\/strong><\/span><\/td>\n<td>Le necropoli etrusche in fiera a Paestum<\/td>\n<td><a title=\"aef\" href=\"https:\/\/www.borsaturismoarcheologico.it\/wp-content\/uploads\/2021\/11\/2021.11.25-Corriere-di-Viterbo.pdf\" target=\"_blank\" rel=\"noopener noreferrer\"><img decoding=\"async\" class=\"aligncenter\" src=\"https:\/\/www.borsaturismoarcheologico.it\/wp-content\/uploads\/2013\/01\/1360704754_pdf.x50452.png\" alt=\"1360704754_pdf\" width=\"20\" height=\"20\" title=\"\"><\/a><\/td>\n<\/tr>\n<tr>\n<td><strong>25 novembre 2021<\/strong><\/td>\n<td><span style=\"color: #ff6600;\"><strong><a style=\"color: #ff6600;\" href=\"https:\/\/www.borsaturismoarcheologico.it\/wp-content\/uploads\/2021\/11\/2021.11.25-Corriere-Adriatico.pdf\" target=\"_blank\" rel=\"noopener noreferrer\">Corriere Adriatico ed. Pesaro-Urbino<\/a><\/strong><\/span><\/td>\n<td>Itinerario della Bellezza di Confcommercio cresce e tocca quota 16<\/td>\n<td><a title=\"aef\" href=\"https:\/\/www.borsaturismoarcheologico.it\/wp-content\/uploads\/2021\/11\/2021.11.25-Corriere-Adriatico.pdf\" target=\"_blank\" rel=\"noopener noreferrer\"><img decoding=\"async\" class=\"aligncenter\" src=\"https:\/\/www.borsaturismoarcheologico.it\/wp-content\/uploads\/2013\/01\/1360704754_pdf.x50452.png\" alt=\"1360704754_pdf\" width=\"20\" height=\"20\" title=\"\"><\/a><\/td>\n<\/tr>\n<tr>\n<td><strong>24 novembre 2021<\/strong><\/td>\n<td><span style=\"color: #ff6600;\"><strong><a style=\"color: #ff6600;\" href=\"https:\/\/www.agi.it\/cultura\/news\/2021-11-24\/prima-volta-parco-sibari-partecipa-borsa-mediterranea-turismo-archeologico-14647169\/\" target=\"_blank\" rel=\"noopener noreferrer nofollow\">Agi.it<\/a><\/strong><\/span><\/td>\n<td>Per la prima volta il parco di Sibari partecipa alla BMTA<\/td>\n<td><a title=\"aef\" href=\"https:\/\/www.agi.it\/cultura\/news\/2021-11-24\/prima-volta-parco-sibari-partecipa-borsa-mediterranea-turismo-archeologico-14647169\/\" target=\"_blank\" rel=\"noopener noreferrer nofollow\"><img decoding=\"async\" class=\"aligncenter\" src=\"https:\/\/www.borsaturismoarcheologico.it\/wp-content\/uploads\/2018\/07\/weblogo.x50452.png\" alt=\"1360704754_pdf\" width=\"20\" height=\"20\" title=\"\"><\/a><\/td>\n<\/tr>\n<tr>\n<td><strong>24 novembre 2021<\/strong><\/td>\n<td><span style=\"color: #ff6600;\"><strong><a style=\"color: #ff6600;\" href=\"https:\/\/travelnostop.com\/news\/beni-culturali\/mic-protagonista-alla-borsa-del-turismo-archeolgoico-di-paestum_532486\" target=\"_blank\" rel=\"noopener noreferrer nofollow\">Travelnostop.com<\/a><\/strong><\/span><\/td>\n<td>MiC protagonista alla BMTA<\/td>\n<td><a title=\"aef\" href=\"https:\/\/travelnostop.com\/news\/beni-culturali\/mic-protagonista-alla-borsa-del-turismo-archeolgoico-di-paestum_532486\" target=\"_blank\" rel=\"noopener noreferrer nofollow\"><img decoding=\"async\" class=\"aligncenter\" src=\"https:\/\/www.borsaturismoarcheologico.it\/wp-content\/uploads\/2018\/07\/weblogo.x50452.png\" alt=\"1360704754_pdf\" width=\"20\" height=\"20\" title=\"\"><\/a><\/td>\n<\/tr>\n<tr>\n<td><strong>24 novembre 2021<\/strong><\/td>\n<td><span style=\"color: #ff6600;\"><strong><a style=\"color: #ff6600;\" href=\"https:\/\/www.ansamed.info\/ansamed\/it\/notizie\/rubriche\/cultura\/2021\/11\/24\/torna-la-borsa-mediterranea-del-turismo-archeologico_a58dc094-6065-4c4f-8b34-4d1824b765fe.html\" target=\"_blank\" rel=\"noopener noreferrer nofollow\">Ansamed<\/a><\/strong><\/span><\/td>\n<td>Torna la Borsa Mediterranea del Turismo Archeologico<\/td>\n<td><a title=\"aef\" href=\"https:\/\/www.ansamed.info\/ansamed\/it\/notizie\/rubriche\/cultura\/2021\/11\/24\/torna-la-borsa-mediterranea-del-turismo-archeologico_a58dc094-6065-4c4f-8b34-4d1824b765fe.html\" target=\"_blank\" rel=\"noopener noreferrer nofollow\"><img decoding=\"async\" class=\"aligncenter\" src=\"https:\/\/www.borsaturismoarcheologico.it\/wp-content\/uploads\/2018\/07\/weblogo.x50452.png\" alt=\"1360704754_pdf\" width=\"20\" height=\"20\" title=\"\"><\/a><\/td>\n<\/tr>\n<tr>\n<td><strong>24 novembre 2021<\/strong><\/td>\n<td><span style=\"color: #ff6600;\"><strong><a style=\"color: #ff6600;\" href=\"https:\/\/travelnostop.com\/news\/beni-culturali\/mic-protagonista-alla-borsa-del-turismo-archeolgoico-di-paestum_532486\" target=\"_blank\" rel=\"noopener noreferrer nofollow\">Travelnostop.com<\/a><\/strong><\/span><\/td>\n<td>MiC protagonista alla BMTA<\/td>\n<td><a title=\"aef\" href=\"https:\/\/travelnostop.com\/news\/beni-culturali\/mic-protagonista-alla-borsa-del-turismo-archeolgoico-di-paestum_532486\" target=\"_blank\" rel=\"noopener noreferrer nofollow\"><img decoding=\"async\" class=\"aligncenter\" src=\"https:\/\/www.borsaturismoarcheologico.it\/wp-content\/uploads\/2018\/07\/weblogo.x50452.png\" alt=\"1360704754_pdf\" width=\"20\" height=\"20\" title=\"\"><\/a><\/td>\n<\/tr>\n<tr>\n<td><strong>24 novembre 2021<\/strong><\/td>\n<td><span style=\"color: #ff6600;\"><strong><a style=\"color: #ff6600;\" href=\"https:\/\/www.borsaturismoarcheologico.it\/wp-content\/uploads\/2021\/11\/repnap24.pdf\" target=\"_blank\" rel=\"noopener noreferrer\">La Repubblica ed. Napoli<\/a><\/strong><\/span><\/td>\n<td>Turismo archeologico tra ambiente e viaggi &#8220;La sfida \u00e8 la normalit\u00e0<\/td>\n<td><a title=\"aef\" href=\"https:\/\/www.borsaturismoarcheologico.it\/wp-content\/uploads\/2021\/11\/repnap24.pdf\" target=\"_blank\" rel=\"noopener noreferrer\"><img decoding=\"async\" class=\"aligncenter\" src=\"https:\/\/www.borsaturismoarcheologico.it\/wp-content\/uploads\/2013\/01\/1360704754_pdf.x50452.png\" alt=\"1360704754_pdf\" width=\"20\" height=\"20\" title=\"\"><\/a><\/td>\n<\/tr>\n<tr>\n<td><strong>24 novembre 2021<\/strong><\/td>\n<td><span style=\"color: #ff6600;\"><strong><a style=\"color: #ff6600;\" href=\"https:\/\/www.borsaturismoarcheologico.it\/wp-content\/uploads\/2021\/11\/Speciale-borsa-mediterranea_compressed.pdf\" target=\"_blank\" rel=\"noopener noreferrer\">La Repubblica ed. Napoli<\/a><\/strong><\/span><\/td>\n<td>Dai parchi ai fondali marini, ecco una tutela innovativa<\/td>\n<td><a title=\"aef\" href=\"https:\/\/www.borsaturismoarcheologico.it\/wp-content\/uploads\/2021\/11\/Speciale-borsa-mediterranea_compressed.pdf\" target=\"_blank\" rel=\"noopener noreferrer\"><img decoding=\"async\" class=\"aligncenter\" src=\"https:\/\/www.borsaturismoarcheologico.it\/wp-content\/uploads\/2013\/01\/1360704754_pdf.x50452.png\" alt=\"1360704754_pdf\" width=\"20\" height=\"20\" title=\"\"><\/a><\/td>\n<\/tr>\n<tr>\n<td><strong>24 novembre 2021<\/strong><\/td>\n<td><span style=\"color: #ff6600;\"><strong><a style=\"color: #ff6600;\" href=\"https:\/\/www.borsaturismoarcheologico.it\/wp-content\/uploads\/2021\/11\/corrmezz_24.pdf\" target=\"_blank\" rel=\"noopener noreferrer\">Corriere del Mezzogiorno ed. Campania<\/a><\/strong><\/span><\/td>\n<td>BMTA a Paestum, oltre centocinquanta espositori in campo<\/td>\n<td><a title=\"aef\" href=\"https:\/\/www.borsaturismoarcheologico.it\/wp-content\/uploads\/2021\/11\/corrmezz_24.pdf\" target=\"_blank\" rel=\"noopener noreferrer\"><img decoding=\"async\" class=\"aligncenter\" src=\"https:\/\/www.borsaturismoarcheologico.it\/wp-content\/uploads\/2013\/01\/1360704754_pdf.x50452.png\" alt=\"1360704754_pdf\" width=\"20\" height=\"20\" title=\"\"><\/a><\/td>\n<\/tr>\n<tr>\n<td><strong>24 novembre 2021<\/strong><\/td>\n<td><span style=\"color: #ff6600;\"><strong><a style=\"color: #ff6600;\" href=\"https:\/\/www.borsaturismoarcheologico.it\/wp-content\/uploads\/2021\/11\/il-mattino-naz_24.pdf\" target=\"_blank\" rel=\"noopener noreferrer\">Il Mattino<\/a><\/strong><\/span><\/td>\n<td>Paestum, ritorna la BMTA \u00abSpazio ai borghi campani e un itinerario subacqueo\u00bb<\/td>\n<td><a title=\"aef\" href=\"https:\/\/www.borsaturismoarcheologico.it\/wp-content\/uploads\/2021\/11\/il-mattino-naz_24.pdf\" target=\"_blank\" rel=\"noopener noreferrer\"><img decoding=\"async\" class=\"aligncenter\" src=\"https:\/\/www.borsaturismoarcheologico.it\/wp-content\/uploads\/2013\/01\/1360704754_pdf.x50452.png\" alt=\"1360704754_pdf\" width=\"20\" height=\"20\" title=\"\"><\/a><\/td>\n<\/tr>\n<tr>\n<td><strong>24 novembre 2021<\/strong><\/td>\n<td><span style=\"color: #ff6600;\"><strong><a style=\"color: #ff6600;\" href=\"https:\/\/www.borsaturismoarcheologico.it\/wp-content\/uploads\/2021\/11\/mattsal_24.pdf\" target=\"_blank\" rel=\"noopener noreferrer\">Il Mattino ed. Salerno<\/a><\/strong><\/span><\/td>\n<td>Paestum, la Borsa candida la Campania a capitale del turismo sostenibile<\/td>\n<td><a title=\"aef\" href=\"https:\/\/www.borsaturismoarcheologico.it\/wp-content\/uploads\/2021\/11\/mattsal_24.pdf\" target=\"_blank\" rel=\"noopener noreferrer\"><img decoding=\"async\" class=\"aligncenter\" src=\"https:\/\/www.borsaturismoarcheologico.it\/wp-content\/uploads\/2013\/01\/1360704754_pdf.x50452.png\" alt=\"1360704754_pdf\" width=\"20\" height=\"20\" title=\"\"><\/a><\/td>\n<\/tr>\n<tr>\n<td><strong>24 novembre 2021<\/strong><\/td>\n<td><span style=\"color: #ff6600;\"><strong><a style=\"color: #ff6600;\" href=\"https:\/\/www.borsaturismoarcheologico.it\/wp-content\/uploads\/2021\/11\/messvento24.pdf\" target=\"_blank\" rel=\"noopener noreferrer\">Messaggero Veneto<\/a><\/strong><\/span><\/td>\n<td>Lo stand del Fvg alla BMTA<\/td>\n<td><a title=\"aef\" href=\"https:\/\/www.borsaturismoarcheologico.it\/wp-content\/uploads\/2021\/11\/messvento24.pdf\" target=\"_blank\" rel=\"noopener noreferrer\"><img decoding=\"async\" class=\"aligncenter\" src=\"https:\/\/www.borsaturismoarcheologico.it\/wp-content\/uploads\/2013\/01\/1360704754_pdf.x50452.png\" alt=\"1360704754_pdf\" width=\"20\" height=\"20\" title=\"\"><\/a><\/td>\n<\/tr>\n<tr>\n<td><strong>24 novembre 2021<\/strong><\/td>\n<td><span style=\"color: #ff6600;\"><strong><a style=\"color: #ff6600;\" href=\"https:\/\/www.borsaturismoarcheologico.it\/wp-content\/uploads\/2021\/11\/citta_24.pdf\" target=\"_blank\" rel=\"noopener noreferrer\">La Citt\u00e0 di Salerno<\/a><\/strong><\/span><\/td>\n<td>La BMTA nell&#8217;ex Tabacchificio<\/td>\n<td><a title=\"aef\" href=\"https:\/\/www.borsaturismoarcheologico.it\/wp-content\/uploads\/2021\/11\/citta_24.pdf\" target=\"_blank\" rel=\"noopener noreferrer\"><img decoding=\"async\" class=\"aligncenter\" src=\"https:\/\/www.borsaturismoarcheologico.it\/wp-content\/uploads\/2013\/01\/1360704754_pdf.x50452.png\" alt=\"1360704754_pdf\" width=\"20\" height=\"20\" title=\"\"><\/a><\/td>\n<\/tr>\n<tr>\n<td><strong>24 novembre 2021<\/strong><\/td>\n<td><span style=\"color: #ff6600;\"><strong><a style=\"color: #ff6600;\" href=\"https:\/\/www.borsaturismoarcheologico.it\/wp-content\/uploads\/2021\/11\/quotsud24.pdf\" target=\"_blank\" rel=\"noopener noreferrer\">Il Quotidiano del Sud ed. Reggio Calabria<\/a><\/strong><\/span><\/td>\n<td>La Calabria in mostra alla BMTA<\/td>\n<td><a title=\"aef\" href=\"https:\/\/www.borsaturismoarcheologico.it\/wp-content\/uploads\/2021\/11\/quotsud24.pdf\" target=\"_blank\" rel=\"noopener noreferrer\"><img decoding=\"async\" class=\"aligncenter\" src=\"https:\/\/www.borsaturismoarcheologico.it\/wp-content\/uploads\/2013\/01\/1360704754_pdf.x50452.png\" alt=\"1360704754_pdf\" width=\"20\" height=\"20\" title=\"\"><\/a><\/td>\n<\/tr>\n<tr>\n<td><strong>24 novembre 2021<\/strong><\/td>\n<td><span style=\"color: #ff6600;\"><strong><a style=\"color: #ff6600;\" href=\"https:\/\/www.borsaturismoarcheologico.it\/wp-content\/uploads\/2021\/11\/quotsud24.pdf\" target=\"_blank\" rel=\"noopener noreferrer\">Il Quotidiano del Sud ed. Reggio Calabria<\/a><\/strong><\/span><\/td>\n<td>La Calabria in mostra alla BMTA<\/td>\n<td><a title=\"aef\" href=\"https:\/\/www.borsaturismoarcheologico.it\/wp-content\/uploads\/2021\/11\/quotsud24.pdf\" target=\"_blank\" rel=\"noopener noreferrer\"><img decoding=\"async\" class=\"aligncenter\" src=\"https:\/\/www.borsaturismoarcheologico.it\/wp-content\/uploads\/2013\/01\/1360704754_pdf.x50452.png\" alt=\"1360704754_pdf\" width=\"20\" height=\"20\" title=\"\"><\/a><\/td>\n<\/tr>\n<tr>\n<td><strong>24 novembre 2021<\/strong><\/td>\n<td><span style=\"color: #ff6600;\"><strong><a style=\"color: #ff6600;\" href=\"https:\/\/www.borsaturismoarcheologico.it\/wp-content\/uploads\/2021\/11\/quotsud24.pdf\" target=\"_blank\" rel=\"noopener noreferrer\">Il Quotidiano del Sud ed. Salerno<\/a><\/strong><\/span><\/td>\n<td>Beni culturali, modello Cilento<\/td>\n<td><a title=\"aef\" href=\"https:\/\/www.borsaturismoarcheologico.it\/wp-content\/uploads\/2021\/11\/quotsud24.pdf\" target=\"_blank\" rel=\"noopener noreferrer\"><img decoding=\"async\" class=\"aligncenter\" src=\"https:\/\/www.borsaturismoarcheologico.it\/wp-content\/uploads\/2013\/01\/1360704754_pdf.x50452.png\" alt=\"1360704754_pdf\" width=\"20\" height=\"20\" title=\"\"><\/a><\/td>\n<\/tr>\n<tr>\n<td><strong>24 novembre 2021<\/strong><\/td>\n<td><span style=\"color: #ff6600;\"><strong><a style=\"color: #ff6600;\" href=\"https:\/\/www.borsaturismoarcheologico.it\/wp-content\/uploads\/2021\/11\/cronache_24.pdf\" target=\"_blank\" rel=\"noopener noreferrer\">Le Cronache<\/a><\/strong><\/span><\/td>\n<td>BMTA, turismo culturale e sostenibile e rivolto alla domanda di prossimit\u00e0<\/td>\n<td><a title=\"aef\" href=\"https:\/\/www.borsaturismoarcheologico.it\/wp-content\/uploads\/2021\/11\/cronache_24.pdf\" target=\"_blank\" rel=\"noopener noreferrer\"><img decoding=\"async\" class=\"aligncenter\" src=\"https:\/\/www.borsaturismoarcheologico.it\/wp-content\/uploads\/2013\/01\/1360704754_pdf.x50452.png\" alt=\"1360704754_pdf\" width=\"20\" height=\"20\" title=\"\"><\/a><\/td>\n<\/tr>\n<tr>\n<td><strong>24 novembre 2021<\/strong><\/td>\n<td><span style=\"color: #ff6600;\"><strong><a style=\"color: #ff6600;\" href=\"https:\/\/www.borsaturismoarcheologico.it\/wp-content\/uploads\/2021\/11\/roma-24-2.pdf\" target=\"_blank\" rel=\"noopener noreferrer\">Roma<\/a><\/strong><\/span><\/td>\n<td>Viaggiare dentro il passato<\/td>\n<td><a title=\"aef\" href=\"https:\/\/www.borsaturismoarcheologico.it\/wp-content\/uploads\/2021\/11\/roma-24-2.pdf\" target=\"_blank\" rel=\"noopener noreferrer\"><img decoding=\"async\" class=\"aligncenter\" src=\"https:\/\/www.borsaturismoarcheologico.it\/wp-content\/uploads\/2013\/01\/1360704754_pdf.x50452.png\" alt=\"1360704754_pdf\" width=\"20\" height=\"20\" title=\"\"><\/a><\/td>\n<\/tr>\n<tr>\n<td><strong>24 novembre 2021<\/strong><\/td>\n<td><span style=\"color: #ff6600;\"><strong><a style=\"color: #ff6600;\" href=\"https:\/\/www.borsaturismoarcheologico.it\/wp-content\/uploads\/2021\/11\/roma_24.pdf\" target=\"_blank\" rel=\"noopener noreferrer\">Roma<\/a><\/strong><\/span><\/td>\n<td>BMTA, modello di cultura del territorio<\/td>\n<td><a title=\"aef\" href=\"https:\/\/www.borsaturismoarcheologico.it\/wp-content\/uploads\/2021\/11\/roma_24.pdf\" target=\"_blank\" rel=\"noopener noreferrer\"><img decoding=\"async\" class=\"aligncenter\" src=\"https:\/\/www.borsaturismoarcheologico.it\/wp-content\/uploads\/2013\/01\/1360704754_pdf.x50452.png\" alt=\"1360704754_pdf\" width=\"20\" height=\"20\" title=\"\"><\/a><\/td>\n<\/tr>\n<tr>\n<td><strong>24 novembre 2021<\/strong><\/td>\n<td><span style=\"color: #ff6600;\"><strong><a style=\"color: #ff6600;\" href=\"https:\/\/corrieredelmezzogiorno.corriere.it\/bari\/cronaca\/21_novembre_24\/immersioni-non-vedenti-l-iniziativa-puglia-6bd1b534-4d5c-11ec-aeca-d42ff3f0b4e7.shtml\" target=\"_blank\" rel=\"noopener noreferrer nofollow\">CorrieredelMezzogiorno.corriere.it<\/a><\/strong><\/span><\/td>\n<td>Immersioni per non vedenti, l\u2019iniziativa della Puglia<\/td>\n<td><a title=\"aef\" href=\"https:\/\/corrieredelmezzogiorno.corriere.it\/bari\/cronaca\/21_novembre_24\/immersioni-non-vedenti-l-iniziativa-puglia-6bd1b534-4d5c-11ec-aeca-d42ff3f0b4e7.shtml\" target=\"_blank\" rel=\"noopener noreferrer nofollow\"><img decoding=\"async\" class=\"aligncenter\" src=\"https:\/\/www.borsaturismoarcheologico.it\/wp-content\/uploads\/2018\/07\/weblogo.x50452.png\" alt=\"1360704754_pdf\" width=\"20\" height=\"20\" title=\"\"><\/a><\/td>\n<\/tr>\n<tr>\n<td><strong>24 novembre 2021<\/strong><\/td>\n<td><span style=\"color: #ff6600;\"><strong><a style=\"color: #ff6600;\" href=\"https:\/\/www.ilgiornaledellarte.com\/articoli\/in-borsa-si-parla-di-turismo-nel-territorio\/137605.html\" target=\"_blank\" rel=\"noopener noreferrer nofollow\">Il Giornale dell&#8217;Arte<\/a><\/strong><\/span><\/td>\n<td>In Borsa si parla di turismo nel territorio<\/td>\n<td><a title=\"aef\" href=\"https:\/\/www.ilgiornaledellarte.com\/articoli\/in-borsa-si-parla-di-turismo-nel-territorio\/137605.html\" target=\"_blank\" rel=\"noopener noreferrer nofollow\"><img decoding=\"async\" class=\"aligncenter\" src=\"https:\/\/www.borsaturismoarcheologico.it\/wp-content\/uploads\/2018\/07\/weblogo.x50452.png\" alt=\"1360704754_pdf\" width=\"20\" height=\"20\" title=\"\"><\/a><\/td>\n<\/tr>\n<tr>\n<td><strong>24 novembre 2021<\/strong><\/td>\n<td><span style=\"color: #ff6600;\"><strong><a style=\"color: #ff6600;\" href=\"https:\/\/travelnostop.com\/campania\/borse-e-fiere\/torna-la-bmta-la-xxiii-edizione-al-tabacchificio-cafasso_532511\" target=\"_blank\" rel=\"noopener noreferrer nofollow\">Travelnostop.com<\/a><\/strong><\/span><\/td>\n<td>Torna la BMTA, la XXIII edizione al Tabacchificio Cafasso<\/td>\n<td><a title=\"aef\" href=\"https:\/\/travelnostop.com\/campania\/borse-e-fiere\/torna-la-bmta-la-xxiii-edizione-al-tabacchificio-cafasso_532511\" target=\"_blank\" rel=\"noopener noreferrer nofollow\"><img decoding=\"async\" class=\"aligncenter\" src=\"https:\/\/www.borsaturismoarcheologico.it\/wp-content\/uploads\/2018\/07\/weblogo.x50452.png\" alt=\"1360704754_pdf\" width=\"20\" height=\"20\" title=\"\"><\/a><\/td>\n<\/tr>\n<tr>\n<td><strong>24 novembre 2021<\/strong><\/td>\n<td><span style=\"color: #ff6600;\"><strong><a style=\"color: #ff6600;\" href=\"https:\/\/www.ilmattino.it\/cultura\/mostre\/paestum_al_via_la_xxiii_borsa_mediterranea_del_turismo_archeologico_c_e_de_luca_ultimissime-6342483.html\" target=\"_blank\" rel=\"noopener noreferrer nofollow\">IlMattino.it<\/a><\/strong><\/span><\/td>\n<td>Paestum, al via la XXIII BMTA<\/td>\n<td><a title=\"aef\" href=\"https:\/\/www.ilmattino.it\/cultura\/mostre\/paestum_al_via_la_xxiii_borsa_mediterranea_del_turismo_archeologico_c_e_de_luca_ultimissime-6342483.html\" target=\"_blank\" rel=\"noopener noreferrer nofollow\"><img decoding=\"async\" class=\"aligncenter\" src=\"https:\/\/www.borsaturismoarcheologico.it\/wp-content\/uploads\/2018\/07\/weblogo.x50452.png\" alt=\"1360704754_pdf\" width=\"20\" height=\"20\" title=\"\"><\/a><\/td>\n<\/tr>\n<tr>\n<td><strong>24 novembre 2021<\/strong><\/td>\n<td><span style=\"color: #ff6600;\"><strong><a style=\"color: #ff6600;\" href=\"https:\/\/www.fsnews.it\/it\/viaggiare\/mete\/borsa-turismo-archeologico-2021-paestum.html\" target=\"_blank\" rel=\"noopener noreferrer nofollow\">FsNews.it<\/a><\/strong><\/span><\/td>\n<td>A Paestum torna l\u2019archeologia. Dal 25 al 28 novembre la Borsa mediterranea del turismo. Incontri, visite e laboratori per tutti<\/td>\n<td><a title=\"aef\" href=\"https:\/\/www.fsnews.it\/it\/viaggiare\/mete\/borsa-turismo-archeologico-2021-paestum.html\" target=\"_blank\" rel=\"noopener noreferrer nofollow\"><img decoding=\"async\" class=\"aligncenter\" src=\"https:\/\/www.borsaturismoarcheologico.it\/wp-content\/uploads\/2018\/07\/weblogo.x50452.png\" alt=\"1360704754_pdf\" width=\"20\" height=\"20\" title=\"\"><\/a><\/td>\n<\/tr>\n<tr>\n<td><strong>24 novembre 2021<\/strong><\/td>\n<td><span style=\"color: #ff6600;\"><strong><a style=\"color: #ff6600;\" href=\"https:\/\/agcult.it\/a\/48454\/2021-11-24\/archeologia-il-mic-alla-borsa-mediterranea-del-turismo-a-paestum\" target=\"_blank\" rel=\"noopener noreferrer nofollow\">AgCult.it<\/a><\/strong><\/span><\/td>\n<td>Archeologia, il MiC alla Borsa Mediterranea del Turismo a Paestum<\/td>\n<td><a title=\"aef\" href=\"https:\/\/agcult.it\/a\/48454\/2021-11-24\/archeologia-il-mic-alla-borsa-mediterranea-del-turismo-a-paestum\" target=\"_blank\" rel=\"noopener noreferrer nofollow\"><img decoding=\"async\" class=\"aligncenter\" src=\"https:\/\/www.borsaturismoarcheologico.it\/wp-content\/uploads\/2018\/07\/weblogo.x50452.png\" alt=\"1360704754_pdf\" width=\"20\" height=\"20\" title=\"\"><\/a><\/td>\n<\/tr>\n<tr>\n<td><strong>23 novembre 2021<\/strong><\/td>\n<td><span style=\"color: #ff6600;\"><strong><a style=\"color: #ff6600;\" href=\"https:\/\/www.ansa.it\/calabria\/notizie\/2021\/11\/23\/archeologia-parco-sibari-per-prima-volta-a-borsa-di-paestum_76b84ea8-7a47-4fbd-bdf6-6538e604aa99.html\" target=\"_blank\" rel=\"noopener noreferrer nofollow\">Ansa.it<\/a><\/strong><\/span><\/td>\n<td>Archeologia: Parco Sibari per prima volta a Borsa di Paestum<\/td>\n<td><a title=\"aef\" href=\"https:\/\/www.ansa.it\/calabria\/notizie\/2021\/11\/23\/archeologia-parco-sibari-per-prima-volta-a-borsa-di-paestum_76b84ea8-7a47-4fbd-bdf6-6538e604aa99.html\" target=\"_blank\" rel=\"noopener noreferrer nofollow\"><img decoding=\"async\" class=\"aligncenter\" src=\"https:\/\/www.borsaturismoarcheologico.it\/wp-content\/uploads\/2018\/07\/weblogo.x50452.png\" alt=\"1360704754_pdf\" width=\"20\" height=\"20\" title=\"\"><\/a><\/td>\n<\/tr>\n<tr>\n<td><strong>23 novembre 2021<\/strong><\/td>\n<td><span style=\"color: #ff6600;\"><strong><a style=\"color: #ff6600;\" href=\"https:\/\/www.repubblica.it\/dossier\/cronaca\/turismo-2021\/2021\/11\/23\/news\/storia_e_miti_nella_citta_metropolitana_di_reggio_calabria_a_cinquant_anni_dal_ritrovamento_dei_bronzi_di_riace-326750907\/\" target=\"_blank\" rel=\"noopener noreferrer nofollow\">Repubblica.it<\/a><\/strong><\/span><\/td>\n<td>Storia e miti nella Citt\u00e0 Metropolitana di Reggio Calabria: a cinquant\u2019anni dal ritrovamento dei Bronzi di Riace<\/td>\n<td><a title=\"aef\" href=\"https:\/\/www.repubblica.it\/dossier\/cronaca\/turismo-2021\/2021\/11\/23\/news\/storia_e_miti_nella_citta_metropolitana_di_reggio_calabria_a_cinquant_anni_dal_ritrovamento_dei_bronzi_di_riace-326750907\/\" target=\"_blank\" rel=\"noopener noreferrer nofollow\"><img decoding=\"async\" class=\"aligncenter\" src=\"https:\/\/www.borsaturismoarcheologico.it\/wp-content\/uploads\/2018\/07\/weblogo.x50452.png\" alt=\"1360704754_pdf\" width=\"20\" height=\"20\" title=\"\"><\/a><\/td>\n<\/tr>\n<tr>\n<td><strong>23 novembre 2021<\/strong><\/td>\n<td><span style=\"color: #ff6600;\"><strong><a style=\"color: #ff6600;\" href=\"https:\/\/www.repubblica.it\/dossier\/cronaca\/turismo-2021\/2021\/11\/23\/news\/un_itinerario_europeo_del_patrimonio_culturale_subacqueo_del_mediterraneo-326752327\/\" target=\"_blank\" rel=\"noopener noreferrer nofollow\">Repubblica.it<\/a><\/strong><\/span><\/td>\n<td>Un itinerario europeo del patrimonio culturale subacqueo del Mediterraneo<\/td>\n<td><a title=\"aef\" href=\"https:\/\/www.repubblica.it\/dossier\/cronaca\/turismo-2021\/2021\/11\/23\/news\/un_itinerario_europeo_del_patrimonio_culturale_subacqueo_del_mediterraneo-326752327\/\" target=\"_blank\" rel=\"noopener noreferrer nofollow\"><img decoding=\"async\" class=\"aligncenter\" src=\"https:\/\/www.borsaturismoarcheologico.it\/wp-content\/uploads\/2018\/07\/weblogo.x50452.png\" alt=\"1360704754_pdf\" width=\"20\" height=\"20\" title=\"\"><\/a><\/td>\n<\/tr>\n<tr>\n<td><strong>23 novembre 2021<\/strong><\/td>\n<td><span style=\"color: #ff6600;\"><strong><a style=\"color: #ff6600;\" href=\"https:\/\/www.repubblica.it\/dossier\/cronaca\/turismo-2021\/2021\/11\/23\/news\/borsa_del_turismo_archeologico_di_paestum_ecco_il_programma-326749606\/\" target=\"_blank\" rel=\"noopener noreferrer nofollow\">Repubblica.it<\/a><\/strong><\/span><\/td>\n<td>Borsa del Turismo archeologico di Paestum: ecco il programma<\/td>\n<td><a title=\"aef\" href=\"https:\/\/www.repubblica.it\/dossier\/cronaca\/turismo-2021\/2021\/11\/23\/news\/borsa_del_turismo_archeologico_di_paestum_ecco_il_programma-326749606\/\" target=\"_blank\" rel=\"noopener noreferrer nofollow\"><img decoding=\"async\" class=\"aligncenter\" src=\"https:\/\/www.borsaturismoarcheologico.it\/wp-content\/uploads\/2018\/07\/weblogo.x50452.png\" alt=\"1360704754_pdf\" width=\"20\" height=\"20\" title=\"\"><\/a><\/td>\n<\/tr>\n<tr>\n<td><strong>23 novembre 2021<\/strong><\/td>\n<td><span style=\"color: #ff6600;\"><strong><a style=\"color: #ff6600;\" href=\"https:\/\/www.repubblica.it\/dossier\/cronaca\/turismo-2021\/2021\/11\/23\/news\/il_tabacchificio_cafasso_il_sito_di_archeologia_industriale_che_dorfles_chiamava_simbolo_della_piana_del_sele_-326750239\/\" target=\"_blank\" rel=\"noopener noreferrer nofollow\">Repubblica.it<\/a><\/strong><\/span><\/td>\n<td>Il Tabacchificio Cafasso, il sito di archeologia industriale che Dorfles chiamava \u201csimbolo della Piana del Sele\u201d<\/td>\n<td><a title=\"aef\" href=\"https:\/\/www.repubblica.it\/dossier\/cronaca\/turismo-2021\/2021\/11\/23\/news\/il_tabacchificio_cafasso_il_sito_di_archeologia_industriale_che_dorfles_chiamava_simbolo_della_piana_del_sele_-326750239\/\" target=\"_blank\" rel=\"noopener noreferrer nofollow\"><img decoding=\"async\" class=\"aligncenter\" src=\"https:\/\/www.borsaturismoarcheologico.it\/wp-content\/uploads\/2018\/07\/weblogo.x50452.png\" alt=\"1360704754_pdf\" width=\"20\" height=\"20\" title=\"\"><\/a><\/td>\n<\/tr>\n<tr>\n<td><strong>23 novembre 2021<\/strong><\/td>\n<td><span style=\"color: #ff6600;\"><strong><a style=\"color: #ff6600;\" href=\"https:\/\/www.repubblica.it\/dossier\/cronaca\/turismo-2021\/2021\/11\/23\/news\/a_paestum_la_borsa_mediterranea_del_turismo_archeologico-326749342\/\" target=\"_blank\" rel=\"noopener noreferrer nofollow\">Repubblica.it<\/a><\/strong><\/span><\/td>\n<td>A Paestum la Borsa Mediterranea del Turismo archeologico<\/td>\n<td><a title=\"aef\" href=\"https:\/\/www.repubblica.it\/dossier\/cronaca\/turismo-2021\/2021\/11\/23\/news\/a_paestum_la_borsa_mediterranea_del_turismo_archeologico-326749342\/\" target=\"_blank\" rel=\"noopener noreferrer nofollow\"><img decoding=\"async\" class=\"aligncenter\" src=\"https:\/\/www.borsaturismoarcheologico.it\/wp-content\/uploads\/2018\/07\/weblogo.x50452.png\" alt=\"1360704754_pdf\" width=\"20\" height=\"20\" title=\"\"><\/a><\/td>\n<\/tr>\n<tr>\n<td><strong>23 novembre 2021<\/strong><\/td>\n<td><span style=\"color: #ff6600;\"><strong><a style=\"color: #ff6600;\" href=\"https:\/\/corriereinnovazione.corriere.it\/cards\/indiana-jones-diventa-tecnologico-droni-satelliti-sensori-oggi-aiutano-l-archeologia\/borsa-mediterranea-turismo-archeologico_principale.shtml?refresh_ce\" target=\"_blank\" rel=\"noopener noreferrer nofollow\">CorriereInnovazione.Corriere.it<\/a><\/strong><\/span><\/td>\n<td>\u00abIndiana Jones\u00bb diventa tecnologico. Droni, satelliti e sensori oggi aiutano l\u2019archeologia<\/td>\n<td><a title=\"aef\" href=\"https:\/\/corriereinnovazione.corriere.it\/cards\/indiana-jones-diventa-tecnologico-droni-satelliti-sensori-oggi-aiutano-l-archeologia\/borsa-mediterranea-turismo-archeologico_principale.shtml?refresh_ce\" target=\"_blank\" rel=\"noopener noreferrer nofollow\"><img decoding=\"async\" class=\"aligncenter\" src=\"https:\/\/www.borsaturismoarcheologico.it\/wp-content\/uploads\/2018\/07\/weblogo.x50452.png\" alt=\"1360704754_pdf\" width=\"20\" height=\"20\" title=\"\"><\/a><\/td>\n<\/tr>\n<tr>\n<td><strong>23 novembre 2021<\/strong><\/td>\n<td><span style=\"color: #ff6600;\"><strong><a style=\"color: #ff6600;\" href=\"https:\/\/www.borsaturismoarcheologico.it\/wp-content\/uploads\/2021\/11\/roma_23.pdf\" target=\"_blank\" rel=\"noopener noreferrer\">Roma<\/a><\/strong><\/span><\/td>\n<td>Turismo archeologico, presentazione per la 23esima BMTA<\/td>\n<td><a title=\"aef\" href=\"https:\/\/www.borsaturismoarcheologico.it\/wp-content\/uploads\/2021\/11\/roma_23.pdf\" target=\"_blank\" rel=\"noopener noreferrer\"><img decoding=\"async\" class=\"aligncenter\" src=\"https:\/\/www.borsaturismoarcheologico.it\/wp-content\/uploads\/2013\/01\/1360704754_pdf.x50452.png\" alt=\"1360704754_pdf\" width=\"20\" height=\"20\" title=\"\"><\/a><\/td>\n<\/tr>\n<tr>\n<td><strong>22 novembre 2021<\/strong><\/td>\n<td><span style=\"color: #ff6600;\"><strong><a style=\"color: #ff6600;\" href=\"https:\/\/www.borsaturismoarcheologico.it\/wp-content\/uploads\/2021\/11\/22-11-2021-Speciale-BMTA_compressed1.pdf\" target=\"_blank\" rel=\"noopener noreferrer\">La Repubblica ed. Napoli<\/a><\/strong><\/span><\/td>\n<td>Con la BMTA la Campania riparte<\/td>\n<td><a title=\"aef\" href=\"https:\/\/www.borsaturismoarcheologico.it\/wp-content\/uploads\/2021\/11\/22-11-2021-Speciale-BMTA_compressed1.pdf\" target=\"_blank\" rel=\"noopener noreferrer\"><img decoding=\"async\" class=\"aligncenter\" src=\"https:\/\/www.borsaturismoarcheologico.it\/wp-content\/uploads\/2013\/01\/1360704754_pdf.x50452.png\" alt=\"1360704754_pdf\" width=\"20\" height=\"20\" title=\"\"><\/a><\/td>\n<\/tr>\n<tr>\n<td><strong>22 novembre 2021<\/strong><\/td>\n<td><span style=\"color: #ff6600;\"><strong><a style=\"color: #ff6600;\" href=\"https:\/\/www.borsaturismoarcheologico.it\/wp-content\/uploads\/2021\/11\/citta_22.pdf\" target=\"_blank\" rel=\"noopener noreferrer\">La Citt\u00e0 di Salerno<\/a><\/strong><\/span><\/td>\n<td>Verso la BMTA. Una vetrina per Cilento<\/td>\n<td><a title=\"aef\" href=\"https:\/\/www.borsaturismoarcheologico.it\/wp-content\/uploads\/2021\/11\/citta_22.pdf\" target=\"_blank\" rel=\"noopener noreferrer\"><img decoding=\"async\" class=\"aligncenter\" src=\"https:\/\/www.borsaturismoarcheologico.it\/wp-content\/uploads\/2013\/01\/1360704754_pdf.x50452.png\" alt=\"1360704754_pdf\" width=\"20\" height=\"20\" title=\"\"><\/a><\/td>\n<\/tr>\n<tr>\n<td><strong>22 novembre 2021<\/strong><\/td>\n<td><span style=\"color: #ff6600;\"><strong><a style=\"color: #ff6600;\" href=\"https:\/\/www.borsaturismoarcheologico.it\/wp-content\/uploads\/2021\/11\/Ansa-22-11.pdf\" target=\"_blank\" rel=\"noopener noreferrer\">ANSA<\/a><\/strong><\/span><\/td>\n<td>Avvenimenti previsti per domani in Campania<\/td>\n<td><a title=\"aef\" href=\"https:\/\/www.borsaturismoarcheologico.it\/wp-content\/uploads\/2021\/11\/Ansa-22-11.pdf\" target=\"_blank\" rel=\"noopener noreferrer\"><img decoding=\"async\" class=\"aligncenter\" src=\"https:\/\/www.borsaturismoarcheologico.it\/wp-content\/uploads\/2013\/01\/1360704754_pdf.x50452.png\" alt=\"1360704754_pdf\" width=\"20\" height=\"20\" title=\"\"><\/a><\/td>\n<\/tr>\n<tr>\n<td><strong>22 novembre 2021<\/strong><\/td>\n<td><span style=\"color: #ff6600;\"><strong><a style=\"color: #ff6600;\" href=\"https:\/\/www.borsaturismoarcheologico.it\/wp-content\/uploads\/2021\/11\/cronache_23.pdf\" target=\"_blank\" rel=\"noopener noreferrer\">Le Cronache<\/a><\/strong><\/span><\/td>\n<td>La BMTA si prepara per il taglio del nastro<\/td>\n<td><a title=\"aef\" href=\"https:\/\/www.borsaturismoarcheologico.it\/wp-content\/uploads\/2021\/11\/cronache_23.pdf\" target=\"_blank\" rel=\"noopener noreferrer\"><img decoding=\"async\" class=\"aligncenter\" src=\"https:\/\/www.borsaturismoarcheologico.it\/wp-content\/uploads\/2013\/01\/1360704754_pdf.x50452.png\" alt=\"1360704754_pdf\" width=\"20\" height=\"20\" title=\"\"><\/a><\/td>\n<\/tr>\n<tr>\n<td><strong>21 novembre 2021<\/strong><\/td>\n<td><span style=\"color: #ff6600;\"><strong><a style=\"color: #ff6600;\" href=\"https:\/\/www.borsaturismoarcheologico.it\/wp-content\/uploads\/2021\/11\/sole_21-11.pdf\" target=\"_blank\" rel=\"noopener noreferrer\">Domenica de Il Sole 24 ORE<\/a><\/strong><\/span><\/td>\n<td>Se il turismo archeologico prende il mare<\/td>\n<td><a title=\"aef\" href=\"https:\/\/www.borsaturismoarcheologico.it\/wp-content\/uploads\/2021\/11\/sole_21-11.pdf\" target=\"_blank\" rel=\"noopener noreferrer\"><img decoding=\"async\" class=\"aligncenter\" src=\"https:\/\/www.borsaturismoarcheologico.it\/wp-content\/uploads\/2013\/01\/1360704754_pdf.x50452.png\" alt=\"1360704754_pdf\" width=\"20\" height=\"20\" title=\"\"><\/a><\/td>\n<\/tr>\n<tr>\n<td><strong>20 novembre 2021<\/strong><\/td>\n<td><span style=\"color: #ff6600;\"><strong><a style=\"color: #ff6600;\" href=\"https:\/\/www.borsaturismoarcheologico.it\/wp-content\/uploads\/2021\/11\/2021.11.20-Il-Mattino-Salerno.pdf\" target=\"_blank\" rel=\"noopener noreferrer\">Il Mattino ed. Salerno<\/a><\/strong><\/span><\/td>\n<td>Paestum citt\u00e0 cantiere per accogliere la Borsa<\/td>\n<td><a title=\"aef\" href=\"https:\/\/www.borsaturismoarcheologico.it\/wp-content\/uploads\/2021\/11\/2021.11.20-Il-Mattino-Salerno.pdf\" target=\"_blank\" rel=\"noopener noreferrer\"><img decoding=\"async\" class=\"aligncenter\" src=\"https:\/\/www.borsaturismoarcheologico.it\/wp-content\/uploads\/2013\/01\/1360704754_pdf.x50452.png\" alt=\"1360704754_pdf\" width=\"20\" height=\"20\" title=\"\"><\/a><\/td>\n<\/tr>\n<tr>\n<td><strong>20 novembre 2021<\/strong><\/td>\n<td><span style=\"color: #ff6600;\"><strong><a style=\"color: #ff6600;\" href=\"https:\/\/www.borsaturismoarcheologico.it\/wp-content\/uploads\/2021\/11\/2021.11.20-La-Provincia.pdf\" target=\"_blank\" rel=\"noopener noreferrer\">La Provincia<\/a><\/strong><\/span><\/td>\n<td>Vulci e Montalto alla Borsa Mediterranea del Turismo Archeologico<\/td>\n<td><a title=\"aef\" href=\"https:\/\/www.borsaturismoarcheologico.it\/wp-content\/uploads\/2021\/11\/2021.11.20-La-Provincia.pdf\" target=\"_blank\" rel=\"noopener noreferrer\"><img decoding=\"async\" class=\"aligncenter\" src=\"https:\/\/www.borsaturismoarcheologico.it\/wp-content\/uploads\/2013\/01\/1360704754_pdf.x50452.png\" alt=\"1360704754_pdf\" width=\"20\" height=\"20\" title=\"\"><\/a><\/td>\n<\/tr>\n<tr>\n<td><strong>20 novembre 2021<\/strong><\/td>\n<td><span style=\"color: #ff6600;\"><strong><a style=\"color: #ff6600;\" href=\"https:\/\/www.borsaturismoarcheologico.it\/wp-content\/uploads\/2021\/11\/2021.11.20-Corriere-Romagna.pdf\" target=\"_blank\" rel=\"noopener noreferrer\">Corriere Romagna<\/a><\/strong><\/span><\/td>\n<td>ArkeoGustus: conserve antiche e frutti dimenticati<\/td>\n<td><a title=\"aef\" href=\"https:\/\/www.borsaturismoarcheologico.it\/wp-content\/uploads\/2021\/11\/2021.11.20-Corriere-Romagna.pdf\" target=\"_blank\" rel=\"noopener noreferrer\"><img decoding=\"async\" class=\"aligncenter\" src=\"https:\/\/www.borsaturismoarcheologico.it\/wp-content\/uploads\/2013\/01\/1360704754_pdf.x50452.png\" alt=\"1360704754_pdf\" width=\"20\" height=\"20\" title=\"\"><\/a><\/td>\n<\/tr>\n<tr>\n<td><strong>20 novembre 2021<\/strong><\/td>\n<td><span style=\"color: #ff6600;\"><strong><a style=\"color: #ff6600;\" href=\"https:\/\/www.borsaturismoarcheologico.it\/wp-content\/uploads\/2021\/11\/2021.11.20-Il-Quotidiano-del-Sud.pdf\" target=\"_blank\" rel=\"noopener noreferrer\">Il Quotidiano del Sud ed. Reggio Calabria<\/a><\/strong><\/span><\/td>\n<td>Monasterace. Museo e Parco Archeologico vanno in scena a Paestum<\/td>\n<td><a title=\"aef\" href=\"https:\/\/www.borsaturismoarcheologico.it\/wp-content\/uploads\/2021\/11\/2021.11.20-Il-Quotidiano-del-Sud.pdf\" target=\"_blank\" rel=\"noopener noreferrer\"><img decoding=\"async\" class=\"aligncenter\" src=\"https:\/\/www.borsaturismoarcheologico.it\/wp-content\/uploads\/2013\/01\/1360704754_pdf.x50452.png\" alt=\"1360704754_pdf\" width=\"20\" height=\"20\" title=\"\"><\/a><\/td>\n<\/tr>\n<tr>\n<td><strong>19 novembre 2021<\/strong><\/td>\n<td><span style=\"color: #ff6600;\"><strong><a style=\"color: #ff6600;\" href=\"https:\/\/www.borsaturismoarcheologico.it\/wp-content\/uploads\/2021\/11\/2021.11.19-Il-Mattino.pdf\" target=\"_blank\" rel=\"noopener noreferrer\">Il Mattino<\/a><\/strong><\/span><\/td>\n<td>BMTA 2021 a Paestum: tre progetti gi\u00e0 in cantiere<\/td>\n<td><a title=\"aef\" href=\"https:\/\/www.borsaturismoarcheologico.it\/wp-content\/uploads\/2021\/11\/2021.11.19-Il-Mattino.pdf\" target=\"_blank\" rel=\"noopener noreferrer\"><img decoding=\"async\" class=\"aligncenter\" src=\"https:\/\/www.borsaturismoarcheologico.it\/wp-content\/uploads\/2013\/01\/1360704754_pdf.x50452.png\" alt=\"1360704754_pdf\" width=\"20\" height=\"20\" title=\"\"><\/a><\/td>\n<\/tr>\n<tr>\n<td><strong>19 novembre 2021<\/strong><\/td>\n<td><span style=\"color: #ff6600;\"><strong><a style=\"color: #ff6600;\" href=\"https:\/\/www.borsaturismoarcheologico.it\/wp-content\/uploads\/2021\/11\/2021.11.19-La-Repubblica-Napoli.pdf\" target=\"_blank\" rel=\"noopener noreferrer\">La Repubblica ed. Napoli<\/a><\/strong><\/span><\/td>\n<td>Alla BMTA tre visioni strategiche per le destinazioni turistiche<\/td>\n<td><a title=\"aef\" href=\"https:\/\/www.borsaturismoarcheologico.it\/wp-content\/uploads\/2021\/11\/2021.11.19-La-Repubblica-Napoli.pdf\" target=\"_blank\" rel=\"noopener noreferrer\"><img decoding=\"async\" class=\"aligncenter\" src=\"https:\/\/www.borsaturismoarcheologico.it\/wp-content\/uploads\/2013\/01\/1360704754_pdf.x50452.png\" alt=\"1360704754_pdf\" width=\"20\" height=\"20\" title=\"\"><\/a><\/td>\n<\/tr>\n<tr>\n<td><strong>19 novembre 2021<\/strong><\/td>\n<td><span style=\"color: #ff6600;\"><strong><a style=\"color: #ff6600;\" href=\"https:\/\/www.borsaturismoarcheologico.it\/wp-content\/uploads\/2021\/11\/2021.11.19-La-Repubblica-Napoli-2.pdf\" target=\"_blank\" rel=\"noopener noreferrer\">La Repubblica ed. Napoli<\/a><\/strong><\/span><\/td>\n<td>L&#8217;assessore Felice Casucci e il Direttore Generale Politiche Culturali e Turismo Rosanna Romano: dare pi\u00f9 visibilit\u00e0 ai siti sconosciuti<\/td>\n<td><a title=\"aef\" href=\"https:\/\/www.borsaturismoarcheologico.it\/wp-content\/uploads\/2021\/11\/2021.11.19-La-Repubblica-Napoli-2.pdf\" target=\"_blank\" rel=\"noopener noreferrer\"><img decoding=\"async\" class=\"aligncenter\" src=\"https:\/\/www.borsaturismoarcheologico.it\/wp-content\/uploads\/2013\/01\/1360704754_pdf.x50452.png\" alt=\"1360704754_pdf\" width=\"20\" height=\"20\" title=\"\"><\/a><\/td>\n<\/tr>\n<tr>\n<td><strong>19 novembre 2021<\/strong><\/td>\n<td><span style=\"color: #ff6600;\"><strong><a style=\"color: #ff6600;\" href=\"https:\/\/www.borsaturismoarcheologico.it\/wp-content\/uploads\/2021\/11\/2021.11.19-La-Repubblica-Napoli-3.pdf\" target=\"_blank\" rel=\"noopener noreferrer\">La Repubblica ed. Napoli<\/a><\/strong><\/span><\/td>\n<td>Il Direttore Generale Massimo Osanna: un palcoscenico di livello<\/td>\n<td><a title=\"aef\" href=\"https:\/\/www.borsaturismoarcheologico.it\/wp-content\/uploads\/2021\/11\/2021.11.19-La-Repubblica-Napoli-3.pdf\" target=\"_blank\" rel=\"noopener noreferrer\"><img decoding=\"async\" class=\"aligncenter\" src=\"https:\/\/www.borsaturismoarcheologico.it\/wp-content\/uploads\/2013\/01\/1360704754_pdf.x50452.png\" alt=\"1360704754_pdf\" width=\"20\" height=\"20\" title=\"\"><\/a><\/td>\n<\/tr>\n<tr>\n<td><strong>19 novembre 2021<\/strong><\/td>\n<td><span style=\"color: #ff6600;\"><strong><a style=\"color: #ff6600;\" href=\"https:\/\/www.borsaturismoarcheologico.it\/wp-content\/uploads\/2021\/11\/2021.11.19-La-Repubblica-Napoli-4.pdf\" target=\"_blank\" rel=\"noopener noreferrer\">La Repubblica ed. Napoli<\/a><\/strong><\/span><\/td>\n<td>Il Sindaco di Capaccio Paestum Franco Alfieri: una opportunit\u00e0 da non perdere per l&#8217;intero territorio locale<\/td>\n<td><a title=\"aef\" href=\"https:\/\/www.borsaturismoarcheologico.it\/wp-content\/uploads\/2021\/11\/2021.11.19-La-Repubblica-Napoli-4.pdf\" target=\"_blank\" rel=\"noopener noreferrer\"><img decoding=\"async\" class=\"aligncenter\" src=\"https:\/\/www.borsaturismoarcheologico.it\/wp-content\/uploads\/2013\/01\/1360704754_pdf.x50452.png\" alt=\"1360704754_pdf\" width=\"20\" height=\"20\" title=\"\"><\/a><\/td>\n<\/tr>\n<tr>\n<td><strong>19 novembre 2021<\/strong><\/td>\n<td><span style=\"color: #ff6600;\"><strong><a style=\"color: #ff6600;\" href=\"https:\/\/www.borsaturismoarcheologico.it\/wp-content\/uploads\/2021\/11\/2021.11.20-La-Vallee.pdf\" target=\"_blank\" rel=\"noopener noreferrer\">La Vall\u00e9e<\/a><\/strong><\/span><\/td>\n<td>I tesori della Valle d&#8217;Aosta protagonisti della Borsa del Turismo Archeologico<\/td>\n<td><a title=\"aef\" href=\"https:\/\/www.borsaturismoarcheologico.it\/wp-content\/uploads\/2021\/11\/2021.11.20-La-Vallee.pdf\" target=\"_blank\" rel=\"noopener noreferrer\"><img decoding=\"async\" class=\"aligncenter\" src=\"https:\/\/www.borsaturismoarcheologico.it\/wp-content\/uploads\/2013\/01\/1360704754_pdf.x50452.png\" alt=\"1360704754_pdf\" width=\"20\" height=\"20\" title=\"\"><\/a><\/td>\n<\/tr>\n<tr>\n<td><strong>19 novembre 2021<\/strong><\/td>\n<td><span style=\"color: #ff6600;\"><strong><a style=\"color: #ff6600;\" href=\"https:\/\/www.borsaturismoarcheologico.it\/wp-content\/uploads\/2021\/11\/2021.11.19-Corriere-di-Viterbo.pdf\" target=\"_blank\" rel=\"noopener noreferrer\">Corriere di Viterbo<\/a><\/strong><\/span><\/td>\n<td>Vulci alla Borsa Mediterranea del Turismo Archeologico<\/td>\n<td><a title=\"aef\" href=\"https:\/\/www.borsaturismoarcheologico.it\/wp-content\/uploads\/2021\/11\/2021.11.19-Corriere-di-Viterbo.pdf\" target=\"_blank\" rel=\"noopener noreferrer\"><img decoding=\"async\" class=\"aligncenter\" src=\"https:\/\/www.borsaturismoarcheologico.it\/wp-content\/uploads\/2013\/01\/1360704754_pdf.x50452.png\" alt=\"1360704754_pdf\" width=\"20\" height=\"20\" title=\"\"><\/a><\/td>\n<\/tr>\n<tr>\n<td><strong>19 novembre 2021<\/strong><\/td>\n<td><span style=\"color: #ff6600;\"><strong><a style=\"color: #ff6600;\" href=\"https:\/\/www.ilmessaggero.it\/viaggi\/news\/museo_subacqueo_mediterraneo_italia_turchia_itinerario_tesori_sommersi_ultime_notizie-6332208.html\" target=\"_blank\" rel=\"noopener noreferrer nofollow\">IlMessaggero.it<\/a><\/strong><\/span><\/td>\n<td>Nasce il museo subacqueo del Mediterraneo: dall&#8217;Italia alla Turchia, l&#8217;itinerario dei tesori sommersi<\/td>\n<td><a title=\"aef\" href=\"https:\/\/www.ilmessaggero.it\/viaggi\/news\/museo_subacqueo_mediterraneo_italia_turchia_itinerario_tesori_sommersi_ultime_notizie-6332208.html\" target=\"_blank\" rel=\"noopener noreferrer nofollow\"><img decoding=\"async\" class=\"aligncenter\" src=\"https:\/\/www.borsaturismoarcheologico.it\/wp-content\/uploads\/2018\/07\/weblogo.x50452.png\" alt=\"1360704754_pdf\" width=\"20\" height=\"20\" title=\"\"><\/a><\/td>\n<\/tr>\n<tr>\n<td><strong>19 novembre 2021<\/strong><\/td>\n<td><span style=\"color: #ff6600;\"><strong><a style=\"color: #ff6600;\" href=\"https:\/\/www.ilmattino.it\/salerno\/borsa_mediterranea_turismo_archeologico_2021_paestum-6331828.html\" target=\"_blank\" rel=\"noopener noreferrer nofollow\">IlMattino.it<\/a><\/strong><\/span><\/td>\n<td>BMTA, tutto pronto: \u00abSud scenario internazionale\u00bb<\/td>\n<td><a title=\"aef\" href=\"https:\/\/www.ilmattino.it\/salerno\/borsa_mediterranea_turismo_archeologico_2021_paestum-6331828.html\" target=\"_blank\" rel=\"noopener noreferrer nofollow\"><img decoding=\"async\" class=\"aligncenter\" src=\"https:\/\/www.borsaturismoarcheologico.it\/wp-content\/uploads\/2018\/07\/weblogo.x50452.png\" alt=\"1360704754_pdf\" width=\"20\" height=\"20\" title=\"\"><\/a><\/td>\n<\/tr>\n<tr>\n<td><strong>18 novembre 2021<\/strong><\/td>\n<td><span style=\"color: #ff6600;\"><strong><a style=\"color: #ff6600;\" href=\"https:\/\/www.lastampa.it\/viaggi\/mondo\/2021\/11\/18\/news\/sott_acqua_c_e_un_tesoro_archeologico_un_itinerario_europeo_per_metterlo_a_disposizione_tutelata_dei_turisti-421118\/\" target=\"_blank\" rel=\"noopener noreferrer nofollow\">LaStampa.it<\/a><\/strong><\/span><\/td>\n<td>Sott\u2019acqua c\u2019\u00e8 un tesoro archeologico. Un Itinerario europeo per metterlo a disposizione (tutelata) dei turisti<\/td>\n<td><a title=\"aef\" href=\"https:\/\/www.lastampa.it\/viaggi\/mondo\/2021\/11\/18\/news\/sott_acqua_c_e_un_tesoro_archeologico_un_itinerario_europeo_per_metterlo_a_disposizione_tutelata_dei_turisti-421118\/\" target=\"_blank\" rel=\"noopener noreferrer nofollow\"><img decoding=\"async\" class=\"aligncenter\" src=\"https:\/\/www.borsaturismoarcheologico.it\/wp-content\/uploads\/2018\/07\/weblogo.x50452.png\" alt=\"1360704754_pdf\" width=\"20\" height=\"20\" title=\"\"><\/a><\/td>\n<\/tr>\n<tr>\n<td><strong>18 novembre 2021<\/strong><\/td>\n<td><span style=\"color: #ff6600;\"><strong><a style=\"color: #ff6600;\" href=\"https:\/\/www.avvenire.it\/economia\/pagine\/previsioni-ecco-i-settori-con-maggiori-occasioni-nel-2022\" target=\"_blank\" rel=\"noopener noreferrer nofollow\">Avvenire.it<\/a><\/strong><\/span><\/td>\n<td>Imprese culturali, BMTA e profili richiesti<\/td>\n<td><a title=\"aef\" href=\"https:\/\/www.avvenire.it\/economia\/pagine\/previsioni-ecco-i-settori-con-maggiori-occasioni-nel-2022\" target=\"_blank\" rel=\"noopener noreferrer nofollow\"><img decoding=\"async\" class=\"aligncenter\" src=\"https:\/\/www.borsaturismoarcheologico.it\/wp-content\/uploads\/2018\/07\/weblogo.x50452.png\" alt=\"1360704754_pdf\" width=\"20\" height=\"20\" title=\"\"><\/a><\/td>\n<\/tr>\n<tr>\n<td><strong>18 novembre 2021<\/strong><\/td>\n<td><span style=\"color: #ff6600;\"><strong><a style=\"color: #ff6600;\" href=\"https:\/\/www.borsaturismoarcheologico.it\/wp-content\/uploads\/2021\/11\/novatech_18-11.pdf\" target=\"_blank\" rel=\"noopener noreferrer\">Nova.tech de Il Sole 24 ORE<\/a><\/strong><\/span><\/td>\n<td>Musei, l&#8217;interazione evolve con touchless e metaverso<\/td>\n<td><a title=\"aef\" href=\"https:\/\/www.borsaturismoarcheologico.it\/wp-content\/uploads\/2021\/11\/novatech_18-11.pdf\" target=\"_blank\" rel=\"noopener noreferrer\"><img decoding=\"async\" class=\"aligncenter\" src=\"https:\/\/www.borsaturismoarcheologico.it\/wp-content\/uploads\/2013\/01\/1360704754_pdf.x50452.png\" alt=\"1360704754_pdf\" width=\"20\" height=\"20\" title=\"\"><\/a><\/td>\n<\/tr>\n<tr>\n<td><strong>18 novembre 2021<\/strong><\/td>\n<td><span style=\"color: #ff6600;\"><strong><a style=\"color: #ff6600;\" href=\"https:\/\/www.borsaturismoarcheologico.it\/wp-content\/uploads\/2021\/11\/nuovasard_18-11.pdf\" target=\"_blank\" rel=\"noopener noreferrer\">La Nuova Sardegna<\/a><\/strong><\/span><\/td>\n<td>I Giganti tra i templi della Magna Grecia<\/td>\n<td><a title=\"aef\" href=\"https:\/\/www.borsaturismoarcheologico.it\/wp-content\/uploads\/2021\/11\/nuovasard_18-11.pdf\" target=\"_blank\" rel=\"noopener noreferrer\"><img decoding=\"async\" class=\"aligncenter\" src=\"https:\/\/www.borsaturismoarcheologico.it\/wp-content\/uploads\/2013\/01\/1360704754_pdf.x50452.png\" alt=\"1360704754_pdf\" width=\"20\" height=\"20\" title=\"\"><\/a><\/td>\n<\/tr>\n<tr>\n<td><strong>18 novembre 2021<\/strong><\/td>\n<td><span style=\"color: #ff6600;\"><strong><a style=\"color: #ff6600;\" href=\"https:\/\/www.borsaturismoarcheologico.it\/wp-content\/uploads\/2021\/11\/quotsud_18-11.pdf\" target=\"_blank\" rel=\"noopener noreferrer\">Il Quotidiano del Sud ed. Salerno<\/a><\/strong><\/span><\/td>\n<td>BMTA, a Dana Firas il Premio Mario Napoli<\/td>\n<td><a title=\"aef\" href=\"https:\/\/www.borsaturismoarcheologico.it\/wp-content\/uploads\/2021\/11\/quotsud_18-11.pdf\" target=\"_blank\" rel=\"noopener noreferrer\"><img decoding=\"async\" class=\"aligncenter\" src=\"https:\/\/www.borsaturismoarcheologico.it\/wp-content\/uploads\/2013\/01\/1360704754_pdf.x50452.png\" alt=\"1360704754_pdf\" width=\"20\" height=\"20\" title=\"\"><\/a><\/td>\n<\/tr>\n<tr>\n<td><strong>17 novembre 2021<\/strong><\/td>\n<td><span style=\"color: #ff6600;\"><strong><a style=\"color: #ff6600;\" href=\"https:\/\/www.borsaturismoarcheologico.it\/wp-content\/uploads\/2021\/11\/Ansa_17-11.pdf\" target=\"_blank\" rel=\"noopener noreferrer\">ANSA<\/a><\/strong><\/span><\/td>\n<td>BMTA si tinge di rosa. A Paestum Russo e Firas parlano di Colosseo e Petra<\/td>\n<td><a title=\"aef\" href=\"https:\/\/www.borsaturismoarcheologico.it\/wp-content\/uploads\/2021\/11\/Ansa_17-11.pdf\" target=\"_blank\" rel=\"noopener noreferrer\"><img decoding=\"async\" class=\"aligncenter\" src=\"https:\/\/www.borsaturismoarcheologico.it\/wp-content\/uploads\/2013\/01\/1360704754_pdf.x50452.png\" alt=\"1360704754_pdf\" width=\"20\" height=\"20\" title=\"\"><\/a><\/td>\n<\/tr>\n<tr>\n<td><strong>16 novembre 2021<\/strong><\/td>\n<td><span style=\"color: #ff6600;\"><strong><a style=\"color: #ff6600;\" href=\"https:\/\/www.borsaturismoarcheologico.it\/wp-content\/uploads\/2021\/11\/roma-16-11.pdf\" target=\"_blank\" rel=\"noopener noreferrer\">Roma<\/a><\/strong><\/span><\/td>\n<td>Le Frecce di Trenitalia per la BMTA<\/td>\n<td><a title=\"aef\" href=\"https:\/\/www.borsaturismoarcheologico.it\/wp-content\/uploads\/2021\/11\/roma-16-11.pdf\" target=\"_blank\" rel=\"noopener noreferrer\"><img decoding=\"async\" class=\"aligncenter\" src=\"https:\/\/www.borsaturismoarcheologico.it\/wp-content\/uploads\/2013\/01\/1360704754_pdf.x50452.png\" alt=\"1360704754_pdf\" width=\"20\" height=\"20\" title=\"\"><\/a><\/td>\n<\/tr>\n<tr>\n<td><strong>16 novembre 2021<\/strong><\/td>\n<td><span style=\"color: #ff6600;\"><strong><a style=\"color: #ff6600;\" href=\"https:\/\/www.borsaturismoarcheologico.it\/wp-content\/uploads\/2021\/11\/resto-del-carlino_16-11.pdf\" target=\"_blank\" rel=\"noopener noreferrer\">Il Resto del Carlino ed. Pesaro<\/a><\/strong><\/span><\/td>\n<td>La necropoli di Novilara alla BMTA<\/td>\n<td><a title=\"aef\" href=\"https:\/\/www.borsaturismoarcheologico.it\/wp-content\/uploads\/2021\/11\/resto-del-carlino_16-11.pdf\" target=\"_blank\" rel=\"noopener noreferrer\"><img decoding=\"async\" class=\"aligncenter\" src=\"https:\/\/www.borsaturismoarcheologico.it\/wp-content\/uploads\/2013\/01\/1360704754_pdf.x50452.png\" alt=\"1360704754_pdf\" width=\"20\" height=\"20\" title=\"\"><\/a><\/td>\n<\/tr>\n<tr>\n<td><strong>15 novembre 2021<\/strong><\/td>\n<td><span style=\"color: #ff6600;\"><strong><a style=\"color: #ff6600;\" href=\"https:\/\/www.borsaturismoarcheologico.it\/wp-content\/uploads\/2021\/11\/economia_15-11.pdf\" target=\"_blank\" rel=\"noopener noreferrer\">L&#8217;Economia del Corriere del Mezzogiorno<\/a><\/strong><\/span><\/td>\n<td>BMTA<\/td>\n<td><a title=\"aef\" href=\"https:\/\/www.borsaturismoarcheologico.it\/wp-content\/uploads\/2021\/11\/economia_15-11.pdf\" target=\"_blank\" rel=\"noopener noreferrer\"><img decoding=\"async\" class=\"aligncenter\" src=\"https:\/\/www.borsaturismoarcheologico.it\/wp-content\/uploads\/2013\/01\/1360704754_pdf.x50452.png\" alt=\"1360704754_pdf\" width=\"20\" height=\"20\" title=\"\"><\/a><\/td>\n<\/tr>\n<tr>\n<td><strong>14 novembre 2021<\/strong><\/td>\n<td><span style=\"color: #ff6600;\"><strong><a style=\"color: #ff6600;\" href=\"https:\/\/www.borsaturismoarcheologico.it\/wp-content\/uploads\/2021\/11\/Metropolis_14-11.pdf\" target=\"_blank\" rel=\"noopener noreferrer\">Metropolis<\/a><\/strong><\/span><\/td>\n<td>La Pro Loco conquista la vetrina archeologica<\/td>\n<td><a title=\"aef\" href=\"https:\/\/www.borsaturismoarcheologico.it\/wp-content\/uploads\/2021\/11\/Metropolis_14-11.pdf\" target=\"_blank\" rel=\"noopener noreferrer\"><img decoding=\"async\" class=\"aligncenter\" src=\"https:\/\/www.borsaturismoarcheologico.it\/wp-content\/uploads\/2013\/01\/1360704754_pdf.x50452.png\" alt=\"1360704754_pdf\" width=\"20\" height=\"20\" title=\"\"><\/a><\/td>\n<\/tr>\n<tr>\n<td><strong>13 novembre 2021<\/strong><\/td>\n<td><span style=\"color: #ff6600;\"><strong><a style=\"color: #ff6600;\" href=\"https:\/\/www.borsaturismoarcheologico.it\/wp-content\/uploads\/2021\/11\/roma_13-11.pdf\" target=\"_blank\" rel=\"noopener noreferrer\">Roma<\/a><\/strong><\/span><\/td>\n<td>La citt\u00e0 della pasta alla BMTA di Paestum<\/td>\n<td><a title=\"aef\" href=\"https:\/\/www.borsaturismoarcheologico.it\/wp-content\/uploads\/2021\/11\/roma_13-11.pdf\" target=\"_blank\" rel=\"noopener noreferrer\"><img decoding=\"async\" class=\"aligncenter\" src=\"https:\/\/www.borsaturismoarcheologico.it\/wp-content\/uploads\/2013\/01\/1360704754_pdf.x50452.png\" alt=\"1360704754_pdf\" width=\"20\" height=\"20\" title=\"\"><\/a><\/td>\n<\/tr>\n<tr>\n<td><strong>13 novembre 2021<\/strong><\/td>\n<td><span style=\"color: #ff6600;\"><strong><a style=\"color: #ff6600;\" href=\"https:\/\/www.repubblica.it\/viaggi\/2021\/11\/13\/news\/un_viaggio_unico_tra_bellezze_sommerse_dall_italia_la_spinta_per_un_itinerario_dei_siti_archeologici_subacquei_nel_mediterr-326223800\/\" target=\"_blank\" rel=\"noopener noreferrer nofollow\">Repubblica.it<\/a><\/strong><\/span><\/td>\n<td>Un viaggio unico tra bellezze sommerse: l&#8217;Italia lancia itinerario europeo nei parchi archeosub del Mediterraneo<\/td>\n<td><a title=\"aef\" href=\"https:\/\/www.repubblica.it\/viaggi\/2021\/11\/13\/news\/un_viaggio_unico_tra_bellezze_sommerse_dall_italia_la_spinta_per_un_itinerario_dei_siti_archeologici_subacquei_nel_mediterr-326223800\/\" target=\"_blank\" rel=\"noopener noreferrer nofollow\"><img decoding=\"async\" class=\"aligncenter\" src=\"https:\/\/www.borsaturismoarcheologico.it\/wp-content\/uploads\/2018\/07\/weblogo.x50452.png\" alt=\"1360704754_pdf\" width=\"20\" height=\"20\" title=\"\"><\/a><\/td>\n<\/tr>\n<tr>\n<td><strong>12 novembre 2021<\/strong><\/td>\n<td><span style=\"color: #ff6600;\"><strong><a style=\"color: #ff6600;\" href=\"https:\/\/www.borsaturismoarcheologico.it\/wp-content\/uploads\/2021\/11\/matt1_12-11.pdf\" target=\"_blank\" rel=\"noopener noreferrer\">Il Mattino ed. Salerno<\/a><\/strong><\/span><\/td>\n<td>Visitare il passato per vivere il futuro<\/td>\n<td><a title=\"aef\" href=\"https:\/\/www.borsaturismoarcheologico.it\/wp-content\/uploads\/2021\/11\/matt1_12-11.pdf\" target=\"_blank\" rel=\"noopener noreferrer\"><img decoding=\"async\" class=\"aligncenter\" src=\"https:\/\/www.borsaturismoarcheologico.it\/wp-content\/uploads\/2013\/01\/1360704754_pdf.x50452.png\" alt=\"1360704754_pdf\" width=\"20\" height=\"20\" title=\"\"><\/a><\/td>\n<\/tr>\n<tr>\n<td><strong>12 novembre 2021<\/strong><\/td>\n<td><span style=\"color: #ff6600;\"><strong><a style=\"color: #ff6600;\" href=\"https:\/\/www.borsaturismoarcheologico.it\/wp-content\/uploads\/2021\/11\/matt2_12-11.pdf\" target=\"_blank\" rel=\"noopener noreferrer\">Il Mattino ed. Salerno<\/a><\/strong><\/span><\/td>\n<td>Formidabile sinergia fra Comune, Regione e Parco archeologico<\/td>\n<td><a title=\"aef\" href=\"https:\/\/www.borsaturismoarcheologico.it\/wp-content\/uploads\/2021\/11\/matt2_12-11.pdf\" target=\"_blank\" rel=\"noopener noreferrer\"><img decoding=\"async\" class=\"aligncenter\" src=\"https:\/\/www.borsaturismoarcheologico.it\/wp-content\/uploads\/2013\/01\/1360704754_pdf.x50452.png\" alt=\"1360704754_pdf\" width=\"20\" height=\"20\" title=\"\"><\/a><\/td>\n<\/tr>\n<tr>\n<td><strong>12 novembre 2021<\/strong><\/td>\n<td><span style=\"color: #ff6600;\"><strong><a style=\"color: #ff6600;\" href=\"https:\/\/www.borsaturismoarcheologico.it\/wp-content\/uploads\/2021\/11\/quotsudrc_12-11.pdf\" target=\"_blank\" rel=\"noopener noreferrer\">Il Quotidiano del Sud ed. Reggio Calabria<\/a><\/strong><\/span><\/td>\n<td>La metrocity pronta per la mecca del Turismo<\/td>\n<td><a title=\"aef\" href=\"https:\/\/www.borsaturismoarcheologico.it\/wp-content\/uploads\/2021\/11\/quotsudrc_12-11.pdf\" target=\"_blank\" rel=\"noopener noreferrer\"><img decoding=\"async\" class=\"aligncenter\" src=\"https:\/\/www.borsaturismoarcheologico.it\/wp-content\/uploads\/2013\/01\/1360704754_pdf.x50452.png\" alt=\"1360704754_pdf\" width=\"20\" height=\"20\" title=\"\"><\/a><\/td>\n<\/tr>\n<tr>\n<td><strong>12 novembre 2021<\/strong><\/td>\n<td><span style=\"color: #ff6600;\"><strong><a style=\"color: #ff6600;\" href=\"https:\/\/www.borsaturismoarcheologico.it\/wp-content\/uploads\/2021\/11\/lavoce_12-11.pdf\" target=\"_blank\" rel=\"noopener noreferrer\">La Voce<\/a><\/strong><\/span><\/td>\n<td>BMTA, appuntamento a Paestum dal 25 al 28 novembre<\/td>\n<td><a title=\"aef\" href=\"https:\/\/www.borsaturismoarcheologico.it\/wp-content\/uploads\/2021\/11\/lavoce_12-11.pdf\" target=\"_blank\" rel=\"noopener noreferrer\"><img decoding=\"async\" class=\"aligncenter\" src=\"https:\/\/www.borsaturismoarcheologico.it\/wp-content\/uploads\/2013\/01\/1360704754_pdf.x50452.png\" alt=\"1360704754_pdf\" width=\"20\" height=\"20\" title=\"\"><\/a><\/td>\n<\/tr>\n<tr>\n<td><strong>11 novembre 2021<\/strong><\/td>\n<td><span style=\"color: #ff6600;\"><strong><a style=\"color: #ff6600;\" href=\"https:\/\/www.lagenziadiviaggi.it\/bmta-nasce-il-progetto-europeo-sul-patrimonio-subacqueo-mediterraneo\/\" target=\"_blank\" rel=\"noopener noreferrer nofollow\">L&#8217;AgenziadiViaggi.it<\/a><\/strong><\/span><\/td>\n<td>BMTA, nasce il progetto europeo sul patrimonio subacqueo mediterraneo<\/td>\n<td><a title=\"aef\" href=\"https:\/\/www.lagenziadiviaggi.it\/bmta-nasce-il-progetto-europeo-sul-patrimonio-subacqueo-mediterraneo\/\" target=\"_blank\" rel=\"noopener noreferrer nofollow\"><img decoding=\"async\" class=\"aligncenter\" src=\"https:\/\/www.borsaturismoarcheologico.it\/wp-content\/uploads\/2018\/07\/weblogo.x50452.png\" alt=\"1360704754_pdf\" width=\"20\" height=\"20\" title=\"\"><\/a><\/td>\n<\/tr>\n<tr>\n<td><strong>11 novembre 2021<\/strong><\/td>\n<td><span style=\"color: #ff6600;\"><strong><a style=\"color: #ff6600;\" href=\"https:\/\/www.borsaturismoarcheologico.it\/wp-content\/uploads\/2021\/11\/ilpiccolo_11-11.pdf\" target=\"_blank\" rel=\"noopener noreferrer\">Il Piccolo<\/a><\/strong><\/span><\/td>\n<td>La Regione Friuli alla BMTA<\/td>\n<td><a title=\"aef\" href=\"https:\/\/www.borsaturismoarcheologico.it\/wp-content\/uploads\/2021\/11\/ilpiccolo_11-11.pdf\" target=\"_blank\" rel=\"noopener noreferrer\"><img decoding=\"async\" class=\"aligncenter\" src=\"https:\/\/www.borsaturismoarcheologico.it\/wp-content\/uploads\/2013\/01\/1360704754_pdf.x50452.png\" alt=\"1360704754_pdf\" width=\"20\" height=\"20\" title=\"\"><\/a><\/td>\n<\/tr>\n<tr>\n<td><strong>11 novembre 2021<\/strong><\/td>\n<td><span style=\"color: #ff6600;\"><strong><a style=\"color: #ff6600;\" href=\"https:\/\/www.borsaturismoarcheologico.it\/wp-content\/uploads\/2021\/11\/metropolis_11-11.pdf\" target=\"_blank\" rel=\"noopener noreferrer\">Metropolis<\/a><\/strong><\/span><\/td>\n<td>Archeologia da valorizzare, Gragnano in mostra alla BMTA<\/td>\n<td><a title=\"aef\" href=\"https:\/\/www.borsaturismoarcheologico.it\/wp-content\/uploads\/2021\/11\/metropolis_11-11.pdf\" target=\"_blank\" rel=\"noopener noreferrer\"><img decoding=\"async\" class=\"aligncenter\" src=\"https:\/\/www.borsaturismoarcheologico.it\/wp-content\/uploads\/2013\/01\/1360704754_pdf.x50452.png\" alt=\"1360704754_pdf\" width=\"20\" height=\"20\" title=\"\"><\/a><\/td>\n<\/tr>\n<tr>\n<td><strong>11 novembre 2021<\/strong><\/td>\n<td><span style=\"color: #ff6600;\"><strong><a style=\"color: #ff6600;\" href=\"https:\/\/www.raicultura.it\/raicultura\/eventi\/XXIII-Borsa-Mediterranea-del-Turismo-Archeologico-992b4de6-7b12-4312-8301-dab62ef9a0a4.html\" target=\"_blank\" rel=\"noopener noreferrer nofollow\">RaiCultura<\/a><\/strong><\/span><\/td>\n<td>XXIII BMTA per un nuovo turismo culturale sostenibile<\/td>\n<td><a title=\"aef\" href=\"https:\/\/www.raicultura.it\/raicultura\/eventi\/XXIII-Borsa-Mediterranea-del-Turismo-Archeologico-992b4de6-7b12-4312-8301-dab62ef9a0a4.html\" target=\"_blank\" rel=\"noopener noreferrer nofollow\"><img decoding=\"async\" class=\"aligncenter\" src=\"https:\/\/www.borsaturismoarcheologico.it\/wp-content\/uploads\/2018\/07\/weblogo.x50452.png\" alt=\"1360704754_pdf\" width=\"20\" height=\"20\" title=\"\"><\/a><\/td>\n<\/tr>\n<tr>\n<td><strong>11 novembre 2021<\/strong><\/td>\n<td><span style=\"color: #ff6600;\"><strong><a style=\"color: #ff6600;\" href=\"https:\/\/www.quotidiano.net\/italia-slow-tour\/slow-tour-padano-syusy-blady-intervista-ugo-picarelli-1.7022001\" target=\"_blank\" rel=\"noopener noreferrer nofollow\">Quotidiano.net<\/a><\/strong><\/span><\/td>\n<td>Slow Tour Padano: Syusy Blady intervista Ugo Picarelli<\/td>\n<td><a title=\"aef\" href=\"https:\/\/www.quotidiano.net\/italia-slow-tour\/slow-tour-padano-syusy-blady-intervista-ugo-picarelli-1.7022001\" target=\"_blank\" rel=\"noopener noreferrer nofollow\"><img decoding=\"async\" class=\"aligncenter\" src=\"https:\/\/www.borsaturismoarcheologico.it\/wp-content\/uploads\/2018\/07\/weblogo.x50452.png\" alt=\"1360704754_pdf\" width=\"20\" height=\"20\" title=\"\"><\/a><\/td>\n<\/tr>\n<tr>\n<td><strong>11 novembre 2021<\/strong><\/td>\n<td><span style=\"color: #ff6600;\"><strong><a style=\"color: #ff6600;\" href=\"https:\/\/mediterraneoantico.it\/articoli\/news\/a-breve-lapertura-della-borsa-mediterranea-del-turismo-archeologico-per-lanno-2021\/\" target=\"_blank\" rel=\"noopener noreferrer nofollow\">MediterraneoAntico.it<\/a><\/strong><\/span><\/td>\n<td>A breve l\u2019apertura della BMTA per l\u2019anno 2021<\/td>\n<td><a title=\"aef\" href=\"https:\/\/mediterraneoantico.it\/articoli\/news\/a-breve-lapertura-della-borsa-mediterranea-del-turismo-archeologico-per-lanno-2021\/\" target=\"_blank\" rel=\"noopener noreferrer nofollow\"><img decoding=\"async\" class=\"aligncenter\" src=\"https:\/\/www.borsaturismoarcheologico.it\/wp-content\/uploads\/2018\/07\/weblogo.x50452.png\" alt=\"1360704754_pdf\" width=\"20\" height=\"20\" title=\"\"><\/a><\/td>\n<\/tr>\n<tr>\n<td><strong>10 novembre 2021<\/strong><\/td>\n<td><span style=\"color: #ff6600;\"><strong><a style=\"color: #ff6600;\" href=\"https:\/\/www.borsaturismoarcheologico.it\/wp-content\/uploads\/2021\/11\/mattino_10-11.pdf\" target=\"_blank\" rel=\"noopener noreferrer\">Il Mattino ed. Salerno<\/a><\/strong><\/span><\/td>\n<td>Tour nel patrimonio sommerso del Mediterraneo<\/td>\n<td><a title=\"aef\" href=\"https:\/\/www.borsaturismoarcheologico.it\/wp-content\/uploads\/2021\/11\/mattino_10-11.pdf\" target=\"_blank\" rel=\"noopener noreferrer\"><img decoding=\"async\" class=\"aligncenter\" src=\"https:\/\/www.borsaturismoarcheologico.it\/wp-content\/uploads\/2013\/01\/1360704754_pdf.x50452.png\" alt=\"1360704754_pdf\" width=\"20\" height=\"20\" title=\"\"><\/a><\/td>\n<\/tr>\n<tr>\n<td><strong>10 novembre 2021<\/strong><\/td>\n<td><span style=\"color: #ff6600;\"><strong><a style=\"color: #ff6600;\" href=\"https:\/\/www.borsaturismoarcheologico.it\/wp-content\/uploads\/2021\/11\/quotsud_10-11.pdf\" target=\"_blank\" rel=\"noopener noreferrer\">Il Quotidiano del Sud ed. Salerno<\/a><\/strong><\/span><\/td>\n<td>Alla BMTA un itinerario archeo-subacqueo<\/td>\n<td><a title=\"aef\" href=\"https:\/\/www.borsaturismoarcheologico.it\/wp-content\/uploads\/2021\/11\/quotsud_10-11.pdf\" target=\"_blank\" rel=\"noopener noreferrer\"><img decoding=\"async\" class=\"aligncenter\" src=\"https:\/\/www.borsaturismoarcheologico.it\/wp-content\/uploads\/2013\/01\/1360704754_pdf.x50452.png\" alt=\"1360704754_pdf\" width=\"20\" height=\"20\" title=\"\"><\/a><\/td>\n<\/tr>\n<tr>\n<td><strong>10 novembre 2021<\/strong><\/td>\n<td><span style=\"color: #ff6600;\"><strong><a style=\"color: #ff6600;\" href=\"https:\/\/www.borsaturismoarcheologico.it\/wp-content\/uploads\/2021\/11\/cronache_10-11.pdf\" target=\"_blank\" rel=\"noopener noreferrer\">Le Cronache<\/a><\/strong><\/span><\/td>\n<td>Dalla BMTA l&#8217;Itinerario &#8220;Mediterranean Underwater Cultural Heritage&#8221;<\/td>\n<td><a title=\"aef\" href=\"https:\/\/www.borsaturismoarcheologico.it\/wp-content\/uploads\/2021\/11\/cronache_10-11.pdf\" target=\"_blank\" rel=\"noopener noreferrer\"><img decoding=\"async\" class=\"aligncenter\" src=\"https:\/\/www.borsaturismoarcheologico.it\/wp-content\/uploads\/2013\/01\/1360704754_pdf.x50452.png\" alt=\"1360704754_pdf\" width=\"20\" height=\"20\" title=\"\"><\/a><\/td>\n<\/tr>\n<tr>\n<td><strong>10 novembre 2021<\/strong><\/td>\n<td><span style=\"color: #ff6600;\"><strong><a style=\"color: #ff6600;\" href=\"https:\/\/www.borsaturismoarcheologico.it\/wp-content\/uploads\/2021\/11\/roma_10-11.pdf\" target=\"_blank\" rel=\"noopener noreferrer\">Roma<\/a><\/strong><\/span><\/td>\n<td>Baia sommersa verso un traguardo<\/td>\n<td><a title=\"aef\" href=\"https:\/\/www.borsaturismoarcheologico.it\/wp-content\/uploads\/2021\/11\/roma_10-11.pdf\" target=\"_blank\" rel=\"noopener noreferrer\"><img decoding=\"async\" class=\"aligncenter\" src=\"https:\/\/www.borsaturismoarcheologico.it\/wp-content\/uploads\/2013\/01\/1360704754_pdf.x50452.png\" alt=\"1360704754_pdf\" width=\"20\" height=\"20\" title=\"\"><\/a><\/td>\n<\/tr>\n<tr>\n<td><strong>10 novembre 2021<\/strong><\/td>\n<td><span style=\"color: #ff6600;\"><strong><a style=\"color: #ff6600;\" href=\"https:\/\/www.ilmattino.it\/salerno\/borsa_mediterranea_del_turismo_archeologico_al_via_l_itinerario_culturale_europeo-6313127.html\" target=\"_blank\" rel=\"noopener noreferrer nofollow\">IlMattino.it<\/a><\/strong><\/span><\/td>\n<td>BMTA: al via l\u2019itinerario culturale europeo<\/td>\n<td><a title=\"aef\" href=\"https:\/\/www.ilmattino.it\/salerno\/borsa_mediterranea_del_turismo_archeologico_al_via_l_itinerario_culturale_europeo-6313127.html\" target=\"_blank\" rel=\"noopener noreferrer nofollow\"><img decoding=\"async\" class=\"aligncenter\" src=\"https:\/\/www.borsaturismoarcheologico.it\/wp-content\/uploads\/2018\/07\/weblogo.x50452.png\" alt=\"1360704754_pdf\" width=\"20\" height=\"20\" title=\"\"><\/a><\/td>\n<\/tr>\n<tr>\n<td><strong>10 novembre 2021<\/strong><\/td>\n<td><span style=\"color: #ff6600;\"><strong><a style=\"color: #ff6600;\" href=\"https:\/\/www.qaeditoria.it\/details.aspx?idarticle=180555\" target=\"_blank\" rel=\"noopener noreferrer nofollow\">QA Turismo Cultura Arte<\/a><\/strong><\/span><\/td>\n<td>Dalla BMTA parte la proposta Itinerario Europeo del Patrimonio Culturale Subacqueo del Mediterraneo<\/td>\n<td><a title=\"aef\" href=\"https:\/\/www.qaeditoria.it\/details.aspx?idarticle=180555\" target=\"_blank\" rel=\"noopener noreferrer nofollow\"><img decoding=\"async\" class=\"aligncenter\" src=\"https:\/\/www.borsaturismoarcheologico.it\/wp-content\/uploads\/2018\/07\/weblogo.x50452.png\" alt=\"1360704754_pdf\" width=\"20\" height=\"20\" title=\"\"><\/a><\/td>\n<\/tr>\n<tr>\n<td><strong>10 novembre 2021<\/strong><\/td>\n<td><span style=\"color: #ff6600;\"><strong><a style=\"color: #ff6600;\" href=\"https:\/\/www.classicult.it\/archeologia-subacquea-dalla-bmta-proposta-di-un-itinerario-culturale\/\" target=\"_blank\" rel=\"noopener noreferrer nofollow\">ClassiCult.it<\/a><\/strong><\/span><\/td>\n<td>Archeologia subacquea: dalla BMTA proposta di un Itinerario Culturale<\/td>\n<td><a title=\"aef\" href=\"https:\/\/www.classicult.it\/archeologia-subacquea-dalla-bmta-proposta-di-un-itinerario-culturale\/\" target=\"_blank\" rel=\"noopener noreferrer nofollow\"><img decoding=\"async\" class=\"aligncenter\" src=\"https:\/\/www.borsaturismoarcheologico.it\/wp-content\/uploads\/2018\/07\/weblogo.x50452.png\" alt=\"1360704754_pdf\" width=\"20\" height=\"20\" title=\"\"><\/a><\/td>\n<\/tr>\n<tr>\n<td><strong>9 novembre 2021<\/strong><\/td>\n<td><span style=\"color: #ff6600;\"><strong><a style=\"color: #ff6600;\" href=\"https:\/\/siviaggia.it\/notizie\/mediterraneo-nasce-itinerario-culturale-europeo-subacqueo\/349142\/\" target=\"_blank\" rel=\"noopener noreferrer nofollow\">SiViaggia.it<\/a><\/strong><\/span><\/td>\n<td>Nel Mediterraneo, nasce l\u2019Itinerario culturale europeo subacqueo<\/td>\n<td><a title=\"aef\" href=\"https:\/\/siviaggia.it\/notizie\/mediterraneo-nasce-itinerario-culturale-europeo-subacqueo\/349142\/\" target=\"_blank\" rel=\"noopener noreferrer nofollow\"><img decoding=\"async\" class=\"aligncenter\" src=\"https:\/\/www.borsaturismoarcheologico.it\/wp-content\/uploads\/2018\/07\/weblogo.x50452.png\" alt=\"1360704754_pdf\" width=\"20\" height=\"20\" title=\"\"><\/a><\/td>\n<\/tr>\n<tr>\n<td><strong>9 novembre 2021<\/strong><\/td>\n<td><span style=\"color: #ff6600;\"><strong><a style=\"color: #ff6600;\" href=\"https:\/\/www.ilvescovado.it\/it\/sezioni-25\/cultura-territorio-1049\/un-itinerario-europeo-del-patrimonio-culturale-su-101267\/article\" target=\"_blank\" rel=\"noopener noreferrer nofollow\">IlVescovado.it<\/a><\/strong><\/span><\/td>\n<td>Un itinerario europeo del patrimonio culturale subacqueo del Mediterraneo: la candidatura dalla BMTA di Paestum<\/td>\n<td><a title=\"aef\" href=\"https:\/\/www.ilvescovado.it\/it\/sezioni-25\/cultura-territorio-1049\/un-itinerario-europeo-del-patrimonio-culturale-su-101267\/article\" target=\"_blank\" rel=\"noopener noreferrer nofollow\"><img decoding=\"async\" class=\"aligncenter\" src=\"https:\/\/www.borsaturismoarcheologico.it\/wp-content\/uploads\/2018\/07\/weblogo.x50452.png\" alt=\"1360704754_pdf\" width=\"20\" height=\"20\" title=\"\"><\/a><\/td>\n<\/tr>\n<tr>\n<td><strong>8 novembre 2021<\/strong><\/td>\n<td><span style=\"color: #ff6600;\"><strong><a style=\"color: #ff6600;\" href=\"https:\/\/www.borsaturismoarcheologico.it\/wp-content\/uploads\/2021\/11\/roma_8-11.pdf\" target=\"_blank\" rel=\"noopener noreferrer\">Roma<\/a><\/strong><\/span><\/td>\n<td>Il treno storico alla Stazione Centrale<\/td>\n<td><a title=\"aef\" href=\"https:\/\/www.borsaturismoarcheologico.it\/wp-content\/uploads\/2021\/11\/roma_8-11.pdf\" target=\"_blank\" rel=\"noopener noreferrer\"><img decoding=\"async\" class=\"aligncenter\" src=\"https:\/\/www.borsaturismoarcheologico.it\/wp-content\/uploads\/2013\/01\/1360704754_pdf.x50452.png\" alt=\"1360704754_pdf\" width=\"20\" height=\"20\" title=\"\"><\/a><\/td>\n<\/tr>\n<tr>\n<td><strong>6 novembre 2021<\/strong><\/td>\n<td><span style=\"color: #ff6600;\"><strong><a style=\"color: #ff6600;\" href=\"https:\/\/www.borsaturismoarcheologico.it\/wp-content\/uploads\/2021\/11\/quosudmurge_6-11.pdf\" target=\"_blank\" rel=\"noopener noreferrer\">Il Quotidiano del Sud ed. Murge<\/a><\/strong><\/span><\/td>\n<td>Il turismo scopre le profondit\u00e0 marine<\/td>\n<td><a title=\"aef\" href=\"https:\/\/www.borsaturismoarcheologico.it\/wp-content\/uploads\/2021\/11\/quosudmurge_6-11.pdf\" target=\"_blank\" rel=\"noopener noreferrer\"><img decoding=\"async\" class=\"aligncenter\" src=\"https:\/\/www.borsaturismoarcheologico.it\/wp-content\/uploads\/2013\/01\/1360704754_pdf.x50452.png\" alt=\"1360704754_pdf\" width=\"20\" height=\"20\" title=\"\"><\/a><\/td>\n<\/tr>\n<tr>\n<td><strong>5 novembre 2021<\/strong><\/td>\n<td><span style=\"color: #ff6600;\"><strong><a style=\"color: #ff6600;\" href=\"https:\/\/www.calabriadirettanews.com\/2021\/11\/05\/la-calabria-tra-le-destinazioni-archeologiche-subacquee\/?fbclid=IwAR3ORMuV2mmDI_DyPyL6D8PQ8E-Y8KqTrpJSxfx6YFTx5dM47mi4MUTXhCw\" target=\"_blank\" rel=\"noopener noreferrer nofollow\">CalabriaDirettaNews.com<\/a><\/strong><\/span><\/td>\n<td>La Calabria tra le destinazioni archeologiche subacquee di un Itinerario Culturale Europeo<\/td>\n<td><a title=\"aef\" href=\"https:\/\/www.calabriadirettanews.com\/2021\/11\/05\/la-calabria-tra-le-destinazioni-archeologiche-subacquee\/?fbclid=IwAR3ORMuV2mmDI_DyPyL6D8PQ8E-Y8KqTrpJSxfx6YFTx5dM47mi4MUTXhCw\" target=\"_blank\" rel=\"noopener noreferrer nofollow\"><img decoding=\"async\" class=\"aligncenter\" src=\"https:\/\/www.borsaturismoarcheologico.it\/wp-content\/uploads\/2018\/07\/weblogo.x50452.png\" alt=\"1360704754_pdf\" width=\"20\" height=\"20\" title=\"\"><\/a><\/td>\n<\/tr>\n<tr>\n<td><strong>5 novembre 2021<\/strong><\/td>\n<td><span style=\"color: #ff6600;\"><strong><a style=\"color: #ff6600;\" href=\"https:\/\/www.corrieredellacalabria.it\/2021\/11\/05\/il-sito-di-capo-rizzuto-nellitinerario-mediterranean-underwater-cultural-heritage\/\" target=\"_blank\" rel=\"noopener noreferrer nofollow\">CorrieredellaCalabria.it<\/a><\/strong><\/span><\/td>\n<td>Il sito di Capo Rizzuto nell\u2019itinerario \u201cMediterranean Underwater Cultural Heritage\u201d<\/td>\n<td><a title=\"aef\" href=\"https:\/\/www.corrieredellacalabria.it\/2021\/11\/05\/il-sito-di-capo-rizzuto-nellitinerario-mediterranean-underwater-cultural-heritage\/\" target=\"_blank\" rel=\"noopener noreferrer nofollow\"><img decoding=\"async\" class=\"aligncenter\" src=\"https:\/\/www.borsaturismoarcheologico.it\/wp-content\/uploads\/2018\/07\/weblogo.x50452.png\" alt=\"1360704754_pdf\" width=\"20\" height=\"20\" title=\"\"><\/a><\/td>\n<\/tr>\n<tr>\n<td><strong>5 novembre 2021<\/strong><\/td>\n<td><span style=\"color: #ff6600;\"><strong><a style=\"color: #ff6600;\" href=\"https:\/\/www.quotidianodelsud.it\/calabria\/societa-e-cultura\/turismo\/2021\/11\/05\/la-calabria-alla-borsa-mediterranea-del-turismo-archeologico\/\" target=\"_blank\" rel=\"noopener noreferrer nofollow\">QuotidianodelSud.it<\/a><\/strong><\/span><\/td>\n<td>La Calabria alla Borsa Mediterranea del Turismo Archeologico<\/td>\n<td><a title=\"aef\" href=\"https:\/\/www.quotidianodelsud.it\/calabria\/societa-e-cultura\/turismo\/2021\/11\/05\/la-calabria-alla-borsa-mediterranea-del-turismo-archeologico\/\" target=\"_blank\" rel=\"noopener noreferrer nofollow\"><img decoding=\"async\" class=\"aligncenter\" src=\"https:\/\/www.borsaturismoarcheologico.it\/wp-content\/uploads\/2018\/07\/weblogo.x50452.png\" alt=\"1360704754_pdf\" width=\"20\" height=\"20\" title=\"\"><\/a><\/td>\n<\/tr>\n<tr>\n<td><strong>5 novembre 2021<\/strong><\/td>\n<td><span style=\"color: #ff6600;\"><strong><a style=\"color: #ff6600;\" href=\"https:\/\/www.ansamed.info\/ansamed\/it\/notizie\/stati\/turchia\/2021\/11\/05\/nasce-il-mediterranean-underwater-cultural-heritage_a7196003-6522-463b-8205-85d5e9a19950.html\" target=\"_blank\" rel=\"noopener noreferrer nofollow\">Ansamed.info<\/a><\/strong><\/span><\/td>\n<td>Nasce l&#8217;Itinerario &#8220;Mediterranean Underwater Cultural Heritage&#8221;<\/td>\n<td><a title=\"aef\" href=\"https:\/\/www.ansamed.info\/ansamed\/it\/notizie\/stati\/turchia\/2021\/11\/05\/nasce-il-mediterranean-underwater-cultural-heritage_a7196003-6522-463b-8205-85d5e9a19950.html\" target=\"_blank\" rel=\"noopener noreferrer nofollow\"><img decoding=\"async\" class=\"aligncenter\" src=\"https:\/\/www.borsaturismoarcheologico.it\/wp-content\/uploads\/2018\/07\/weblogo.x50452.png\" alt=\"1360704754_pdf\" width=\"20\" height=\"20\" title=\"\"><\/a><\/td>\n<\/tr>\n<tr>\n<td><strong>5 novembre 2021<\/strong><\/td>\n<td><span style=\"color: #ff6600;\"><strong><a style=\"color: #ff6600;\" href=\"https:\/\/www.borsaturismoarcheologico.it\/wp-content\/uploads\/2021\/11\/ANSA-5-11.pdf\" target=\"_blank\" rel=\"noopener noreferrer\">Ansa<\/a><\/strong><\/span><\/td>\n<td>Itinerario patrimonio culturale subacqueo in 4 Regioni<\/td>\n<td><a title=\"aef\" href=\"https:\/\/www.borsaturismoarcheologico.it\/wp-content\/uploads\/2021\/11\/ANSA-5-11.pdf\" target=\"_blank\" rel=\"noopener noreferrer\"><img decoding=\"async\" class=\"aligncenter\" src=\"https:\/\/www.borsaturismoarcheologico.it\/wp-content\/uploads\/2013\/01\/1360704754_pdf.x50452.png\" alt=\"1360704754_pdf\" width=\"20\" height=\"20\" title=\"\"><\/a><\/td>\n<\/tr>\n<tr>\n<td><strong>5 novembre 2021<\/strong><\/td>\n<td><span style=\"color: #ff6600;\"><strong><a style=\"color: #ff6600;\" href=\"https:\/\/www.borsaturismoarcheologico.it\/wp-content\/uploads\/2021\/11\/mattinosa_5-11.pdf\" target=\"_blank\" rel=\"noopener noreferrer\">Il Mattino ed. Salerno<\/a><\/strong><\/span><\/td>\n<td>L&#8217;appuntamento. Picarelli: le buone pratiche della BMTA<\/td>\n<td><a title=\"aef\" href=\"https:\/\/www.borsaturismoarcheologico.it\/wp-content\/uploads\/2021\/11\/mattinosa_5-11.pdf\" target=\"_blank\" rel=\"noopener noreferrer\"><img decoding=\"async\" class=\"aligncenter\" src=\"https:\/\/www.borsaturismoarcheologico.it\/wp-content\/uploads\/2013\/01\/1360704754_pdf.x50452.png\" alt=\"1360704754_pdf\" width=\"20\" height=\"20\" title=\"\"><\/a><\/td>\n<\/tr>\n<tr>\n<td><strong>5 novembre 2021<\/strong><\/td>\n<td><span style=\"color: #ff6600;\"><strong><a style=\"color: #ff6600;\" href=\"https:\/\/www.borsaturismoarcheologico.it\/wp-content\/uploads\/2021\/11\/gazzsud_5-11.pdf\" target=\"_blank\" rel=\"noopener noreferrer\">Gazzetta del Sud ed. Reggio<\/a><\/strong><\/span><\/td>\n<td>La Metro City pensa alle celebrazioni per il 50\u00b0 dei Bronzi<\/td>\n<td><a title=\"aef\" href=\"https:\/\/www.borsaturismoarcheologico.it\/wp-content\/uploads\/2021\/11\/gazzsud_5-11.pdf\" target=\"_blank\" rel=\"noopener noreferrer\"><img decoding=\"async\" class=\"aligncenter\" src=\"https:\/\/www.borsaturismoarcheologico.it\/wp-content\/uploads\/2013\/01\/1360704754_pdf.x50452.png\" alt=\"1360704754_pdf\" width=\"20\" height=\"20\" title=\"\"><\/a><\/td>\n<\/tr>\n<tr>\n<td><strong>5 novembre 2021<\/strong><\/td>\n<td><span style=\"color: #ff6600;\"><strong><a style=\"color: #ff6600;\" href=\"https:\/\/agcult.it\/a\/47350\/2021-11-05\/archeologia-la-turchia-alla-bmta-di-paestum-con-il-progetto-tas-tepeler\" target=\"_blank\" rel=\"noopener noreferrer nofollow\">AgCult.it<\/a><\/strong><\/span><\/td>\n<td>Archeologia, la Turchia alla BMTA di Paestum con il progetto Tas Tepeler<\/td>\n<td><a title=\"aef\" href=\"https:\/\/agcult.it\/a\/47350\/2021-11-05\/archeologia-la-turchia-alla-bmta-di-paestum-con-il-progetto-tas-tepeler\" target=\"_blank\" rel=\"noopener noreferrer nofollow\"><img decoding=\"async\" class=\"aligncenter\" src=\"https:\/\/www.borsaturismoarcheologico.it\/wp-content\/uploads\/2018\/07\/weblogo.x50452.png\" alt=\"1360704754_pdf\" width=\"20\" height=\"20\" title=\"\"><\/a><\/td>\n<\/tr>\n<tr>\n<td><strong>4 novembre 2021<\/strong><\/td>\n<td><span style=\"color: #ff6600;\"><strong><a style=\"color: #ff6600;\" href=\"https:\/\/tg24.sky.it\/aosta\/2021\/11\/04\/archeologia-anche-valle-daosta-a-borsa-mediterranea-turismo\" target=\"_blank\" rel=\"noopener noreferrer nofollow\">SkyTg24.it<\/a><\/strong><\/span><\/td>\n<td>Archeologia, anche Valle d&#8217;Aosta a BMTA<\/td>\n<td><a title=\"aef\" href=\"https:\/\/tg24.sky.it\/aosta\/2021\/11\/04\/archeologia-anche-valle-daosta-a-borsa-mediterranea-turismo\" target=\"_blank\" rel=\"noopener noreferrer nofollow\"><img decoding=\"async\" class=\"aligncenter\" src=\"https:\/\/www.borsaturismoarcheologico.it\/wp-content\/uploads\/2018\/07\/weblogo.x50452.png\" alt=\"1360704754_pdf\" width=\"20\" height=\"20\" title=\"\"><\/a><\/td>\n<\/tr>\n<tr>\n<td><strong>4 novembre 2021<\/strong><\/td>\n<td><span style=\"color: #ff6600;\"><strong><a style=\"color: #ff6600;\" href=\"https:\/\/www.ansamed.info\/ansamed\/it\/notizie\/stati\/italia\/2021\/11\/04\/ricerche-in-turchia-al-centro-borsa-med-turismo-archeologico_40faec1e-bb2e-431e-ac8b-687a6b9bb8c1.html\" target=\"_blank\" rel=\"noopener noreferrer nofollow\">Ansamed.info<\/a><\/strong><\/span><\/td>\n<td>Ricerche in Turchia al centro della BMTA<\/td>\n<td><a title=\"aef\" href=\"https:\/\/www.ansamed.info\/ansamed\/it\/notizie\/stati\/italia\/2021\/11\/04\/ricerche-in-turchia-al-centro-borsa-med-turismo-archeologico_40faec1e-bb2e-431e-ac8b-687a6b9bb8c1.html\" target=\"_blank\" rel=\"noopener noreferrer nofollow\"><img decoding=\"async\" class=\"aligncenter\" src=\"https:\/\/www.borsaturismoarcheologico.it\/wp-content\/uploads\/2018\/07\/weblogo.x50452.png\" alt=\"1360704754_pdf\" width=\"20\" height=\"20\" title=\"\"><\/a><\/td>\n<\/tr>\n<tr>\n<td><strong>4 novembre 2021<\/strong><\/td>\n<td><span style=\"color: #ff6600;\"><strong><a style=\"color: #ff6600;\" href=\"https:\/\/reggio.gazzettadelsud.it\/articoli\/cultura\/2021\/11\/04\/la-citta-metropolitana-di-reggio-alla-borsa-del-turismo-archeologico-2021-di-paestum-61ebb6e6-09eb-4ec8-9cdf-cb27ed33ce46\/\" target=\"_blank\" rel=\"noopener noreferrer nofollow\">GazzettadelSud.it<\/a><\/strong><\/span><\/td>\n<td>La Citt\u00e0 Metropolitana di Reggio alla BMTA di Paestum<\/td>\n<td><a title=\"aef\" href=\"https:\/\/reggio.gazzettadelsud.it\/articoli\/cultura\/2021\/11\/04\/la-citta-metropolitana-di-reggio-alla-borsa-del-turismo-archeologico-2021-di-paestum-61ebb6e6-09eb-4ec8-9cdf-cb27ed33ce46\/\" target=\"_blank\" rel=\"noopener noreferrer nofollow\"><img decoding=\"async\" class=\"aligncenter\" src=\"https:\/\/www.borsaturismoarcheologico.it\/wp-content\/uploads\/2018\/07\/weblogo.x50452.png\" alt=\"1360704754_pdf\" width=\"20\" height=\"20\" title=\"\"><\/a><\/td>\n<\/tr>\n<tr>\n<td><strong>4 novembre 2021<\/strong><\/td>\n<td><span style=\"color: #ff6600;\"><strong><a style=\"color: #ff6600;\" href=\"https:\/\/www.travelquotidiano.com\/estero\/turchia-in-scena-a-paestum-per-la-borsa-mediterranea-del-turismo-archeologico\/tqid-413932\" target=\"_blank\" rel=\"noopener noreferrer nofollow\">TravelQuotidiano.com<\/a><\/strong><\/span><\/td>\n<td>Turchia in scena a Paestum per la Borsa Mediterranea del Turismo Archeologico<\/td>\n<td><a title=\"aef\" href=\"https:\/\/www.travelquotidiano.com\/estero\/turchia-in-scena-a-paestum-per-la-borsa-mediterranea-del-turismo-archeologico\/tqid-413932\" target=\"_blank\" rel=\"noopener noreferrer nofollow\"><img decoding=\"async\" class=\"aligncenter\" src=\"https:\/\/www.borsaturismoarcheologico.it\/wp-content\/uploads\/2018\/07\/weblogo.x50452.png\" alt=\"1360704754_pdf\" width=\"20\" height=\"20\" title=\"\"><\/a><\/td>\n<\/tr>\n<tr>\n<td><strong>4 novembre 2021<\/strong><\/td>\n<td><span style=\"color: #ff6600;\"><strong><a style=\"color: #ff6600;\" href=\"https:\/\/www.ansa.it\/valledaosta\/notizie\/2021\/11\/04\/archeologia-anche-valle-daosta-a-borsa-mediterranea-turismo_ed45cdea-1648-42e9-abc0-d933e23649d2.html\" target=\"_blank\" rel=\"noopener noreferrer nofollow\">Ansa.it<\/a><\/strong><\/span><\/td>\n<td>Archeologia, anche Valle d\u2019Aosta alla BMTA<\/td>\n<td><a title=\"aef\" href=\"https:\/\/www.ansa.it\/valledaosta\/notizie\/2021\/11\/04\/archeologia-anche-valle-daosta-a-borsa-mediterranea-turismo_ed45cdea-1648-42e9-abc0-d933e23649d2.html\" target=\"_blank\" rel=\"noopener noreferrer nofollow\"><img decoding=\"async\" class=\"aligncenter\" src=\"https:\/\/www.borsaturismoarcheologico.it\/wp-content\/uploads\/2018\/07\/weblogo.x50452.png\" alt=\"1360704754_pdf\" width=\"20\" height=\"20\" title=\"\"><\/a><\/td>\n<\/tr>\n<tr>\n<td><strong>3 novembre 2021<\/strong><\/td>\n<td><span style=\"color: #ff6600;\"><strong><a style=\"color: #ff6600;\" href=\"https:\/\/www.adnkronos.com\/rotocalco-n-44-del-3-novembre-2021_72E0ubDEWmUwBBRHS9Haly\" target=\"_blank\" rel=\"noopener noreferrer nofollow\">Adnkronos.com<\/a><\/strong><\/span><\/td>\n<td>Rotocalco n. 44 del 3 novembre 2021<\/td>\n<td><a title=\"aef\" href=\"https:\/\/www.adnkronos.com\/rotocalco-n-44-del-3-novembre-2021_72E0ubDEWmUwBBRHS9Haly\" target=\"_blank\" rel=\"noopener noreferrer nofollow\"><img decoding=\"async\" class=\"aligncenter\" src=\"https:\/\/www.borsaturismoarcheologico.it\/wp-content\/uploads\/2018\/07\/weblogo.x50452.png\" alt=\"1360704754_pdf\" width=\"20\" height=\"20\" title=\"\"><\/a><\/td>\n<\/tr>\n<tr>\n<td><strong>2 novembre 2021<\/strong><\/td>\n<td><span style=\"color: #ff6600;\"><strong><a style=\"color: #ff6600;\" href=\"https:\/\/travelnostop.com\/sicilia\/beni-culturali\/la-sicilia-protagonista-alla-borsa-mediterranea-del-turismo-archeologico_530520\" target=\"_blank\" rel=\"noopener noreferrer nofollow\">Travelnostop.com<\/a><\/strong><\/span><\/td>\n<td>La Sicilia protagonista alla Borsa Mediterranea del Turismo Archeologico<\/td>\n<td><a title=\"aef\" href=\"https:\/\/travelnostop.com\/sicilia\/beni-culturali\/la-sicilia-protagonista-alla-borsa-mediterranea-del-turismo-archeologico_530520\" target=\"_blank\" rel=\"noopener noreferrer nofollow\"><img decoding=\"async\" class=\"aligncenter\" src=\"https:\/\/www.borsaturismoarcheologico.it\/wp-content\/uploads\/2018\/07\/weblogo.x50452.png\" alt=\"1360704754_pdf\" width=\"20\" height=\"20\" title=\"\"><\/a><\/td>\n<\/tr>\n<tr>\n<td><strong>2 novembre 2021<\/strong><\/td>\n<td><span style=\"color: #ff6600;\"><strong><a style=\"color: #ff6600;\" href=\"https:\/\/www.borsaturismoarcheologico.it\/wp-content\/uploads\/2021\/11\/quotsud_2-11.x50452.pdf\" target=\"_blank\" rel=\"noopener noreferrer\">Il Quotidiano del Sud ed. Salerno<\/a><\/strong><\/span><\/td>\n<td>La Calabria sceglie Paestum per rilanciare i Bronzi di Riace<\/td>\n<td><a title=\"aef\" href=\"https:\/\/www.borsaturismoarcheologico.it\/wp-content\/uploads\/2021\/11\/quotsud_2-11.x50452.pdf\" target=\"_blank\" rel=\"noopener noreferrer\"><img decoding=\"async\" class=\"aligncenter\" src=\"https:\/\/www.borsaturismoarcheologico.it\/wp-content\/uploads\/2013\/01\/1360704754_pdf.x50452.png\" alt=\"1360704754_pdf\" width=\"20\" height=\"20\" title=\"\"><\/a><\/td>\n<\/tr>\n<tr>\n<td><strong>2 novembre 2021<\/strong><\/td>\n<td><span style=\"color: #ff6600;\"><strong><a style=\"color: #ff6600;\" href=\"https:\/\/www.borsaturismoarcheologico.it\/wp-content\/uploads\/2021\/11\/Roma-2-11.x50452.pdf\" target=\"_blank\" rel=\"noopener noreferrer\">Roma<\/a><\/strong><\/span><\/td>\n<td>Gaiola nella rete degli itinerari europei<\/td>\n<td><a title=\"aef\" href=\"https:\/\/www.borsaturismoarcheologico.it\/wp-content\/uploads\/2021\/11\/Roma-2-11.x50452.pdf\" target=\"_blank\" rel=\"noopener noreferrer\"><img decoding=\"async\" class=\"aligncenter\" src=\"https:\/\/www.borsaturismoarcheologico.it\/wp-content\/uploads\/2013\/01\/1360704754_pdf.x50452.png\" alt=\"1360704754_pdf\" width=\"20\" height=\"20\" title=\"\"><\/a><\/td>\n<\/tr>\n<tr>\n<td><strong>novembre 2021<\/strong><\/td>\n<td><span style=\"color: #ff6600;\"><strong><a style=\"color: #ff6600;\" href=\"https:\/\/www.borsaturismoarcheologico.it\/wp-content\/uploads\/2021\/11\/GiornaleArte_11.x50452.pdf\" target=\"_blank\" rel=\"noopener noreferrer\">Il Giornale dell\u2019Arte<\/a><\/strong><\/span><\/td>\n<td>Alla BMTA si parla di turismo nel territorio<\/td>\n<td><a title=\"aef\" href=\"https:\/\/www.borsaturismoarcheologico.it\/wp-content\/uploads\/2021\/11\/GiornaleArte_11.x50452.pdf\" target=\"_blank\" rel=\"noopener noreferrer\"><img decoding=\"async\" class=\"aligncenter\" src=\"https:\/\/www.borsaturismoarcheologico.it\/wp-content\/uploads\/2013\/01\/1360704754_pdf.x50452.png\" alt=\"1360704754_pdf\" width=\"20\" height=\"20\" title=\"\"><\/a><\/td>\n<\/tr>\n<tr>\n<td><strong>novembre 2021<\/strong><\/td>\n<td><span style=\"color: #ff6600;\"><strong><a style=\"color: #ff6600;\" href=\"https:\/\/www.borsaturismoarcheologico.it\/wp-content\/uploads\/2021\/11\/Touring_11.x50452.pdf\" target=\"_blank\" rel=\"noopener noreferrer\">Touring<\/a><\/strong><\/span><\/td>\n<td>Appuntamento a Paestum<\/td>\n<td><a title=\"aef\" href=\"https:\/\/www.borsaturismoarcheologico.it\/wp-content\/uploads\/2021\/11\/Touring_11.x50452.pdf\" target=\"_blank\" rel=\"noopener noreferrer\"><img decoding=\"async\" class=\"aligncenter\" src=\"https:\/\/www.borsaturismoarcheologico.it\/wp-content\/uploads\/2013\/01\/1360704754_pdf.x50452.png\" alt=\"1360704754_pdf\" width=\"20\" height=\"20\" title=\"\"><\/a><\/td>\n<\/tr>\n<tr>\n<td><strong>novembre 2021<\/strong><\/td>\n<td><span style=\"color: #ff6600;\"><strong><a style=\"color: #ff6600;\" href=\"https:\/\/www.borsaturismoarcheologico.it\/wp-content\/uploads\/2021\/11\/Freccia_11.x50452.pdf\" target=\"_blank\" rel=\"noopener noreferrer\">La Freccia<\/a><\/strong><\/span><\/td>\n<td>Un salto nella storia<\/td>\n<td><a title=\"aef\" href=\"https:\/\/www.borsaturismoarcheologico.it\/wp-content\/uploads\/2021\/11\/Freccia_11.x50452.pdf\" target=\"_blank\" rel=\"noopener noreferrer\"><img decoding=\"async\" class=\"aligncenter\" src=\"https:\/\/www.borsaturismoarcheologico.it\/wp-content\/uploads\/2013\/01\/1360704754_pdf.x50452.png\" alt=\"1360704754_pdf\" width=\"20\" height=\"20\" title=\"\"><\/a><\/td>\n<\/tr>\n<tr>\n<td><strong>novembre 2021<\/strong><\/td>\n<td><span style=\"color: #ff6600;\"><strong><a style=\"color: #ff6600;\" href=\"https:\/\/www.borsaturismoarcheologico.it\/wp-content\/uploads\/2021\/10\/Costozero_11.x50452.pdf\" target=\"_blank\" rel=\"noopener noreferrer\">Costozero<\/a><\/strong><\/span><\/td>\n<td>BMTA 2021, a Paestum dal 25 al 28 novembre<\/td>\n<td><a title=\"aef\" href=\"https:\/\/www.borsaturismoarcheologico.it\/wp-content\/uploads\/2021\/10\/Costozero_11.x50452.pdf\" target=\"_blank\" rel=\"noopener noreferrer\"><img decoding=\"async\" class=\"aligncenter\" src=\"https:\/\/www.borsaturismoarcheologico.it\/wp-content\/uploads\/2013\/01\/1360704754_pdf.x50452.png\" alt=\"1360704754_pdf\" width=\"20\" height=\"20\" title=\"\"><\/a><\/td>\n<\/tr>\n<tr>\n<td><strong>29 ottobre 2021<\/strong><\/td>\n<td><span style=\"color: #ff6600;\"><strong><a style=\"color: #ff6600;\" href=\"https:\/\/www.guidaviaggi.it\/2021\/10\/29\/nuova-location-per-la-23-bmta-di-paestum\/\" target=\"_blank\" rel=\"noopener noreferrer nofollow\">GuidaViaggi.it<\/a><\/strong><\/span><\/td>\n<td>Nuova location per la XXIII BMTA di Paestum<\/td>\n<td><a title=\"aef\" href=\"https:\/\/www.guidaviaggi.it\/2021\/10\/29\/nuova-location-per-la-23-bmta-di-paestum\/\" target=\"_blank\" rel=\"noopener noreferrer nofollow\"><img decoding=\"async\" class=\"aligncenter\" src=\"https:\/\/www.borsaturismoarcheologico.it\/wp-content\/uploads\/2018\/07\/weblogo.x50452.png\" alt=\"1360704754_pdf\" width=\"20\" height=\"20\" title=\"\"><\/a><\/td>\n<\/tr>\n<tr>\n<td><strong>29 ottobre 2021<\/strong><\/td>\n<td><span style=\"color: #ff6600;\"><strong><a style=\"color: #ff6600;\" href=\"https:\/\/www.ilmattino.it\/salerno\/paestum_xxiii_borsa_mediterranea_del_turismo_archeologico_dal_25_al_28_novembre_2021-6289226.html\" target=\"_blank\" rel=\"noopener noreferrer nofollow\">IlMattino.it<\/a><\/strong><\/span><\/td>\n<td>Borsa Mediterranea del Turismo Archeologico, il programma dal 25 al 28 novembre 2021<\/td>\n<td><a title=\"aef\" href=\"https:\/\/www.ilmattino.it\/salerno\/paestum_xxiii_borsa_mediterranea_del_turismo_archeologico_dal_25_al_28_novembre_2021-6289226.html\" target=\"_blank\" rel=\"noopener noreferrer nofollow\"><img decoding=\"async\" class=\"aligncenter\" src=\"https:\/\/www.borsaturismoarcheologico.it\/wp-content\/uploads\/2018\/07\/weblogo.x50452.png\" alt=\"1360704754_pdf\" width=\"20\" height=\"20\" title=\"\"><\/a><\/td>\n<\/tr>\n<tr>\n<td><strong>29 ottobre 2021<\/strong><\/td>\n<td><span style=\"color: #ff6600;\"><strong><a style=\"color: #ff6600;\" href=\"http:\/\/www.qaeditoria.it\/details.aspx?idarticle=180514\" target=\"_blank\" rel=\"noopener noreferrer nofollow\">QA Turismo Cultura Arte<\/a><\/strong><\/span><\/td>\n<td>A Paestum dal 25 al 28 novembre la XXIII Borsa Mediterranea del Turismo Archeologico<\/td>\n<td><a title=\"aef\" href=\"http:\/\/www.qaeditoria.it\/details.aspx?idarticle=180514\" target=\"_blank\" rel=\"noopener noreferrer nofollow\"><img decoding=\"async\" class=\"aligncenter\" src=\"https:\/\/www.borsaturismoarcheologico.it\/wp-content\/uploads\/2018\/07\/weblogo.x50452.png\" alt=\"1360704754_pdf\" width=\"20\" height=\"20\" title=\"\"><\/a><\/td>\n<\/tr>\n<tr>\n<td><strong>29 ottobre 2021<\/strong><\/td>\n<td><span style=\"color: #ff6600;\"><strong><a style=\"color: #ff6600;\" href=\"http:\/\/www.qaeditoria.it\/details.aspx?idarticle=180513\" target=\"_blank\" rel=\"noopener noreferrer nofollow\">QA Turismo Cultura Arte<\/a><\/strong><\/span><\/td>\n<td>A Ugo Picarelli il Premio Internazionale Archeoclub d\u2019Italia \u201cSabatino Moscati\u201d<\/td>\n<td><a title=\"aef\" href=\"http:\/\/www.qaeditoria.it\/details.aspx?idarticle=180513\" target=\"_blank\" rel=\"noopener noreferrer nofollow\"><img decoding=\"async\" class=\"aligncenter\" src=\"https:\/\/www.borsaturismoarcheologico.it\/wp-content\/uploads\/2018\/07\/weblogo.x50452.png\" alt=\"1360704754_pdf\" width=\"20\" height=\"20\" title=\"\"><\/a><\/td>\n<\/tr>\n<tr>\n<td><strong>28 ottobre 2021<\/strong><\/td>\n<td><span style=\"color: #ff6600;\"><strong><a style=\"color: #ff6600;\" href=\"https:\/\/gds.it\/articoli\/economia\/2021\/10\/28\/la-sicilia-in-mostra-alla-borsa-mediterranea-del-turismo-archeologico-2a4de3bf-31d8-4c0c-b420-37cc15dee630\/\" target=\"_blank\" rel=\"noopener noreferrer nofollow\">GiornalediSicilia.it<\/a><\/strong><\/span><\/td>\n<td>La Sicilia in mostra alla Borsa Mediterranea del Turismo Archeologico<\/td>\n<td><a title=\"aef\" href=\"https:\/\/gds.it\/articoli\/economia\/2021\/10\/28\/la-sicilia-in-mostra-alla-borsa-mediterranea-del-turismo-archeologico-2a4de3bf-31d8-4c0c-b420-37cc15dee630\/\" target=\"_blank\" rel=\"noopener noreferrer nofollow\"><img decoding=\"async\" class=\"aligncenter\" src=\"https:\/\/www.borsaturismoarcheologico.it\/wp-content\/uploads\/2018\/07\/weblogo.x50452.png\" alt=\"1360704754_pdf\" width=\"20\" height=\"20\" title=\"\"><\/a><\/td>\n<\/tr>\n<tr>\n<td><strong>27 ottobre 2021<\/strong><\/td>\n<td><span style=\"color: #ff6600;\"><strong><a style=\"color: #ff6600;\" href=\"https:\/\/www.borsaturismoarcheologico.it\/wp-content\/uploads\/2021\/10\/citta\u0300_27-10.x50452.pdf\" target=\"_blank\" rel=\"noopener noreferrer\">La Citt\u00e0 di Salerno<\/a><\/strong><\/span><\/td>\n<td>\u201cArcheoclub\u201d premia Picarelli per la sua BMTA<\/td>\n<td><a title=\"aef\" href=\"https:\/\/www.borsaturismoarcheologico.it\/wp-content\/uploads\/2021\/10\/citta\u0300_27-10.x50452.pdf\" target=\"_blank\" rel=\"noopener noreferrer\"><img decoding=\"async\" class=\"aligncenter\" src=\"https:\/\/www.borsaturismoarcheologico.it\/wp-content\/uploads\/2013\/01\/1360704754_pdf.x50452.png\" alt=\"1360704754_pdf\" width=\"20\" height=\"20\" title=\"\"><\/a><\/td>\n<\/tr>\n<tr>\n<td><strong>27 ottobre 2021<\/strong><\/td>\n<td><span style=\"color: #ff6600;\"><strong><a style=\"color: #ff6600;\" href=\"https:\/\/www.borsaturismoarcheologico.it\/wp-content\/uploads\/2021\/10\/corrvit_27-10.x50452.pdf\" target=\"_blank\" rel=\"noopener noreferrer\">Corriere di Viterbo<\/a><\/strong><\/span><\/td>\n<td>La cittadina alla BMTA di Paestum<\/td>\n<td><a title=\"aef\" href=\"https:\/\/www.borsaturismoarcheologico.it\/wp-content\/uploads\/2021\/10\/corrvit_27-10.x50452.pdf\" target=\"_blank\" rel=\"noopener noreferrer\"><img decoding=\"async\" class=\"aligncenter\" src=\"https:\/\/www.borsaturismoarcheologico.it\/wp-content\/uploads\/2013\/01\/1360704754_pdf.x50452.png\" alt=\"1360704754_pdf\" width=\"20\" height=\"20\" title=\"\"><\/a><\/td>\n<\/tr>\n<tr>\n<td><strong>25 ottobre 2021<\/strong><\/td>\n<td><span style=\"color: #ff6600;\"><strong><a style=\"color: #ff6600;\" href=\"https:\/\/italiabsolutely.com\/news\/cities-regions\/item\/201-the-23rd-mediterranean-exchange-of-archaeological-tourism-in-paestum-25-28-november\" target=\"_blank\" rel=\"noopener noreferrer nofollow\">Italiabsolutely.com<\/a><\/strong><\/span><\/td>\n<td>The 23rd Mediterranean Exchange of Archaeological Tourism in Paestum 25-28 November<\/td>\n<td><a title=\"aef\" href=\"https:\/\/italiabsolutely.com\/news\/cities-regions\/item\/201-the-23rd-mediterranean-exchange-of-archaeological-tourism-in-paestum-25-28-november\" target=\"_blank\" rel=\"noopener noreferrer nofollow\"><img decoding=\"async\" class=\"aligncenter\" src=\"https:\/\/www.borsaturismoarcheologico.it\/wp-content\/uploads\/2018\/07\/weblogo.x50452.png\" alt=\"1360704754_pdf\" width=\"20\" height=\"20\" title=\"\"><\/a><\/td>\n<\/tr>\n<tr>\n<td><strong>23 ottobre 2021<\/strong><\/td>\n<td><span style=\"color: #ff6600;\"><strong><a style=\"color: #ff6600;\" href=\"https:\/\/www.borsaturismoarcheologico.it\/wp-content\/uploads\/2021\/10\/matt_23-10.x50452.pdf\" target=\"_blank\" rel=\"noopener noreferrer\">Il Mattino ed. Salerno<\/a><\/strong><\/span><\/td>\n<td>Premio Archeoclub Moscati a Ugo Picarelli<\/td>\n<td><a title=\"aef\" href=\"https:\/\/www.borsaturismoarcheologico.it\/wp-content\/uploads\/2021\/10\/matt_23-10.x50452.pdf\" target=\"_blank\" rel=\"noopener noreferrer\"><img decoding=\"async\" class=\"aligncenter\" src=\"https:\/\/www.borsaturismoarcheologico.it\/wp-content\/uploads\/2013\/01\/1360704754_pdf.x50452.png\" alt=\"1360704754_pdf\" width=\"20\" height=\"20\" title=\"\"><\/a><\/td>\n<\/tr>\n<tr>\n<td><strong>23 ottobre 2021<\/strong><\/td>\n<td><span style=\"color: #ff6600;\"><strong><a style=\"color: #ff6600;\" href=\"https:\/\/www.borsaturismoarcheologico.it\/wp-content\/uploads\/2021\/10\/quotsud_23-10.x50452.pdf\" target=\"_blank\" rel=\"noopener noreferrer\">Il Quotidiano del Sud ed. Salerno<\/a><\/strong><\/span><\/td>\n<td>Premio Archeoclub a Ugo Picarelli<\/td>\n<td><a title=\"aef\" href=\"https:\/\/www.borsaturismoarcheologico.it\/wp-content\/uploads\/2021\/10\/quotsud_23-10.x50452.pdf\" target=\"_blank\" rel=\"noopener noreferrer\"><img decoding=\"async\" class=\"aligncenter\" src=\"https:\/\/www.borsaturismoarcheologico.it\/wp-content\/uploads\/2013\/01\/1360704754_pdf.x50452.png\" alt=\"1360704754_pdf\" width=\"20\" height=\"20\" title=\"\"><\/a><\/td>\n<\/tr>\n<tr>\n<td><strong>23 ottobre 2021<\/strong><\/td>\n<td><span style=\"color: #ff6600;\"><strong><a style=\"color: #ff6600;\" href=\"https:\/\/www.borsaturismoarcheologico.it\/wp-content\/uploads\/2021\/10\/roma_23-10.x50452.pdf\" target=\"_blank\" rel=\"noopener noreferrer\">Roma<\/a><\/strong><\/span><\/td>\n<td>Il Premio Archeoclub Moscati al \u201cpadre\u201d della BMTA<\/td>\n<td><a title=\"aef\" href=\"https:\/\/www.borsaturismoarcheologico.it\/wp-content\/uploads\/2021\/10\/roma_23-10.x50452.pdf\" target=\"_blank\" rel=\"noopener noreferrer\"><img decoding=\"async\" class=\"aligncenter\" src=\"https:\/\/www.borsaturismoarcheologico.it\/wp-content\/uploads\/2013\/01\/1360704754_pdf.x50452.png\" alt=\"1360704754_pdf\" width=\"20\" height=\"20\" title=\"\"><\/a><\/td>\n<\/tr>\n<tr>\n<td><strong>23 ottobre 2021<\/strong><\/td>\n<td><span style=\"color: #ff6600;\"><strong><a style=\"color: #ff6600;\" href=\"https:\/\/www.borsaturismoarcheologico.it\/wp-content\/uploads\/2021\/10\/Cronache_23-10.x50452.pdf\" target=\"_blank\" rel=\"noopener noreferrer\">Le Cronache<\/a><\/strong><\/span><\/td>\n<td>A Ugo Picarelli il Premio Internazionale Archeoclub d\u2019Italia<\/td>\n<td><a title=\"aef\" href=\"https:\/\/www.borsaturismoarcheologico.it\/wp-content\/uploads\/2021\/10\/Cronache_23-10.x50452.pdf\" target=\"_blank\" rel=\"noopener noreferrer\"><img decoding=\"async\" class=\"aligncenter\" src=\"https:\/\/www.borsaturismoarcheologico.it\/wp-content\/uploads\/2013\/01\/1360704754_pdf.x50452.png\" alt=\"1360704754_pdf\" width=\"20\" height=\"20\" title=\"\"><\/a><\/td>\n<\/tr>\n<tr>\n<td><strong>22 ottobre 2021<\/strong><\/td>\n<td><span style=\"color: #ff6600;\"><strong><a style=\"color: #ff6600;\" href=\"https:\/\/napoli.repubblica.it\/cronaca\/2021\/10\/22\/news\/a_ugi_picarelli_il_premio_moscati_dell_archeoclub_d_italia_2021-323389931\/\" target=\"_blank\" rel=\"noopener noreferrer nofollow\">Napoli.Repubblica.it<\/a><\/strong><\/span><\/td>\n<td>A Ugo Picarelli il Premio Moscati dell\u2019Archeoclub d\u2019Italia 2021<\/td>\n<td><a title=\"aef\" href=\"https:\/\/napoli.repubblica.it\/cronaca\/2021\/10\/22\/news\/a_ugi_picarelli_il_premio_moscati_dell_archeoclub_d_italia_2021-323389931\/\" target=\"_blank\" rel=\"noopener noreferrer nofollow\"><img decoding=\"async\" class=\"aligncenter\" src=\"https:\/\/www.borsaturismoarcheologico.it\/wp-content\/uploads\/2018\/07\/weblogo.x50452.png\" alt=\"1360704754_pdf\" width=\"20\" height=\"20\" title=\"\"><\/a><\/td>\n<\/tr>\n<tr>\n<td><strong>22 ottobre 2021<\/strong><\/td>\n<td><span style=\"color: #ff6600;\"><strong><a style=\"color: #ff6600;\" href=\"https:\/\/www.ildenaro.it\/a-ugo-picarelli-il-premio-internazionale-archeoclub-ditalia-sabatino-moscati\/\" target=\"_blank\" rel=\"noopener noreferrer nofollow\">IlDenaro.it<\/a><\/strong><\/span><\/td>\n<td>A Ugo Picarelli il Premio Internazionale Archeoclub d\u2019Italia Sabatino Moscati<\/td>\n<td><a title=\"aef\" href=\"https:\/\/www.ildenaro.it\/a-ugo-picarelli-il-premio-internazionale-archeoclub-ditalia-sabatino-moscati\/\" target=\"_blank\" rel=\"noopener noreferrer nofollow\"><img decoding=\"async\" class=\"aligncenter\" src=\"https:\/\/www.borsaturismoarcheologico.it\/wp-content\/uploads\/2018\/07\/weblogo.x50452.png\" alt=\"1360704754_pdf\" width=\"20\" height=\"20\" title=\"\"><\/a><\/td>\n<\/tr>\n<tr>\n<td><strong>22 ottobre 2021<\/strong><\/td>\n<td><span style=\"color: #ff6600;\"><strong><a style=\"color: #ff6600;\" href=\"https:\/\/www.ilmattino.it\/salerno\/salerno_turismo_archeologico_premio_archeoclub_ugo_picarelli-6274061.html\" target=\"_blank\" rel=\"noopener noreferrer nofollow\">IlMattino.it<\/a><\/strong><\/span><\/td>\n<td>Salerno, turismo archeologico: Premio Archeoclub a Ugo Picarelli<\/td>\n<td><a title=\"aef\" href=\"https:\/\/www.ilmattino.it\/salerno\/salerno_turismo_archeologico_premio_archeoclub_ugo_picarelli-6274061.html\" target=\"_blank\" rel=\"noopener noreferrer nofollow\"><img decoding=\"async\" class=\"aligncenter\" src=\"https:\/\/www.borsaturismoarcheologico.it\/wp-content\/uploads\/2018\/07\/weblogo.x50452.png\" alt=\"1360704754_pdf\" width=\"20\" height=\"20\" title=\"\"><\/a><\/td>\n<\/tr>\n<tr>\n<td><strong>22 ottobre 2021<\/strong><\/td>\n<td><span style=\"color: #ff6600;\"><strong><a style=\"color: #ff6600;\" href=\"https:\/\/www.borsaturismoarcheologico.it\/wp-content\/uploads\/2021\/10\/gazparma_22-10.x50452.pdf\" target=\"_blank\" rel=\"noopener noreferrer\">Gazzetta di Parma<\/a><\/strong><\/span><\/td>\n<td>Paestum Turismo archeologico, \u00abBorsa\u00bb in arrivo<\/td>\n<td><a title=\"aef\" href=\"https:\/\/www.borsaturismoarcheologico.it\/wp-content\/uploads\/2021\/10\/gazparma_22-10.x50452.pdf\" target=\"_blank\" rel=\"noopener noreferrer\"><img decoding=\"async\" class=\"aligncenter\" src=\"https:\/\/www.borsaturismoarcheologico.it\/wp-content\/uploads\/2013\/01\/1360704754_pdf.x50452.png\" alt=\"1360704754_pdf\" width=\"20\" height=\"20\" title=\"\"><\/a><\/td>\n<\/tr>\n<tr>\n<td><strong>22 ottobre 2021<\/strong><\/td>\n<td><span style=\"color: #ff6600;\"><strong><a style=\"color: #ff6600;\" href=\"https:\/\/www.borsaturismoarcheologico.it\/wp-content\/uploads\/2021\/10\/gazsudreggio_22-10.x50452.pdf\" target=\"_blank\" rel=\"noopener noreferrer\">Gazzetta del Sud ed. Reggio Calabria<\/a><\/strong><\/span><\/td>\n<td>Il turismo rilancia dopo la crisi, Metro City punta sul marketing<\/td>\n<td><a title=\"aef\" href=\"https:\/\/www.borsaturismoarcheologico.it\/wp-content\/uploads\/2021\/10\/gazsudreggio_22-10.x50452.pdf\" target=\"_blank\" rel=\"noopener noreferrer\"><img decoding=\"async\" class=\"aligncenter\" src=\"https:\/\/www.borsaturismoarcheologico.it\/wp-content\/uploads\/2013\/01\/1360704754_pdf.x50452.png\" alt=\"1360704754_pdf\" width=\"20\" height=\"20\" title=\"\"><\/a><\/td>\n<\/tr>\n<tr>\n<td><strong>22 ottobre 2021<\/strong><\/td>\n<td><span style=\"color: #ff6600;\"><strong><a style=\"color: #ff6600;\" href=\"https:\/\/www.borsaturismoarcheologico.it\/wp-content\/uploads\/2021\/10\/giocal_22-10.x50452.pdf\" target=\"_blank\" rel=\"noopener noreferrer\">Il Giornale di Calabria<\/a><\/strong><\/span><\/td>\n<td>Presentato il Piano fieristico di Reggio Calabria<\/td>\n<td><a title=\"aef\" href=\"https:\/\/www.borsaturismoarcheologico.it\/wp-content\/uploads\/2021\/10\/giocal_22-10.x50452.pdf\" target=\"_blank\" rel=\"noopener noreferrer\"><img decoding=\"async\" class=\"aligncenter\" src=\"https:\/\/www.borsaturismoarcheologico.it\/wp-content\/uploads\/2013\/01\/1360704754_pdf.x50452.png\" alt=\"1360704754_pdf\" width=\"20\" height=\"20\" title=\"\"><\/a><\/td>\n<\/tr>\n<tr>\n<td><strong>22 ottobre 2021<\/strong><\/td>\n<td><span style=\"color: #ff6600;\"><strong><a style=\"color: #ff6600;\" href=\"https:\/\/travelnostop.com\/campania\/borse-e-fiere\/torna-la-borsa-turismo-archeologico-piu-esperienziale-sostenibile-e-rivolta-al-turismo-di-prossimita_529896\" target=\"_blank\" rel=\"noopener noreferrer nofollow\">Travelnostop.com<\/a><\/strong><\/span><\/td>\n<td>Torna la BMTA, pi\u00f9 esperienziale, sostenibile e rivolta al turismo di prossimit\u00e0<\/td>\n<td><a title=\"aef\" href=\"https:\/\/travelnostop.com\/campania\/borse-e-fiere\/torna-la-borsa-turismo-archeologico-piu-esperienziale-sostenibile-e-rivolta-al-turismo-di-prossimita_529896\" target=\"_blank\" rel=\"noopener noreferrer nofollow\"><img decoding=\"async\" class=\"aligncenter\" src=\"https:\/\/www.borsaturismoarcheologico.it\/wp-content\/uploads\/2018\/07\/weblogo.x50452.png\" alt=\"1360704754_pdf\" width=\"20\" height=\"20\" title=\"\"><\/a><\/td>\n<\/tr>\n<tr>\n<td><strong>21 ottobre 2021<\/strong><\/td>\n<td><span style=\"color: #ff6600;\"><strong><a style=\"color: #ff6600;\" href=\"https:\/\/www.ansa.it\/sito\/notizie\/topnews\/2021\/10\/21\/borsa-turismo-archeologico-a-paestum-dal-25-28-novembre_5fdfa657-fd3d-4427-8b3c-d2ff03aaf3b7.html\" target=\"_blank\" rel=\"noopener noreferrer nofollow\">Ansa.it<\/a><\/strong><\/span><\/td>\n<td>Borsa Mediterranea del Turismo Archeologico a Paestum dal 25-28 novembre<\/td>\n<td><a title=\"aef\" href=\"https:\/\/www.ansa.it\/sito\/notizie\/topnews\/2021\/10\/21\/borsa-turismo-archeologico-a-paestum-dal-25-28-novembre_5fdfa657-fd3d-4427-8b3c-d2ff03aaf3b7.html\" target=\"_blank\" rel=\"noopener noreferrer nofollow\"><img decoding=\"async\" class=\"aligncenter\" src=\"https:\/\/www.borsaturismoarcheologico.it\/wp-content\/uploads\/2018\/07\/weblogo.x50452.png\" alt=\"1360704754_pdf\" width=\"20\" height=\"20\" title=\"\"><\/a><\/td>\n<\/tr>\n<tr>\n<td><strong>21 ottobre 2021<\/strong><\/td>\n<td><span style=\"color: #ff6600;\"><strong><a style=\"color: #ff6600;\" href=\"https:\/\/www.lavocedeltrentino.it\/2021\/10\/21\/il-parco-archeo-natura-di-fiave-alla-borsa-del-turismo-archeologico-di-paestum\/\" target=\"_blank\" rel=\"noopener noreferrer nofollow\">LaVocedelTrentino.it<\/a><\/strong><\/span><\/td>\n<td>Il Parco Archeo Natura di Fiav\u00e9 alla BMTA di Paestum<\/td>\n<td><a title=\"aef\" href=\"https:\/\/www.lavocedeltrentino.it\/2021\/10\/21\/il-parco-archeo-natura-di-fiave-alla-borsa-del-turismo-archeologico-di-paestum\/\" target=\"_blank\" rel=\"noopener noreferrer nofollow\"><img decoding=\"async\" class=\"aligncenter\" src=\"https:\/\/www.borsaturismoarcheologico.it\/wp-content\/uploads\/2018\/07\/weblogo.x50452.png\" alt=\"1360704754_pdf\" width=\"20\" height=\"20\" title=\"\"><\/a><\/td>\n<\/tr>\n<tr>\n<td><strong>19 ottobre 2021<\/strong><\/td>\n<td><span style=\"color: #ff6600;\"><strong><a style=\"color: #ff6600;\" href=\"https:\/\/www.ilfriuli.it\/articolo\/viaggi\/il-fvg-alla-borsa-mediterranea-del-turismo-archeologico-\/11\/253524\" target=\"_blank\" rel=\"noopener noreferrer nofollow\">IlFriuli.it<\/a><\/strong><\/span><\/td>\n<td>Il Fvg alla Borsa Mediterranea del Turismo Archeologico<\/td>\n<td><a title=\"aef\" href=\"https:\/\/www.ilfriuli.it\/articolo\/viaggi\/il-fvg-alla-borsa-mediterranea-del-turismo-archeologico-\/11\/253524\" target=\"_blank\" rel=\"noopener noreferrer nofollow\"><img decoding=\"async\" class=\"aligncenter\" src=\"https:\/\/www.borsaturismoarcheologico.it\/wp-content\/uploads\/2018\/07\/weblogo.x50452.png\" alt=\"1360704754_pdf\" width=\"20\" height=\"20\" title=\"\"><\/a><\/td>\n<\/tr>\n<tr>\n<td><strong>15 ottobre 2021<\/strong><\/td>\n<td><span style=\"color: #ff6600;\"><strong><a style=\"color: #ff6600;\" href=\"https:\/\/www.ilsole24ore.com\/art\/archeologia-subacquea-paestum-progetto-un-itinerario-europeo-AEVzDbm?refresh_ce=1\" target=\"_blank\" rel=\"noopener noreferrer nofollow\">IlSole24ORE.com<\/a><\/strong><\/span><\/td>\n<td>Archeologia subacquea, da Paestum il progetto di un Itinerario europeo<\/td>\n<td><a title=\"aef\" href=\"https:\/\/www.ilsole24ore.com\/art\/archeologia-subacquea-paestum-progetto-un-itinerario-europeo-AEVzDbm?refresh_ce=1\" target=\"_blank\" rel=\"noopener noreferrer nofollow\"><img decoding=\"async\" class=\"aligncenter\" src=\"https:\/\/www.borsaturismoarcheologico.it\/wp-content\/uploads\/2018\/07\/weblogo.x50452.png\" alt=\"1360704754_pdf\" width=\"20\" height=\"20\" title=\"\"><\/a><\/td>\n<\/tr>\n<tr>\n<td><strong>15 ottobre 2021<\/strong><\/td>\n<td><span style=\"color: #ff6600;\"><strong><a style=\"color: #ff6600;\" href=\"https:\/\/www.borsaturismoarcheologico.it\/wp-content\/uploads\/2021\/10\/Sole24-Dorso-Sud-11.x50452.pdf\" target=\"_blank\" rel=\"noopener noreferrer\">Sud de Il Sole 24 ORE<\/a><\/strong><\/span><\/td>\n<td>Archeologia subacquea, da Paestum il progetto di un Itinerario Europeo<\/td>\n<td><a title=\"aef\" href=\"https:\/\/www.borsaturismoarcheologico.it\/wp-content\/uploads\/2021\/10\/Sole24-Dorso-Sud-11.x50452.pdf\" target=\"_blank\" rel=\"noopener noreferrer\"><img decoding=\"async\" class=\"aligncenter\" src=\"https:\/\/www.borsaturismoarcheologico.it\/wp-content\/uploads\/2013\/01\/1360704754_pdf.x50452.png\" alt=\"1360704754_pdf\" width=\"20\" height=\"20\" title=\"\"><\/a><\/td>\n<\/tr>\n<tr>\n<td><strong>15 ottobre 2021<\/strong><\/td>\n<td><span style=\"color: #ff6600;\"><strong><a style=\"color: #ff6600;\" href=\"https:\/\/www.borsaturismoarcheologico.it\/wp-content\/uploads\/2021\/10\/Sole24-Dorso-Sud-111.x50452.pdf\" target=\"_blank\" rel=\"noopener noreferrer\">Sud de Il Sole 24 ORE<\/a><\/strong><\/span><\/td>\n<td>Da Baia sommersa un nuovo Itinerario Europeo<\/td>\n<td><a title=\"aef\" href=\"https:\/\/www.borsaturismoarcheologico.it\/wp-content\/uploads\/2021\/10\/Sole24-Dorso-Sud-111.x50452.pdf\" target=\"_blank\" rel=\"noopener noreferrer\"><img decoding=\"async\" class=\"aligncenter\" src=\"https:\/\/www.borsaturismoarcheologico.it\/wp-content\/uploads\/2013\/01\/1360704754_pdf.x50452.png\" alt=\"1360704754_pdf\" width=\"20\" height=\"20\" title=\"\"><\/a><\/td>\n<\/tr>\n<tr>\n<td><strong>10 ottobre 2021<\/strong><\/td>\n<td><span style=\"color: #ff6600;\"><strong><a style=\"color: #ff6600;\" href=\"https:\/\/www.borsaturismoarcheologico.it\/wp-content\/uploads\/2021\/10\/gazsud-10-10.x50452.pdf\" target=\"_blank\" rel=\"noopener noreferrer\">Gazzetta del Sud<\/a><\/strong><\/span><\/td>\n<td>Da quegli azzurri fondali riemerge la Storia<\/td>\n<td><a title=\"aef\" href=\"https:\/\/www.borsaturismoarcheologico.it\/wp-content\/uploads\/2021\/10\/gazsud-10-10.x50452.pdf\" target=\"_blank\" rel=\"noopener noreferrer\"><img decoding=\"async\" class=\"aligncenter\" src=\"https:\/\/www.borsaturismoarcheologico.it\/wp-content\/uploads\/2013\/01\/1360704754_pdf.x50452.png\" alt=\"1360704754_pdf\" width=\"20\" height=\"20\" title=\"\"><\/a><\/td>\n<\/tr>\n<tr>\n<td><strong>9 ottobre 2021<\/strong><\/td>\n<td><span style=\"color: #ff6600;\"><strong><a style=\"color: #ff6600;\" href=\"https:\/\/qds.it\/archeologia-subacquea-a-naxos-tra-tecnologia-e-scienza\/\" target=\"_blank\" rel=\"noopener noreferrer nofollow\">QuotidianodiSicilia.it<\/a><\/strong><\/span><\/td>\n<td>Archeologia subacquea a Naxos tra tecnologia e scienza<\/td>\n<td><a title=\"aef\" href=\"https:\/\/qds.it\/archeologia-subacquea-a-naxos-tra-tecnologia-e-scienza\/\" target=\"_blank\" rel=\"noopener noreferrer nofollow\"><img decoding=\"async\" class=\"aligncenter\" src=\"https:\/\/www.borsaturismoarcheologico.it\/wp-content\/uploads\/2018\/07\/weblogo.x50452.png\" alt=\"1360704754_pdf\" width=\"20\" height=\"20\" title=\"\"><\/a><\/td>\n<\/tr>\n<tr>\n<td><strong>7 ottobre 2021<\/strong><\/td>\n<td><span style=\"color: #ff6600;\"><strong><a style=\"color: #ff6600;\" href=\"https:\/\/qds.it\/archeologia-subacquea-a-giardini-la-rassegna-internazionale\/?refresh_ce\" target=\"_blank\" rel=\"noopener noreferrer nofollow\">QuotidianodiSicilia.it<\/a><\/strong><\/span><\/td>\n<td>Archeologia subacquea, a Giardini la Rassegna internazionale<\/td>\n<td><a title=\"aef\" href=\"https:\/\/qds.it\/archeologia-subacquea-a-giardini-la-rassegna-internazionale\/?refresh_ce\" target=\"_blank\" rel=\"noopener noreferrer nofollow\"><img decoding=\"async\" class=\"aligncenter\" src=\"https:\/\/www.borsaturismoarcheologico.it\/wp-content\/uploads\/2018\/07\/weblogo.x50452.png\" alt=\"1360704754_pdf\" width=\"20\" height=\"20\" title=\"\"><\/a><\/td>\n<\/tr>\n<tr>\n<td><strong>7 ottobre 2021<\/strong><\/td>\n<td><span style=\"color: #ff6600;\"><strong><a style=\"color: #ff6600;\" href=\"https:\/\/www.borsaturismoarcheologico.it\/wp-content\/uploads\/2021\/10\/citta\u0300-7-10.x50452.pdf\" target=\"_blank\" rel=\"noopener noreferrer\">La Citt\u00e0 di Salerno<\/a><\/strong><\/span><\/td>\n<td>Slancio agli operatori turistici coi progetti di Milano-Bicocca<\/td>\n<td><a title=\"aef\" href=\"https:\/\/www.borsaturismoarcheologico.it\/wp-content\/uploads\/2021\/10\/citta\u0300-7-10.x50452.pdf\" target=\"_blank\" rel=\"noopener noreferrer\"><img decoding=\"async\" class=\"aligncenter\" src=\"https:\/\/www.borsaturismoarcheologico.it\/wp-content\/uploads\/2013\/01\/1360704754_pdf.x50452.png\" alt=\"1360704754_pdf\" width=\"20\" height=\"20\" title=\"\"><\/a><\/td>\n<\/tr>\n<tr>\n<td><strong>6 ottobre 2021<\/strong><\/td>\n<td><span style=\"color: #ff6600;\"><strong><a style=\"color: #ff6600;\" href=\"https:\/\/www.borsaturismoarcheologico.it\/wp-content\/uploads\/2021\/10\/mattino-6-10.x50452.pdf\" target=\"_blank\" rel=\"noopener noreferrer\">Il Mattino ed. Salerno<\/a><\/strong><\/span><\/td>\n<td>Destinazione Paestum, project work su turismo ed ecosostenibilit\u00e0 con Universit\u00e0 Bicocca e BMTA<\/td>\n<td><a title=\"aef\" href=\"https:\/\/www.borsaturismoarcheologico.it\/wp-content\/uploads\/2021\/10\/mattino-6-10.x50452.pdf\" target=\"_blank\" rel=\"noopener noreferrer\"><img decoding=\"async\" class=\"aligncenter\" src=\"https:\/\/www.borsaturismoarcheologico.it\/wp-content\/uploads\/2013\/01\/1360704754_pdf.x50452.png\" alt=\"1360704754_pdf\" width=\"20\" height=\"20\" title=\"\"><\/a><\/td>\n<\/tr>\n<tr>\n<td><strong>6 ottobre 2021<\/strong><\/td>\n<td><span style=\"color: #ff6600;\"><strong><a style=\"color: #ff6600;\" href=\"https:\/\/www.borsaturismoarcheologico.it\/wp-content\/uploads\/2021\/10\/cronache-6-10.x50452.pdf\" target=\"_blank\" rel=\"noopener noreferrer\">Le Cronache<\/a><\/strong><\/span><\/td>\n<td>I progetti realizzati dall\u2019Universit\u00e0 Bicocca per la promozione di Capaccio Paestum<\/td>\n<td><a title=\"aef\" href=\"https:\/\/www.borsaturismoarcheologico.it\/wp-content\/uploads\/2021\/10\/cronache-6-10.x50452.pdf\" target=\"_blank\" rel=\"noopener noreferrer\"><img decoding=\"async\" class=\"aligncenter\" src=\"https:\/\/www.borsaturismoarcheologico.it\/wp-content\/uploads\/2013\/01\/1360704754_pdf.x50452.png\" alt=\"1360704754_pdf\" width=\"20\" height=\"20\" title=\"\"><\/a><\/td>\n<\/tr>\n<tr>\n<td><strong>5 ottobre 2021<\/strong><\/td>\n<td><span style=\"color: #ff6600;\"><strong><a style=\"color: #ff6600;\" href=\"https:\/\/www.borsaturismoarcheologico.it\/wp-content\/uploads\/2021\/10\/roma-5-10.x50452.pdf\" target=\"_blank\" rel=\"noopener noreferrer\">Roma<\/a><\/strong><\/span><\/td>\n<td>Da un\u2019idea della BMTA l\u2019Universit\u00e0 Bicocca lancia 4 progetti per promuovere Capaccio Paestum<\/td>\n<td><a title=\"aef\" href=\"https:\/\/www.borsaturismoarcheologico.it\/wp-content\/uploads\/2021\/10\/roma-5-10.x50452.pdf\" target=\"_blank\" rel=\"noopener noreferrer\"><img decoding=\"async\" class=\"aligncenter\" src=\"https:\/\/www.borsaturismoarcheologico.it\/wp-content\/uploads\/2013\/01\/1360704754_pdf.x50452.png\" alt=\"1360704754_pdf\" width=\"20\" height=\"20\" title=\"\"><\/a><\/td>\n<\/tr>\n<tr>\n<td><strong>5 ottobre 2021<\/strong><\/td>\n<td><span style=\"color: #ff6600;\"><strong><a style=\"color: #ff6600;\" href=\"https:\/\/www.borsaturismoarcheologico.it\/wp-content\/uploads\/2021\/10\/cronache-5-10.x50452.pdf\" target=\"_blank\" rel=\"noopener noreferrer\">Le Cronache<\/a><\/strong><\/span><\/td>\n<td>La Bicocca promuove la destinazione turistica Capaccio Paestum grazie alla BMTA<\/td>\n<td><a title=\"aef\" href=\"https:\/\/www.borsaturismoarcheologico.it\/wp-content\/uploads\/2021\/10\/cronache-5-10.x50452.pdf\" target=\"_blank\" rel=\"noopener noreferrer\"><img decoding=\"async\" class=\"aligncenter\" src=\"https:\/\/www.borsaturismoarcheologico.it\/wp-content\/uploads\/2013\/01\/1360704754_pdf.x50452.png\" alt=\"1360704754_pdf\" width=\"20\" height=\"20\" title=\"\"><\/a><\/td>\n<\/tr>\n<tr>\n<td><strong>4 ottobre 2021<\/strong><\/td>\n<td><span style=\"color: #ff6600;\"><strong><a style=\"color: #ff6600;\" href=\"https:\/\/www.lagenziadiviaggi.it\/bmta-appuntamento-a-paestum-dal-25-al-28-novembre\/\" target=\"_blank\" rel=\"noopener noreferrer nofollow\">L\u2019AgenziadiViaggi.it<\/a><\/strong><\/span><\/td>\n<td>BMTA, appuntamento a Paestum dal 25 al 28 novembre<\/td>\n<td><a title=\"aef\" href=\"https:\/\/www.lagenziadiviaggi.it\/bmta-appuntamento-a-paestum-dal-25-al-28-novembre\/\" target=\"_blank\" rel=\"noopener noreferrer nofollow\"><img decoding=\"async\" class=\"aligncenter\" src=\"https:\/\/www.borsaturismoarcheologico.it\/wp-content\/uploads\/2018\/07\/weblogo.x50452.png\" alt=\"1360704754_pdf\" width=\"20\" height=\"20\" title=\"\"><\/a><\/td>\n<\/tr>\n<tr>\n<td><strong>4 ottobre 2021<\/strong><\/td>\n<td><span style=\"color: #ff6600;\"><strong><a style=\"color: #ff6600;\" href=\"http:\/\/www.qaeditoria.it\/details.aspx?idarticle=170429\" target=\"_blank\" rel=\"noopener noreferrer nofollow\">QA Turismo Cultura Arte<\/a><\/strong><\/span><\/td>\n<td>Alla scoperta di \u201ccentinaia di sarcofagi nella necropoli di Saqqara in Egitto\u201d assegnato l\u2019International Archaeological Discovery Award \u201cKhaled al-Asaad\u201d<\/td>\n<td><a title=\"aef\" href=\"http:\/\/www.qaeditoria.it\/details.aspx?idarticle=170429\/\" target=\"_blank\" rel=\"noopener noreferrer nofollow\"><img decoding=\"async\" class=\"aligncenter\" src=\"https:\/\/www.borsaturismoarcheologico.it\/wp-content\/uploads\/2018\/07\/weblogo.x50452.png\" alt=\"1360704754_pdf\" width=\"20\" height=\"20\" title=\"\"><\/a><\/td>\n<\/tr>\n<tr>\n<td><strong>2 ottobre 2021<\/strong><\/td>\n<td><span style=\"color: #ff6600;\"><strong><a style=\"color: #ff6600;\" href=\"https:\/\/napoli.repubblica.it\/cronaca\/2021\/10\/02\/news\/paestum-320370016\/\" target=\"_blank\" rel=\"noopener noreferrer nofollow\">Napoli.Repubblica.it<\/a><\/strong><\/span><\/td>\n<td>Paestum, il Premio della BMTA va all\u2019Egitto<\/td>\n<td><a title=\"aef\" href=\"https:\/\/napoli.repubblica.it\/cronaca\/2021\/10\/02\/news\/paestum-320370016\/\" target=\"_blank\" rel=\"noopener noreferrer nofollow\"><img decoding=\"async\" class=\"aligncenter\" src=\"https:\/\/www.borsaturismoarcheologico.it\/wp-content\/uploads\/2018\/07\/weblogo.x50452.png\" alt=\"1360704754_pdf\" width=\"20\" height=\"20\" title=\"\"><\/a><\/td>\n<\/tr>\n<tr>\n<td><strong>1 ottobre 2021<\/strong><\/td>\n<td><span style=\"color: #ff6600;\"><strong><a style=\"color: #ff6600;\" href=\"https:\/\/travelnostop.com\/campania\/beni-culturali\/i-sarcofagi-nella-necropoli-di-saqqara-in-egitto-premiate-alla-bmta_528314\" target=\"_blank\" rel=\"noopener noreferrer nofollow\">Travelnostop.com<\/a><\/strong><\/span><\/td>\n<td>\u2018I sarcofagi nella necropoli di Saqqara in Egitto\u2019 premiati alla BMTA<\/td>\n<td><a title=\"aef\" href=\"https:\/\/travelnostop.com\/campania\/beni-culturali\/i-sarcofagi-nella-necropoli-di-saqqara-in-egitto-premiate-alla-bmta_528314\" target=\"_blank\" rel=\"noopener noreferrer nofollow\"><img decoding=\"async\" class=\"aligncenter\" src=\"https:\/\/www.borsaturismoarcheologico.it\/wp-content\/uploads\/2018\/07\/weblogo.x50452.png\" alt=\"1360704754_pdf\" width=\"20\" height=\"20\" title=\"\"><\/a><\/td>\n<\/tr>\n<tr>\n<td><strong>1 ottobre 2021<\/strong><\/td>\n<td><span style=\"color: #ff6600;\"><strong><a style=\"color: #ff6600;\" href=\"https:\/\/sicilia.gazzettadelsud.it\/foto\/cultura\/2021\/10\/01\/linea-blu-alla-scoperta-di-naxos-e-isola-bella-e-dal-7-ottobre-la-rassegna-internazionale-archeologia-subacquea-a7f005bf-fa2a-4378-9682-5ec5a8ba70f0\/\" target=\"_blank\" rel=\"noopener noreferrer nofollow\">Sicilia.GazzettadelSud.it<\/a><\/strong><\/span><\/td>\n<td>\u201cLinea Blu\u201d alla scoperta di Naxos e Isola Bella. E dal 7 ottobre la Rassegna Internazionale di Archeologia Subacquea<\/td>\n<td><a title=\"aef\" href=\"https:\/\/sicilia.gazzettadelsud.it\/foto\/cultura\/2021\/10\/01\/linea-blu-alla-scoperta-di-naxos-e-isola-bella-e-dal-7-ottobre-la-rassegna-internazionale-archeologia-subacquea-a7f005bf-fa2a-4378-9682-5ec5a8ba70f0\/\" target=\"_blank\" rel=\"noopener noreferrer nofollow\"><img decoding=\"async\" class=\"aligncenter\" src=\"https:\/\/www.borsaturismoarcheologico.it\/wp-content\/uploads\/2018\/07\/weblogo.x50452.png\" alt=\"1360704754_pdf\" width=\"20\" height=\"20\" title=\"\"><\/a><\/td>\n<\/tr>\n<tr>\n<td><strong>1 ottobre 2021<\/strong><\/td>\n<td><span style=\"color: #ff6600;\"><strong><a style=\"color: #ff6600;\" href=\"https:\/\/www.borsaturismoarcheologico.it\/wp-content\/uploads\/2021\/10\/Sicilia-1-10.x50452.pdf\" target=\"_blank\" rel=\"noopener noreferrer\">La Sicilia<\/a><\/strong><\/span><\/td>\n<td>Studiosi da tutto il mondo per la rassegna internazionale di Archeologia subacquea<\/td>\n<td><a title=\"aef\" href=\"https:\/\/www.borsaturismoarcheologico.it\/wp-content\/uploads\/2021\/10\/Sicilia-1-10.x50452.pdf\" target=\"_blank\" rel=\"noopener noreferrer\"><img decoding=\"async\" class=\"aligncenter\" src=\"https:\/\/www.borsaturismoarcheologico.it\/wp-content\/uploads\/2013\/01\/1360704754_pdf.x50452.png\" alt=\"1360704754_pdf\" width=\"20\" height=\"20\" title=\"\"><\/a><\/td>\n<\/tr>\n<tr>\n<td><strong>1 ottobre 2021<\/strong><\/td>\n<td><span style=\"color: #ff6600;\"><strong><a style=\"color: #ff6600;\" href=\"https:\/\/www.borsaturismoarcheologico.it\/wp-content\/uploads\/2021\/10\/Sicilia-1-10-IADA.x50452.pdf\" target=\"_blank\" rel=\"noopener noreferrer\">La Sicilia<\/a><\/strong><\/span><\/td>\n<td>Sarcofagi di Saqqara miglior scoperta per il Premio della BMTA<\/td>\n<td><a title=\"aef\" href=\"https:\/\/www.borsaturismoarcheologico.it\/wp-content\/uploads\/2021\/10\/Sicilia-1-10-IADA.x50452.pdf\" target=\"_blank\" rel=\"noopener noreferrer\"><img decoding=\"async\" class=\"aligncenter\" src=\"https:\/\/www.borsaturismoarcheologico.it\/wp-content\/uploads\/2013\/01\/1360704754_pdf.x50452.png\" alt=\"1360704754_pdf\" width=\"20\" height=\"20\" title=\"\"><\/a><\/td>\n<\/tr>\n<tr>\n<td><strong>1 ottobre 2021<\/strong><\/td>\n<td><span style=\"color: #ff6600;\"><strong><a style=\"color: #ff6600;\" href=\"https:\/\/www.borsaturismoarcheologico.it\/wp-content\/uploads\/2021\/10\/QuotSud-1-10.x50452.pdf\" target=\"_blank\" rel=\"noopener noreferrer\">Quotidiano del Sud ed. Salerno<\/a><\/strong><\/span><\/td>\n<td>BMTA e Archeo, Premio ai sarcofagi di Saqqara<\/td>\n<td><a title=\"aef\" href=\"https:\/\/www.borsaturismoarcheologico.it\/wp-content\/uploads\/2021\/10\/QuotSud-1-10.x50452.pdf\" target=\"_blank\" rel=\"noopener noreferrer\"><img decoding=\"async\" class=\"aligncenter\" src=\"https:\/\/www.borsaturismoarcheologico.it\/wp-content\/uploads\/2013\/01\/1360704754_pdf.x50452.png\" alt=\"1360704754_pdf\" width=\"20\" height=\"20\" title=\"\"><\/a><\/td>\n<\/tr>\n<tr>\n<td><strong>1 ottobre 2021<\/strong><\/td>\n<td><span style=\"color: #ff6600;\"><strong><a style=\"color: #ff6600;\" href=\"https:\/\/www.borsaturismoarcheologico.it\/wp-content\/uploads\/2021\/10\/Roma-1-10.x50452.pdf\" target=\"_blank\" rel=\"noopener noreferrer\">Roma<\/a><\/strong><\/span><\/td>\n<td>Il premio internazionale di archeologia ai sarcofagi di Saqqara<\/td>\n<td><a title=\"aef\" href=\"https:\/\/www.borsaturismoarcheologico.it\/wp-content\/uploads\/2021\/10\/Roma-1-10.x50452.pdf\" target=\"_blank\" rel=\"noopener noreferrer\"><img decoding=\"async\" class=\"aligncenter\" src=\"https:\/\/www.borsaturismoarcheologico.it\/wp-content\/uploads\/2013\/01\/1360704754_pdf.x50452.png\" alt=\"1360704754_pdf\" width=\"20\" height=\"20\" title=\"\"><\/a><\/td>\n<\/tr>\n<tr>\n<td><strong>1 ottobre 2021<\/strong><\/td>\n<td><span style=\"color: #ff6600;\"><strong><a style=\"color: #ff6600;\" href=\"https:\/\/www.borsaturismoarcheologico.it\/wp-content\/uploads\/2021\/10\/Cronache-1-10.x50452.pdf\" target=\"_blank\" rel=\"noopener noreferrer\">Le Cronache<\/a><\/strong><\/span><\/td>\n<td>Alla scoperta di centinaia di sarcofagi nella necropoli di Saqqara il Premio Khaled al-Asaad<\/td>\n<td><a title=\"aef\" href=\"https:\/\/www.borsaturismoarcheologico.it\/wp-content\/uploads\/2021\/10\/Cronache-1-10.x50452.pdf\" target=\"_blank\" rel=\"noopener noreferrer\"><img decoding=\"async\" class=\"aligncenter\" src=\"https:\/\/www.borsaturismoarcheologico.it\/wp-content\/uploads\/2013\/01\/1360704754_pdf.x50452.png\" alt=\"1360704754_pdf\" width=\"20\" height=\"20\" title=\"\"><\/a><\/td>\n<\/tr>\n<tr>\n<td><strong>ottobre 2021<\/strong><\/td>\n<td><span style=\"color: #ff6600;\"><strong><a style=\"color: #ff6600;\" href=\"https:\/\/www.borsaturismoarcheologico.it\/wp-content\/uploads\/2021\/10\/Touring_10.x50452.pdf\" target=\"_blank\" rel=\"noopener noreferrer\">Touring<\/a><\/strong><\/span><\/td>\n<td>Dal 25 al 28 novembre l\u2019appuntamento con la Borsa del Turismo Archeologico a Paestum<\/td>\n<td><a title=\"aef\" href=\"https:\/\/www.borsaturismoarcheologico.it\/wp-content\/uploads\/2021\/10\/Touring_10.x50452.pdf\" target=\"_blank\" rel=\"noopener noreferrer\"><img decoding=\"async\" class=\"aligncenter\" src=\"https:\/\/www.borsaturismoarcheologico.it\/wp-content\/uploads\/2013\/01\/1360704754_pdf.x50452.png\" alt=\"1360704754_pdf\" width=\"20\" height=\"20\" title=\"\"><\/a><\/td>\n<\/tr>\n<tr>\n<td><strong>ottobre 2021<\/strong><\/td>\n<td><span style=\"color: #ff6600;\"><strong><a style=\"color: #ff6600;\" href=\"https:\/\/www.borsaturismoarcheologico.it\/wp-content\/uploads\/2021\/10\/Archeo-10.x50452.pdf\" target=\"_blank\" rel=\"noopener noreferrer\">Archeo<\/a><\/strong><\/span><\/td>\n<td>Interazioni vincenti<\/td>\n<td><a title=\"aef\" href=\"https:\/\/www.borsaturismoarcheologico.it\/wp-content\/uploads\/2021\/10\/Archeo-10.x50452.pdf\" target=\"_blank\" rel=\"noopener noreferrer\"><img decoding=\"async\" class=\"aligncenter\" src=\"https:\/\/www.borsaturismoarcheologico.it\/wp-content\/uploads\/2013\/01\/1360704754_pdf.x50452.png\" alt=\"1360704754_pdf\" width=\"20\" height=\"20\" title=\"\"><\/a><\/td>\n<\/tr>\n<tr>\n<td><strong>ottobre 2021<\/strong><\/td>\n<td><span style=\"color: #ff6600;\"><strong><a style=\"color: #ff6600;\" href=\"https:\/\/www.borsaturismoarcheologico.it\/wp-content\/uploads\/2021\/10\/Medioevo-10.x50452.pdf\" target=\"_blank\" rel=\"noopener noreferrer\">Medioevo<\/a><\/strong><\/span><\/td>\n<td>La fruizione virtuale: una risorsa preziosa<\/td>\n<td><a title=\"aef\" href=\"https:\/\/www.borsaturismoarcheologico.it\/wp-content\/uploads\/2021\/10\/Medioevo-10.x50452.pdf\" target=\"_blank\" rel=\"noopener noreferrer\"><img decoding=\"async\" class=\"aligncenter\" src=\"https:\/\/www.borsaturismoarcheologico.it\/wp-content\/uploads\/2013\/01\/1360704754_pdf.x50452.png\" alt=\"1360704754_pdf\" width=\"20\" height=\"20\" title=\"\"><\/a><\/td>\n<\/tr>\n<tr>\n<td><strong>30 settembre 2021<\/strong><\/td>\n<td><span style=\"color: #ff6600;\"><strong><a style=\"color: #ff6600;\" href=\"https:\/\/www.affaritaliani.it\/culturaspettacoli\/egitto-i-sarcofagi-di-saqqara-vincono-il-premio-per-l-archeologia-760021.html?refresh_ce\" target=\"_blank\" rel=\"noopener noreferrer nofollow\">Affaritaliani.it<\/a><\/strong><\/span><\/td>\n<td>Egitto, i sarcofagi di Saqqara vincono il premio per l\u2019archeologia<\/td>\n<td><a title=\"aef\" href=\"https:\/\/www.affaritaliani.it\/culturaspettacoli\/egitto-i-sarcofagi-di-saqqara-vincono-il-premio-per-l-archeologia-760021.html?refresh_ce\" target=\"_blank\" rel=\"noopener noreferrer nofollow\"><img decoding=\"async\" class=\"aligncenter\" src=\"https:\/\/www.borsaturismoarcheologico.it\/wp-content\/uploads\/2018\/07\/weblogo.x50452.png\" alt=\"1360704754_pdf\" width=\"20\" height=\"20\" title=\"\"><\/a><\/td>\n<\/tr>\n<tr>\n<td><strong>30 settembre 2021<\/strong><\/td>\n<td><span style=\"color: #ff6600;\"><strong><a style=\"color: #ff6600;\" href=\"https:\/\/www.ansa.it\/sito\/notizie\/cultura\/arte\/2021\/09\/30\/ai-sarcofagi-di-saqqara-il-premio-bmta-miglior-scoperta-2020_b9973de4-78a7-471a-99c4-6aafc4a7c09a.html\" target=\"_blank\" rel=\"noopener noreferrer nofollow\">Ansa.it<\/a><\/strong><\/span><\/td>\n<td>Ai sarcofagi di Saqqara il Premio BMTA miglior scoperta 2020<\/td>\n<td><a title=\"aef\" href=\"https:\/\/www.ansa.it\/sito\/notizie\/cultura\/arte\/2021\/09\/30\/ai-sarcofagi-di-saqqara-il-premio-bmta-miglior-scoperta-2020_b9973de4-78a7-471a-99c4-6aafc4a7c09a.html\" target=\"_blank\" rel=\"noopener noreferrer nofollow\"><img decoding=\"async\" class=\"aligncenter\" src=\"https:\/\/www.borsaturismoarcheologico.it\/wp-content\/uploads\/2018\/07\/weblogo.x50452.png\" alt=\"1360704754_pdf\" width=\"20\" height=\"20\" title=\"\"><\/a><\/td>\n<\/tr>\n<tr>\n<td><strong>30 settembre 2021<\/strong><\/td>\n<td><span style=\"color: #ff6600;\"><strong><a style=\"color: #ff6600;\" href=\"https:\/\/www.ilmattino.it\/salerno\/premio_khaled_al_asaad_paestum_2021-6228552.html\" target=\"_blank\" rel=\"noopener noreferrer nofollow\">IlMattino.it<\/a><\/strong><\/span><\/td>\n<td>International Archaeological Discovery Award, Paestum premia \u200bMostafa Waziry<\/td>\n<td><a title=\"aef\" href=\"https:\/\/www.ilmattino.it\/salerno\/premio_khaled_al_asaad_paestum_2021-6228552.html\" target=\"_blank\" rel=\"noopener noreferrer nofollow\"><img decoding=\"async\" class=\"aligncenter\" src=\"https:\/\/www.borsaturismoarcheologico.it\/wp-content\/uploads\/2018\/07\/weblogo.x50452.png\" alt=\"1360704754_pdf\" width=\"20\" height=\"20\" title=\"\"><\/a><\/td>\n<\/tr>\n<tr>\n<td><strong>30 settembre 2021<\/strong><\/td>\n<td><span style=\"color: #ff6600;\"><strong><a style=\"color: #ff6600;\" href=\"https:\/\/agcult.it\/a\/45400\/2021-09-30\/archeologia-premio-khaled-al-asaad-a-scoperta-necropoli-saqqara\" target=\"_blank\" rel=\"noopener noreferrer nofollow\">AgCult.it<\/a><\/strong><\/span><\/td>\n<td>Archeologia, premio \u201cKhaled al-Asaad\u201d a scoperta necropoli Saqqara<\/td>\n<td><a title=\"aef\" href=\"https:\/\/agcult.it\/a\/45400\/2021-09-30\/archeologia-premio-khaled-al-asaad-a-scoperta-necropoli-saqqara\" target=\"_blank\" rel=\"noopener noreferrer nofollow\"><img decoding=\"async\" class=\"aligncenter\" src=\"https:\/\/www.borsaturismoarcheologico.it\/wp-content\/uploads\/2018\/07\/weblogo.x50452.png\" alt=\"1360704754_pdf\" width=\"20\" height=\"20\" title=\"\"><\/a><\/td>\n<\/tr>\n<tr>\n<td><strong>17 settembre 2021<\/strong><\/td>\n<td><span style=\"color: #ff6600;\"><strong><a style=\"color: #ff6600;\" href=\"https:\/\/www.elementplus.it\/intervista\/ugo-picarelli-direttore-della-borsa-mediterranea-del-turismo-archeologico\/\" target=\"_blank\" rel=\"noopener noreferrer nofollow\">GSE Element+<\/a><\/strong><\/span><\/td>\n<td>\u201cPromuovere un turismo sostenibile che valorizzi i territori\u201d: intervista al Direttore Ugo Picarelli<\/td>\n<td><a title=\"aef\" href=\"https:\/\/www.elementplus.it\/intervista\/ugo-picarelli-direttore-della-borsa-mediterranea-del-turismo-archeologico\/\" target=\"_blank\" rel=\"noopener noreferrer nofollow\"><img decoding=\"async\" class=\"aligncenter\" src=\"https:\/\/www.borsaturismoarcheologico.it\/wp-content\/uploads\/2018\/07\/weblogo.x50452.png\" alt=\"1360704754_pdf\" width=\"20\" height=\"20\" title=\"\"><\/a><\/td>\n<\/tr>\n<tr>\n<td><strong>6 settembre 2021<\/strong><\/td>\n<td><span style=\"color: #ff6600;\"><strong><a style=\"color: #ff6600;\" href=\"https:\/\/mediterraneoantico.it\/articoli\/news\/bmta-le-ultime-scoperte-a-pompei-candidate-allinternational-archaeological-discovery-award-2021\/?fbclid=IwAR2OmQ4MvNa8DlzWJq1__wM5x1a_frdtYWdKfPTuDRgNxPRw-F9Ic3GGbgs\" target=\"_blank\" rel=\"noopener noreferrer nofollow\">MediterraneoAntico.it<\/a><\/strong><\/span><\/td>\n<td>Le ultime scoperte a Pompei candidate all\u2019International Archaeological Discovery Award 2021<\/td>\n<td><a title=\"aef\" href=\"https:\/\/mediterraneoantico.it\/articoli\/news\/bmta-le-ultime-scoperte-a-pompei-candidate-allinternational-archaeological-discovery-award-2021\/?fbclid=IwAR2OmQ4MvNa8DlzWJq1__wM5x1a_frdtYWdKfPTuDRgNxPRw-F9Ic3GGbgs\" target=\"_blank\" rel=\"noopener noreferrer nofollow\"><img decoding=\"async\" class=\"aligncenter\" src=\"https:\/\/www.borsaturismoarcheologico.it\/wp-content\/uploads\/2018\/07\/weblogo.x50452.png\" alt=\"1360704754_pdf\" width=\"20\" height=\"20\" title=\"\"><\/a><\/td>\n<\/tr>\n<tr>\n<td><strong>1 settembre 2021<\/strong><\/td>\n<td><span style=\"color: #ff6600;\"><strong><a style=\"color: #ff6600;\" href=\"https:\/\/wsimag.com\/it\/cultura\/66740-la-xxiii-edizione-della-bmta\" target=\"_blank\" rel=\"noopener noreferrer nofollow\">Wall Street International Magazine<\/a><\/strong><\/span><\/td>\n<td>La XXIII edizione della BMTA dal 25\u2009al\u200928 novembre 2021 presso l\u2019Ex Tabacchificio Cafasso<\/td>\n<td><a title=\"aef\" href=\"https:\/\/wsimag.com\/it\/cultura\/66740-la-xxiii-edizione-della-bmta\" target=\"_blank\" rel=\"noopener noreferrer nofollow\"><img decoding=\"async\" class=\"aligncenter\" src=\"https:\/\/www.borsaturismoarcheologico.it\/wp-content\/uploads\/2018\/07\/weblogo.x50452.png\" alt=\"1360704754_pdf\" width=\"20\" height=\"20\" title=\"\"><\/a><\/td>\n<\/tr>\n<tr>\n<td><strong>settembre 2021<\/strong><\/td>\n<td><span style=\"color: #ff6600;\"><strong><a style=\"color: #ff6600;\" href=\"https:\/\/www.borsaturismoarcheologico.it\/wp-content\/uploads\/2021\/09\/archeo_9.x50452.pdf\" target=\"_blank\" rel=\"noopener noreferrer\">Archeo<\/a><\/strong><\/span><\/td>\n<td>Insieme per Nettuno<\/td>\n<td><a title=\"aef\" href=\"https:\/\/www.borsaturismoarcheologico.it\/wp-content\/uploads\/2021\/09\/archeo_9.x50452.pdf\" target=\"_blank\" rel=\"noopener noreferrer\"><img decoding=\"async\" class=\"aligncenter\" src=\"https:\/\/www.borsaturismoarcheologico.it\/wp-content\/uploads\/2013\/01\/1360704754_pdf.x50452.png\" alt=\"1360704754_pdf\" width=\"20\" height=\"20\" title=\"\"><\/a><\/td>\n<\/tr>\n<tr>\n<td><strong>settembre 2021<\/strong><\/td>\n<td><span style=\"color: #ff6600;\"><strong><a style=\"color: #ff6600;\" href=\"https:\/\/www.borsaturismoarcheologico.it\/wp-content\/uploads\/2021\/09\/archeo_9.x50452.pdf\" target=\"_blank\" rel=\"noopener noreferrer\">Medioevo<\/a><\/strong><\/span><\/td>\n<td>Insieme per il patrimonio<\/td>\n<td><a title=\"aef\" href=\"https:\/\/www.borsaturismoarcheologico.it\/wp-content\/uploads\/2021\/09\/archeo_9.x50452.pdf\" target=\"_blank\" rel=\"noopener noreferrer\"><img decoding=\"async\" class=\"aligncenter\" src=\"https:\/\/www.borsaturismoarcheologico.it\/wp-content\/uploads\/2013\/01\/1360704754_pdf.x50452.png\" alt=\"1360704754_pdf\" width=\"20\" height=\"20\" title=\"\"><\/a><\/td>\n<\/tr>\n<tr>\n<td><strong>22 agosto 2021<\/strong><\/td>\n<td><span style=\"color: #ff6600;\"><strong><a style=\"color: #ff6600;\" href=\"https:\/\/www.borsaturismoarcheologico.it\/wp-content\/uploads\/2021\/08\/sole24_22-08.x50452.pdf\" target=\"_blank\" rel=\"noopener noreferrer\">Il Sole 24 Ore<\/a><\/strong><\/span><\/td>\n<td>Intervista al Presidente Onorario della BMTA Mounir Bouchenaki<\/td>\n<td><a title=\"aef\" href=\"https:\/\/www.borsaturismoarcheologico.it\/wp-content\/uploads\/2021\/08\/sole24_22-08.x50452.pdf\" target=\"_blank\" rel=\"noopener noreferrer\"><img decoding=\"async\" class=\"aligncenter\" src=\"https:\/\/www.borsaturismoarcheologico.it\/wp-content\/uploads\/2013\/01\/1360704754_pdf.x50452.png\" alt=\"1360704754_pdf\" width=\"20\" height=\"20\" title=\"\"><\/a><\/td>\n<\/tr>\n<tr>\n<td><strong>3 agosto 2021<\/strong><\/td>\n<td><span style=\"color: #ff6600;\"><strong><a style=\"color: #ff6600;\" href=\"https:\/\/mediterraneoantico.it\/articoli\/news\/bmta-le-stanze-sotterranee-del-muro-del-pianto-candidate-allinternational-archaeological-discovery-award-2021\/\" target=\"_blank\" rel=\"noopener noreferrer nofollow\">MediterraneoAntico.it<\/a><\/strong><\/span><\/td>\n<td>Le stanze sotterranee del Muro del Pianto candidate all\u2019International Archaeological Discovery Award 2021<\/td>\n<td><a title=\"aef\" href=\"https:\/\/mediterraneoantico.it\/articoli\/news\/bmta-le-stanze-sotterranee-del-muro-del-pianto-candidate-allinternational-archaeological-discovery-award-2021\/\" target=\"_blank\" rel=\"noopener noreferrer nofollow\"><img decoding=\"async\" class=\"aligncenter\" src=\"https:\/\/www.borsaturismoarcheologico.it\/wp-content\/uploads\/2018\/07\/weblogo.x50452.png\" alt=\"1360704754_pdf\" width=\"20\" height=\"20\" title=\"\"><\/a><\/td>\n<\/tr>\n<tr>\n<td><strong>agosto 2021<\/strong><\/td>\n<td><span style=\"color: #ff6600;\"><strong><a style=\"color: #ff6600;\" href=\"https:\/\/www.borsaturismoarcheologico.it\/wp-content\/uploads\/2021\/08\/Archeo_8.x50452.pdf\" target=\"_blank\" rel=\"noopener noreferrer\">Archeo<\/a><\/strong><\/span><\/td>\n<td>La cinquina delle meraviglie<\/td>\n<td><a title=\"aef\" href=\"https:\/\/www.borsaturismoarcheologico.it\/wp-content\/uploads\/2021\/08\/Archeo_8.x50452.pdf\" target=\"_blank\" rel=\"noopener noreferrer\"><img decoding=\"async\" class=\"aligncenter\" src=\"https:\/\/www.borsaturismoarcheologico.it\/wp-content\/uploads\/2013\/01\/1360704754_pdf.x50452.png\" alt=\"1360704754_pdf\" width=\"20\" height=\"20\" title=\"\"><\/a><\/td>\n<\/tr>\n<tr>\n<td><strong>agosto 2021<\/strong><\/td>\n<td><span style=\"color: #ff6600;\"><strong><a style=\"color: #ff6600;\" href=\"https:\/\/www.borsaturismoarcheologico.it\/wp-content\/uploads\/2021\/08\/Medioevo_8.x50452.pdf\" target=\"_blank\" rel=\"noopener noreferrer\">Medioevo<\/a><\/strong><\/span><\/td>\n<td>Dall\u2019Egitto all\u2019Indonesia<\/td>\n<td><a title=\"aef\" href=\"https:\/\/www.borsaturismoarcheologico.it\/wp-content\/uploads\/2021\/08\/Medioevo_8.x50452.pdf\" target=\"_blank\" rel=\"noopener noreferrer\"><img decoding=\"async\" class=\"aligncenter\" src=\"https:\/\/www.borsaturismoarcheologico.it\/wp-content\/uploads\/2013\/01\/1360704754_pdf.x50452.png\" alt=\"1360704754_pdf\" width=\"20\" height=\"20\" title=\"\"><\/a><\/td>\n<\/tr>\n<tr>\n<td><strong>30 luglio 2021<\/strong><\/td>\n<td><span style=\"color: #ff6600;\"><strong><a style=\"color: #ff6600;\" href=\"https:\/\/www.classicult.it\/bmta-special-award-2021-il-premio-alla-scoperta-archeologica-piu-votata\/\" target=\"_blank\" rel=\"noopener noreferrer nofollow\">ClassiCult.it<\/a><\/strong><\/span><\/td>\n<td>BMTA Special Award 2021: il premio alla scoperta archeologica pi\u00f9 votata<\/td>\n<td><a title=\"aef\" href=\"https:\/\/www.classicult.it\/bmta-special-award-2021-il-premio-alla-scoperta-archeologica-piu-votata\/\" target=\"_blank\" rel=\"noopener noreferrer nofollow\"><img decoding=\"async\" class=\"aligncenter\" src=\"https:\/\/www.borsaturismoarcheologico.it\/wp-content\/uploads\/2018\/07\/weblogo.x50452.png\" alt=\"1360704754_pdf\" width=\"20\" height=\"20\" title=\"\"><\/a><\/td>\n<\/tr>\n<tr>\n<td><strong>29 luglio 2021<\/strong><\/td>\n<td><span style=\"color: #ff6600;\"><strong><a style=\"color: #ff6600;\" href=\"https:\/\/mediterraneoantico.it\/articoli\/news\/bmta-le-pitture-rupestri-di-sulawesi-candidate-allinternational-archaeological-discovery-award-2021\/\" target=\"_blank\" rel=\"noopener noreferrer nofollow\">MediterraneoAntico.it<\/a><\/strong><\/span><\/td>\n<td>Le pitture rupestri di Sulawesi candidate all\u2019International Archaeological Discovery Award 2021<\/td>\n<td><a title=\"aef\" href=\"https:\/\/mediterraneoantico.it\/articoli\/news\/bmta-le-pitture-rupestri-di-sulawesi-candidate-allinternational-archaeological-discovery-award-2021\/\" target=\"_blank\" rel=\"noopener noreferrer nofollow\"><img decoding=\"async\" class=\"aligncenter\" src=\"https:\/\/www.borsaturismoarcheologico.it\/wp-content\/uploads\/2018\/07\/weblogo.x50452.png\" alt=\"1360704754_pdf\" width=\"20\" height=\"20\" title=\"\"><\/a><\/td>\n<\/tr>\n<tr>\n<td><strong>22 luglio 2021<\/strong><\/td>\n<td><span style=\"color: #ff6600;\"><strong><a style=\"color: #ff6600;\" href=\"https:\/\/mediterraneoantico.it\/articoli\/news\/bmta-il-disco-di-nebra-candidato-allinternational-archaeological-discovery-award-2021\/\" target=\"_blank\" rel=\"noopener noreferrer nofollow\">MediterraneoAntico.it<\/a><\/strong><\/span><\/td>\n<td>Il Disco di Nebra candidato all\u2019International Archaeological Discovery Award 2021<\/td>\n<td><a title=\"aef\" href=\"https:\/\/mediterraneoantico.it\/articoli\/news\/bmta-il-disco-di-nebra-candidato-allinternational-archaeological-discovery-award-2021\/\" target=\"_blank\" rel=\"noopener noreferrer nofollow\"><img decoding=\"async\" class=\"aligncenter\" src=\"https:\/\/www.borsaturismoarcheologico.it\/wp-content\/uploads\/2018\/07\/weblogo.x50452.png\" alt=\"1360704754_pdf\" width=\"20\" height=\"20\" title=\"\"><\/a><\/td>\n<\/tr>\n<tr>\n<td><strong>18 luglio 2021<\/strong><\/td>\n<td><span style=\"color: #ff6600;\"><strong><a style=\"color: #ff6600;\" href=\"https:\/\/www.borsaturismoarcheologico.it\/wp-content\/uploads\/2021\/07\/mattino_18-7.x50452.pdf\" target=\"_blank\" rel=\"noopener noreferrer\">Il Mattino ed. Salerno<\/a><\/strong><\/span><\/td>\n<td>Patto con l\u2019ambasciatore algerino per rilanciare turismo e pesca<\/td>\n<td><a title=\"aef\" href=\"https:\/\/www.borsaturismoarcheologico.it\/wp-content\/uploads\/2021\/07\/mattino_18-7.x50452.pdf\" target=\"_blank\" rel=\"noopener noreferrer\"><img decoding=\"async\" class=\"aligncenter\" src=\"https:\/\/www.borsaturismoarcheologico.it\/wp-content\/uploads\/2013\/01\/1360704754_pdf.x50452.png\" alt=\"1360704754_pdf\" width=\"20\" height=\"20\" title=\"\"><\/a><\/td>\n<\/tr>\n<tr>\n<td><strong>17 luglio 2021<\/strong><\/td>\n<td><span style=\"color: #ff6600;\"><strong><a style=\"color: #ff6600;\" href=\"https:\/\/www.borsaturismoarcheologico.it\/wp-content\/uploads\/2021\/07\/cronache_17-7.x50452.pdf\" target=\"_blank\" rel=\"noopener noreferrer\">Le Cronache<\/a><\/strong><\/span><\/td>\n<td>Cetara firma il gemellaggio con Ghazaouet<\/td>\n<td><a title=\"aef\" href=\"https:\/\/www.borsaturismoarcheologico.it\/wp-content\/uploads\/2021\/07\/cronache_17-7.x50452.pdf\" target=\"_blank\" rel=\"noopener noreferrer\"><img decoding=\"async\" class=\"aligncenter\" src=\"https:\/\/www.borsaturismoarcheologico.it\/wp-content\/uploads\/2013\/01\/1360704754_pdf.x50452.png\" alt=\"1360704754_pdf\" width=\"20\" height=\"20\" title=\"\"><\/a><\/td>\n<\/tr>\n<tr>\n<td><strong>16 luglio 2021<\/strong><\/td>\n<td><span style=\"color: #ff6600;\"><strong><a style=\"color: #ff6600;\" href=\"https:\/\/www.borsaturismoarcheologico.it\/wp-content\/uploads\/2021\/07\/quotsud_16-7.x50452.pdf\" target=\"_blank\" rel=\"noopener noreferrer\">Il Quotidiano del Sud ed. Salerno<\/a><\/strong><\/span><\/td>\n<td>La BMTA nell\u2019ex Tabacchificio<\/td>\n<td><a title=\"aef\" href=\"https:\/\/www.borsaturismoarcheologico.it\/wp-content\/uploads\/2021\/07\/quotsud_16-7.x50452.pdf\" target=\"_blank\" rel=\"noopener noreferrer\"><img decoding=\"async\" class=\"aligncenter\" src=\"https:\/\/www.borsaturismoarcheologico.it\/wp-content\/uploads\/2013\/01\/1360704754_pdf.x50452.png\" alt=\"1360704754_pdf\" width=\"20\" height=\"20\" title=\"\"><\/a><\/td>\n<\/tr>\n<tr>\n<td><strong>16 luglio 2021<\/strong><\/td>\n<td><span style=\"color: #ff6600;\"><strong><a style=\"color: #ff6600;\" href=\"https:\/\/www.borsaturismoarcheologico.it\/wp-content\/uploads\/2021\/07\/roma_16-7.x50452.pdf\" target=\"_blank\" rel=\"noopener noreferrer\">Roma<\/a><\/strong><\/span><\/td>\n<td>La BMTA di Paestum trova casa nell\u2019ex Tabacchificio Cafasso<\/td>\n<td><a title=\"aef\" href=\"https:\/\/www.borsaturismoarcheologico.it\/wp-content\/uploads\/2021\/07\/roma_16-7.x50452.pdf\" target=\"_blank\" rel=\"noopener noreferrer\"><img decoding=\"async\" class=\"aligncenter\" src=\"https:\/\/www.borsaturismoarcheologico.it\/wp-content\/uploads\/2013\/01\/1360704754_pdf.x50452.png\" alt=\"1360704754_pdf\" width=\"20\" height=\"20\" title=\"\"><\/a><\/td>\n<\/tr>\n<tr>\n<td><strong>16 luglio 2021<\/strong><\/td>\n<td><span style=\"color: #ff6600;\"><strong><a style=\"color: #ff6600;\" href=\"https:\/\/mediterraneoantico.it\/articoli\/news\/bmta-la-scoperta-egizia-candidata-allinternational-archaeological-discovery-award-2021\/\" target=\"_blank\" rel=\"noopener noreferrer nofollow\">MediterraneoAntico.it<\/a><\/strong><\/span><\/td>\n<td>Saqqara: la scoperta egizia candidata all\u2019International Archaeological Discovery Award 2021<\/td>\n<td><a title=\"aef\" href=\"https:\/\/mediterraneoantico.it\/articoli\/news\/bmta-la-scoperta-egizia-candidata-allinternational-archaeological-discovery-award-2021\/\" target=\"_blank\" rel=\"noopener noreferrer nofollow\"><img decoding=\"async\" class=\"aligncenter\" src=\"https:\/\/www.borsaturismoarcheologico.it\/wp-content\/uploads\/2018\/07\/weblogo.x50452.png\" alt=\"1360704754_pdf\" width=\"20\" height=\"20\" title=\"\"><\/a><\/td>\n<\/tr>\n<tr>\n<td><strong>14 luglio 2021<\/strong><\/td>\n<td><span style=\"color: #ff6600;\"><strong><a style=\"color: #ff6600;\" href=\"https:\/\/www.borsaturismoarcheologico.it\/wp-content\/uploads\/2021\/07\/mattino_14-7.x50452.pdf\" target=\"_blank\" rel=\"noopener noreferrer\">Il Mattino ed. Salerno<\/a><\/strong><\/span><\/td>\n<td>Si rinnova il patto Parco Paestum\/Velia-Unisa per scavi e ricerche in sinergia<\/td>\n<td><a title=\"aef\" href=\"https:\/\/www.borsaturismoarcheologico.it\/wp-content\/uploads\/2021\/07\/mattino_14-7.x50452.pdf\" target=\"_blank\" rel=\"noopener noreferrer\"><img decoding=\"async\" class=\"aligncenter\" src=\"https:\/\/www.borsaturismoarcheologico.it\/wp-content\/uploads\/2013\/01\/1360704754_pdf.x50452.png\" alt=\"1360704754_pdf\" width=\"20\" height=\"20\" title=\"\"><\/a><\/td>\n<\/tr>\n<tr>\n<td><strong>14 luglio 2021<\/strong><\/td>\n<td><span style=\"color: #ff6600;\"><strong><a style=\"color: #ff6600;\" href=\"https:\/\/www.borsaturismoarcheologico.it\/wp-content\/uploads\/2021\/07\/cronache_14-7.x50452.pdf\" target=\"_blank\" rel=\"noopener noreferrer\">Le Cronache<\/a><\/strong><\/span><\/td>\n<td>La BMTA sar\u00e0\u2000posticipata<\/td>\n<td><a title=\"aef\" href=\"https:\/\/www.borsaturismoarcheologico.it\/wp-content\/uploads\/2021\/07\/cronache_14-7.x50452.pdf\" target=\"_blank\" rel=\"noopener noreferrer\"><img decoding=\"async\" class=\"aligncenter\" src=\"https:\/\/www.borsaturismoarcheologico.it\/wp-content\/uploads\/2013\/01\/1360704754_pdf.x50452.png\" alt=\"1360704754_pdf\" width=\"20\" height=\"20\" title=\"\"><\/a><\/td>\n<\/tr>\n<tr>\n<td><strong>14 luglio 2021<\/strong><\/td>\n<td><span style=\"color: #ff6600;\"><strong><a style=\"color: #ff6600;\" href=\"https:\/\/travelnostop.com\/campania\/borse-e-fiere\/posticipata-a-novembre-la-borsa-turismo-archeologico-di-paestum_523876\" target=\"_blank\" rel=\"noopener noreferrer nofollow\">Travelnostop.com<\/a><\/strong><\/span><\/td>\n<td>Posticipata a novembre la BMTA di Paestum<\/td>\n<td><a title=\"aef\" href=\"https:\/\/travelnostop.com\/campania\/borse-e-fiere\/posticipata-a-novembre-la-borsa-turismo-archeologico-di-paestum_523876\" target=\"_blank\" rel=\"noopener noreferrer nofollow\"><img decoding=\"async\" class=\"aligncenter\" src=\"https:\/\/www.borsaturismoarcheologico.it\/wp-content\/uploads\/2018\/07\/weblogo.x50452.png\" alt=\"1360704754_pdf\" width=\"20\" height=\"20\" title=\"\"><\/a><\/td>\n<\/tr>\n<tr>\n<td><strong>13 luglio 2021<\/strong><\/td>\n<td><span style=\"color: #ff6600;\"><strong><a style=\"color: #ff6600;\" href=\"https:\/\/www.ilmattino.it\/salerno\/paestum_borsa_mediterranea_turismo_archeologico_novembre_2021-6078894.html\" target=\"_blank\" rel=\"noopener noreferrer nofollow\">IlMattino.it<\/a><\/strong><\/span><\/td>\n<td>Paestum, BMTA posticipata a novembre<\/td>\n<td><a title=\"aef\" href=\"https:\/\/www.ilmattino.it\/salerno\/paestum_borsa_mediterranea_turismo_archeologico_novembre_2021-6078894.html\" target=\"_blank\" rel=\"noopener noreferrer nofollow\"><img decoding=\"async\" class=\"aligncenter\" src=\"https:\/\/www.borsaturismoarcheologico.it\/wp-content\/uploads\/2018\/07\/weblogo.x50452.png\" alt=\"1360704754_pdf\" width=\"20\" height=\"20\" title=\"\"><\/a><\/td>\n<\/tr>\n<tr>\n<td><strong>8 luglio 2021<\/strong><\/td>\n<td><span style=\"color: #ff6600;\"><strong><a style=\"color: #ff6600;\" href=\"https:\/\/mediterraneoantico.it\/articoli\/news\/bmta-e-linternational-archaeological-discovery-award-2021\/\" target=\"_blank\" rel=\"noopener noreferrer nofollow\">MediterraneoAntico.it<\/a><\/strong><\/span><\/td>\n<td>BMTA e l\u2019International Archaeological Discovery Award 2021<\/td>\n<td><a title=\"aef\" href=\"https:\/\/mediterraneoantico.it\/articoli\/news\/bmta-e-linternational-archaeological-discovery-award-2021\/\" target=\"_blank\" rel=\"noopener noreferrer nofollow\"><img decoding=\"async\" class=\"aligncenter\" src=\"https:\/\/www.borsaturismoarcheologico.it\/wp-content\/uploads\/2018\/07\/weblogo.x50452.png\" alt=\"1360704754_pdf\" width=\"20\" height=\"20\" title=\"\"><\/a><\/td>\n<\/tr>\n<tr>\n<td><strong>5 luglio 2021<\/strong><\/td>\n<td><span style=\"color: #ff6600;\"><strong><a style=\"color: #ff6600;\" href=\"https:\/\/artemagazine.it\/attualita\/item\/13301-borsa-mediterranea-del-turismo-annunciate-le-cinque-scoperte-archeologiche-del-2020-candidate-al-premio-khaled-al-asaad\" target=\"_blank\" rel=\"noopener noreferrer nofollow\">ArteMagazine.it<\/a><\/strong><\/span><\/td>\n<td>BMTA, annunciate le cinque scoperte archeologiche del 2020 candidate al Premio \u201cKhaled al-Asaad\u201d<\/td>\n<td><a title=\"aef\" href=\"https:\/\/artemagazine.it\/attualita\/item\/13301-borsa-mediterranea-del-turismo-annunciate-le-cinque-scoperte-archeologiche-del-2020-candidate-al-premio-khaled-al-asaad\" target=\"_blank\" rel=\"noopener noreferrer nofollow\"><img decoding=\"async\" class=\"aligncenter\" src=\"https:\/\/www.borsaturismoarcheologico.it\/wp-content\/uploads\/2018\/07\/weblogo.x50452.png\" alt=\"1360704754_pdf\" width=\"20\" height=\"20\" title=\"\"><\/a><\/td>\n<\/tr>\n<tr>\n<td><strong>5 luglio 2021<\/strong><\/td>\n<td><span style=\"color: #ff6600;\"><strong><a style=\"color: #ff6600;\" href=\"https:\/\/siviaggia.it\/notizie\/5-migliori-scoperte-candidate-premio-mondiale-archeologia\/336288\/\" target=\"_blank\" rel=\"noopener noreferrer nofollow\">SiViaggia.it<\/a><\/strong><\/span><\/td>\n<td>Le 5 migliori scoperte candidate al premio mondiale per l\u2019archeologia<\/td>\n<td><a title=\"aef\" href=\"https:\/\/siviaggia.it\/notizie\/5-migliori-scoperte-candidate-premio-mondiale-archeologia\/336288\/\" target=\"_blank\" rel=\"noopener noreferrer nofollow\"><img decoding=\"async\" class=\"aligncenter\" src=\"https:\/\/www.borsaturismoarcheologico.it\/wp-content\/uploads\/2018\/07\/weblogo.x50452.png\" alt=\"1360704754_pdf\" width=\"20\" height=\"20\" title=\"\"><\/a><\/td>\n<\/tr>\n<tr>\n<td><strong>4 luglio 2021<\/strong><\/td>\n<td><span style=\"color: #ff6600;\"><strong><a style=\"color: #ff6600;\" href=\"http:\/\/www.qaeditoria.it\/details.aspx?idarticle=160180\" target=\"_blank\" rel=\"noopener noreferrer nofollow\">QA \u2013 Turismo Cultura &amp; Arte<\/a><\/strong><\/span><\/td>\n<td>Annunciate le 5 scoperte archeologiche del 2020 candidate all\u2019International Archaeological Discovery Award \u201cKhaled al-Asaad\u201d<\/td>\n<td><a title=\"aef\" href=\"http:\/\/www.qaeditoria.it\/details.aspx?idarticle=160180\" target=\"_blank\" rel=\"noopener noreferrer nofollow\"><img decoding=\"async\" class=\"aligncenter\" src=\"https:\/\/www.borsaturismoarcheologico.it\/wp-content\/uploads\/2018\/07\/weblogo.x50452.png\" alt=\"1360704754_pdf\" width=\"20\" height=\"20\" title=\"\"><\/a><\/td>\n<\/tr>\n<tr>\n<td><strong>4 luglio 2021<\/strong><\/td>\n<td><span style=\"color: #ff6600;\"><strong><a style=\"color: #ff6600;\" href=\"https:\/\/www.borsaturismoarcheologico.it\/wp-content\/uploads\/2021\/07\/roma_4-7.x50452.pdf\" target=\"_blank\" rel=\"noopener noreferrer\">Roma<\/a><\/strong><\/span><\/td>\n<td>Un premio per la Pompei etrusca: in concorso per il riconoscimento agli archeologi che hanno lavorato alle campagne di scavo<\/td>\n<td><a title=\"aef\" href=\"https:\/\/www.borsaturismoarcheologico.it\/wp-content\/uploads\/2021\/07\/roma_4-7.x50452.pdf\" target=\"_blank\" rel=\"noopener noreferrer\"><img decoding=\"async\" class=\"aligncenter\" src=\"https:\/\/www.borsaturismoarcheologico.it\/wp-content\/uploads\/2013\/01\/1360704754_pdf.x50452.png\" alt=\"1360704754_pdf\" width=\"20\" height=\"20\" title=\"\"><\/a><\/td>\n<\/tr>\n<tr>\n<td><strong>3 luglio 2021<\/strong><\/td>\n<td><span style=\"color: #ff6600;\"><strong><a style=\"color: #ff6600;\" href=\"https:\/\/www.borsaturismoarcheologico.it\/wp-content\/uploads\/2021\/07\/quotsal_3-07.x50452.pdf\" target=\"_blank\" rel=\"noopener noreferrer\">Il Quotidiano del Sud ed. Salerno<\/a><\/strong><\/span><\/td>\n<td>Il Thermopolium sfida i Faraoni: il Premio al-Asaad sar\u00e0 assegnato alla BMTA di Paestum<\/td>\n<td><a title=\"aef\" href=\"https:\/\/www.borsaturismoarcheologico.it\/wp-content\/uploads\/2021\/07\/quotsal_3-07.x50452.pdf\" target=\"_blank\" rel=\"noopener noreferrer\"><img decoding=\"async\" class=\"aligncenter\" src=\"https:\/\/www.borsaturismoarcheologico.it\/wp-content\/uploads\/2013\/01\/1360704754_pdf.x50452.png\" alt=\"1360704754_pdf\" width=\"20\" height=\"20\" title=\"\"><\/a><\/td>\n<\/tr>\n<tr>\n<td><strong>3 luglio 2021<\/strong><\/td>\n<td><span style=\"color: #ff6600;\"><strong><a style=\"color: #ff6600;\" href=\"https:\/\/www.borsaturismoarcheologico.it\/wp-content\/uploads\/2021\/07\/cronache_3-7.x50452.pdf\" target=\"_blank\" rel=\"noopener noreferrer\">Le Cronache<\/a><\/strong><\/span><\/td>\n<td>7\u00b0 Premio Internazionale \u201cKhaled al-Asaad\u201d consegnato in occasione della XXIII BMTA<\/td>\n<td><a title=\"aef\" href=\"https:\/\/www.borsaturismoarcheologico.it\/wp-content\/uploads\/2021\/07\/cronache_3-7.x50452.pdf\" target=\"_blank\" rel=\"noopener noreferrer\"><img decoding=\"async\" class=\"aligncenter\" src=\"https:\/\/www.borsaturismoarcheologico.it\/wp-content\/uploads\/2013\/01\/1360704754_pdf.x50452.png\" alt=\"1360704754_pdf\" width=\"20\" height=\"20\" title=\"\"><\/a><\/td>\n<\/tr>\n<tr>\n<td><strong>3 luglio 2021<\/strong><\/td>\n<td><span style=\"color: #ff6600;\"><strong><a style=\"color: #ff6600;\" href=\"https:\/\/www.ildenaro.it\/archeologia-dai-sarcofagi-di-saqqara-al-carro-cerimoniale-di-pompei-le-scoperte-finaliste-della-bmta\/\" target=\"_blank\" rel=\"noopener noreferrer nofollow\">IlDenaro.it<\/a><\/strong><\/span><\/td>\n<td>Archeologia, dai sarcofagi di Saqqara al carro cerimoniale di Pompei le scoperte finaliste della BMTA<\/td>\n<td><a title=\"aef\" href=\"https:\/\/www.ildenaro.it\/archeologia-dai-sarcofagi-di-saqqara-al-carro-cerimoniale-di-pompei-le-scoperte-finaliste-della-bmta\/\" target=\"_blank\" rel=\"noopener noreferrer nofollow\"><img decoding=\"async\" class=\"aligncenter\" src=\"https:\/\/www.borsaturismoarcheologico.it\/wp-content\/uploads\/2018\/07\/weblogo.x50452.png\" alt=\"1360704754_pdf\" width=\"20\" height=\"20\" title=\"\"><\/a><\/td>\n<\/tr>\n<tr>\n<td><strong>2 luglio 2021<\/strong><\/td>\n<td><span style=\"color: #ff6600;\"><strong><a style=\"color: #ff6600;\" href=\"https:\/\/www.borsaturismoarcheologico.it\/wp-content\/uploads\/2021\/07\/ansa_2-7.x50452.pdf\" target=\"_blank\" rel=\"noopener noreferrer\">ANSA<\/a><\/strong><\/span><\/td>\n<td>Archeologia: da Saqqara a Pompei le scoperte finaliste Bmta<\/td>\n<td><a title=\"aef\" href=\"https:\/\/www.borsaturismoarcheologico.it\/wp-content\/uploads\/2021\/07\/ansa_2-7.x50452.pdf\" target=\"_blank\" rel=\"noopener noreferrer\"><img decoding=\"async\" class=\"aligncenter\" src=\"https:\/\/www.borsaturismoarcheologico.it\/wp-content\/uploads\/2013\/01\/1360704754_pdf.x50452.png\" alt=\"1360704754_pdf\" width=\"20\" height=\"20\" title=\"\"><\/a><\/td>\n<\/tr>\n<tr>\n<td><strong>2 luglio 2021<\/strong><\/td>\n<td><span style=\"color: #ff6600;\"><strong><a style=\"color: #ff6600;\" href=\"https:\/\/www.ilmattino.it\/primopiano\/scuola_e_universita\/scoperte_archeologiche_international_archaeological_discovery_award_khaled_al_asaad-6058118.html\" target=\"_blank\" rel=\"noopener noreferrer nofollow\">IlMattino.it<\/a><\/strong><\/span><\/td>\n<td>5 scoperte archeologiche candidate al premio Khaled al-Asaad, c\u2019\u00e8 anche Pompei<\/td>\n<td><a title=\"aef\" href=\"https:\/\/www.ilmattino.it\/primopiano\/scuola_e_universita\/scoperte_archeologiche_international_archaeological_discovery_award_khaled_al_asaad-6058118.html\" target=\"_blank\" rel=\"noopener noreferrer nofollow\"><img decoding=\"async\" class=\"aligncenter\" src=\"https:\/\/www.borsaturismoarcheologico.it\/wp-content\/uploads\/2018\/07\/weblogo.x50452.png\" alt=\"1360704754_pdf\" width=\"20\" height=\"20\" title=\"\"><\/a><\/td>\n<\/tr>\n<tr>\n<td><strong>2 luglio 2021<\/strong><\/td>\n<td><span style=\"color: #ff6600;\"><strong><a style=\"color: #ff6600;\" href=\"https:\/\/agcult.it\/a\/41192\/2021-07-02\/archeologia-pompei-tra-5-finaliste-premio-khaled-al-asaad\" target=\"_blank\" rel=\"noopener noreferrer nofollow\">AgCult.it<\/a><\/strong><\/span><\/td>\n<td>Archeologia, Pompei tra 5 finaliste premio \u201cKhaled al-Asaad\u201d<\/td>\n<td><a title=\"aef\" href=\"https:\/\/agcult.it\/a\/41192\/2021-07-02\/archeologia-pompei-tra-5-finaliste-premio-khaled-al-asaad\" target=\"_blank\" rel=\"noopener noreferrer nofollow\"><img decoding=\"async\" class=\"aligncenter\" src=\"https:\/\/www.borsaturismoarcheologico.it\/wp-content\/uploads\/2018\/07\/weblogo.x50452.png\" alt=\"1360704754_pdf\" width=\"20\" height=\"20\" title=\"\"><\/a><\/td>\n<\/tr>\n<tr>\n<td><strong>luglio 2021<\/strong><\/td>\n<td><span style=\"color: #ff6600;\"><strong><a style=\"color: #ff6600;\" href=\"https:\/\/www.borsaturismoarcheologico.it\/wp-content\/uploads\/2021\/07\/Archeo_7-21.x50452.pdf\" target=\"_blank\" rel=\"noopener noreferrer\">Archeo<\/a><\/strong><\/span><\/td>\n<td>La rinascita di un luogo simbolo<\/td>\n<td><a title=\"aef\" href=\"https:\/\/www.borsaturismoarcheologico.it\/wp-content\/uploads\/2021\/07\/Archeo_7-21.x50452.pdf\" target=\"_blank\" rel=\"noopener noreferrer\"><img decoding=\"async\" class=\"aligncenter\" src=\"https:\/\/www.borsaturismoarcheologico.it\/wp-content\/uploads\/2013\/01\/1360704754_pdf.x50452.png\" alt=\"1360704754_pdf\" width=\"20\" height=\"20\" title=\"\"><\/a><\/td>\n<\/tr>\n<tr>\n<td><strong>luglio 2021<\/strong><\/td>\n<td><span style=\"color: #ff6600;\"><strong><a style=\"color: #ff6600;\" href=\"https:\/\/www.borsaturismoarcheologico.it\/wp-content\/uploads\/2021\/07\/Medioevo_7-21.x50452.pdf\" target=\"_blank\" rel=\"noopener noreferrer\">Medioevo<\/a><\/strong><\/span><\/td>\n<td>Una sede nuova e di grande valore simbolico<\/td>\n<td><a title=\"aef\" href=\"https:\/\/www.borsaturismoarcheologico.it\/wp-content\/uploads\/2021\/07\/Medioevo_7-21.x50452.pdf\" target=\"_blank\" rel=\"noopener noreferrer\"><img decoding=\"async\" class=\"aligncenter\" src=\"https:\/\/www.borsaturismoarcheologico.it\/wp-content\/uploads\/2013\/01\/1360704754_pdf.x50452.png\" alt=\"1360704754_pdf\" width=\"20\" height=\"20\" title=\"\"><\/a><\/td>\n<\/tr>\n<tr>\n<td><strong>25 giugno 2021<\/strong><\/td>\n<td><span style=\"color: #ff6600;\"><strong><a style=\"color: #ff6600;\" href=\"https:\/\/www.borsaturismoarcheologico.it\/wp-content\/uploads\/2021\/07\/mattben_25-06.x50452.pdf\" target=\"_blank\" rel=\"noopener noreferrer\">Il Mattino ed. Benevento<\/a><\/strong><\/span><\/td>\n<td>Il decennale, gli eventi: Italia Langobardorum alle celebrazioni per il riconoscimento Unesco<\/td>\n<td><a title=\"aef\" href=\"https:\/\/www.borsaturismoarcheologico.it\/wp-content\/uploads\/2021\/07\/mattben_25-06.x50452.pdf\" target=\"_blank\" rel=\"noopener noreferrer\"><img decoding=\"async\" class=\"aligncenter\" src=\"https:\/\/www.borsaturismoarcheologico.it\/wp-content\/uploads\/2013\/01\/1360704754_pdf.x50452.png\" alt=\"1360704754_pdf\" width=\"20\" height=\"20\" title=\"\"><\/a><\/td>\n<\/tr>\n<tr>\n<td><strong>14 giugno 2021<\/strong><\/td>\n<td><span style=\"color: #ff6600;\"><strong><a style=\"color: #ff6600;\" href=\"https:\/\/vincenzochierchia.blog.ilsole24ore.com\/2021\/06\/14\/salerno-rilancia-legami-lalgeria\/\" target=\"_blank\" rel=\"noopener noreferrer nofollow\">Grand Tour de ilsole24ore.com<\/a><\/strong><\/span><\/td>\n<td>BMTA, Salerno rilancia i legami con l\u2019Algeria<\/td>\n<td><a title=\"aef\" href=\"https:\/\/vincenzochierchia.blog.ilsole24ore.com\/2021\/06\/14\/salerno-rilancia-legami-lalgeria\/\" target=\"_blank\" rel=\"noopener noreferrer nofollow\"><img decoding=\"async\" class=\"aligncenter\" src=\"https:\/\/www.borsaturismoarcheologico.it\/wp-content\/uploads\/2018\/07\/weblogo.x50452.png\" alt=\"1360704754_pdf\" width=\"20\" height=\"20\" title=\"\"><\/a><\/td>\n<\/tr>\n<tr>\n<td><strong>11 giugno 2021<\/strong><\/td>\n<td><span style=\"color: #ff6600;\"><strong><a style=\"color: #ff6600;\" href=\"https:\/\/www.ilmattino.it\/salerno\/bmta_vista_ambasciatore_algeria_salerno_cetara-6016492.html\" target=\"_blank\" rel=\"noopener noreferrer nofollow\">IlMattino.it<\/a><\/strong><\/span><\/td>\n<td>BMTA, la vista dell\u2019ambasciatore dell\u2019Algeria a Salerno e a Cetara<\/td>\n<td><a title=\"aef\" href=\"https:\/\/www.ilmattino.it\/salerno\/bmta_vista_ambasciatore_algeria_salerno_cetara-6016492.html\" target=\"_blank\" rel=\"noopener noreferrer nofollow\"><img decoding=\"async\" class=\"aligncenter\" src=\"https:\/\/www.borsaturismoarcheologico.it\/wp-content\/uploads\/2018\/07\/weblogo.x50452.png\" alt=\"1360704754_pdf\" width=\"20\" height=\"20\" title=\"\"><\/a><\/td>\n<\/tr>\n<tr>\n<td><strong>11 giugno 2021<\/strong><\/td>\n<td><span style=\"color: #ff6600;\"><strong><a style=\"color: #ff6600;\" href=\"https:\/\/www.borsaturismoarcheologico.it\/wp-content\/uploads\/2021\/06\/roma_11-6.x50452.pdf\" target=\"_blank\" rel=\"noopener noreferrer\">Roma<\/a><\/strong><\/span><\/td>\n<td>La BMTA salda il suo legame anche con l\u2019Algeria<\/td>\n<td><a title=\"aef\" href=\"https:\/\/www.borsaturismoarcheologico.it\/wp-content\/uploads\/2021\/06\/roma_11-6.x50452.pdf\" target=\"_blank\" rel=\"noopener noreferrer\"><img decoding=\"async\" class=\"aligncenter\" src=\"https:\/\/www.borsaturismoarcheologico.it\/wp-content\/uploads\/2013\/01\/1360704754_pdf.x50452.png\" alt=\"1360704754_pdf\" width=\"20\" height=\"20\" title=\"\"><\/a><\/td>\n<\/tr>\n<tr>\n<td><strong>7 giugno 2021<\/strong><\/td>\n<td><span style=\"color: #ff6600;\"><strong><a style=\"color: #ff6600;\" href=\"http:\/\/www.italianinsider.it\/?q=node\/10291\" target=\"_blank\" rel=\"noopener noreferrer nofollow\">The Italian Insider<\/a><\/strong><\/span><\/td>\n<td>Ambassador in Cetara to record Algeria\u2019s historic link with area<\/td>\n<td><a title=\"aef\" href=\"http:\/\/www.italianinsider.it\/?q=node\/10291\" target=\"_blank\" rel=\"noopener noreferrer nofollow\"><img decoding=\"async\" class=\"aligncenter\" src=\"https:\/\/www.borsaturismoarcheologico.it\/wp-content\/uploads\/2018\/07\/weblogo.x50452.png\" alt=\"1360704754_pdf\" width=\"20\" height=\"20\" title=\"\"><\/a><\/td>\n<\/tr>\n<tr>\n<td><strong>7 giugno 2021<\/strong><\/td>\n<td><span style=\"color: #ff6600;\"><strong><a style=\"color: #ff6600;\" href=\"https:\/\/vincenzochierchia.blog.ilsole24ore.com\/2021\/06\/07\/archeologia-turismo-napoli-riscopre-tempio-serapide-piscina-mirabile-ora-sfida-istanbul\/\" target=\"_blank\" rel=\"noopener noreferrer nofollow\">Grand Tour de ilsole24ore.com<\/a><\/strong><\/span><\/td>\n<td>Archeologia e turismo, aspettando la BMTA 2021, Napoli riscopre Tempio di Serapide e Piscina Mirabile: ora sfida con Istanbul<\/td>\n<td><a title=\"aef\" href=\"https:\/\/vincenzochierchia.blog.ilsole24ore.com\/2021\/06\/07\/archeologia-turismo-napoli-riscopre-tempio-serapide-piscina-mirabile-ora-sfida-istanbul\/\" target=\"_blank\" rel=\"noopener noreferrer nofollow\"><img decoding=\"async\" class=\"aligncenter\" src=\"https:\/\/www.borsaturismoarcheologico.it\/wp-content\/uploads\/2018\/07\/weblogo.x50452.png\" alt=\"1360704754_pdf\" width=\"20\" height=\"20\" title=\"\"><\/a><\/td>\n<\/tr>\n<tr>\n<td><strong>7 giugno 2021<\/strong><\/td>\n<td><span style=\"color: #ff6600;\"><strong><a style=\"color: #ff6600;\" href=\"https:\/\/www.borsaturismoarcheologico.it\/wp-content\/uploads\/2021\/06\/cronache-_7-06.x50452.pdf\" target=\"_blank\" rel=\"noopener noreferrer\">Le Cronache<\/a><\/strong><\/span><\/td>\n<td>Cetara racconta una pagina di storia con visita dell\u2019ambasciatore algerino<\/td>\n<td><a title=\"aef\" href=\"https:\/\/www.borsaturismoarcheologico.it\/wp-content\/uploads\/2021\/06\/cronache-_7-06.x50452.pdf\" target=\"_blank\" rel=\"noopener noreferrer\"><img decoding=\"async\" class=\"aligncenter\" src=\"https:\/\/www.borsaturismoarcheologico.it\/wp-content\/uploads\/2013\/01\/1360704754_pdf.x50452.png\" alt=\"1360704754_pdf\" width=\"20\" height=\"20\" title=\"\"><\/a><\/td>\n<\/tr>\n<tr>\n<td><strong>5 giugno 2021<\/strong><\/td>\n<td><span style=\"color: #ff6600;\"><strong><a style=\"color: #ff6600;\" href=\"https:\/\/www.borsaturismoarcheologico.it\/wp-content\/uploads\/2021\/06\/quotsud_5-6.x50452.pdf\" target=\"_blank\" rel=\"noopener noreferrer\">Il Quotidiano del Sud ed. Salerno<\/a><\/strong><\/span><\/td>\n<td>Ambasciatore algerino a Confindustria<\/td>\n<td><a title=\"aef\" href=\"https:\/\/www.borsaturismoarcheologico.it\/wp-content\/uploads\/2021\/06\/quotsud_5-6.x50452.pdf\" target=\"_blank\" rel=\"noopener noreferrer\"><img decoding=\"async\" class=\"aligncenter\" src=\"https:\/\/www.borsaturismoarcheologico.it\/wp-content\/uploads\/2013\/01\/1360704754_pdf.x50452.png\" alt=\"1360704754_pdf\" width=\"20\" height=\"20\" title=\"\"><\/a><\/td>\n<\/tr>\n<tr>\n<td><strong>4 giugno 2021<\/strong><\/td>\n<td><span style=\"color: #ff6600;\"><strong><a style=\"color: #ff6600;\" href=\"https:\/\/www.costozero.it\/salerno-algeria-antonio-ferraioli-incontra-ahmed-boutache-ambasciatore-dalgeria-in-italia\/\" target=\"_blank\" rel=\"noopener noreferrer nofollow\">Costozero.it<\/a><\/strong><\/span><\/td>\n<td>Relazioni istituzionali: Antonio Ferraioli incontra Ahmed Boutache, Ambasciatore d\u2019Algeria in Italia<\/td>\n<td><a title=\"aef\" href=\"https:\/\/www.costozero.it\/salerno-algeria-antonio-ferraioli-incontra-ahmed-boutache-ambasciatore-dalgeria-in-italia\/\" target=\"_blank\" rel=\"noopener noreferrer nofollow\"><img decoding=\"async\" class=\"aligncenter\" src=\"https:\/\/www.borsaturismoarcheologico.it\/wp-content\/uploads\/2018\/07\/weblogo.x50452.png\" alt=\"1360704754_pdf\" width=\"20\" height=\"20\" title=\"\"><\/a><\/td>\n<\/tr>\n<tr>\n<td><strong>4 giugno 2021<\/strong><\/td>\n<td><span style=\"color: #ff6600;\"><strong><a style=\"color: #ff6600;\" href=\"https:\/\/www.ildenaro.it\/confindustria-salerno-incontro-con-lambasciatore-dellalgeria-ahmed-boutache\/\" target=\"_blank\" rel=\"noopener noreferrer nofollow\">IlDenaro.it<\/a><\/strong><\/span><\/td>\n<td>Confindustria Salerno, incontro con l\u2019ambasciatore dell\u2019Algeria Ahmed Boutache<\/td>\n<td><a title=\"aef\" href=\"https:\/\/www.ildenaro.it\/confindustria-salerno-incontro-con-lambasciatore-dellalgeria-ahmed-boutache\/\" target=\"_blank\" rel=\"noopener noreferrer nofollow\"><img decoding=\"async\" class=\"aligncenter\" src=\"https:\/\/www.borsaturismoarcheologico.it\/wp-content\/uploads\/2018\/07\/weblogo.x50452.png\" alt=\"1360704754_pdf\" width=\"20\" height=\"20\" title=\"\"><\/a><\/td>\n<\/tr>\n<tr>\n<td><strong>4 giugno 2021<\/strong><\/td>\n<td><span style=\"color: #ff6600;\"><strong><a style=\"color: #ff6600;\" href=\"https:\/\/www.agenzianova.com\/a\/60ba360adeb507.10245505\/3475927\/2021-06-04\/italia-algeria-ambasciatore-boutache-antico-legame-tra-cetara-e-le-localita-costiere-algerine\/linked\" target=\"_blank\" rel=\"noopener noreferrer nofollow\">AgenziaNova.com<\/a><\/strong><\/span><\/td>\n<td>Italia-Algeria: ambasciatore Boutache, antico legame tra Cetara e le localit\u00e0 costiere algerine<\/td>\n<td><a title=\"aef\" href=\"https:\/\/www.agenzianova.com\/a\/60ba360adeb507.10245505\/3475927\/2021-06-04\/italia-algeria-ambasciatore-boutache-antico-legame-tra-cetara-e-le-localita-costiere-algerine\/linked\" target=\"_blank\" rel=\"noopener noreferrer nofollow\"><img decoding=\"async\" class=\"aligncenter\" src=\"https:\/\/www.borsaturismoarcheologico.it\/wp-content\/uploads\/2018\/07\/weblogo.x50452.png\" alt=\"1360704754_pdf\" width=\"20\" height=\"20\" title=\"\"><\/a><\/td>\n<\/tr>\n<tr>\n<td><strong>4 giugno 2021<\/strong><\/td>\n<td><span style=\"color: #ff6600;\"><strong><a style=\"color: #ff6600;\" href=\"https:\/\/www.borsaturismoarcheologico.it\/wp-content\/uploads\/2021\/06\/cronache_4-6.x50452.pdf\" target=\"_blank\" rel=\"noopener noreferrer\">Le Cronache<\/a><\/strong><\/span><\/td>\n<td>L\u2019ambasciatore propone un gemellaggio con Salerno<\/td>\n<td><a title=\"aef\" href=\"https:\/\/www.borsaturismoarcheologico.it\/wp-content\/uploads\/2021\/06\/cronache_4-6.x50452.pdf\" target=\"_blank\" rel=\"noopener noreferrer\"><img decoding=\"async\" class=\"aligncenter\" src=\"https:\/\/www.borsaturismoarcheologico.it\/wp-content\/uploads\/2013\/01\/1360704754_pdf.x50452.png\" alt=\"1360704754_pdf\" width=\"20\" height=\"20\" title=\"\"><\/a><\/td>\n<\/tr>\n<tr>\n<td><strong>3 giugno 2021<\/strong><\/td>\n<td><span style=\"color: #ff6600;\"><strong><a style=\"color: #ff6600;\" href=\"https:\/\/www.borsaturismoarcheologico.it\/wp-content\/uploads\/2021\/06\/citt_3-06.x50452.pdf\" target=\"_blank\" rel=\"noopener noreferrer\">La Citt\u00e0 di Salerno<\/a><\/strong><\/span><\/td>\n<td>Visita ambasciatore algerino. Incontri in citt\u00e0 e a Cetara<\/td>\n<td><a title=\"aef\" href=\"https:\/\/www.borsaturismoarcheologico.it\/wp-content\/uploads\/2021\/06\/citt_3-06.x50452.pdf\" target=\"_blank\" rel=\"noopener noreferrer\"><img decoding=\"async\" class=\"aligncenter\" src=\"https:\/\/www.borsaturismoarcheologico.it\/wp-content\/uploads\/2013\/01\/1360704754_pdf.x50452.png\" alt=\"1360704754_pdf\" width=\"20\" height=\"20\" title=\"\"><\/a><\/td>\n<\/tr>\n<tr>\n<td><strong>3 giugno 2021<\/strong><\/td>\n<td><span style=\"color: #ff6600;\"><strong><a style=\"color: #ff6600;\" href=\"https:\/\/www.salernotoday.it\/cronaca\/salerno-algeria-gemellaggio-ambiasciatore-sindaco-vincenzo-napoli-3-giugno-2021.html\" target=\"_blank\" rel=\"noopener noreferrer nofollow\">SalernoToday.it<\/a><\/strong><\/span><\/td>\n<td>Relazioni diplomatiche, il sindaco Napoli annuncia: \u201cGemellaggio con l\u2019Algeria\u201d<\/td>\n<td><a title=\"aef\" href=\"https:\/\/www.salernotoday.it\/cronaca\/salerno-algeria-gemellaggio-ambiasciatore-sindaco-vincenzo-napoli-3-giugno-2021.html\" target=\"_blank\" rel=\"noopener noreferrer nofollow\"><img decoding=\"async\" class=\"aligncenter\" src=\"https:\/\/www.borsaturismoarcheologico.it\/wp-content\/uploads\/2018\/07\/weblogo.x50452.png\" alt=\"1360704754_pdf\" width=\"20\" height=\"20\" title=\"\"><\/a><\/td>\n<\/tr>\n<tr>\n<td><strong>2 giugno 2021<\/strong><\/td>\n<td><span style=\"color: #ff6600;\"><strong><a style=\"color: #ff6600;\" href=\"https:\/\/www.ilmattino.it\/salerno\/visita_ambasciatore_algeria_salerno_cetara_3_4_giugno-5998358.html\" target=\"_blank\" rel=\"noopener noreferrer nofollow\">IlMattino.it<\/a><\/strong><\/span><\/td>\n<td>L\u2019Ambasciatore di Algeria a Salerno e Cetara il 3-4 giugno<\/td>\n<td><a title=\"aef\" href=\"https:\/\/www.ilmattino.it\/salerno\/visita_ambasciatore_algeria_salerno_cetara_3_4_giugno-5998358.html\" target=\"_blank\" rel=\"noopener noreferrer nofollow\"><img decoding=\"async\" class=\"aligncenter\" src=\"https:\/\/www.borsaturismoarcheologico.it\/wp-content\/uploads\/2018\/07\/weblogo.x50452.png\" alt=\"1360704754_pdf\" width=\"20\" height=\"20\" title=\"\"><\/a><\/td>\n<\/tr>\n<tr>\n<td><strong>2 giugno 2021<\/strong><\/td>\n<td><span style=\"color: #ff6600;\"><strong><a style=\"color: #ff6600;\" href=\"https:\/\/www.borsaturismoarcheologico.it\/wp-content\/uploads\/2021\/06\/roma_2-06.x50452.pdf\" target=\"_blank\" rel=\"noopener noreferrer\">Roma<\/a><\/strong><\/span><\/td>\n<td>Pesca e intercultura, la BMTA rinsalda il legame con l\u2019Algeria<\/td>\n<td><a title=\"aef\" href=\"https:\/\/www.borsaturismoarcheologico.it\/wp-content\/uploads\/2021\/06\/roma_2-06.x50452.pdf\" target=\"_blank\" rel=\"noopener noreferrer\"><img decoding=\"async\" class=\"aligncenter\" src=\"https:\/\/www.borsaturismoarcheologico.it\/wp-content\/uploads\/2013\/01\/1360704754_pdf.x50452.png\" alt=\"1360704754_pdf\" width=\"20\" height=\"20\" title=\"\"><\/a><\/td>\n<\/tr>\n<tr>\n<td><strong>2 giugno 2021<\/strong><\/td>\n<td><span style=\"color: #ff6600;\"><strong><a style=\"color: #ff6600;\" href=\"https:\/\/www.borsaturismoarcheologico.it\/wp-content\/uploads\/2021\/06\/quotsud_2-06.x50452.pdf\" target=\"_blank\" rel=\"noopener noreferrer\">Il Quotidiano del Sud ed. Salerno<\/a><\/strong><\/span><\/td>\n<td>L\u2019ambasciatore algerino in visita in citt\u00e0 e a Cetara<\/td>\n<td><a title=\"aef\" href=\"https:\/\/www.borsaturismoarcheologico.it\/wp-content\/uploads\/2021\/06\/quotsud_2-06.x50452.pdf\" target=\"_blank\" rel=\"noopener noreferrer\"><img decoding=\"async\" class=\"aligncenter\" src=\"https:\/\/www.borsaturismoarcheologico.it\/wp-content\/uploads\/2013\/01\/1360704754_pdf.x50452.png\" alt=\"1360704754_pdf\" width=\"20\" height=\"20\" title=\"\"><\/a><\/td>\n<\/tr>\n<tr>\n<td><strong>2 giugno 2021<\/strong><\/td>\n<td><span style=\"color: #ff6600;\"><strong><a style=\"color: #ff6600;\" href=\"https:\/\/www.borsaturismoarcheologico.it\/wp-content\/uploads\/2021\/06\/cronache_2-06.x50452.pdf\" target=\"_blank\" rel=\"noopener noreferrer\">Le Cronache<\/a><\/strong><\/span><\/td>\n<td>Ambasciatore d\u2019Algeria in visita a Salerno<\/td>\n<td><a title=\"aef\" href=\"https:\/\/www.borsaturismoarcheologico.it\/wp-content\/uploads\/2021\/06\/cronache_2-06.x50452.pdf\" target=\"_blank\" rel=\"noopener noreferrer\"><img decoding=\"async\" class=\"aligncenter\" src=\"https:\/\/www.borsaturismoarcheologico.it\/wp-content\/uploads\/2013\/01\/1360704754_pdf.x50452.png\" alt=\"1360704754_pdf\" width=\"20\" height=\"20\" title=\"\"><\/a><\/td>\n<\/tr>\n<tr>\n<td><strong>1 giugno 2021<\/strong><\/td>\n<td><span style=\"color: #ff6600;\"><strong><a style=\"color: #ff6600;\" href=\"https:\/\/www.affaritaliani.it\/culturaspettacoli\/bmta-italia-algeria-parleranno-anche-di-intercultua-a-salerno-a-cetara-743106.html\" target=\"_blank\" rel=\"noopener noreferrer nofollow\">Affaritaliani.it<\/a><\/strong><\/span><\/td>\n<td>BMTA, Italia e Algeria parleranno anche di intercultura a Salerno e a Cetara<\/td>\n<td><a title=\"aef\" href=\"https:\/\/www.affaritaliani.it\/culturaspettacoli\/bmta-italia-algeria-parleranno-anche-di-intercultua-a-salerno-a-cetara-743106.html\" target=\"_blank\" rel=\"noopener noreferrer nofollow\"><img decoding=\"async\" class=\"aligncenter\" src=\"https:\/\/www.borsaturismoarcheologico.it\/wp-content\/uploads\/2018\/07\/weblogo.x50452.png\" alt=\"1360704754_pdf\" width=\"20\" height=\"20\" title=\"\"><\/a><\/td>\n<\/tr>\n<tr>\n<td><strong>1 giugno 2021<\/strong><\/td>\n<td><span style=\"color: #ff6600;\"><strong><a style=\"color: #ff6600;\" href=\"https:\/\/www.ilvescovado.it\/it\/sezioni-25\/dai-comuni-6\/3-4-giugno-a-salerno-e-cetara-incontro-tra-l-amba-98330\/article\" target=\"_blank\" rel=\"noopener noreferrer nofollow\">IlVescovado.it<\/a><\/strong><\/span><\/td>\n<td>3-4 giugno, a Salerno e Cetara incontro tra l\u2019Ambasciatore di Algeria in Italia e le autorit\u00e0 locali: l\u2019evento \u00e8 promosso dalla BMTA<\/td>\n<td><a title=\"aef\" href=\"https:\/\/www.ilvescovado.it\/it\/sezioni-25\/dai-comuni-6\/3-4-giugno-a-salerno-e-cetara-incontro-tra-l-amba-98330\/article\" target=\"_blank\" rel=\"noopener noreferrer nofollow\"><img decoding=\"async\" class=\"aligncenter\" src=\"https:\/\/www.borsaturismoarcheologico.it\/wp-content\/uploads\/2018\/07\/weblogo.x50452.png\" alt=\"1360704754_pdf\" width=\"20\" height=\"20\" title=\"\"><\/a><\/td>\n<\/tr>\n<tr>\n<td><strong>giugno 2021<\/strong><\/td>\n<td><span style=\"color: #ff6600;\"><strong><a style=\"color: #ff6600;\" href=\"https:\/\/www.borsaturismoarcheologico.it\/wp-content\/uploads\/2021\/06\/Archeo_6-21.x50452.pdf\" target=\"_blank\" rel=\"noopener noreferrer\">Archeo<\/a><\/strong><\/span><\/td>\n<td>I buoni frutti del mecenatismo<\/td>\n<td><a title=\"aef\" href=\"https:\/\/www.borsaturismoarcheologico.it\/wp-content\/uploads\/2021\/06\/Archeo_6-21.x50452.pdf\" target=\"_blank\" rel=\"noopener noreferrer\"><img decoding=\"async\" class=\"aligncenter\" src=\"https:\/\/www.borsaturismoarcheologico.it\/wp-content\/uploads\/2013\/01\/1360704754_pdf.x50452.png\" alt=\"1360704754_pdf\" width=\"20\" height=\"20\" title=\"\"><\/a><\/td>\n<\/tr>\n<tr>\n<td><strong>giugno 2021<\/strong><\/td>\n<td><span style=\"color: #ff6600;\"><strong><a style=\"color: #ff6600;\" href=\"https:\/\/www.borsaturismoarcheologico.it\/wp-content\/uploads\/2021\/06\/Medioevo_6-21.x50452.pdf\" target=\"_blank\" rel=\"noopener noreferrer\">Medioevo<\/a><\/strong><\/span><\/td>\n<td>Un\u2019opportunit\u00e0 preziosa<\/td>\n<td><a title=\"aef\" href=\"https:\/\/www.borsaturismoarcheologico.it\/wp-content\/uploads\/2021\/06\/Medioevo_6-21.x50452.pdf\" target=\"_blank\" rel=\"noopener noreferrer\"><img decoding=\"async\" class=\"aligncenter\" src=\"https:\/\/www.borsaturismoarcheologico.it\/wp-content\/uploads\/2013\/01\/1360704754_pdf.x50452.png\" alt=\"1360704754_pdf\" width=\"20\" height=\"20\" title=\"\"><\/a><\/td>\n<\/tr>\n<tr>\n<td><strong>20 maggio 2021<\/strong><\/td>\n<td><span style=\"color: #ff6600;\"><strong><a style=\"color: #ff6600;\" href=\"https:\/\/www.borsaturismoarcheologico.it\/wp-content\/uploads\/2021\/05\/mattino_20-05.x50452.pdf\" target=\"_blank\" rel=\"noopener noreferrer\">Il Mattino ed. Salerno<\/a><\/strong><\/span><\/td>\n<td>Stati Generali del Patrimonio con Ugo Picarelli<\/td>\n<td><a title=\"aef\" href=\"https:\/\/www.borsaturismoarcheologico.it\/wp-content\/uploads\/2021\/05\/mattino_20-05.x50452.pdf\" target=\"_blank\" rel=\"noopener noreferrer\"><img decoding=\"async\" class=\"aligncenter\" src=\"https:\/\/www.borsaturismoarcheologico.it\/wp-content\/uploads\/2013\/01\/1360704754_pdf.x50452.png\" alt=\"1360704754_pdf\" width=\"20\" height=\"20\" title=\"\"><\/a><\/td>\n<\/tr>\n<tr>\n<td><strong>18 maggio 2021<\/strong><\/td>\n<td><span style=\"color: #ff6600;\"><strong><a style=\"color: #ff6600;\" href=\"https:\/\/www.borsaturismoarcheologico.it\/wp-content\/uploads\/2021\/05\/mattino_18-05.x50452.pdf\" target=\"_blank\" rel=\"noopener noreferrer\">Il Mattino ed. Salerno<\/a><\/strong><\/span><\/td>\n<td>Nemours, la Cetara africana<\/td>\n<td><a title=\"aef\" href=\"https:\/\/www.borsaturismoarcheologico.it\/wp-content\/uploads\/2021\/05\/mattino_18-05.x50452.pdf\" target=\"_blank\" rel=\"noopener noreferrer\"><img decoding=\"async\" class=\"aligncenter\" src=\"https:\/\/www.borsaturismoarcheologico.it\/wp-content\/uploads\/2013\/01\/1360704754_pdf.x50452.png\" alt=\"1360704754_pdf\" width=\"20\" height=\"20\" title=\"\"><\/a><\/td>\n<\/tr>\n<tr>\n<td><strong>15 maggio 2021<\/strong><\/td>\n<td><span style=\"color: #ff6600;\"><strong><a style=\"color: #ff6600;\" href=\"https:\/\/www.borsaturismoarcheologico.it\/wp-content\/uploads\/2021\/05\/gazsud_15-05.x50452.pdf\" target=\"_blank\" rel=\"noopener noreferrer\">Gazzetta del Sud ed. Reggio Calabria<\/a><\/strong><\/span><\/td>\n<td>Calabria e Sicilia fanno rete sulle iniziative culturali<\/td>\n<td><a title=\"aef\" href=\"https:\/\/www.borsaturismoarcheologico.it\/wp-content\/uploads\/2021\/05\/gazsud_15-05.x50452.pdf\" target=\"_blank\" rel=\"noopener noreferrer\"><img decoding=\"async\" class=\"aligncenter\" src=\"https:\/\/www.borsaturismoarcheologico.it\/wp-content\/uploads\/2013\/01\/1360704754_pdf.x50452.png\" alt=\"1360704754_pdf\" width=\"20\" height=\"20\" title=\"\"><\/a><\/td>\n<\/tr>\n<tr>\n<td><strong>14 maggio 2021<\/strong><\/td>\n<td><span style=\"color: #ff6600;\"><strong><a style=\"color: #ff6600;\" href=\"https:\/\/www.borsaturismoarcheologico.it\/wp-content\/uploads\/2021\/05\/lasicilia_14-05.x50452.pdf\" target=\"_blank\" rel=\"noopener noreferrer\">La Sicilia<\/a><\/strong><\/span><\/td>\n<td>Tra Sicilia e Calabria in autunno il ponte della Cultura<\/td>\n<td><a title=\"aef\" href=\"https:\/\/www.borsaturismoarcheologico.it\/wp-content\/uploads\/2021\/05\/lasicilia_14-05.x50452.pdf\" target=\"_blank\" rel=\"noopener noreferrer\"><img decoding=\"async\" class=\"aligncenter\" src=\"https:\/\/www.borsaturismoarcheologico.it\/wp-content\/uploads\/2013\/01\/1360704754_pdf.x50452.png\" alt=\"1360704754_pdf\" width=\"20\" height=\"20\" title=\"\"><\/a><\/td>\n<\/tr>\n<tr>\n<td><strong>14 maggio 2021<\/strong><\/td>\n<td><span style=\"color: #ff6600;\"><strong><a style=\"color: #ff6600;\" href=\"https:\/\/www.borsaturismoarcheologico.it\/wp-content\/uploads\/2021\/05\/ilquotidianodelsudedreggio_14-05.x50452.pdf\" target=\"_blank\" rel=\"noopener noreferrer\">Il Quotidiano del Sud ed. Reggio Calabria<\/a><\/strong><\/span><\/td>\n<td>Ponte culturale con la Sicilia<\/td>\n<td><a title=\"aef\" href=\"https:\/\/www.borsaturismoarcheologico.it\/wp-content\/uploads\/2021\/05\/ilquotidianodelsudedreggio_14-05.x50452.pdf\" target=\"_blank\" rel=\"noopener noreferrer\"><img decoding=\"async\" class=\"aligncenter\" src=\"https:\/\/www.borsaturismoarcheologico.it\/wp-content\/uploads\/2013\/01\/1360704754_pdf.x50452.png\" alt=\"1360704754_pdf\" width=\"20\" height=\"20\" title=\"\"><\/a><\/td>\n<\/tr>\n<tr>\n<td><strong>14 maggio 2021<\/strong><\/td>\n<td><span style=\"color: #ff6600;\"><strong><a style=\"color: #ff6600;\" href=\"https:\/\/www.borsaturismoarcheologico.it\/wp-content\/uploads\/2021\/05\/ilgiornaledicalabria_14-05.x50452.pdf\" target=\"_blank\" rel=\"noopener noreferrer\">Il Giornale di Calabria<\/a><\/strong><\/span><\/td>\n<td>Un porte per la cultura tra Calabria e Sicilia<\/td>\n<td><a title=\"aef\" href=\"https:\/\/www.borsaturismoarcheologico.it\/wp-content\/uploads\/2021\/05\/ilgiornaledicalabria_14-05.x50452.pdf\" target=\"_blank\" rel=\"noopener noreferrer\"><img decoding=\"async\" class=\"aligncenter\" src=\"https:\/\/www.borsaturismoarcheologico.it\/wp-content\/uploads\/2013\/01\/1360704754_pdf.x50452.png\" alt=\"1360704754_pdf\" width=\"20\" height=\"20\" title=\"\"><\/a><\/td>\n<\/tr>\n<tr>\n<td><strong>14 maggio 2021<\/strong><\/td>\n<td><span style=\"color: #ff6600;\"><strong><a style=\"color: #ff6600;\" href=\"https:\/\/travelnostop.com\/sicilia\/beni-culturali\/al-via-il-ponte-culturale-fra-sicilia-e-calabria-e-in-autunno-presenza-unica-alla-bmta_518948\" target=\"_blank\" rel=\"noopener noreferrer nofollow\">Travelnostop.com<\/a><\/strong><\/span><\/td>\n<td>Sicilia-Calabria: \u2018ponte\u2019 culturale e sinergia a BMTA in autunno<\/td>\n<td><a title=\"aef\" href=\"https:\/\/travelnostop.com\/sicilia\/beni-culturali\/al-via-il-ponte-culturale-fra-sicilia-e-calabria-e-in-autunno-presenza-unica-alla-bmta_518948\" target=\"_blank\" rel=\"noopener noreferrer nofollow\"><img decoding=\"async\" class=\"aligncenter\" src=\"https:\/\/www.borsaturismoarcheologico.it\/wp-content\/uploads\/2018\/07\/weblogo.x50452.png\" alt=\"1360704754_pdf\" width=\"20\" height=\"20\" title=\"\"><\/a><\/td>\n<\/tr>\n<tr>\n<td><strong>13 maggio 2021<\/strong><\/td>\n<td><span style=\"color: #ff6600;\"><strong><a style=\"color: #ff6600;\" href=\"https:\/\/www.ansa.it\/sicilia\/notizie\/2021\/05\/13\/sicilia-e-calabria-al-via-ponte-culturale-fra-le-regioni_1fd4c40c-8534-46e3-aa77-891f2b3c0a5c.html\" target=\"_blank\" rel=\"noopener noreferrer nofollow\">Ansa.it Sicilia<\/a><\/strong><\/span><\/td>\n<td>Sicilia e Calabria, al via \u201cponte\u201d culturale fra le Regioni<\/td>\n<td><a title=\"aef\" href=\"https:\/\/www.ansa.it\/sicilia\/notizie\/2021\/05\/13\/sicilia-e-calabria-al-via-ponte-culturale-fra-le-regioni_1fd4c40c-8534-46e3-aa77-891f2b3c0a5c.html\" target=\"_blank\" rel=\"noopener noreferrer nofollow\"><img decoding=\"async\" class=\"aligncenter\" src=\"https:\/\/www.borsaturismoarcheologico.it\/wp-content\/uploads\/2018\/07\/weblogo.x50452.png\" alt=\"1360704754_pdf\" width=\"20\" height=\"20\" title=\"\"><\/a><\/td>\n<\/tr>\n<tr>\n<td><strong>13 maggio 2021<\/strong><\/td>\n<td><span style=\"color: #ff6600;\"><strong><a style=\"color: #ff6600;\" href=\"https:\/\/www.corrieredellacalabria.it\/2021\/05\/13\/cultura-e-valorizzazione-dei-borghi-calabria-e-sicilia-avviano-un-progetto-comune\/\" target=\"_blank\" rel=\"noopener noreferrer nofollow\">CorrieredellaCalabria.it<\/a><\/strong><\/span><\/td>\n<td>Cultura e valorizzazione dei borghi, Calabria e Sicilia avviano un progetto comune<\/td>\n<td><a title=\"aef\" href=\"https:\/\/www.corrieredellacalabria.it\/2021\/05\/13\/cultura-e-valorizzazione-dei-borghi-calabria-e-sicilia-avviano-un-progetto-comune\/\" target=\"_blank\" rel=\"noopener noreferrer nofollow\"><img decoding=\"async\" class=\"aligncenter\" src=\"https:\/\/www.borsaturismoarcheologico.it\/wp-content\/uploads\/2018\/07\/weblogo.x50452.png\" alt=\"1360704754_pdf\" width=\"20\" height=\"20\" title=\"\"><\/a><\/td>\n<\/tr>\n<tr>\n<td><strong>maggio 2021<\/strong><\/td>\n<td><span style=\"color: #ff6600;\"><strong><a style=\"color: #ff6600;\" href=\"https:\/\/www.borsaturismoarcheologico.it\/wp-content\/uploads\/2021\/05\/Archeo_5-2021.x50452.pdf\" target=\"_blank\" rel=\"noopener noreferrer\">Archeo<\/a><\/strong><\/span><\/td>\n<td>Anche il turismo archeologico ha il suo new deal<\/td>\n<td><a title=\"aef\" href=\"https:\/\/www.borsaturismoarcheologico.it\/wp-content\/uploads\/2021\/05\/Archeo_5-2021.x50452.pdf\" target=\"_blank\" rel=\"noopener noreferrer\"><img decoding=\"async\" class=\"aligncenter\" src=\"https:\/\/www.borsaturismoarcheologico.it\/wp-content\/uploads\/2013\/01\/1360704754_pdf.x50452.png\" alt=\"1360704754_pdf\" width=\"20\" height=\"20\" title=\"\"><\/a><\/td>\n<\/tr>\n<tr>\n<td><strong>maggio 2021<\/strong><\/td>\n<td><span style=\"color: #ff6600;\"><strong><a style=\"color: #ff6600;\" href=\"https:\/\/www.borsaturismoarcheologico.it\/wp-content\/uploads\/2021\/05\/Medioevo_5-2021.x50452.pdf\" target=\"_blank\" rel=\"noopener noreferrer\">Medioevo<\/a><\/strong><\/span><\/td>\n<td>Per un \u201cnew deal\u201d del turismo archeologico<\/td>\n<td><a title=\"aef\" href=\"https:\/\/www.borsaturismoarcheologico.it\/wp-content\/uploads\/2021\/05\/Medioevo_5-2021.x50452.pdf\" target=\"_blank\" rel=\"noopener noreferrer\"><img decoding=\"async\" class=\"aligncenter\" src=\"https:\/\/www.borsaturismoarcheologico.it\/wp-content\/uploads\/2013\/01\/1360704754_pdf.x50452.png\" alt=\"1360704754_pdf\" width=\"20\" height=\"20\" title=\"\"><\/a><\/td>\n<\/tr>\n<tr>\n<td><strong>13 aprile 2021<\/strong><\/td>\n<td><span style=\"color: #ff6600;\"><strong><a style=\"color: #ff6600;\" href=\"https:\/\/www.ilmessaggero.it\/mondo\/italia_algeria_dal_colosseo_al_casbah_news-5896202.html\" target=\"_blank\" rel=\"noopener noreferrer nofollow\">IlMessaggero.it<\/a><\/strong><\/span><\/td>\n<td>Dal Colosseo alla Casbah, la cultura unisce l\u2019Italia e l\u2019Algeria<\/td>\n<td><a title=\"aef\" href=\"https:\/\/www.ilmessaggero.it\/mondo\/italia_algeria_dal_colosseo_al_casbah_news-5896202.html\" target=\"_blank\" rel=\"noopener noreferrer nofollow\"><img decoding=\"async\" class=\"aligncenter\" src=\"https:\/\/www.borsaturismoarcheologico.it\/wp-content\/uploads\/2018\/07\/weblogo.x50452.png\" alt=\"1360704754_pdf\" width=\"20\" height=\"20\" title=\"\"><\/a><\/td>\n<\/tr>\n<tr>\n<td><strong>2 aprile 2021<\/strong><\/td>\n<td><span style=\"color: #ff6600;\"><strong><a style=\"color: #ff6600;\" href=\"https:\/\/wsimag.com\/it\/architettura-e-design\/65318-reliquie-dalle-sabbie-e-dal-tempo\" target=\"_blank\" rel=\"noopener noreferrer nofollow\">Wall Street International Magazine<\/a><\/strong><\/span><\/td>\n<td>Reliquie dalle sabbie e dal tempo. Una scoperta italiana nel Kurdistan iracheno<\/td>\n<td><a title=\"aef\" href=\"https:\/\/wsimag.com\/it\/architettura-e-design\/65318-reliquie-dalle-sabbie-e-dal-tempo\" target=\"_blank\" rel=\"noopener noreferrer nofollow\"><img decoding=\"async\" class=\"aligncenter\" src=\"https:\/\/www.borsaturismoarcheologico.it\/wp-content\/uploads\/2018\/07\/weblogo.x50452.png\" alt=\"1360704754_pdf\" width=\"20\" height=\"20\" title=\"\"><\/a><\/td>\n<\/tr>\n<tr>\n<td><strong>1 aprile 2021<\/strong><\/td>\n<td><span style=\"color: #ff6600;\"><strong><a style=\"color: #ff6600;\" href=\"https:\/\/www.classicult.it\/paestum-xxiii-borsa-mediterranea-del-turismo-archeologico\/\" target=\"_blank\" rel=\"noopener noreferrer nofollow\">ClassiCult.it<\/a><\/strong><\/span><\/td>\n<td>Borsa Mediterranea del Turismo Archeologico: a Paestum la XXIII edizione<\/td>\n<td><a title=\"aef\" href=\"https:\/\/www.classicult.it\/paestum-xxiii-borsa-mediterranea-del-turismo-archeologico\/\" target=\"_blank\" rel=\"noopener noreferrer nofollow\"><img decoding=\"async\" class=\"aligncenter\" src=\"https:\/\/www.borsaturismoarcheologico.it\/wp-content\/uploads\/2018\/07\/weblogo.x50452.png\" alt=\"1360704754_pdf\" width=\"20\" height=\"20\" title=\"\"><\/a><\/td>\n<\/tr>\n<tr>\n<td><strong>aprile 2021<\/strong><\/td>\n<td><span style=\"color: #ff6600;\"><strong><a style=\"color: #ff6600;\" href=\"https:\/\/www.borsaturismoarcheologico.it\/wp-content\/uploads\/2021\/04\/Archeo_4-2021.x50452.pdf\" target=\"_blank\" rel=\"noopener noreferrer\">Archeo<\/a><\/strong><\/span><\/td>\n<td>L\u2019autunno si addice alla Borsa<\/td>\n<td><a title=\"aef\" href=\"https:\/\/www.borsaturismoarcheologico.it\/wp-content\/uploads\/2021\/04\/Archeo_4-2021.x50452.pdf\" target=\"_blank\" rel=\"noopener noreferrer\"><img decoding=\"async\" class=\"aligncenter\" src=\"https:\/\/www.borsaturismoarcheologico.it\/wp-content\/uploads\/2013\/01\/1360704754_pdf.x50452.png\" alt=\"1360704754_pdf\" width=\"20\" height=\"20\" title=\"\"><\/a><\/td>\n<\/tr>\n<tr>\n<td><strong>aprile 2021<\/strong><\/td>\n<td><span style=\"color: #ff6600;\"><strong><a style=\"color: #ff6600;\" href=\"https:\/\/www.borsaturismoarcheologico.it\/wp-content\/uploads\/2021\/04\/Medioevo_4-2021.x50452.pdf\" target=\"_blank\" rel=\"noopener noreferrer\">Medioevo<\/a><\/strong><\/span><\/td>\n<td>Rinviare per rilanciarsi<\/td>\n<td><a title=\"aef\" href=\"https:\/\/www.borsaturismoarcheologico.it\/wp-content\/uploads\/2021\/04\/Medioevo_4-2021.x50452.pdf\" target=\"_blank\" rel=\"noopener noreferrer\"><img decoding=\"async\" class=\"aligncenter\" src=\"https:\/\/www.borsaturismoarcheologico.it\/wp-content\/uploads\/2013\/01\/1360704754_pdf.x50452.png\" alt=\"1360704754_pdf\" width=\"20\" height=\"20\" title=\"\"><\/a><\/td>\n<\/tr>\n<tr>\n<td><strong>aprile 2021<\/strong><\/td>\n<td><span style=\"color: #ff6600;\"><strong><a style=\"color: #ff6600;\" href=\"https:\/\/www.borsaturismoarcheologico.it\/wp-content\/uploads\/2021\/03\/Costozero_4-2021.x50452.pdf\" target=\"_blank\" rel=\"noopener noreferrer\">Costozero<\/a><\/strong><\/span><\/td>\n<td>Turismo archeologico e giovani, una ricerca per interpretare i nuovi trend<\/td>\n<td><a title=\"aef\" href=\"https:\/\/www.borsaturismoarcheologico.it\/wp-content\/uploads\/2021\/03\/Costozero_4-2021.x50452.pdf\" target=\"_blank\" rel=\"noopener noreferrer\"><img decoding=\"async\" class=\"aligncenter\" src=\"https:\/\/www.borsaturismoarcheologico.it\/wp-content\/uploads\/2013\/01\/1360704754_pdf.x50452.png\" alt=\"1360704754_pdf\" width=\"20\" height=\"20\" title=\"\"><\/a><\/td>\n<\/tr>\n<tr>\n<td><strong>22 marzo 2021<\/strong><\/td>\n<td><span style=\"color: #ff6600;\"><strong><a style=\"color: #ff6600;\" href=\"https:\/\/www.borsaturismoarcheologico.it\/wp-content\/uploads\/2021\/03\/cormez_22-03.x50452.pdf\" target=\"_blank\" rel=\"noopener noreferrer\">Corriere del Mezzogiorno ed. Campania<\/a><\/strong><\/span><\/td>\n<td>Le nuove date, ad ottobre la BMTA<\/td>\n<td><a title=\"aef\" href=\"https:\/\/www.borsaturismoarcheologico.it\/wp-content\/uploads\/2021\/03\/cormez_22-03.x50452.pdf\" target=\"_blank\" rel=\"noopener noreferrer\"><img decoding=\"async\" class=\"aligncenter\" src=\"https:\/\/www.borsaturismoarcheologico.it\/wp-content\/uploads\/2013\/01\/1360704754_pdf.x50452.png\" alt=\"1360704754_pdf\" width=\"20\" height=\"20\" title=\"\"><\/a><\/td>\n<\/tr>\n<tr>\n<td><strong>20 marzo 2021<\/strong><\/td>\n<td><span style=\"color: #ff6600;\"><strong><a style=\"color: #ff6600;\" href=\"https:\/\/vincenzochierchia.blog.ilsole24ore.com\/2021\/03\/20\/mounir-bouchenaki-presidente-onorario-della-borsa-turismo-archeologico-paestum\/?refresh_ce=1\" target=\"_blank\" rel=\"noopener noreferrer nofollow\">Grand Tour de IlSole24Ore.com<\/a><\/strong><\/span><\/td>\n<td>Mounir Bouchenaki presidente onorario della BMTA<\/td>\n<td><a title=\"aef\" href=\"https:\/\/vincenzochierchia.blog.ilsole24ore.com\/2021\/03\/20\/mounir-bouchenaki-presidente-onorario-della-borsa-turismo-archeologico-paestum\/?refresh_ce=1\" target=\"_blank\" rel=\"noopener noreferrer nofollow\"><img decoding=\"async\" class=\"aligncenter\" src=\"https:\/\/www.borsaturismoarcheologico.it\/wp-content\/uploads\/2018\/07\/weblogo.x50452.png\" alt=\"1360704754_pdf\" width=\"20\" height=\"20\" title=\"\"><\/a><\/td>\n<\/tr>\n<tr>\n<td><strong>15 marzo 2021<\/strong><\/td>\n<td><span style=\"color: #ff6600;\"><strong><a style=\"color: #ff6600;\" href=\"https:\/\/mondointasca.it\/2021\/03\/15\/bmta-2021-borsa-mediterranea-turismo-archeologico-a-settembre\/\" target=\"_blank\" rel=\"noopener noreferrer nofollow\">Mondointasca.it<\/a><\/strong><\/span><\/td>\n<td>La BMTA a settembre<\/td>\n<td><a title=\"aef\" href=\"https:\/\/mondointasca.it\/2021\/03\/15\/bmta-2021-borsa-mediterranea-turismo-archeologico-a-settembre\/\" target=\"_blank\" rel=\"noopener noreferrer nofollow\"><img decoding=\"async\" class=\"aligncenter\" src=\"https:\/\/www.borsaturismoarcheologico.it\/wp-content\/uploads\/2018\/07\/weblogo.x50452.png\" alt=\"1360704754_pdf\" width=\"20\" height=\"20\" title=\"\"><\/a><\/td>\n<\/tr>\n<tr>\n<td><strong>14 marzo 2021<\/strong><\/td>\n<td><span style=\"color: #ff6600;\"><strong><a style=\"color: #ff6600;\" href=\"https:\/\/www.ilvescovado.it\/it\/sezioni-25\/economia-turismo-14\/borsa-turismo-archeologico-posticipata-a-30-settem-96324\/article\" target=\"_blank\" rel=\"noopener noreferrer nofollow\">IlVescovado.it<\/a><\/strong><\/span><\/td>\n<td>BMTA posticipata a 30 settembre \u2013 3 ottobre<\/td>\n<td><a title=\"aef\" href=\"https:\/\/www.ilvescovado.it\/it\/sezioni-25\/economia-turismo-14\/borsa-turismo-archeologico-posticipata-a-30-settem-96324\/article\" target=\"_blank\" rel=\"noopener noreferrer nofollow\"><img decoding=\"async\" class=\"aligncenter\" src=\"https:\/\/www.borsaturismoarcheologico.it\/wp-content\/uploads\/2018\/07\/weblogo.x50452.png\" alt=\"1360704754_pdf\" width=\"20\" height=\"20\" title=\"\"><\/a><\/td>\n<\/tr>\n<tr>\n<td><strong>14 marzo 2021<\/strong><\/td>\n<td><span style=\"color: #ff6600;\"><strong><a style=\"color: #ff6600;\" href=\"https:\/\/www.borsaturismoarcheologico.it\/wp-content\/uploads\/2021\/03\/mattino_14-03.x50452.pdf\" target=\"_blank\" rel=\"noopener noreferrer\">Il Mattino ed. Salerno<\/a><\/strong><\/span><\/td>\n<td>Turismo d\u2019arte, master Bicocca con la Borsa di Picarelli<\/td>\n<td><a title=\"aef\" href=\"https:\/\/www.borsaturismoarcheologico.it\/wp-content\/uploads\/2021\/03\/mattino_14-03.x50452.pdf\" target=\"_blank\" rel=\"noopener noreferrer\"><img decoding=\"async\" class=\"aligncenter\" src=\"https:\/\/www.borsaturismoarcheologico.it\/wp-content\/uploads\/2013\/01\/1360704754_pdf.x50452.png\" alt=\"1360704754_pdf\" width=\"20\" height=\"20\" title=\"\"><\/a><\/td>\n<\/tr>\n<tr>\n<td><strong>12 marzo 2021<\/strong><\/td>\n<td><span style=\"color: #ff6600;\"><strong><a style=\"color: #ff6600;\" href=\"https:\/\/www.borsaturismoarcheologico.it\/wp-content\/uploads\/2021\/03\/Citta_12-03.x50452.pdf\" target=\"_blank\" rel=\"noopener noreferrer\">La Citt\u00e0 di Salerno<\/a><\/strong><\/span><\/td>\n<td>Patto tra BMTA e Bicocca per attrarre nuovi turisti<\/td>\n<td><a title=\"aef\" href=\"https:\/\/www.borsaturismoarcheologico.it\/wp-content\/uploads\/2021\/03\/Citta_12-03.x50452.pdf\" target=\"_blank\" rel=\"noopener noreferrer\"><img decoding=\"async\" class=\"aligncenter\" src=\"https:\/\/www.borsaturismoarcheologico.it\/wp-content\/uploads\/2013\/01\/1360704754_pdf.x50452.png\" alt=\"1360704754_pdf\" width=\"20\" height=\"20\" title=\"\"><\/a><\/td>\n<\/tr>\n<tr>\n<td><strong>12 marzo 2021<\/strong><\/td>\n<td><span style=\"color: #ff6600;\"><strong><a style=\"color: #ff6600;\" href=\"https:\/\/www.borsaturismoarcheologico.it\/wp-content\/uploads\/2021\/03\/quotsud_12-03.x50452.pdf\" target=\"_blank\" rel=\"noopener noreferrer\">Il Quotidiano del Sud ed. Salerno<\/a><\/strong><\/span><\/td>\n<td>Master in Tourism Strategy, la Bicocca grazie alla BMTA promuove la destinazione di Paestum<\/td>\n<td><a title=\"aef\" href=\"https:\/\/www.borsaturismoarcheologico.it\/wp-content\/uploads\/2021\/03\/quotsud_12-03.x50452.pdf\" target=\"_blank\" rel=\"noopener noreferrer\"><img decoding=\"async\" class=\"aligncenter\" src=\"https:\/\/www.borsaturismoarcheologico.it\/wp-content\/uploads\/2013\/01\/1360704754_pdf.x50452.png\" alt=\"1360704754_pdf\" width=\"20\" height=\"20\" title=\"\"><\/a><\/td>\n<\/tr>\n<tr>\n<td><strong>12 marzo 2021<\/strong><\/td>\n<td><span style=\"color: #ff6600;\"><strong><a style=\"color: #ff6600;\" href=\"https:\/\/www.lagenziadiviaggi.it\/bmta-milano-bicocca-project-work-su-paestum-al-master-mtsm\/\" target=\"_blank\" rel=\"noopener noreferrer nofollow\">L\u2019AgenziadiViaggi.it<\/a><\/strong><\/span><\/td>\n<td>BMTA-Milano Bicocca, project work su Paestum al Master MTSM<\/td>\n<td><a title=\"aef\" href=\"https:\/\/www.lagenziadiviaggi.it\/bmta-milano-bicocca-project-work-su-paestum-al-master-mtsm\/\" target=\"_blank\" rel=\"noopener noreferrer nofollow\"><img decoding=\"async\" class=\"aligncenter\" src=\"https:\/\/www.borsaturismoarcheologico.it\/wp-content\/uploads\/2018\/07\/weblogo.x50452.png\" alt=\"1360704754_pdf\" width=\"20\" height=\"20\" title=\"\"><\/a><\/td>\n<\/tr>\n<tr>\n<td><strong>11 marzo 2021<\/strong><\/td>\n<td><span style=\"color: #ff6600;\"><strong><a style=\"color: #ff6600;\" href=\"https:\/\/www.ilmattino.it\/salerno\/master_tourism_strategy_project_work_capaccio_paestum-5824866.html\" target=\"_blank\" rel=\"noopener noreferrer nofollow\">IlMattino.it<\/a><\/strong><\/span><\/td>\n<td>Master in Tourism Strategy, project work su Capaccio Paestum grazie alla BMTA<\/td>\n<td><a title=\"aef\" href=\"https:\/\/www.ilmattino.it\/salerno\/master_tourism_strategy_project_work_capaccio_paestum-5824866.html\" target=\"_blank\" rel=\"noopener noreferrer nofollow\"><img decoding=\"async\" class=\"aligncenter\" src=\"https:\/\/www.borsaturismoarcheologico.it\/wp-content\/uploads\/2018\/07\/weblogo.x50452.png\" alt=\"1360704754_pdf\" width=\"20\" height=\"20\" title=\"\"><\/a><\/td>\n<\/tr>\n<tr>\n<td><strong>11 marzo 2021<\/strong><\/td>\n<td><span style=\"color: #ff6600;\"><strong><a style=\"color: #ff6600;\" href=\"https:\/\/www.ilvescovado.it\/it\/sezioni-25\/economia-turismo-14\/master-in-tourism-strategy-management-dell-unive-96259\/article\" target=\"_blank\" rel=\"noopener noreferrer nofollow\">IlVescovado.it<\/a><\/strong><\/span><\/td>\n<td>Master in Tourism Strategy &amp; Management dell\u2019Universit\u00e0 di Milano Bicocca svilupper\u00e0 project work su promozione Paestum grazie alla BMTA<\/td>\n<td><a title=\"aef\" href=\"\/\/www.ilvescovado.it\/it\/sezioni-25\/economia-turismo-14\/master-in-tourism-strategy-management-dell-unive-96259\/article\" target=\"_blank\" rel=\"noopener noreferrer\"><img decoding=\"async\" class=\"aligncenter\" src=\"https:\/\/www.borsaturismoarcheologico.it\/wp-content\/uploads\/2018\/07\/weblogo.x50452.png\" alt=\"1360704754_pdf\" width=\"20\" height=\"20\" title=\"\"><\/a><\/td>\n<\/tr>\n<tr>\n<td><strong>11 marzo 2021<\/strong><\/td>\n<td><span style=\"color: #ff6600;\"><strong><a style=\"color: #ff6600;\" href=\"https:\/\/www.affaritaliani.it\/culturaspettacoli\/la-bicocca-la-bmta-promuovono-un-master-sulla-destinazione-capaccio-paestum-728095.html?refresh_ce\" target=\"_blank\" rel=\"noopener noreferrer nofollow\">Affaritaliani.it<\/a><\/strong><\/span><\/td>\n<td>La Bicocca e la BMTA promuovono la destinazione Capaccio Paestum<\/td>\n<td><a title=\"aef\" href=\"https:\/\/www.affaritaliani.it\/culturaspettacoli\/la-bicocca-la-bmta-promuovono-un-master-sulla-destinazione-capaccio-paestum-728095.html?refresh_ce\" target=\"_blank\" rel=\"noopener noreferrer nofollow\"><img decoding=\"async\" class=\"aligncenter\" src=\"https:\/\/www.borsaturismoarcheologico.it\/wp-content\/uploads\/2018\/07\/weblogo.x50452.png\" alt=\"1360704754_pdf\" width=\"20\" height=\"20\" title=\"\"><\/a><\/td>\n<\/tr>\n<tr>\n<td><strong>11 marzo 2021<\/strong><\/td>\n<td><span style=\"color: #ff6600;\"><strong><a style=\"color: #ff6600;\" href=\"https:\/\/www.guidaviaggi.it\/2021\/03\/11\/nuova-data-per-la-bmta-al-via-il-30-settembre\/\" target=\"_blank\" rel=\"noopener noreferrer nofollow\">GuidaViaggi.it<\/a><\/strong><\/span><\/td>\n<td>Nuova data per la BMTA, al via il 30 settembre<\/td>\n<td><a title=\"aef\" href=\"https:\/\/www.guidaviaggi.it\/2021\/03\/11\/nuova-data-per-la-bmta-al-via-il-30-settembre\/\" target=\"_blank\" rel=\"noopener noreferrer nofollow\"><img decoding=\"async\" class=\"aligncenter\" src=\"https:\/\/www.borsaturismoarcheologico.it\/wp-content\/uploads\/2018\/07\/weblogo.x50452.png\" alt=\"1360704754_pdf\" width=\"20\" height=\"20\" title=\"\"><\/a><\/td>\n<\/tr>\n<tr>\n<td><strong>11 marzo 2021<\/strong><\/td>\n<td><span style=\"color: #ff6600;\"><strong><a style=\"color: #ff6600;\" href=\"https:\/\/travelnostop.com\/campania\/borse-e-fiere\/la-borsa-archeologica-di-paestum-cambia-data-e-location_513928\" target=\"_blank\" rel=\"noopener noreferrer nofollow\">Travelnostop.com<\/a><\/strong><\/span><\/td>\n<td>La BMTA di Paestum cambia data e location<\/td>\n<td><a title=\"aef\" href=\"https:\/\/travelnostop.com\/campania\/borse-e-fiere\/la-borsa-archeologica-di-paestum-cambia-data-e-location_513928\" target=\"_blank\" rel=\"noopener noreferrer nofollow\"><img decoding=\"async\" class=\"aligncenter\" src=\"https:\/\/www.borsaturismoarcheologico.it\/wp-content\/uploads\/2018\/07\/weblogo.x50452.png\" alt=\"1360704754_pdf\" width=\"20\" height=\"20\" title=\"\"><\/a><\/td>\n<\/tr>\n<tr>\n<td><strong>11 marzo 2021<\/strong><\/td>\n<td><span style=\"color: #ff6600;\"><strong><a style=\"color: #ff6600;\" href=\"https:\/\/www.borsaturismoarcheologico.it\/wp-content\/uploads\/2021\/03\/Sicilia_11-03.x50452.pdf\" target=\"_blank\" rel=\"noopener noreferrer\">La Sicilia<\/a><\/strong><\/span><\/td>\n<td>Nuova data per la BMTA<\/td>\n<td><a title=\"aef\" href=\"https:\/\/www.borsaturismoarcheologico.it\/wp-content\/uploads\/2021\/03\/Sicilia_11-03.x50452.pdf\" target=\"_blank\" rel=\"noopener noreferrer\"><img decoding=\"async\" class=\"aligncenter\" src=\"https:\/\/www.borsaturismoarcheologico.it\/wp-content\/uploads\/2013\/01\/1360704754_pdf.x50452.png\" alt=\"1360704754_pdf\" width=\"20\" height=\"20\" title=\"\"><\/a><\/td>\n<\/tr>\n<tr>\n<td><strong>10 marzo 2021<\/strong><\/td>\n<td><span style=\"color: #ff6600;\"><strong><a style=\"color: #ff6600;\" href=\"https:\/\/www.ansa.it\/sito\/notizie\/cultura\/arte\/2021\/03\/10\/la-borsa-archeologica-di-paestum-cambia-data-e-location_e217810b-56cf-42e5-89ae-3e5a17795074.html\" target=\"_blank\" rel=\"noopener noreferrer nofollow\">ANSA.it<\/a><\/strong><\/span><\/td>\n<td>La BMTA di Paestum cambia data e location<\/td>\n<td><a title=\"aef\" href=\"https:\/\/www.ansa.it\/sito\/notizie\/cultura\/arte\/2021\/03\/10\/la-borsa-archeologica-di-paestum-cambia-data-e-location_e217810b-56cf-42e5-89ae-3e5a17795074.html\" target=\"_blank\" rel=\"noopener noreferrer nofollow\"><img decoding=\"async\" class=\"aligncenter\" src=\"https:\/\/www.borsaturismoarcheologico.it\/wp-content\/uploads\/2018\/07\/weblogo.x50452.png\" alt=\"1360704754_pdf\" width=\"20\" height=\"20\" title=\"\"><\/a><\/td>\n<\/tr>\n<tr>\n<td><strong>10 marzo 2021<\/strong><\/td>\n<td><span style=\"color: #ff6600;\"><strong><a style=\"color: #ff6600;\" href=\"https:\/\/www.metemag.com\/lifestyle\/borsa-turismo-archeologico-rinvio-allautunno-con-nuovi-progetti-in-chiave-territoriale\/\" target=\"_blank\" rel=\"noopener noreferrer nofollow\">METEmag.com<\/a><\/strong><\/span><\/td>\n<td>BMTA, rinvio all\u2019autunno con nuovi progetti in chiave territoriale<\/td>\n<td><a title=\"aef\" href=\"https:\/\/www.metemag.com\/lifestyle\/borsa-turismo-archeologico-rinvio-allautunno-con-nuovi-progetti-in-chiave-territoriale\/\" target=\"_blank\" rel=\"noopener noreferrer nofollow\"><img decoding=\"async\" class=\"aligncenter\" src=\"https:\/\/www.borsaturismoarcheologico.it\/wp-content\/uploads\/2018\/07\/weblogo.x50452.png\" alt=\"1360704754_pdf\" width=\"20\" height=\"20\" title=\"\"><\/a><\/td>\n<\/tr>\n<tr>\n<td><strong>10 marzo 2021<\/strong><\/td>\n<td><span style=\"color: #ff6600;\"><strong><a style=\"color: #ff6600;\" href=\"http:\/\/www.qaeditoria.it\/details.aspx?idarticle=159758\" target=\"_blank\" rel=\"noopener noreferrer nofollow\">QA \u2013 Turismo Cultura &amp; Arte<\/a><\/strong><\/span><\/td>\n<td>Borsa Mediterranea del Turismo Archeologico (BMTA) posticipata la data della XXIII edizione<\/td>\n<td><a title=\"aef\" href=\"http:\/\/www.qaeditoria.it\/details.aspx?idarticle=159758\" target=\"_blank\" rel=\"noopener noreferrer nofollow\"><img decoding=\"async\" class=\"aligncenter\" src=\"https:\/\/www.borsaturismoarcheologico.it\/wp-content\/uploads\/2018\/07\/weblogo.x50452.png\" alt=\"1360704754_pdf\" width=\"20\" height=\"20\" title=\"\"><\/a><\/td>\n<\/tr>\n<tr>\n<td><strong>9 marzo 2021<\/strong><\/td>\n<td><span style=\"color: #ff6600;\"><strong><a style=\"color: #ff6600;\" href=\"https:\/\/www.borsaturismoarcheologico.it\/wp-content\/uploads\/2021\/03\/repubblica_9-03.x50452.pdf\" target=\"_blank\" rel=\"noopener noreferrer\">La Repubblica ed. Napoli<\/a><\/strong><\/span><\/td>\n<td>Turismo archeologico per la Borsa nuova data e un Comitato scientifico<\/td>\n<td><a title=\"aef\" href=\"https:\/\/www.borsaturismoarcheologico.it\/wp-content\/uploads\/2021\/03\/repubblica_9-03.x50452.pdf\" target=\"_blank\" rel=\"noopener noreferrer\"><img decoding=\"async\" class=\"aligncenter\" src=\"https:\/\/www.borsaturismoarcheologico.it\/wp-content\/uploads\/2013\/01\/1360704754_pdf.x50452.png\" alt=\"1360704754_pdf\" width=\"20\" height=\"20\" title=\"\"><\/a><\/td>\n<\/tr>\n<tr>\n<td><strong>9 marzo 2021<\/strong><\/td>\n<td><span style=\"color: #ff6600;\"><strong><a style=\"color: #ff6600;\" href=\"https:\/\/www.borsaturismoarcheologico.it\/wp-content\/uploads\/2021\/03\/mattino_9-03.x50452.pdf\" target=\"_blank\" rel=\"noopener noreferrer\">Il Mattino ed. Salerno<\/a><\/strong><\/span><\/td>\n<td>Borsa Paestum cabina di regia per il nuovo turismo<\/td>\n<td><a title=\"aef\" href=\"https:\/\/www.borsaturismoarcheologico.it\/wp-content\/uploads\/2021\/03\/mattino_9-03.x50452.pdf\" target=\"_blank\" rel=\"noopener noreferrer\"><img decoding=\"async\" class=\"aligncenter\" src=\"https:\/\/www.borsaturismoarcheologico.it\/wp-content\/uploads\/2013\/01\/1360704754_pdf.x50452.png\" alt=\"1360704754_pdf\" width=\"20\" height=\"20\" title=\"\"><\/a><\/td>\n<\/tr>\n<tr>\n<td><strong>9 marzo 2021<\/strong><\/td>\n<td><span style=\"color: #ff6600;\"><strong><a style=\"color: #ff6600;\" href=\"https:\/\/www.borsaturismoarcheologico.it\/wp-content\/uploads\/2021\/03\/citta\u0300_9-03.x50452.pdf\" target=\"_blank\" rel=\"noopener noreferrer\">La Citt\u00e0 di Salerno<\/a><\/strong><\/span><\/td>\n<td>La Borsa torna a fine settembre<\/td>\n<td><a title=\"aef\" href=\"https:\/\/www.borsaturismoarcheologico.it\/wp-content\/uploads\/2021\/03\/citta\u0300_9-03.x50452.pdf\" target=\"_blank\" rel=\"noopener noreferrer\"><img decoding=\"async\" class=\"aligncenter\" src=\"https:\/\/www.borsaturismoarcheologico.it\/wp-content\/uploads\/2013\/01\/1360704754_pdf.x50452.png\" alt=\"1360704754_pdf\" width=\"20\" height=\"20\" title=\"\"><\/a><\/td>\n<\/tr>\n<tr>\n<td><strong>9 marzo 2021<\/strong><\/td>\n<td><span style=\"color: #ff6600;\"><strong><a style=\"color: #ff6600;\" href=\"https:\/\/www.borsaturismoarcheologico.it\/wp-content\/uploads\/2021\/03\/quotsud_9-03.x50452.pdf\" target=\"_blank\" rel=\"noopener noreferrer\">Il Quotidiano del Sud ed. Salerno<\/a><\/strong><\/span><\/td>\n<td>Borsa Archeologica a settembre, Bouchenaki presidente onorario<\/td>\n<td><a title=\"aef\" href=\"https:\/\/www.borsaturismoarcheologico.it\/wp-content\/uploads\/2021\/03\/quotsud_9-03.x50452.pdf\" target=\"_blank\" rel=\"noopener noreferrer\"><img decoding=\"async\" class=\"aligncenter\" src=\"https:\/\/www.borsaturismoarcheologico.it\/wp-content\/uploads\/2013\/01\/1360704754_pdf.x50452.png\" alt=\"1360704754_pdf\" width=\"20\" height=\"20\" title=\"\"><\/a><\/td>\n<\/tr>\n<tr>\n<td><strong>9 marzo 2021<\/strong><\/td>\n<td><span style=\"color: #ff6600;\"><strong><a style=\"color: #ff6600;\" href=\"https:\/\/www.borsaturismoarcheologico.it\/wp-content\/uploads\/2021\/03\/Roma_9-03.x50452.pdf\" target=\"_blank\" rel=\"noopener noreferrer\">Roma<\/a><\/strong><\/span><\/td>\n<td>L\u2019inizio della BMTA a settembre<\/td>\n<td><a title=\"aef\" href=\"https:\/\/www.borsaturismoarcheologico.it\/wp-content\/uploads\/2021\/03\/Roma_9-03.x50452.pdf\" target=\"_blank\" rel=\"noopener noreferrer\"><img decoding=\"async\" class=\"aligncenter\" src=\"https:\/\/www.borsaturismoarcheologico.it\/wp-content\/uploads\/2013\/01\/1360704754_pdf.x50452.png\" alt=\"1360704754_pdf\" width=\"20\" height=\"20\" title=\"\"><\/a><\/td>\n<\/tr>\n<tr>\n<td><strong>9 marzo 2021<\/strong><\/td>\n<td><span style=\"color: #ff6600;\"><strong><a style=\"color: #ff6600;\" href=\"https:\/\/www.borsaturismoarcheologico.it\/wp-content\/uploads\/2021\/03\/Cronache_9-03.x50452.pdf\" target=\"_blank\" rel=\"noopener noreferrer\">Le Cronache<\/a><\/strong><\/span><\/td>\n<td>Costituito il Comitato di Indirizzo della BMTA<\/td>\n<td><a title=\"aef\" href=\"https:\/\/www.borsaturismoarcheologico.it\/wp-content\/uploads\/2021\/03\/Cronache_9-03.x50452.pdf\" target=\"_blank\" rel=\"noopener noreferrer\"><img decoding=\"async\" class=\"aligncenter\" src=\"https:\/\/www.borsaturismoarcheologico.it\/wp-content\/uploads\/2013\/01\/1360704754_pdf.x50452.png\" alt=\"1360704754_pdf\" width=\"20\" height=\"20\" title=\"\"><\/a><\/td>\n<\/tr>\n<tr>\n<td><strong>9 marzo 2021<\/strong><\/td>\n<td><span style=\"color: #ff6600;\"><strong><a style=\"color: #ff6600;\" href=\"https:\/\/www.lagenziadiviaggi.it\/turismo-archeologico-la-bmta-si-terra-dal-30-settembre-al-3-ottobre\/\" target=\"_blank\" rel=\"noopener noreferrer nofollow\">L\u2019AgenziadiViaggi.it<\/a><\/strong><\/span><\/td>\n<td>Turismo archeologico, la BMTA si terr\u00e0 dal 30 settembre al 3 ottobre<\/td>\n<td><a title=\"aef\" href=\"https:\/\/www.lagenziadiviaggi.it\/turismo-archeologico-la-bmta-si-terra-dal-30-settembre-al-3-ottobre\/\" target=\"_blank\" rel=\"noopener noreferrer nofollow\"><img decoding=\"async\" class=\"aligncenter\" src=\"https:\/\/www.borsaturismoarcheologico.it\/wp-content\/uploads\/2018\/07\/weblogo.x50452.png\" alt=\"1360704754_pdf\" width=\"20\" height=\"20\" title=\"\"><\/a><\/td>\n<\/tr>\n<tr>\n<td><strong>9 marzo 2021<\/strong><\/td>\n<td><span style=\"color: #ff6600;\"><strong><a style=\"color: #ff6600;\" href=\"https:\/\/www.affaritaliani.it\/culturaspettacoli\/paestum-mounir-bouchenaki-dall-unesco-ad-ambasciatore-della-bmta-nel-mondo-727560.html?refresh_ce\" target=\"_blank\" rel=\"noopener noreferrer nofollow\">Affaritaliani.it<\/a><\/strong><\/span><\/td>\n<td>L\u2019algerino Mounir Bouchenaki dall\u2019Unesco ad ambasciatore della BMTA nel mondo<\/td>\n<td><a title=\"aef\" href=\"https:\/\/www.affaritaliani.it\/culturaspettacoli\/paestum-mounir-bouchenaki-dall-unesco-ad-ambasciatore-della-bmta-nel-mondo-727560.html?refresh_ce\" target=\"_blank\" rel=\"noopener noreferrer nofollow\"><img decoding=\"async\" class=\"aligncenter\" src=\"https:\/\/www.borsaturismoarcheologico.it\/wp-content\/uploads\/2018\/07\/weblogo.x50452.png\" alt=\"1360704754_pdf\" width=\"20\" height=\"20\" title=\"\"><\/a><\/td>\n<\/tr>\n<tr>\n<td><strong>8 marzo 2021<\/strong><\/td>\n<td><span style=\"color: #ff6600;\"><strong><a style=\"color: #ff6600;\" href=\"https:\/\/www.ilmattino.it\/salerno\/borsa_mediterranea_turismo_archeologico-5817685.html\" target=\"_blank\" rel=\"noopener noreferrer nofollow\">IlMattino.it<\/a><\/strong><\/span><\/td>\n<td>Borsa Mediterranea Turismo Archeologico aprir\u00e0 il 30 settembre<\/td>\n<td><a title=\"aef\" href=\"https:\/\/www.ilmattino.it\/salerno\/borsa_mediterranea_turismo_archeologico-5817685.html\" target=\"_blank\" rel=\"noopener noreferrer nofollow\"><img decoding=\"async\" class=\"aligncenter\" src=\"https:\/\/www.borsaturismoarcheologico.it\/wp-content\/uploads\/2018\/07\/weblogo.x50452.png\" alt=\"1360704754_pdf\" width=\"20\" height=\"20\" title=\"\"><\/a><\/td>\n<\/tr>\n<tr>\n<td><strong>8 marzo 2021<\/strong><\/td>\n<td><span style=\"color: #ff6600;\"><strong><a style=\"color: #ff6600;\" href=\"https:\/\/agcult.it\/a\/33417\/2021-03-08\/bmta-costituiti-i-comitati-di-indirizzo-e-scientifico-nominato-presidente-onorario\" target=\"_blank\" rel=\"noopener noreferrer nofollow\">AgCult.it<\/a><\/strong><\/span><\/td>\n<td>BMTA: costituiti i Comitati di indirizzo e scientifico, nominato presidente onorario<\/td>\n<td><a title=\"aef\" href=\"https:\/\/agcult.it\/a\/33417\/2021-03-08\/bmta-costituiti-i-comitati-di-indirizzo-e-scientifico-nominato-presidente-onorario\" target=\"_blank\" rel=\"noopener noreferrer nofollow\"><img decoding=\"async\" class=\"aligncenter\" src=\"https:\/\/www.borsaturismoarcheologico.it\/wp-content\/uploads\/2018\/07\/weblogo.x50452.png\" alt=\"1360704754_pdf\" width=\"20\" height=\"20\" title=\"\"><\/a><\/td>\n<\/tr>\n<tr>\n<td><strong>8 marzo 2021<\/strong><\/td>\n<td><span style=\"color: #ff6600;\"><strong><a style=\"color: #ff6600;\" href=\"https:\/\/www.ildenaro.it\/borsa-mediterranea-del-turismo-intesa-per-il-rilancio-al-via-il-30-settembre-bouchenaki-presidente-onorario\/\" target=\"_blank\" rel=\"noopener noreferrer nofollow\">IlDenaro.it<\/a><\/strong><\/span><\/td>\n<td>BMTA, intesa per il rilancio. Al via il 30 settembre. Bouchenaki presidente onorario<\/td>\n<td><a title=\"aef\" href=\"https:\/\/www.ildenaro.it\/borsa-mediterranea-del-turismo-intesa-per-il-rilancio-al-via-il-30-settembre-bouchenaki-presidente-onorario\/\" target=\"_blank\" rel=\"noopener noreferrer nofollow\"><img decoding=\"async\" class=\"aligncenter\" src=\"https:\/\/www.borsaturismoarcheologico.it\/wp-content\/uploads\/2018\/07\/weblogo.x50452.png\" alt=\"1360704754_pdf\" width=\"20\" height=\"20\" title=\"\"><\/a><\/td>\n<\/tr>\n<tr>\n<td><strong>8 marzo 2021<\/strong><\/td>\n<td><span style=\"color: #ff6600;\"><strong><a style=\"color: #ff6600;\" href=\"https:\/\/www.costozero.it\/bmta-la-xxiii-edizione-torna-da-giovedi-30-settembre-a-domenica-3-ottobre-2021\/\" target=\"_blank\" rel=\"noopener noreferrer nofollow\">Costozero.it<\/a><\/strong><\/span><\/td>\n<td>BMTA, la XXIII edizione torna da gioved\u00ec 30 settembre a domenica 3 ottobre 2021<\/td>\n<td><a title=\"aef\" href=\"https:\/\/www.costozero.it\/bmta-la-xxiii-edizione-torna-da-giovedi-30-settembre-a-domenica-3-ottobre-2021\/&quot;\" target=\"_blank\" rel=\"noopener noreferrer nofollow\"><img decoding=\"async\" class=\"aligncenter\" src=\"https:\/\/www.borsaturismoarcheologico.it\/wp-content\/uploads\/2018\/07\/weblogo.x50452.png\" alt=\"1360704754_pdf\" width=\"20\" height=\"20\" title=\"\"><\/a><\/td>\n<\/tr>\n<tr>\n<td><strong>8 marzo 2021<\/strong><\/td>\n<td><span style=\"color: #ff6600;\"><strong><a style=\"color: #ff6600;\" href=\"https:\/\/www.affaritaliani.it\/culturaspettacoli\/bmta-paestum-nuova-data-costituzione-del-comitato-di-indirizzo-scientifico-727355.html?refresh_ce\" target=\"_blank\" rel=\"noopener noreferrer nofollow\">Affaritaliani.it<\/a><\/strong><\/span><\/td>\n<td>BMTA di Paestum: nuova data e avvio dei comitati di indirizzo e scientifico<\/td>\n<td><a title=\"aef\" href=\"https:\/\/www.affaritaliani.it\/culturaspettacoli\/bmta-paestum-nuova-data-costituzione-del-comitato-di-indirizzo-scientifico-727355.html?refresh_ce&quot;\" target=\"_blank\" rel=\"noopener noreferrer nofollow\"><img decoding=\"async\" class=\"aligncenter\" src=\"https:\/\/www.borsaturismoarcheologico.it\/wp-content\/uploads\/2018\/07\/weblogo.x50452.png\" alt=\"1360704754_pdf\" width=\"20\" height=\"20\" title=\"\"><\/a><\/td>\n<\/tr>\n<tr>\n<td><strong>4 marzo 2021<\/strong><\/td>\n<td><span style=\"color: #ff6600;\"><strong><a style=\"color: #ff6600;\" href=\"https:\/\/www.borsaturismoarcheologico.it\/wp-content\/uploads\/2021\/03\/mattino_4-03.x50452.pdf\" target=\"_blank\" rel=\"noopener noreferrer\">Il Mattino<\/a><\/strong><\/span><\/td>\n<td>Turismo, la Regione approva il calendario delle fiere<\/td>\n<td><a title=\"aef\" href=\"https:\/\/www.borsaturismoarcheologico.it\/wp-content\/uploads\/2021\/03\/mattino_4-03.x50452.pdf\" target=\"_blank\" rel=\"noopener noreferrer\"><img decoding=\"async\" class=\"aligncenter\" src=\"https:\/\/www.borsaturismoarcheologico.it\/wp-content\/uploads\/2013\/01\/1360704754_pdf.x50452.png\" alt=\"1360704754_pdf\" width=\"20\" height=\"20\" title=\"\"><\/a><\/td>\n<\/tr>\n<tr>\n<td><strong>4 marzo 2021<\/strong><\/td>\n<td><span style=\"color: #ff6600;\"><strong><a style=\"color: #ff6600;\" href=\"https:\/\/www.borsaturismoarcheologico.it\/wp-content\/uploads\/2021\/03\/citta_4-03.x50452.pdf\" target=\"_blank\" rel=\"noopener noreferrer\">La Citt\u00e0 di Salerno<\/a><\/strong><\/span><\/td>\n<td>Fiere e turismo, la Regione conferma gli appuntamenti<\/td>\n<td><a title=\"aef\" href=\"https:\/\/www.borsaturismoarcheologico.it\/wp-content\/uploads\/2021\/03\/citta_4-03.x50452.pdf\" target=\"_blank\" rel=\"noopener noreferrer\"><img decoding=\"async\" class=\"aligncenter\" src=\"https:\/\/www.borsaturismoarcheologico.it\/wp-content\/uploads\/2013\/01\/1360704754_pdf.x50452.png\" alt=\"1360704754_pdf\" width=\"20\" height=\"20\" title=\"\"><\/a><\/td>\n<\/tr>\n<tr>\n<td><strong>20 febbraio 2021<\/strong><\/td>\n<td><span style=\"color: #ff6600;\"><strong><a style=\"color: #ff6600;\" href=\"https:\/\/www.affaritaliani.it\/culturaspettacoli\/gabriel-zuchtriegel-il-nuovo-direttore-degli-scavi-di-pompei-724295.html?refresh_ce\" target=\"_blank\" rel=\"noopener noreferrer nofollow\">Affaritaliani.it<\/a><\/strong><\/span><\/td>\n<td>Zuchtriegel nuovo direttore del Parco Archeologico di Pompei. A Paestum ha dato il via a numerosi progetti di recupero del sito. Picarelli: \u201cCon lui cresciuta anche la BMTA\u201d<\/td>\n<td><a title=\"aef\" href=\"https:\/\/www.affaritaliani.it\/culturaspettacoli\/gabriel-zuchtriegel-il-nuovo-direttore-degli-scavi-di-pompei-724295.html?refresh_ce\" target=\"_blank\" rel=\"noopener noreferrer nofollow\"><img decoding=\"async\" class=\"aligncenter\" src=\"https:\/\/www.borsaturismoarcheologico.it\/wp-content\/uploads\/2018\/07\/weblogo.x50452.png\" alt=\"1360704754_pdf\" width=\"20\" height=\"20\" title=\"\"><\/a><\/td>\n<\/tr>\n<tr>\n<td><strong>18 febbraio 2021<\/strong><\/td>\n<td><span style=\"color: #ff6600;\"><strong><a style=\"color: #ff6600;\" href=\"https:\/\/vincenzochierchia.blog.ilsole24ore.com\/2021\/02\/18\/cineturismo-lolita-lobosco-puglia-la-grande-occasione-michele-emiliano\/\" target=\"_blank\" rel=\"noopener noreferrer nofollow\">Grand Tour de IlSole24Ore.com<\/a><\/strong><\/span><\/td>\n<td>Cineturismo e archeologia subacquea, opportunit\u00e0 di promozione e rilancio: l\u2019esempio della Puglia<\/td>\n<td><a title=\"aef\" href=\"https:\/\/vincenzochierchia.blog.ilsole24ore.com\/2021\/02\/18\/cineturismo-lolita-lobosco-puglia-la-grande-occasione-michele-emiliano\/\" target=\"_blank\" rel=\"noopener noreferrer nofollow\"><img decoding=\"async\" class=\"aligncenter\" src=\"https:\/\/www.borsaturismoarcheologico.it\/wp-content\/uploads\/2018\/07\/weblogo.x50452.png\" alt=\"1360704754_pdf\" width=\"20\" height=\"20\" title=\"\"><\/a><\/td>\n<\/tr>\n<tr>\n<td><strong>febbraio 2021<\/strong><\/td>\n<td><span style=\"color: #ff6600;\"><strong><a style=\"color: #ff6600;\" href=\"https:\/\/www.borsaturismoarcheologico.it\/wp-content\/uploads\/2021\/02\/Archeo_2.x50452.pdf\" target=\"_blank\" rel=\"noopener noreferrer\">Archeo<\/a><\/strong><\/span><\/td>\n<td>Amici illustri<\/td>\n<td><a title=\"aef\" href=\"https:\/\/www.borsaturismoarcheologico.it\/wp-content\/uploads\/2021\/02\/Archeo_2.x50452.pdf\" target=\"_blank\" rel=\"noopener noreferrer\"><img decoding=\"async\" class=\"aligncenter\" src=\"https:\/\/www.borsaturismoarcheologico.it\/wp-content\/uploads\/2013\/01\/1360704754_pdf.x50452.png\" alt=\"1360704754_pdf\" width=\"20\" height=\"20\" title=\"\"><\/a><\/td>\n<\/tr>\n<tr>\n<td><strong>febbraio 2021<\/strong><\/td>\n<td><span style=\"color: #ff6600;\"><strong><a style=\"color: #ff6600;\" href=\"https:\/\/www.borsaturismoarcheologico.it\/wp-content\/uploads\/2021\/02\/Medioevo_2.x50452.pdf\" target=\"_blank\" rel=\"noopener noreferrer\">Medioevo<\/a><\/strong><\/span><\/td>\n<td>Nel segno della cooperazione e dell\u2019eccellenza<\/td>\n<td><a title=\"aef\" href=\"https:\/\/www.borsaturismoarcheologico.it\/wp-content\/uploads\/2021\/02\/Medioevo_2.x50452.pdf\" target=\"_blank\" rel=\"noopener noreferrer\"><img decoding=\"async\" class=\"aligncenter\" src=\"https:\/\/www.borsaturismoarcheologico.it\/wp-content\/uploads\/2013\/01\/1360704754_pdf.x50452.png\" alt=\"1360704754_pdf\" width=\"20\" height=\"20\" title=\"\"><\/a><\/td>\n<\/tr>\n<tr>\n<td><strong>20 gennaio 2021<\/strong><\/td>\n<td><span style=\"color: #ff6600;\"><strong><a style=\"color: #ff6600;\" href=\"http:\/\/www.qaeditoria.it\/details.aspx?idarticle=149595\" target=\"_blank\" rel=\"noopener noreferrer nofollow\">QA \u2013 Turismo Cultura &amp; Arte<\/a><\/strong><\/span><\/td>\n<td>BMTA avvia un progetto di ricerca per il rilancio del turismo archeologico<\/td>\n<td><a title=\"aef\" href=\"http:\/\/www.qaeditoria.it\/details.aspx?idarticle=149595\" target=\"_blank\" rel=\"noopener noreferrer nofollow\"><img decoding=\"async\" class=\"aligncenter\" src=\"https:\/\/www.borsaturismoarcheologico.it\/wp-content\/uploads\/2018\/07\/weblogo.x50452.png\" alt=\"1360704754_pdf\" width=\"20\" height=\"20\" title=\"\"><\/a><\/td>\n<\/tr>\n<tr>\n<td><strong>20 gennaio 2021<\/strong><\/td>\n<td><span style=\"color: #ff6600;\"><strong><a style=\"color: #ff6600;\" href=\"https:\/\/www.borsaturismoarcheologico.it\/wp-content\/uploads\/2021\/01\/mattino_20-01.x50452.pdf\" target=\"_blank\" rel=\"noopener noreferrer\">Il Mattino ed. Salerno<\/a><\/strong><\/span><\/td>\n<td>Turismo, tre atenei in rete cos\u00ec la BMTA traccia il futuro<\/td>\n<td><a title=\"aef\" href=\"https:\/\/www.borsaturismoarcheologico.it\/wp-content\/uploads\/2021\/01\/mattino_20-01.x50452.pdf\" target=\"_blank\" rel=\"noopener noreferrer\"><img decoding=\"async\" class=\"aligncenter\" src=\"https:\/\/www.borsaturismoarcheologico.it\/wp-content\/uploads\/2013\/01\/1360704754_pdf.x50452.png\" alt=\"1360704754_pdf\" width=\"20\" height=\"20\" title=\"\"><\/a><\/td>\n<\/tr>\n<tr>\n<td><strong>20 gennaio 2021<\/strong><\/td>\n<td><span style=\"color: #ff6600;\"><strong><a style=\"color: #ff6600;\" href=\"https:\/\/www.borsaturismoarcheologico.it\/wp-content\/uploads\/2021\/01\/citta\u0300_20-01.x50452.pdf\" target=\"_blank\" rel=\"noopener noreferrer\">La Citt\u00e0 di Salerno<\/a><\/strong><\/span><\/td>\n<td>Indagine sul turismo ai tempi di pandemia e social media<\/td>\n<td><a title=\"aef\" href=\"https:\/\/www.borsaturismoarcheologico.it\/wp-content\/uploads\/2021\/01\/citta\u0300_20-01.x50452.pdf\" target=\"_blank\" rel=\"noopener noreferrer\"><img decoding=\"async\" class=\"aligncenter\" src=\"https:\/\/www.borsaturismoarcheologico.it\/wp-content\/uploads\/2013\/01\/1360704754_pdf.x50452.png\" alt=\"1360704754_pdf\" width=\"20\" height=\"20\" title=\"\"><\/a><\/td>\n<\/tr>\n<tr>\n<td><strong>20 gennaio 2021<\/strong><\/td>\n<td><span style=\"color: #ff6600;\"><strong><a style=\"color: #ff6600;\" href=\"https:\/\/www.borsaturismoarcheologico.it\/wp-content\/uploads\/2021\/01\/quotsud_20-01.x50452.pdf\" target=\"_blank\" rel=\"noopener noreferrer\">Il Quotidiano del Sud ed. Salerno<\/a><\/strong><\/span><\/td>\n<td>BMTA, progetto con tre universit\u00e0 per avvicinare i giovani all\u2019archeologia<\/td>\n<td><a title=\"aef\" href=\"https:\/\/www.borsaturismoarcheologico.it\/wp-content\/uploads\/2021\/01\/quotsud_20-01.x50452.pdf\" target=\"_blank\" rel=\"noopener noreferrer\"><img decoding=\"async\" class=\"aligncenter\" src=\"https:\/\/www.borsaturismoarcheologico.it\/wp-content\/uploads\/2013\/01\/1360704754_pdf.x50452.png\" alt=\"1360704754_pdf\" width=\"20\" height=\"20\" title=\"\"><\/a><\/td>\n<\/tr>\n<tr>\n<td><strong>19 gennaio 2021<\/strong><\/td>\n<td><span style=\"color: #ff6600;\"><strong><a style=\"color: #ff6600;\" href=\"https:\/\/www.ilmattino.it\/salerno\/borsa_mediterranea_turismo_rilancio_archeologia-5711060.html\" target=\"_blank\" rel=\"noopener noreferrer nofollow\">IlMattino.it<\/a><\/strong><\/span><\/td>\n<td>BMTA, al via la ricerca sul rilancio del turismo archeologico<\/td>\n<td><a title=\"aef\" href=\"https:\/\/www.ilmattino.it\/salerno\/borsa_mediterranea_turismo_rilancio_archeologia-5711060.html\" target=\"_blank\" rel=\"noopener noreferrer nofollow\"><img decoding=\"async\" class=\"aligncenter\" src=\"https:\/\/www.borsaturismoarcheologico.it\/wp-content\/uploads\/2018\/07\/weblogo.x50452.png\" alt=\"1360704754_pdf\" width=\"20\" height=\"20\" title=\"\"><\/a><\/td>\n<\/tr>\n<tr>\n<td><strong>19 gennaio 2021<\/strong><\/td>\n<td><span style=\"color: #ff6600;\"><strong><a style=\"color: #ff6600;\" href=\"https:\/\/www.affaritaliani.it\/culturaspettacoli\/bmta-ai-millennials-generazione-z-come-rilanciare-il-turismo-archeologico-717364.html\" target=\"_blank\" rel=\"noopener noreferrer nofollow\">Affaritaliani.it<\/a><\/strong><\/span><\/td>\n<td>BMTA, ai Millennials e Generazione Z: come rilanciare il turismo archeologico?<\/td>\n<td><a title=\"aef\" href=\"https:\/\/www.affaritaliani.it\/culturaspettacoli\/bmta-ai-millennials-generazione-z-come-rilanciare-il-turismo-archeologico-717364.html\" target=\"_blank\" rel=\"noopener noreferrer nofollow\"><img decoding=\"async\" class=\"aligncenter\" src=\"https:\/\/www.borsaturismoarcheologico.it\/wp-content\/uploads\/2018\/07\/weblogo.x50452.png\" alt=\"1360704754_pdf\" width=\"20\" height=\"20\" title=\"\"><\/a><\/td>\n<\/tr>\n<tr>\n<td><strong>19 gennaio 2021<\/strong><\/td>\n<td><span style=\"color: #ff6600;\"><strong><a style=\"color: #ff6600;\" href=\"https:\/\/www.borsaturismoarcheologico.it\/wp-content\/uploads\/2021\/01\/ANSA-19-01.x50452.pdf\" target=\"_blank\" rel=\"noopener noreferrer\">ANSA<\/a><\/strong><\/span><\/td>\n<td>BMTA, ricerca su rilancio del turismo archeologico<\/td>\n<td><a title=\"aef\" href=\"https:\/\/www.borsaturismoarcheologico.it\/wp-content\/uploads\/2021\/01\/ANSA-19-01.x50452.pdf\" target=\"_blank\" rel=\"noopener noreferrer\"><img decoding=\"async\" class=\"aligncenter\" src=\"https:\/\/www.borsaturismoarcheologico.it\/wp-content\/uploads\/2013\/01\/1360704754_pdf.x50452.png\" alt=\"1360704754_pdf\" width=\"20\" height=\"20\" title=\"\"><\/a><\/td>\n<\/tr>\n<tr>\n<td><strong>19 gennaio 2021<\/strong><\/td>\n<td><span style=\"color: #ff6600;\"><strong><a style=\"color: #ff6600;\" href=\"https:\/\/www.borsaturismoarcheologico.it\/wp-content\/uploads\/2021\/01\/mattino_19-01.x50452.pdf\" target=\"_blank\" rel=\"noopener noreferrer\">Il Mattino ed. Salerno<\/a><\/strong><\/span><\/td>\n<td>Cultura, Procida Capitale: festeggia anche Salerno<\/td>\n<td><a title=\"aef\" href=\"https:\/\/www.borsaturismoarcheologico.it\/wp-content\/uploads\/2021\/01\/mattino_19-01.x50452.pdf\" target=\"_blank\" rel=\"noopener noreferrer\"><img decoding=\"async\" class=\"aligncenter\" src=\"https:\/\/www.borsaturismoarcheologico.it\/wp-content\/uploads\/2013\/01\/1360704754_pdf.x50452.png\" alt=\"1360704754_pdf\" width=\"20\" height=\"20\" title=\"\"><\/a><\/td>\n<\/tr>\n<tr>\n<td><strong>9 gennaio 2021<\/strong><\/td>\n<td><span style=\"color: #ff6600;\"><strong><a style=\"color: #ff6600;\" href=\"https:\/\/www.borsaturismoarcheologico.it\/wp-content\/uploads\/2021\/01\/gazmar_09-01.x50452.pdf\" target=\"_blank\" rel=\"noopener noreferrer\">La Gazzetta Marittima<\/a><\/strong><\/span><\/td>\n<td>Turismo archeologico possibilit\u00e0 per giovani<\/td>\n<td><a title=\"aef\" href=\"https:\/\/www.borsaturismoarcheologico.it\/wp-content\/uploads\/2021\/01\/gazmar_09-01.x50452.pdf\" target=\"_blank\" rel=\"noopener noreferrer\"><img decoding=\"async\" class=\"aligncenter\" src=\"https:\/\/www.borsaturismoarcheologico.it\/wp-content\/uploads\/2013\/01\/1360704754_pdf.x50452.png\" alt=\"1360704754_pdf\" width=\"20\" height=\"20\" title=\"\"><\/a><\/td>\n<\/tr>\n<tr>\n<td><strong>5 gennaio 2021<\/strong><\/td>\n<td><span style=\"color: #ff6600;\"><strong><a style=\"color: #ff6600;\" href=\"https:\/\/www.metemag.com\/lifestyle\/social-media-alleati-nel-new-deal-del-turismo-archeologico-i-risultati-alla-bmta\/?fbclid=IwAR33gUioyU6529CsSO9nMwkrzKqPw5xeaWBew3I0ga0vt2BJnkx4Lxi1t-8\" target=\"_blank\" rel=\"noopener noreferrer nofollow\">METEmag.com<\/a><\/strong><\/span><\/td>\n<td>Social media alleati nel \u201cnew deal\u201d del Turismo archeologico, i risultati alla BMTA<\/td>\n<td><a title=\"aef\" href=\"https:\/\/www.metemag.com\/lifestyle\/social-media-alleati-nel-new-deal-del-turismo-archeologico-i-risultati-alla-bmta\/?fbclid=IwAR33gUioyU6529CsSO9nMwkrzKqPw5xeaWBew3I0ga0vt2BJnkx4Lxi1t-8\" target=\"_blank\" rel=\"noopener noreferrer nofollow\"><img decoding=\"async\" class=\"aligncenter\" src=\"https:\/\/www.borsaturismoarcheologico.it\/wp-content\/uploads\/2018\/07\/weblogo.x50452.png\" alt=\"1360704754_pdf\" width=\"20\" height=\"20\" title=\"\"><\/a><\/td>\n<\/tr>\n<tr>\n<td><strong>gennaio 2021<\/strong><\/td>\n<td><span style=\"color: #ff6600;\"><strong><a style=\"color: #ff6600;\" href=\"https:\/\/www.borsaturismoarcheologico.it\/wp-content\/uploads\/2021\/01\/Archeo_01.x50452.pdf\" target=\"_blank\" rel=\"noopener noreferrer\">Archeo<\/a><\/strong><\/span><\/td>\n<td>Aspettando la Borsa<\/td>\n<td><a title=\"aef\" href=\"https:\/\/www.borsaturismoarcheologico.it\/wp-content\/uploads\/2021\/01\/Archeo_01.x50452.pdf\" target=\"_blank\" rel=\"noopener noreferrer\"><img decoding=\"async\" class=\"aligncenter\" src=\"https:\/\/www.borsaturismoarcheologico.it\/wp-content\/uploads\/2013\/01\/1360704754_pdf.x50452.png\" alt=\"1360704754_pdf\" width=\"20\" height=\"20\" title=\"\"><\/a><\/td>\n<\/tr>\n<tr>\n<td><strong>gennaio 2021<\/strong><\/td>\n<td><span style=\"color: #ff6600;\"><strong><a style=\"color: #ff6600;\" href=\"https:\/\/www.borsaturismoarcheologico.it\/wp-content\/uploads\/2021\/01\/Medioevo_01.x50452.pdf\" target=\"_blank\" rel=\"noopener noreferrer\">Medioevo<\/a><\/strong><\/span><\/td>\n<td>Un modello sostenibile<\/td>\n<td><a title=\"aef\" href=\"https:\/\/www.borsaturismoarcheologico.it\/wp-content\/uploads\/2021\/01\/Medioevo_01.x50452.pdf\" target=\"_blank\" rel=\"noopener noreferrer\"><img decoding=\"async\" class=\"aligncenter\" src=\"https:\/\/www.borsaturismoarcheologico.it\/wp-content\/uploads\/2013\/01\/1360704754_pdf.x50452.png\" alt=\"1360704754_pdf\" width=\"20\" height=\"20\" title=\"\"><\/a><\/td>\n<\/tr>\n<tr>\n<td><strong>24 dicembre 2020<\/strong><\/td>\n<td><span style=\"color: #ff6600;\"><strong><a style=\"color: #ff6600;\" href=\"https:\/\/www.borsaturismoarcheologico.it\/wp-content\/uploads\/2020\/12\/cronache_24-12-pag5.x50452.pdf\" target=\"_blank\" rel=\"noopener noreferrer\">Le Cronache<\/a><\/strong><\/span><\/td>\n<td>Le Universit\u00e0 di Salerno (capofila), Milano Bicocca e Londra Middlesex con la Bmta<\/td>\n<td><a title=\"aef\" href=\"https:\/\/www.borsaturismoarcheologico.it\/wp-content\/uploads\/2020\/12\/cronache_24-12-pag5.x50452.pdf\" target=\"_blank\" rel=\"noopener noreferrer\"><img decoding=\"async\" class=\"aligncenter\" src=\"https:\/\/www.borsaturismoarcheologico.it\/wp-content\/uploads\/2013\/01\/1360704754_pdf.x50452.png\" alt=\"1360704754_pdf\" width=\"20\" height=\"20\" title=\"\"><\/a><\/td>\n<\/tr>\n<tr>\n<td><strong>24 dicembre 2020<\/strong><\/td>\n<td><span style=\"color: #ff6600;\"><strong><a style=\"color: #ff6600;\" href=\"https:\/\/www.borsaturismoarcheologico.it\/wp-content\/uploads\/2020\/12\/cronache_24-12_pag9.x50452.pdf\" target=\"_blank\" rel=\"noopener noreferrer\">Le Cronache<\/a><\/strong><\/span><\/td>\n<td>Progetto di ricerca \u201cTurismo Archeologico e Giovani\u201d<\/td>\n<td><a title=\"aef\" href=\"https:\/\/www.borsaturismoarcheologico.it\/wp-content\/uploads\/2020\/12\/cronache_24-12_pag9.x50452.pdf\" target=\"_blank\" rel=\"noopener noreferrer\"><img decoding=\"async\" class=\"aligncenter\" src=\"https:\/\/www.borsaturismoarcheologico.it\/wp-content\/uploads\/2013\/01\/1360704754_pdf.x50452.png\" alt=\"1360704754_pdf\" width=\"20\" height=\"20\" title=\"\"><\/a><\/td>\n<\/tr>\n<tr>\n<td><strong>23 dicembre 2020<\/strong><\/td>\n<td><span style=\"color: #ff6600;\"><strong><a style=\"color: #ff6600;\" href=\"https:\/\/agcult.it\/a\/29744\/2020-12-23\/bmta-tre-universita-presentano-progetto-di-ricerca-turismo-archeologico-e-giovani\" target=\"_blank\" rel=\"noopener noreferrer nofollow\">AgCult.it<\/a><\/strong><\/span><\/td>\n<td>BMTA, tre universit\u00e0 presentano progetto di ricerca \u201cTurismo Archeologico e Giovani\u201d<\/td>\n<td><a title=\"aef\" href=\"https:\/\/agcult.it\/a\/29744\/2020-12-23\/bmta-tre-universita-presentano-progetto-di-ricerca-turismo-archeologico-e-giovani\" target=\"_blank\" rel=\"noopener noreferrer nofollow\"><img decoding=\"async\" class=\"aligncenter\" src=\"https:\/\/www.borsaturismoarcheologico.it\/wp-content\/uploads\/2018\/07\/weblogo.x50452.png\" alt=\"1360704754_pdf\" width=\"20\" height=\"20\" title=\"\"><\/a><\/td>\n<\/tr>\n<tr>\n<td><strong>23 dicembre 2020<\/strong><\/td>\n<td><span style=\"color: #ff6600;\"><strong><a style=\"color: #ff6600;\" href=\"https:\/\/www.affaritaliani.it\/culturaspettacoli\/bmta-un-progetto-di-ricerca-sul-turismo-per-i-millennial-generazione-z-713450.html?refresh_ce\" target=\"_blank\" rel=\"noopener noreferrer nofollow\">Affaritaliani.it<\/a><\/strong><\/span><\/td>\n<td>BMTA, un progetto di ricerca sul turismo per i Millennial e Generazione Zeta<\/td>\n<td><a title=\"aef\" href=\"https:\/\/www.affaritaliani.it\/culturaspettacoli\/bmta-un-progetto-di-ricerca-sul-turismo-per-i-millennial-generazione-z-713450.html?refresh_ce\" target=\"_blank\" rel=\"noopener noreferrer nofollow\"><img decoding=\"async\" class=\"aligncenter\" src=\"https:\/\/www.borsaturismoarcheologico.it\/wp-content\/uploads\/2018\/07\/weblogo.x50452.png\" alt=\"1360704754_pdf\" width=\"20\" height=\"20\" title=\"\"><\/a><\/td>\n<\/tr>\n<tr>\n<td><strong>23 dicembre 2020<\/strong><\/td>\n<td><span style=\"color: #ff6600;\"><strong><a style=\"color: #ff6600;\" href=\"https:\/\/www.algeriepatriotique.com\/2020\/12\/23\/un-algerien-nomme-president-de-la-bourse-mediterraneenne-du-tourisme-archeologique-de-paestrum\/\" target=\"_blank\" rel=\"noopener noreferrer nofollow\">Alg\u00e9riePatriotique.com<\/a><\/strong><\/span><\/td>\n<td>Un Alg\u00e9rien nomm\u00e9 Pr\u00e9sident de la Bourse M\u00e9diterran\u00e9enne du Tourisme Arch\u00e9ologique de Paestum<\/td>\n<td><a title=\"aef\" href=\"https:\/\/www.algeriepatriotique.com\/2020\/12\/23\/un-algerien-nomme-president-de-la-bourse-mediterraneenne-du-tourisme-archeologique-de-paestrum\/\" target=\"_blank\" rel=\"noopener noreferrer nofollow\"><img decoding=\"async\" class=\"aligncenter\" src=\"https:\/\/www.borsaturismoarcheologico.it\/wp-content\/uploads\/2018\/07\/weblogo.x50452.png\" alt=\"1360704754_pdf\" width=\"20\" height=\"20\" title=\"\"><\/a><\/td>\n<\/tr>\n<tr>\n<td><strong>11 dicembre 2020<\/strong><\/td>\n<td><span style=\"color: #ff6600;\"><strong><a style=\"color: #ff6600;\" href=\"https:\/\/www.costozero.it\/ramirez-unesco-costruire-un-modello-di-sviluppo-culturale-sostenibile\/?fbclid=IwAR3IOm24S8Ui4aV5_1zUpjdxAd3_2a7Uv3VQyr7paAmjdtlIVZ1L89XmXPw\" target=\"_blank\" rel=\"noopener noreferrer nofollow\">Costozero.it<\/a><\/strong><\/span><\/td>\n<td>Ram\u00edrez, Unesco: \u00abCostruire un modello di sviluppo culturale sostenibile\u00bb<\/td>\n<td><a title=\"aef\" href=\"https:\/\/www.costozero.it\/ramirez-unesco-costruire-un-modello-di-sviluppo-culturale-sostenibile\/?fbclid=IwAR3IOm24S8Ui4aV5_1zUpjdxAd3_2a7Uv3VQyr7paAmjdtlIVZ1L89XmXPw\" target=\"_blank\" rel=\"noopener noreferrer nofollow\"><img decoding=\"async\" class=\"aligncenter\" src=\"https:\/\/www.borsaturismoarcheologico.it\/wp-content\/uploads\/2018\/07\/weblogo.x50452.png\" alt=\"1360704754_pdf\" width=\"20\" height=\"20\" title=\"\"><\/a><\/td>\n<\/tr>\n<tr>\n<td><strong>2 dicembre 2020<\/strong><\/td>\n<td><span style=\"color: #ff6600;\"><strong><a style=\"color: #ff6600;\" href=\"https:\/\/www.borsaturismoarcheologico.it\/wp-content\/uploads\/2020\/12\/adv_2-12.x50452.pdf\" target=\"_blank\" rel=\"noopener noreferrer\">L\u2019Agenzia di Viaggi<\/a><\/strong><\/span><\/td>\n<td>Ci vediamo in primavera<\/td>\n<td><a title=\"aef\" href=\"https:\/\/www.borsaturismoarcheologico.it\/wp-content\/uploads\/2020\/12\/adv_2-12.x50452.pdf\" target=\"_blank\" rel=\"noopener noreferrer\"><img decoding=\"async\" class=\"aligncenter\" src=\"https:\/\/www.borsaturismoarcheologico.it\/wp-content\/uploads\/2013\/01\/1360704754_pdf.x50452.png\" alt=\"1360704754_pdf\" width=\"20\" height=\"20\" title=\"\"><\/a><\/td>\n<\/tr>\n<tr>\n<td><strong>1 dicembre 2020<\/strong><\/td>\n<td><span style=\"color: #ff6600;\"><strong><a style=\"color: #ff6600;\" href=\"https:\/\/www.lagenziadiviaggi.it\/il-2021-delle-fiere-primavera-tra-gli-stand-in-italia-e-nel-mondo\/\" target=\"_blank\" rel=\"noopener noreferrer nofollow\">L\u2019AgenziadiViaggi.it<\/a><\/strong><\/span><\/td>\n<td>Il 2021 delle fiere, primavera tra gli stand in Italia e nel mondo<\/td>\n<td><a title=\"aef\" href=\"https:\/\/www.lagenziadiviaggi.it\/il-2021-delle-fiere-primavera-tra-gli-stand-in-italia-e-nel-mondo\/\" target=\"_blank\" rel=\"noopener noreferrer nofollow\"><img decoding=\"async\" class=\"aligncenter\" src=\"https:\/\/www.borsaturismoarcheologico.it\/wp-content\/uploads\/2018\/07\/weblogo.x50452.png\" alt=\"1360704754_pdf\" width=\"20\" height=\"20\" title=\"\"><\/a><\/td>\n<\/tr>\n<tr>\n<td><strong>28 novembre 2020<\/strong><\/td>\n<td><span style=\"color: #ff6600;\"><strong><a style=\"color: #ff6600;\" href=\"https:\/\/assadakah.com\/ambasciatore-boutache-la-cooperazione-culturale-algeria-italia-andra-intensificandosi\/?fbclid=IwAR0vpwAicUBEUqa_NoggY5YHjZGHUKNJjgIastWUYI5-ZCKS1THEbZrVim4\" target=\"_blank\" rel=\"noopener noreferrer nofollow\">ASSADAKAH<\/a><\/strong><\/span><\/td>\n<td>Ambasciatore Boutache: \u201cLa cooperazione culturale Algeria-Italia andr\u00e0 intensificandosi\u201d<\/td>\n<td><a title=\"aef\" href=\"https:\/\/assadakah.com\/ambasciatore-boutache-la-cooperazione-culturale-algeria-italia-andra-intensificandosi\/?fbclid=IwAR0vpwAicUBEUqa_NoggY5YHjZGHUKNJjgIastWUYI5-ZCKS1THEbZrVim4\" target=\"_blank\" rel=\"noopener noreferrer nofollow\"><img decoding=\"async\" class=\"aligncenter\" src=\"https:\/\/www.borsaturismoarcheologico.it\/wp-content\/uploads\/2018\/07\/weblogo.x50452.png\" alt=\"1360704754_pdf\" width=\"20\" height=\"20\" title=\"\"><\/a><\/td>\n<\/tr>\n<tr>\n<td><strong>26 novembre 2020<\/strong><\/td>\n<td><span style=\"color: #ff6600;\"><strong><a style=\"color: #ff6600;\" href=\"https:\/\/vincenzochierchia.blog.ilsole24ore.com\/2020\/11\/26\/unesco-paestum-messaggio-forte-la-cultura-digitale-bene-archeovirtual\/?refresh_ce=1\" target=\"_blank\" rel=\"noopener noreferrer nofollow\">Grand Tour de IlSole24Ore.com<\/a><\/strong><\/span><\/td>\n<td>Unesco: da Paestum messaggio forte per la cultura digitale, bene ArcheoVirtual<\/td>\n<td><a title=\"aef\" href=\"https:\/\/vincenzochierchia.blog.ilsole24ore.com\/2020\/11\/26\/unesco-paestum-messaggio-forte-la-cultura-digitale-bene-archeovirtual\/?refresh_ce=1\" target=\"_blank\" rel=\"noopener noreferrer nofollow\"><img decoding=\"async\" class=\"aligncenter\" src=\"https:\/\/www.borsaturismoarcheologico.it\/wp-content\/uploads\/2018\/07\/weblogo.x50452.png\" alt=\"1360704754_pdf\" width=\"20\" height=\"20\" title=\"\"><\/a><\/td>\n<\/tr>\n<tr>\n<td><strong>21 novembre 2020<\/strong><\/td>\n<td><span style=\"color: #ff6600;\"><strong><a style=\"color: #ff6600;\" href=\"https:\/\/www.borsaturismoarcheologico.it\/wp-content\/uploads\/2020\/11\/Corrmezz_21-11.x50452.pdf\" target=\"_blank\" rel=\"noopener noreferrer\">Corriere del Mezzogiorno ed. Campania<\/a><\/strong><\/span><\/td>\n<td>La XXIII BMTA rinviata ad aprile<\/td>\n<td><a title=\"aef\" href=\"https:\/\/www.borsaturismoarcheologico.it\/wp-content\/uploads\/2020\/11\/Corrmezz_21-11.x50452.pdf\" target=\"_blank\" rel=\"noopener noreferrer\"><img decoding=\"async\" class=\"aligncenter\" src=\"https:\/\/www.borsaturismoarcheologico.it\/wp-content\/uploads\/2013\/01\/1360704754_pdf.x50452.png\" alt=\"1360704754_pdf\" width=\"20\" height=\"20\" title=\"\"><\/a><\/td>\n<\/tr>\n<tr>\n<td><strong>20 novembre 2020<\/strong><\/td>\n<td><span style=\"color: #ff6600;\"><strong><a style=\"color: #ff6600;\" href=\"https:\/\/www.borsaturismoarcheologico.it\/wp-content\/uploads\/2020\/11\/citta\u0300_20-11.x50452.pdf\" target=\"_blank\" rel=\"noopener noreferrer\">La Citt\u00e0 di Salerno<\/a><\/strong><\/span><\/td>\n<td>La BMTA non si ferma<\/td>\n<td><a title=\"aef\" href=\"https:\/\/www.borsaturismoarcheologico.it\/wp-content\/uploads\/2020\/11\/citta\u0300_20-11.x50452.pdf\" target=\"_blank\" rel=\"noopener noreferrer\"><img decoding=\"async\" class=\"aligncenter\" src=\"https:\/\/www.borsaturismoarcheologico.it\/wp-content\/uploads\/2013\/01\/1360704754_pdf.x50452.png\" alt=\"1360704754_pdf\" width=\"20\" height=\"20\" title=\"\"><\/a><\/td>\n<\/tr>\n<tr>\n<td><strong>20 novembre 2020<\/strong><\/td>\n<td><span style=\"color: #ff6600;\"><strong><a style=\"color: #ff6600;\" href=\"https:\/\/www.borsaturismoarcheologico.it\/wp-content\/uploads\/2020\/11\/cronache_20-11.x50452.pdf\" target=\"_blank\" rel=\"noopener noreferrer\">Le Cronache<\/a><\/strong><\/span><\/td>\n<td>Buona la prima dei Dialoghi sull\u2019Archeologia della Magna Grecia<\/td>\n<td><a title=\"aef\" href=\"https:\/\/www.borsaturismoarcheologico.it\/wp-content\/uploads\/2020\/11\/cronache_20-11.x50452.pdf\" target=\"_blank\" rel=\"noopener noreferrer\"><img decoding=\"async\" class=\"aligncenter\" src=\"https:\/\/www.borsaturismoarcheologico.it\/wp-content\/uploads\/2013\/01\/1360704754_pdf.x50452.png\" alt=\"1360704754_pdf\" width=\"20\" height=\"20\" title=\"\"><\/a><\/td>\n<\/tr>\n<tr>\n<td><strong>19 novembre 2020<\/strong><\/td>\n<td><span style=\"color: #ff6600;\"><strong><a style=\"color: #ff6600;\" href=\"https:\/\/www.affaritaliani.it\/culturaspettacoli\/unesco-707033.html?refresh_ce\" target=\"_blank\" rel=\"noopener noreferrer nofollow\">Affaritaliani.it<\/a><\/strong><\/span><\/td>\n<td>L\u2019Unesco lancia Share Culture e Share Our Heritage, le misure per il turismo<\/td>\n<td><a title=\"aef\" href=\"https:\/\/www.affaritaliani.it\/culturaspettacoli\/unesco-707033.html?refresh_ce\" target=\"_blank\" rel=\"noopener noreferrer nofollow\"><img decoding=\"async\" class=\"aligncenter\" src=\"https:\/\/www.borsaturismoarcheologico.it\/wp-content\/uploads\/2018\/07\/weblogo.x50452.png\" alt=\"1360704754_pdf\" width=\"20\" height=\"20\" title=\"\"><\/a><\/td>\n<\/tr>\n<tr>\n<td><strong>19 novembre 2020<\/strong><\/td>\n<td><span style=\"color: #ff6600;\"><strong><a style=\"color: #ff6600;\" href=\"https:\/\/agcult.it\/a\/27915\/2020-11-19\/borsa-mediterranea-del-turismo-archeologico-il-saluto-di-partner-ed-enti-promotori\" target=\"_blank\" rel=\"noopener noreferrer nofollow\">AgCult.it<\/a><\/strong><\/span><\/td>\n<td>Borsa Mediterranea del Turismo Archeologico, il saluto di partner ed enti promotori<\/td>\n<td><a title=\"aef\" href=\"https:\/\/agcult.it\/a\/27915\/2020-11-19\/borsa-mediterranea-del-turismo-archeologico-il-saluto-di-partner-ed-enti-promotori\" target=\"_blank\" rel=\"noopener noreferrer nofollow\"><img decoding=\"async\" class=\"aligncenter\" src=\"https:\/\/www.borsaturismoarcheologico.it\/wp-content\/uploads\/2018\/07\/weblogo.x50452.png\" alt=\"1360704754_pdf\" width=\"20\" height=\"20\" title=\"\"><\/a><\/td>\n<\/tr>\n<tr>\n<td><strong>19 novembre 2020<\/strong><\/td>\n<td><span style=\"color: #ff6600;\"><strong><a style=\"color: #ff6600;\" href=\"https:\/\/www.affaritaliani.it\/culturaspettacoli\/picarelli-la-xxii-borsa-del-turismo-archeologico-insegna-della-706920.html\" target=\"_blank\" rel=\"noopener noreferrer nofollow\">Affaritaliani.it<\/a><\/strong><\/span><\/td>\n<td>Picarelli alla Fondazione Paestum, Mounir Bouchenaki Presidente Onorario BMTA<\/td>\n<td><a title=\"aef\" href=\"https:\/\/www.affaritaliani.it\/culturaspettacoli\/picarelli-la-xxii-borsa-del-turismo-archeologico-insegna-della-706920.html\" target=\"_blank\" rel=\"noopener noreferrer nofollow\"><img decoding=\"async\" class=\"aligncenter\" src=\"https:\/\/www.borsaturismoarcheologico.it\/wp-content\/uploads\/2018\/07\/weblogo.x50452.png\" alt=\"1360704754_pdf\" width=\"20\" height=\"20\" title=\"\"><\/a><\/td>\n<\/tr>\n<tr>\n<td><strong>19 novembre 2020<\/strong><\/td>\n<td><span style=\"color: #ff6600;\"><strong><a style=\"color: #ff6600;\" href=\"https:\/\/www.borsaturismoarcheologico.it\/wp-content\/uploads\/2020\/11\/mattino_19-11.x50452.pdf\" target=\"_blank\" rel=\"noopener noreferrer\">Il Mattino ed. Salerno<\/a><\/strong><\/span><\/td>\n<td>\u201cLe Catastrofi del passato un monito per il presente\u201d. I disastri causati dalla natura e dall\u2019uomo: i Dialoghi sull\u2019Archeologia aspettando la BMTA<\/td>\n<td><a title=\"aef\" href=\"https:\/\/www.borsaturismoarcheologico.it\/wp-content\/uploads\/2020\/11\/mattino_19-11.x50452.pdf\" target=\"_blank\" rel=\"noopener noreferrer\"><img decoding=\"async\" class=\"aligncenter\" src=\"https:\/\/www.borsaturismoarcheologico.it\/wp-content\/uploads\/2013\/01\/1360704754_pdf.x50452.png\" alt=\"1360704754_pdf\" width=\"20\" height=\"20\" title=\"\"><\/a><\/td>\n<\/tr>\n<tr>\n<td><strong>19 novembre 2020<\/strong><\/td>\n<td><span style=\"color: #ff6600;\"><strong><a style=\"color: #ff6600;\" href=\"https:\/\/www.borsaturismoarcheologico.it\/wp-content\/uploads\/2020\/11\/citta\u0300_19-11.x50452.pdf\" target=\"_blank\" rel=\"noopener noreferrer\">La Citt\u00e0 di Salerno<\/a><\/strong><\/span><\/td>\n<td>Aspettando la XXIII BMTA, ecco i Dialoghi sull\u2019Archeologia<\/td>\n<td><a title=\"aef\" href=\"https:\/\/www.borsaturismoarcheologico.it\/wp-content\/uploads\/2020\/11\/citta\u0300_19-11.x50452.pdf\" target=\"_blank\" rel=\"noopener noreferrer\"><img decoding=\"async\" class=\"aligncenter\" src=\"https:\/\/www.borsaturismoarcheologico.it\/wp-content\/uploads\/2013\/01\/1360704754_pdf.x50452.png\" alt=\"1360704754_pdf\" width=\"20\" height=\"20\" title=\"\"><\/a><\/td>\n<\/tr>\n<tr>\n<td><strong>18 novembre 2020<\/strong><\/td>\n<td><span style=\"color: #ff6600;\"><strong><a style=\"color: #ff6600;\" href=\"https:\/\/napoli.repubblica.it\/cronaca\/2020\/11\/18\/news\/la_borsa_mediterranea_del_turismo_archeologico_a_paestum_rimandata_ad_aprile-274858588\/\" target=\"_blank\" rel=\"noopener noreferrer nofollow\">Repubblica.it<\/a><\/strong><\/span><\/td>\n<td>La BMTA di Paestum rimandata ad aprile<\/td>\n<td><a title=\"aef\" href=\"https:\/\/napoli.repubblica.it\/cronaca\/2020\/11\/18\/news\/la_borsa_mediterranea_del_turismo_archeologico_a_paestum_rimandata_ad_aprile-274858588\/\" target=\"_blank\" rel=\"noopener noreferrer nofollow\"><img decoding=\"async\" class=\"aligncenter\" src=\"https:\/\/www.borsaturismoarcheologico.it\/wp-content\/uploads\/2018\/07\/weblogo.x50452.png\" alt=\"1360704754_pdf\" width=\"20\" height=\"20\" title=\"\"><\/a><\/td>\n<\/tr>\n<tr>\n<td><strong>18 novembre 2020<\/strong><\/td>\n<td><span style=\"color: #ff6600;\"><strong><a style=\"color: #ff6600;\" href=\"https:\/\/www.lagenziadiviaggi.it\/al-via-i-dialoghi-sullarcheologia-aspettando-ledizione-2021-di-bmta\/\" target=\"_blank\" rel=\"noopener noreferrer nofollow\">L\u2019AgenziadiViaggi.it<\/a><\/strong><\/span><\/td>\n<td>Al via i Dialoghi sull\u2019Archeologia, aspettando l\u2019edizione 2021 della BMTA<\/td>\n<td><a title=\"aef\" href=\"https:\/\/www.lagenziadiviaggi.it\/al-via-i-dialoghi-sullarcheologia-aspettando-ledizione-2021-di-bmta\/\" target=\"_blank\" rel=\"noopener noreferrer nofollow\"><img decoding=\"async\" class=\"aligncenter\" src=\"https:\/\/www.borsaturismoarcheologico.it\/wp-content\/uploads\/2018\/07\/weblogo.x50452.png\" alt=\"1360704754_pdf\" width=\"20\" height=\"20\" title=\"\"><\/a><\/td>\n<\/tr>\n<tr>\n<td><strong>18 novembre 2020<\/strong><\/td>\n<td><span style=\"color: #ff6600;\"><strong><a style=\"color: #ff6600;\" href=\"https:\/\/travelnostop.com\/campania\/borse-e-fiere\/rinviata-ad-aprile-la-bmta-di-paestum-ma-confermati-dialoghi-su-archeologia_506022\" target=\"_blank\" rel=\"noopener noreferrer nofollow\">Travelnostop.com<\/a><\/strong><\/span><\/td>\n<td>Rinviata ad aprile la BMTA di Paestum, ma confermati i \u2018Dialoghi sull\u2019archeologia\u2019<\/td>\n<td><a title=\"aef\" href=\"https:\/\/travelnostop.com\/campania\/borse-e-fiere\/rinviata-ad-aprile-la-bmta-di-paestum-ma-confermati-dialoghi-su-archeologia_506022\" target=\"_blank\" rel=\"noopener noreferrer nofollow\"><img decoding=\"async\" class=\"aligncenter\" src=\"https:\/\/www.borsaturismoarcheologico.it\/wp-content\/uploads\/2018\/07\/weblogo.x50452.png\" alt=\"1360704754_pdf\" width=\"20\" height=\"20\" title=\"\"><\/a><\/td>\n<\/tr>\n<tr>\n<td><strong>18 novembre 2020<\/strong><\/td>\n<td><span style=\"color: #ff6600;\"><strong><a style=\"color: #ff6600;\" href=\"https:\/\/www.borsaturismoarcheologico.it\/wp-content\/uploads\/2020\/11\/cronache_18-11.x50452.pdf\" target=\"_blank\" rel=\"noopener noreferrer\">Le Cronache<\/a><\/strong><\/span><\/td>\n<td>Aspettando la XXIII BMTA<\/td>\n<td><a title=\"aef\" href=\"https:\/\/www.borsaturismoarcheologico.it\/wp-content\/uploads\/2020\/11\/cronache_18-11.x50452.pdf\"><img decoding=\"async\" class=\"aligncenter\" src=\"https:\/\/www.borsaturismoarcheologico.it\/wp-content\/uploads\/2013\/01\/1360704754_pdf.x50452.png\" alt=\"1360704754_pdf\" width=\"20\" height=\"20\" title=\"\"><\/a><\/td>\n<\/tr>\n<tr>\n<td><strong>17 novembre 2020<\/strong><\/td>\n<td><span style=\"color: #ff6600;\"><strong><a style=\"color: #ff6600;\" href=\"https:\/\/www.borsaturismoarcheologico.it\/wp-content\/uploads\/2020\/11\/mattino.it_17-11.x50452.pdf\" target=\"_blank\" rel=\"noopener noreferrer\">IlMattino.it<\/a><\/strong><\/span><\/td>\n<td>Paestum, aspettando la XXIII BMTA ecco i Dialoghi sull\u2019Archeologia<\/td>\n<td><a title=\"aef\" href=\"https:\/\/www.borsaturismoarcheologico.it\/wp-content\/uploads\/2020\/11\/mattino.it_17-11.x50452.pdf\" target=\"_blank\" rel=\"noopener noreferrer\"><img decoding=\"async\" class=\"aligncenter\" src=\"https:\/\/www.borsaturismoarcheologico.it\/wp-content\/uploads\/2018\/07\/weblogo.x50452.png\" alt=\"1360704754_pdf\" width=\"20\" height=\"20\" title=\"\"><\/a><\/td>\n<\/tr>\n<tr>\n<td><strong>13 novembre 2020<\/strong><\/td>\n<td><span style=\"color: #ff6600;\"><strong><a style=\"color: #ff6600;\" href=\"https:\/\/www.borsaturismoarcheologico.it\/wp-content\/uploads\/2020\/11\/venrep_13-11.x50452.pdf\" target=\"_blank\" rel=\"noopener noreferrer\">Il Venerd\u00ec di Repubblica<\/a><\/strong><\/span><\/td>\n<td>Ho scoperto la civilt\u00e0 sotto le bombe dell\u2019ISIS<\/td>\n<td><a title=\"aef\" href=\"https:\/\/www.borsaturismoarcheologico.it\/wp-content\/uploads\/2020\/11\/venrep_13-11.x50452.pdf\"><img decoding=\"async\" class=\"aligncenter\" src=\"https:\/\/www.borsaturismoarcheologico.it\/wp-content\/uploads\/2013\/01\/1360704754_pdf.x50452.png\" alt=\"1360704754_pdf\" width=\"20\" height=\"20\" title=\"\"><\/a><\/td>\n<\/tr>\n<tr>\n<td><strong>10 novembre 2020<\/strong><\/td>\n<td><span style=\"color: #ff6600;\"><strong><a style=\"color: #ff6600;\" href=\"https:\/\/www.borsaturismoarcheologico.it\/wp-content\/uploads\/2020\/11\/nazgro_10-11.x50452.pdf\" target=\"_blank\" rel=\"noopener noreferrer\">La Nazione ed. Grosseto<\/a><\/strong><\/span><\/td>\n<td>La BMTA si fa in aprile<\/td>\n<td><a title=\"aef\" href=\"https:\/\/www.borsaturismoarcheologico.it\/wp-content\/uploads\/2020\/11\/nazgro_10-11.x50452.pdf\"><img decoding=\"async\" class=\"aligncenter\" src=\"https:\/\/www.borsaturismoarcheologico.it\/wp-content\/uploads\/2013\/01\/1360704754_pdf.x50452.png\" alt=\"1360704754_pdf\" width=\"20\" height=\"20\" title=\"\"><\/a><\/td>\n<\/tr>\n<tr>\n<td><strong>6 novembre 2020<\/strong><\/td>\n<td><span style=\"color: #ff6600;\"><strong><a style=\"color: #ff6600;\" href=\"https:\/\/www.affaritaliani.it\/culturaspettacoli\/bmta-2021-non-solo-archeologia-ma-un-turismo-diverso-attento-alla-natura-704370.html?refresh_ce\" target=\"_blank\" rel=\"noopener noreferrer nofollow\">Affaritaliani.it<\/a><\/strong><\/span><\/td>\n<td>BMTA 2021: \u201cNon solo archeologia ma un turismo diverso, attento alla natura\u201d<\/td>\n<td><a title=\"aef\" href=\"https:\/\/www.affaritaliani.it\/culturaspettacoli\/bmta-2021-non-solo-archeologia-ma-un-turismo-diverso-attento-alla-natura-704370.html?refresh_ce\" target=\"_blank\" rel=\"noopener noreferrer nofollow\"><img decoding=\"async\" class=\"aligncenter\" src=\"https:\/\/www.borsaturismoarcheologico.it\/wp-content\/uploads\/2018\/07\/weblogo.x50452.png\" alt=\"1360704754_pdf\" width=\"20\" height=\"20\" title=\"\"><\/a><\/td>\n<\/tr>\n<tr>\n<td><strong>1 novembre 2020<\/strong><\/td>\n<td><span style=\"color: #ff6600;\"><strong><a style=\"color: #ff6600;\" href=\"http:\/\/www.qaeditoria.it\/details.aspx?idarticle=129403\" target=\"_blank\" rel=\"noopener noreferrer nofollow\">QA \u2013 Turismo Cultura Arte<\/a><\/strong><\/span><\/td>\n<td>La BMTA posticipata ad aprile 2021<\/td>\n<td><a title=\"aef\" href=\"http:\/\/www.qaeditoria.it\/details.aspx?idarticle=129403\" target=\"_blank\" rel=\"noopener noreferrer nofollow\"><img decoding=\"async\" class=\"aligncenter\" src=\"https:\/\/www.borsaturismoarcheologico.it\/wp-content\/uploads\/2018\/07\/weblogo.x50452.png\" alt=\"1360704754_pdf\" width=\"20\" height=\"20\" title=\"\"><\/a><\/td>\n<\/tr>\n<tr>\n<td><strong>novembre 2020<\/strong><\/td>\n<td><span style=\"color: #ff6600;\"><strong><a style=\"color: #ff6600;\" href=\"https:\/\/www.borsaturismoarcheologico.it\/wp-content\/uploads\/2020\/11\/archeo_11.x50452.pdf\" target=\"_blank\" rel=\"noopener noreferrer\">Archeo<\/a><\/strong><\/span><\/td>\n<td>Metti una primavera a Paestum<\/td>\n<td><a title=\"aef\" href=\"https:\/\/www.borsaturismoarcheologico.it\/wp-content\/uploads\/2020\/11\/archeo_11.x50452.pdf\"><img decoding=\"async\" class=\"aligncenter\" src=\"https:\/\/www.borsaturismoarcheologico.it\/wp-content\/uploads\/2013\/01\/1360704754_pdf.x50452.png\" alt=\"1360704754_pdf\" width=\"20\" height=\"20\" title=\"\"><\/a><\/td>\n<\/tr>\n<tr>\n<td><strong>novembre 2020<\/strong><\/td>\n<td><span style=\"color: #ff6600;\"><strong><a style=\"color: #ff6600;\" href=\"https:\/\/www.borsaturismoarcheologico.it\/wp-content\/uploads\/2020\/11\/archeo_ed-11.x50452.pdf\" target=\"_blank\" rel=\"noopener noreferrer\">Archeo<\/a><\/strong><\/span><\/td>\n<td>Editoriale<\/td>\n<td><a title=\"aef\" href=\"https:\/\/www.borsaturismoarcheologico.it\/wp-content\/uploads\/2020\/11\/archeo_ed-11.x50452.pdf\"><img decoding=\"async\" class=\"aligncenter\" src=\"https:\/\/www.borsaturismoarcheologico.it\/wp-content\/uploads\/2013\/01\/1360704754_pdf.x50452.png\" alt=\"1360704754_pdf\" width=\"20\" height=\"20\" title=\"\"><\/a><\/td>\n<\/tr>\n<tr>\n<td><strong>novembre 2020<\/strong><\/td>\n<td><span style=\"color: #ff6600;\"><strong><a style=\"color: #ff6600;\" href=\"https:\/\/www.borsaturismoarcheologico.it\/wp-content\/uploads\/2020\/11\/medioevo_11.x50452.pdf\" target=\"_blank\" rel=\"noopener noreferrer\">Medioevo<\/a><\/strong><\/span><\/td>\n<td>A Paestum per ripartire<\/td>\n<td><a title=\"aef\" href=\"https:\/\/www.borsaturismoarcheologico.it\/wp-content\/uploads\/2020\/11\/medioevo_11.x50452.pdf\"><img decoding=\"async\" class=\"aligncenter\" src=\"https:\/\/www.borsaturismoarcheologico.it\/wp-content\/uploads\/2013\/01\/1360704754_pdf.x50452.png\" alt=\"1360704754_pdf\" width=\"20\" height=\"20\" title=\"\"><\/a><\/td>\n<\/tr>\n<tr>\n<td><strong>novembre 2020<\/strong><\/td>\n<td><span style=\"color: #ff6600;\"><strong><a style=\"color: #ff6600;\" href=\"https:\/\/www.borsaturismoarcheologico.it\/wp-content\/uploads\/2020\/12\/mete_11-20.x50452.pdf\" target=\"_blank\" rel=\"noopener noreferrer\">Mete d\u2019Italia e del Mondo<\/a><\/strong><\/span><\/td>\n<td>Tesori sott\u2019acqua<\/td>\n<td><a title=\"aef\" href=\"https:\/\/www.borsaturismoarcheologico.it\/wp-content\/uploads\/2020\/12\/mete_11-20.x50452.pdf\"><img decoding=\"async\" class=\"aligncenter\" src=\"https:\/\/www.borsaturismoarcheologico.it\/wp-content\/uploads\/2013\/01\/1360704754_pdf.x50452.png\" alt=\"1360704754_pdf\" width=\"20\" height=\"20\" title=\"\"><\/a><\/td>\n<\/tr>\n<tr>\n<td><strong>28 ottobre 2020<\/strong><\/td>\n<td><span style=\"color: #ff6600;\"><strong><a style=\"color: #ff6600;\" href=\"https:\/\/www.borsaturismoarcheologico.it\/wp-content\/uploads\/2020\/10\/mattino-sa_28-10.x50452.pdf\" target=\"_blank\" rel=\"noopener noreferrer\">Il Mattino ed. Salerno<\/a><\/strong><\/span><\/td>\n<td>Borsa di Paestum rinvia alla primavera del 2021, nuova sede nell\u2019ex Cirio<\/td>\n<td><a title=\"aef\" href=\"https:\/\/www.borsaturismoarcheologico.it\/wp-content\/uploads\/2020\/10\/mattino-sa_28-10.x50452.pdf\"><img decoding=\"async\" class=\"aligncenter\" src=\"https:\/\/www.borsaturismoarcheologico.it\/wp-content\/uploads\/2013\/01\/1360704754_pdf.x50452.png\" alt=\"1360704754_pdf\" width=\"20\" height=\"20\" title=\"\"><\/a><\/td>\n<\/tr>\n<tr>\n<td><strong>28 ottobre 2020<\/strong><\/td>\n<td><span style=\"color: #ff6600;\"><strong><a style=\"color: #ff6600;\" href=\"https:\/\/www.borsaturismoarcheologico.it\/wp-content\/uploads\/2020\/10\/quot-sa-28-10.x50452.pdf\" target=\"_blank\" rel=\"noopener noreferrer\">Il Quotidiano del Sud ed. Salerno<\/a><\/strong><\/span><\/td>\n<td>BMTA rimandata ad aprile<\/td>\n<td><a title=\"aef\" href=\"https:\/\/www.borsaturismoarcheologico.it\/wp-content\/uploads\/2020\/10\/quot-sa-28-10.x50452.pdf\"><img decoding=\"async\" class=\"aligncenter\" src=\"https:\/\/www.borsaturismoarcheologico.it\/wp-content\/uploads\/2013\/01\/1360704754_pdf.x50452.png\" alt=\"1360704754_pdf\" width=\"20\" height=\"20\" title=\"\"><\/a><\/td>\n<\/tr>\n<tr>\n<td><strong>28 ottobre 2020<\/strong><\/td>\n<td><span style=\"color: #ff6600;\"><strong><a style=\"color: #ff6600;\" href=\"https:\/\/www.affaritaliani.it\/culturaspettacoli\/bmta-posticipata-ad-aprile-2021-per-il-salone-archeologia-solo-un-rinvio-702597.html?refresh_ce\" target=\"_blank\" rel=\"noopener noreferrer nofollow\">Affaritaliani.it<\/a><\/strong><\/span><\/td>\n<td>BMTA posticipata ad aprile 2021, per il salone del turismo archeologico solo un rinvio<\/td>\n<td><a title=\"aef\" href=\"https:\/\/www.affaritaliani.it\/culturaspettacoli\/bmta-posticipata-ad-aprile-2021-per-il-salone-archeologia-solo-un-rinvio-702597.html?refresh_ce\" target=\"_blank\" rel=\"noopener noreferrer nofollow\"><img decoding=\"async\" class=\"aligncenter\" src=\"https:\/\/www.borsaturismoarcheologico.it\/wp-content\/uploads\/2018\/07\/weblogo.x50452.png\" alt=\"1360704754_pdf\" width=\"20\" height=\"20\" title=\"\"><\/a><\/td>\n<\/tr>\n<tr>\n<td><strong>27 ottobre 2020<\/strong><\/td>\n<td><span style=\"color: #ff6600;\"><strong><a style=\"color: #ff6600;\" href=\"http:\/\/www.guidaviaggi.it\/notizie\/205214\/\" target=\"_blank\" rel=\"noopener noreferrer nofollow\">GuidaViaggi.it<\/a><\/strong><\/span><\/td>\n<td>Turismo Archeologico, la BMTA rimandata ad aprile<\/td>\n<td><a title=\"aef\" href=\"http:\/\/www.guidaviaggi.it\/notizie\/205214\/\" target=\"_blank\" rel=\"noopener noreferrer nofollow\"><img decoding=\"async\" class=\"aligncenter\" src=\"https:\/\/www.borsaturismoarcheologico.it\/wp-content\/uploads\/2018\/07\/weblogo.x50452.png\" alt=\"1360704754_pdf\" width=\"20\" height=\"20\" title=\"\"><\/a><\/td>\n<\/tr>\n<tr>\n<td><strong>27 ottobre 2020<\/strong><\/td>\n<td><span style=\"color: #ff6600;\"><strong><a style=\"color: #ff6600;\" href=\"http:\/\/www.travelquotidiano.com\/enti_istituzioni_e_territorio\/borsa-mediterranea-turismo-archeologico-ledizione-xxiii-posticipata-all8-11-aprile-2021\/tqid-392030\" target=\"_blank\" rel=\"noopener noreferrer nofollow\">TravelQuotidiano.com<\/a><\/strong><\/span><\/td>\n<td>BMTA, l\u2019edizione XXIII posticipata all\u20198-11 aprile 2021<\/td>\n<td><a title=\"aef\" href=\"http:\/\/www.travelquotidiano.com\/enti_istituzioni_e_territorio\/borsa-mediterranea-turismo-archeologico-ledizione-xxiii-posticipata-all8-11-aprile-2021\/tqid-392030\" target=\"_blank\" rel=\"noopener noreferrer nofollow\"><img decoding=\"async\" class=\"aligncenter\" src=\"https:\/\/www.borsaturismoarcheologico.it\/wp-content\/uploads\/2018\/07\/weblogo.x50452.png\" alt=\"1360704754_pdf\" width=\"20\" height=\"20\" title=\"\"><\/a><\/td>\n<\/tr>\n<tr>\n<td><strong>27 ottobre 2020<\/strong><\/td>\n<td><span style=\"color: #ff6600;\"><strong><a style=\"color: #ff6600;\" href=\"https:\/\/www.lagenziadiviaggi.it\/bmta-annullata-levento-slitta-ad-aprile-2021\/\" target=\"_blank\" rel=\"noopener noreferrer nofollow\">L\u2019AgenziadiViaggi.it<\/a><\/strong><\/span><\/td>\n<td>La BMTA slitta ad aprile 2021<\/td>\n<td><a title=\"aef\" href=\"https:\/\/www.lagenziadiviaggi.it\/bmta-annullata-levento-slitta-ad-aprile-2021\/\" target=\"_blank\" rel=\"noopener noreferrer nofollow\"><img decoding=\"async\" class=\"aligncenter\" src=\"https:\/\/www.borsaturismoarcheologico.it\/wp-content\/uploads\/2018\/07\/weblogo.x50452.png\" alt=\"1360704754_pdf\" width=\"20\" height=\"20\" title=\"\"><\/a><\/td>\n<\/tr>\n<tr>\n<td><strong>27 ottobre 2020<\/strong><\/td>\n<td><span style=\"color: #ff6600;\"><strong><a style=\"color: #ff6600;\" href=\"https:\/\/www.advtraining.it\/news\/73755-rinvio-ad-aprile-per-la-bmta-di-paestum\" target=\"_blank\" rel=\"noopener noreferrer nofollow\">Turismo-Attualit\u00e0.it<\/a><\/strong><\/span><\/td>\n<td>Rinvio ad aprile per la BMTA di Paestum<\/td>\n<td><a title=\"aef\" href=\"https:\/\/www.advtraining.it\/news\/73755-rinvio-ad-aprile-per-la-bmta-di-paestum\" target=\"_blank\" rel=\"noopener noreferrer nofollow\"><img decoding=\"async\" class=\"aligncenter\" src=\"https:\/\/www.borsaturismoarcheologico.it\/wp-content\/uploads\/2018\/07\/weblogo.x50452.png\" alt=\"1360704754_pdf\" width=\"20\" height=\"20\" title=\"\"><\/a><\/td>\n<\/tr>\n<tr>\n<td><strong>26 ottobre 2020<\/strong><\/td>\n<td><span style=\"color: #ff6600;\"><strong><a style=\"color: #ff6600;\" href=\"https:\/\/agcult.it\/a\/26539\/2020-10-26\/borsa-del-turismo-archeologico-la-xxiii-edizione-posticipata-ad-aprile-2021\" target=\"_blank\" rel=\"noopener noreferrer nofollow\">AgCult.it<\/a><\/strong><\/span><\/td>\n<td>BMTA, la XXIII edizione posticipata ad aprile 2021<\/td>\n<td><a title=\"aef\" href=\"https:\/\/agcult.it\/a\/26539\/2020-10-26\/borsa-del-turismo-archeologico-la-xxiii-edizione-posticipata-ad-aprile-2021\" target=\"_blank\" rel=\"noopener noreferrer nofollow\"><img decoding=\"async\" class=\"aligncenter\" src=\"https:\/\/www.borsaturismoarcheologico.it\/wp-content\/uploads\/2018\/07\/weblogo.x50452.png\" alt=\"1360704754_pdf\" width=\"20\" height=\"20\" title=\"\"><\/a><\/td>\n<\/tr>\n<tr>\n<td><strong>ottobre-novembre 2020<\/strong><\/td>\n<td><span style=\"color: #ff6600;\"><strong><a style=\"color: #ff6600;\" href=\"https:\/\/www.borsaturismoarcheologico.it\/wp-content\/uploads\/2020\/10\/Costozero-11-20.x50452.pdf\" target=\"_blank\" rel=\"noopener noreferrer\">Costozero<\/a><\/strong><\/span><\/td>\n<td>Con la Borsa Mediterranea di Paestum riparte il turismo archeologico<\/td>\n<td><a title=\"aef\" href=\"https:\/\/www.borsaturismoarcheologico.it\/wp-content\/uploads\/2020\/10\/Costozero-11-20.x50452.pdf\"><img decoding=\"async\" class=\"aligncenter\" src=\"https:\/\/www.borsaturismoarcheologico.it\/wp-content\/uploads\/2013\/01\/1360704754_pdf.x50452.png\" alt=\"1360704754_pdf\" width=\"20\" height=\"20\" title=\"\"><\/a><\/td>\n<\/tr>\n<tr>\n<td><strong>15 ottobre 2020<\/strong><\/td>\n<td><span style=\"color: #ff6600;\"><strong><a style=\"color: #ff6600;\" href=\"http:\/\/www.guidaviaggi.it\/notizie\/205041\/turismo-archeologico\" target=\"_blank\" rel=\"noopener noreferrer nofollow\">GuidaViaggi.it<\/a><\/strong><\/span><\/td>\n<td>Turismo archeologico, i nodi da sciogliere<\/td>\n<td><a title=\"aef\" href=\"http:\/\/www.guidaviaggi.it\/notizie\/205041\/turismo-archeologico\" target=\"_blank\" rel=\"noopener noreferrer nofollow\"><img decoding=\"async\" class=\"aligncenter\" src=\"https:\/\/www.borsaturismoarcheologico.it\/wp-content\/uploads\/2018\/07\/weblogo.x50452.png\" alt=\"1360704754_pdf\" width=\"20\" height=\"20\" title=\"\"><\/a><\/td>\n<\/tr>\n<tr>\n<td><strong>14 ottobre 2020<\/strong><\/td>\n<td><span style=\"color: #ff6600;\"><strong><a style=\"color: #ff6600;\" href=\"https:\/\/www.ansa.it\/sardegna\/notizie\/2020\/10\/14\/turismo-non-solo-spiaggearzachena-punta-su-sport-e-cultura_06be5fe7-115a-48d9-bb55-eed4fe0e7a4e.html\" target=\"_blank\" rel=\"noopener noreferrer nofollow\">Ansa.it Sardegna<\/a><\/strong><\/span><\/td>\n<td>Turismo: non solo spiagge, Arzachena punta su sport e cultura<\/td>\n<td><a title=\"aef\" href=\"https:\/\/www.ansa.it\/sardegna\/notizie\/2020\/10\/14\/turismo-non-solo-spiaggearzachena-punta-su-sport-e-cultura_06be5fe7-115a-48d9-bb55-eed4fe0e7a4e.html\" target=\"_blank\" rel=\"noopener noreferrer nofollow\"><img decoding=\"async\" class=\"aligncenter\" src=\"https:\/\/www.borsaturismoarcheologico.it\/wp-content\/uploads\/2018\/07\/weblogo.x50452.png\" alt=\"1360704754_pdf\" width=\"20\" height=\"20\" title=\"\"><\/a><\/td>\n<\/tr>\n<tr>\n<td><strong>13 ottobre 2020<\/strong><\/td>\n<td><span style=\"color: #ff6600;\"><strong><a style=\"color: #ff6600;\" href=\"http:\/\/www.qaeditoria.it\/details.aspx?idarticle=129364\" target=\"_blank\" rel=\"noopener noreferrer nofollow\">QA \u2013 Turismo Cultura Arte<\/a><\/strong><\/span><\/td>\n<td>Ai \u201cdieci rilievi rupestri assiri nel Kurdistan Iracheno\u201d assegnato il premio \u201cKhaled al-Asaad\u201d<\/td>\n<td><a title=\"aef\" href=\"http:\/\/www.qaeditoria.it\/details.aspx?idarticle=129364\" target=\"_blank\" rel=\"noopener noreferrer nofollow\"><img decoding=\"async\" class=\"aligncenter\" src=\"https:\/\/www.borsaturismoarcheologico.it\/wp-content\/uploads\/2018\/07\/weblogo.x50452.png\" alt=\"1360704754_pdf\" width=\"20\" height=\"20\" title=\"\"><\/a><\/td>\n<\/tr>\n<tr>\n<td><strong>12 ottobre 2020<\/strong><\/td>\n<td><span style=\"color: #ff6600;\"><strong><a style=\"color: #ff6600;\" href=\"https:\/\/www.borsaturismoarcheologico.it\/wp-content\/uploads\/2020\/10\/guidaviaggi_12-10.x50452.pdf\" target=\"_blank\" rel=\"noopener noreferrer\">Guida Viaggi<\/a><\/strong><\/span><\/td>\n<td>Archeologia, i gap da superare<\/td>\n<td><a title=\"aef\" href=\"https:\/\/www.borsaturismoarcheologico.it\/wp-content\/uploads\/2020\/10\/guidaviaggi_12-10.x50452.pdf\"><img decoding=\"async\" class=\"aligncenter\" src=\"https:\/\/www.borsaturismoarcheologico.it\/wp-content\/uploads\/2013\/01\/1360704754_pdf.x50452.png\" alt=\"1360704754_pdf\" width=\"20\" height=\"20\" title=\"\"><\/a><\/td>\n<\/tr>\n<tr>\n<td><strong>12 ottobre 2020<\/strong><\/td>\n<td><span style=\"color: #ff6600;\"><strong><a style=\"color: #ff6600;\" href=\"https:\/\/www.borsaturismoarcheologico.it\/wp-content\/uploads\/2020\/10\/gazmezz_12-10.x50452.pdf\" target=\"_blank\" rel=\"noopener noreferrer\">La Gazzetta del Mezzogiorno<\/a><\/strong><\/span><\/td>\n<td>Iraq, non \u00e8 soltanto l\u2019Isis a minacciare i monumenti<\/td>\n<td><a title=\"aef\" href=\"https:\/\/www.borsaturismoarcheologico.it\/wp-content\/uploads\/2020\/10\/gazmezz_12-10.x50452.pdf\"><img decoding=\"async\" class=\"aligncenter\" src=\"https:\/\/www.borsaturismoarcheologico.it\/wp-content\/uploads\/2013\/01\/1360704754_pdf.x50452.png\" alt=\"1360704754_pdf\" width=\"20\" height=\"20\" title=\"\"><\/a><\/td>\n<\/tr>\n<tr>\n<td><strong>11 ottobre 2020<\/strong><\/td>\n<td><span style=\"color: #ff6600;\"><strong><a style=\"color: #ff6600;\" href=\"https:\/\/arte.sky.it\/2020\/10\/premio-archeologia-khaled-al-asaad-vincitore-kurdistan-iracheno\/\" target=\"_blank\" rel=\"noopener noreferrer nofollow\">Arte.Sky.it<\/a><\/strong><\/span><\/td>\n<td>Ecco chi ha vinto il premio di archeologia intitolato a Khaled al-Asaad<\/td>\n<td><a title=\"aef\" href=\"https:\/\/arte.sky.it\/2020\/10\/premio-archeologia-khaled-al-asaad-vincitore-kurdistan-iracheno\/\" target=\"_blank\" rel=\"noopener noreferrer nofollow\"><img decoding=\"async\" class=\"aligncenter\" src=\"https:\/\/www.borsaturismoarcheologico.it\/wp-content\/uploads\/2018\/07\/weblogo.x50452.png\" alt=\"1360704754_pdf\" width=\"20\" height=\"20\" title=\"\"><\/a><\/td>\n<\/tr>\n<tr>\n<td><strong>10 ottobre 2020<\/strong><\/td>\n<td><span style=\"color: #ff6600;\"><strong><a style=\"color: #ff6600;\" href=\"https:\/\/www.borsaturismoarcheologico.it\/wp-content\/uploads\/2020\/10\/il-gazzettino_10-10.x50452.pdf\" target=\"_blank\" rel=\"noopener noreferrer\">Il Gazzettino<\/a><\/strong><\/span><\/td>\n<td>Spedizione italiana scopre bassorilievi di 3.000 anni fa e vince il Premio Khaled al-Asaad<\/td>\n<td><a title=\"aef\" href=\"https:\/\/www.borsaturismoarcheologico.it\/wp-content\/uploads\/2020\/10\/il-gazzettino_10-10.x50452.pdf\"><img decoding=\"async\" class=\"aligncenter\" src=\"https:\/\/www.borsaturismoarcheologico.it\/wp-content\/uploads\/2013\/01\/1360704754_pdf.x50452.png\" alt=\"1360704754_pdf\" width=\"20\" height=\"20\" title=\"\"><\/a><\/td>\n<\/tr>\n<tr>\n<td><strong>9 ottobre 2020<\/strong><\/td>\n<td><span style=\"color: #ff6600;\"><strong><a style=\"color: #ff6600;\" href=\"https:\/\/www.borsaturismoarcheologico.it\/wp-content\/uploads\/2020\/10\/mesven_9-10.x50452.pdf\" target=\"_blank\" rel=\"noopener noreferrer\">Messaggero Veneto<\/a><\/strong><\/span><\/td>\n<td>Scoperte nel Kurdistan: premio mondiale all\u2019Universit\u00e0 di Udine<\/td>\n<td><a title=\"aef\" href=\"https:\/\/www.borsaturismoarcheologico.it\/wp-content\/uploads\/2020\/10\/mesven_9-10.x50452.pdf\"><img decoding=\"async\" class=\"aligncenter\" src=\"https:\/\/www.borsaturismoarcheologico.it\/wp-content\/uploads\/2013\/01\/1360704754_pdf.x50452.png\" alt=\"1360704754_pdf\" width=\"20\" height=\"20\" title=\"\"><\/a><\/td>\n<\/tr>\n<tr>\n<td><strong>8 ottobre 2020<\/strong><\/td>\n<td><span style=\"color: #ff6600;\"><strong><a style=\"color: #ff6600;\" href=\"https:\/\/tg24.sky.it\/trieste\/2020\/10\/08\/archeologia-premio-mondiale-a-bassorilievi-scoperti-a-faida\" target=\"_blank\" rel=\"noopener noreferrer nofollow\">Tg24.Sky.it<\/a><\/strong><\/span><\/td>\n<td>Archeologia: premio mondiale a bassorilievi scoperti a Faida<\/td>\n<td><a title=\"aef\" href=\"https:\/\/tg24.sky.it\/trieste\/2020\/10\/08\/archeologia-premio-mondiale-a-bassorilievi-scoperti-a-faida\" target=\"_blank\" rel=\"noopener noreferrer nofollow\"><img decoding=\"async\" class=\"aligncenter\" src=\"https:\/\/www.borsaturismoarcheologico.it\/wp-content\/uploads\/2018\/07\/weblogo.x50452.png\" alt=\"1360704754_pdf\" width=\"20\" height=\"20\" title=\"\"><\/a><\/td>\n<\/tr>\n<tr>\n<td><strong>8 ottobre 2020<\/strong><\/td>\n<td><span style=\"color: #ff6600;\"><strong><a style=\"color: #ff6600;\" href=\"https:\/\/www.ansa.it\/canale_viaggiart\/it\/notizie\/mondo\/2020\/10\/08\/archeologia-premio-mondiale-a-bassorilievi-scoperti-a-faida_9a2b81de-4a56-4ba2-b0d9-5c575a9ffa3f.html\" target=\"_blank\" rel=\"noopener noreferrer nofollow\">Ansa.it<\/a><\/strong><\/span><\/td>\n<td>Nell\u2019ambito della BMTA 2020 premio mondiale a bassorilievi scoperti a Faida<\/td>\n<td><a title=\"aef\" href=\"https:\/\/www.ansa.it\/canale_viaggiart\/it\/notizie\/mondo\/2020\/10\/08\/archeologia-premio-mondiale-a-bassorilievi-scoperti-a-faida_9a2b81de-4a56-4ba2-b0d9-5c575a9ffa3f.html\" target=\"_blank\" rel=\"noopener noreferrer nofollow\"><img decoding=\"async\" class=\"aligncenter\" src=\"https:\/\/www.borsaturismoarcheologico.it\/wp-content\/uploads\/2018\/07\/weblogo.x50452.png\" alt=\"1360704754_pdf\" width=\"20\" height=\"20\" title=\"\"><\/a><\/td>\n<\/tr>\n<tr>\n<td><strong>8 ottobre 2020<\/strong><\/td>\n<td><span style=\"color: #ff6600;\"><strong><a style=\"color: #ff6600;\" href=\"https:\/\/www.borsaturismoarcheologico.it\/wp-content\/uploads\/2020\/10\/mattino_8-10.x50452.pdf\" target=\"_blank\" rel=\"noopener noreferrer\">Il Mattino ed. Salerno<\/a><\/strong><\/span><\/td>\n<td>BMTA, torna il Premio Khaled al-Asaad<\/td>\n<td><a title=\"aef\" href=\"https:\/\/www.borsaturismoarcheologico.it\/wp-content\/uploads\/2020\/10\/mattino_8-10.x50452.pdf\"><img decoding=\"async\" class=\"aligncenter\" src=\"https:\/\/www.borsaturismoarcheologico.it\/wp-content\/uploads\/2013\/01\/1360704754_pdf.x50452.png\" alt=\"1360704754_pdf\" width=\"20\" height=\"20\" title=\"\"><\/a><\/td>\n<\/tr>\n<tr>\n<td><strong>8 ottobre 2020<\/strong><\/td>\n<td><span style=\"color: #ff6600;\"><strong><a style=\"color: #ff6600;\" href=\"https:\/\/www.borsaturismoarcheologico.it\/wp-content\/uploads\/2020\/10\/gazzettino_8-10.x50452.pdf\" target=\"_blank\" rel=\"noopener noreferrer\">Il Gazzettino ed. Friuli<\/a><\/strong><\/span><\/td>\n<td>Faida, la scoperta friuliana vince il premio mondiale della BMTA<\/td>\n<td><a title=\"aef\" href=\"https:\/\/www.borsaturismoarcheologico.it\/wp-content\/uploads\/2020\/10\/gazzettino_8-10.x50452.pdf\"><img decoding=\"async\" class=\"aligncenter\" src=\"https:\/\/www.borsaturismoarcheologico.it\/wp-content\/uploads\/2013\/01\/1360704754_pdf.x50452.png\" alt=\"1360704754_pdf\" width=\"20\" height=\"20\" title=\"\"><\/a><\/td>\n<\/tr>\n<tr>\n<td><strong>7 ottobre 2020<\/strong><\/td>\n<td><span style=\"color: #ff6600;\"><strong><a style=\"color: #ff6600;\" href=\"https:\/\/ilgiornaleoff.ilgiornale.it\/2020\/10\/07\/la-scoperta-archeologica-dellanno\/\" target=\"_blank\" rel=\"noopener noreferrer nofollow\">IlGiornaleOFF de IlGiornale.it<\/a><\/strong><\/span><\/td>\n<td>La scoperta archeologica dell\u2019anno<\/td>\n<td><a title=\"aef\" href=\"https:\/\/ilgiornaleoff.ilgiornale.it\/2020\/10\/07\/la-scoperta-archeologica-dellanno\/\" target=\"_blank\" rel=\"noopener noreferrer nofollow\"><img decoding=\"async\" class=\"aligncenter\" src=\"https:\/\/www.borsaturismoarcheologico.it\/wp-content\/uploads\/2018\/07\/weblogo.x50452.png\" alt=\"1360704754_pdf\" width=\"20\" height=\"20\" title=\"\"><\/a><\/td>\n<\/tr>\n<tr>\n<td><strong>7 ottobre 2020<\/strong><\/td>\n<td><span style=\"color: #ff6600;\"><strong><a style=\"color: #ff6600;\" href=\"https:\/\/www.borsaturismoarcheologico.it\/wp-content\/uploads\/2020\/10\/corsera_7-10.x50452.pdf\" target=\"_blank\" rel=\"noopener noreferrer\">Corriere della Sera<\/a><\/strong><\/span><\/td>\n<td>BMTA 2020: a un italiano il premio Khaled al-Asaad<\/td>\n<td><a title=\"aef\" href=\"https:\/\/www.borsaturismoarcheologico.it\/wp-content\/uploads\/2020\/10\/corsera_7-10.x50452.pdf\"><img decoding=\"async\" class=\"aligncenter\" src=\"https:\/\/www.borsaturismoarcheologico.it\/wp-content\/uploads\/2013\/01\/1360704754_pdf.x50452.png\" alt=\"1360704754_pdf\" width=\"20\" height=\"20\" title=\"\"><\/a><\/td>\n<\/tr>\n<tr>\n<td><strong>7 ottobre 2020<\/strong><\/td>\n<td><span style=\"color: #ff6600;\"><strong><a style=\"color: #ff6600;\" href=\"https:\/\/www.borsaturismoarcheologico.it\/wp-content\/uploads\/2020\/10\/quotsud_7-10.x50452.pdf\" target=\"_blank\" rel=\"noopener noreferrer\">Il Quotidiano del Sud ed. Salerno<\/a><\/strong><\/span><\/td>\n<td>Gli dei mesopotamici trionfano a Paestum: alla BMTA 2020 la consegna del Premio Khaled al-Asaad<\/td>\n<td><a title=\"aef\" href=\"https:\/\/www.borsaturismoarcheologico.it\/wp-content\/uploads\/2020\/10\/quotsud_7-10.x50452.pdf\"><img decoding=\"async\" class=\"aligncenter\" src=\"https:\/\/www.borsaturismoarcheologico.it\/wp-content\/uploads\/2013\/01\/1360704754_pdf.x50452.png\" alt=\"1360704754_pdf\" width=\"20\" height=\"20\" title=\"\"><\/a><\/td>\n<\/tr>\n<tr>\n<td><strong>7 ottobre 2020<\/strong><\/td>\n<td><span style=\"color: #ff6600;\"><strong><a style=\"color: #ff6600;\" href=\"https:\/\/travelnostop.com\/campania\/beni-culturali\/bmta-ai-pannelli-rupestri-assiri-il-premio-international-archaeological-discovery-award-khaled-al-asaad_502746\" target=\"_blank\" rel=\"noopener noreferrer nofollow\">Travelnostop.com<\/a><\/strong><\/span><\/td>\n<td>BMTA, ai pannelli rupestri assiri il premio \u2018International Archaeological Discovery Award Khaled al-Asaad\u2019<\/td>\n<td><a title=\"aef\" href=\"https:\/\/travelnostop.com\/campania\/beni-culturali\/bmta-ai-pannelli-rupestri-assiri-il-premio-international-archaeological-discovery-award-khaled-al-asaad_502746\" target=\"_blank\" rel=\"noopener noreferrer nofollow\"><img decoding=\"async\" class=\"aligncenter\" src=\"https:\/\/www.borsaturismoarcheologico.it\/wp-content\/uploads\/2018\/07\/weblogo.x50452.png\" alt=\"1360704754_pdf\" width=\"20\" height=\"20\" title=\"\"><\/a><\/td>\n<\/tr>\n<tr>\n<td><strong>6 ottobre 2020<\/strong><\/td>\n<td><span style=\"color: #ff6600;\"><strong><a style=\"color: #ff6600;\" href=\"https:\/\/napoli.repubblica.it\/cronaca\/2020\/10\/06\/news\/archeologia_va_ai_pannelli_rupestri_assiri_il_premio_bmta-269689826\/\" target=\"_blank\" rel=\"noopener noreferrer nofollow\">Napoli.Repubblica.it<\/a><\/strong><\/span><\/td>\n<td>Alla scoperta dei pannelli rupestri assiri il Premio Khaled al-Asaad della BMTA<\/td>\n<td><a title=\"aef\" href=\"https:\/\/napoli.repubblica.it\/cronaca\/2020\/10\/06\/news\/archeologia_va_ai_pannelli_rupestri_assiri_il_premio_bmta-269689826\/\" target=\"_blank\" rel=\"noopener noreferrer nofollow\"><img decoding=\"async\" class=\"aligncenter\" src=\"https:\/\/www.borsaturismoarcheologico.it\/wp-content\/uploads\/2018\/07\/weblogo.x50452.png\" alt=\"1360704754_pdf\" width=\"20\" height=\"20\" title=\"\"><\/a><\/td>\n<\/tr>\n<tr>\n<td><strong>6 ottobre 2020<\/strong><\/td>\n<td><span style=\"color: #ff6600;\"><strong><a style=\"color: #ff6600;\" href=\"https:\/\/www.borsaturismoarcheologico.it\/wp-content\/uploads\/2020\/10\/mattino.it_6-10.x50452.pdf\" target=\"_blank\" rel=\"noopener noreferrer\">IlMattino.it<\/a><\/strong><\/span><\/td>\n<td>International Archaeological Discovery Award, il Premio alla BMTA di Paestum a novembre<\/td>\n<td><a title=\"aef\" href=\"https:\/\/www.borsaturismoarcheologico.it\/wp-content\/uploads\/2020\/10\/mattino.it_6-10.x50452.pdf\" target=\"_blank\" rel=\"noopener noreferrer\"><img decoding=\"async\" class=\"aligncenter\" src=\"https:\/\/www.borsaturismoarcheologico.it\/wp-content\/uploads\/2018\/07\/weblogo.x50452.png\" alt=\"1360704754_pdf\" width=\"20\" height=\"20\" title=\"\"><\/a><\/td>\n<\/tr>\n<tr>\n<td><strong>6 ottobre 2020<\/strong><\/td>\n<td><span style=\"color: #ff6600;\"><strong><a style=\"color: #ff6600;\" href=\"https:\/\/www.ansa.it\/canale_viaggiart\/it\/regione\/campania\/2020\/10\/06\/archeologia-va-ai-pannelli-rupestri-assiri-il-premio-bmta_a3af56f6-2cf8-4de5-bd96-3da76ce8585f.html\" target=\"_blank\" rel=\"noopener noreferrer nofollow\">Ansa.it<\/a><\/strong><\/span><\/td>\n<td>Archeologia: va ai pannelli rupestri assiri il Premio Khaled al-Asaad della BMTA<\/td>\n<td><a title=\"aef\" href=\"https:\/\/www.ansa.it\/canale_viaggiart\/it\/regione\/campania\/2020\/10\/06\/archeologia-va-ai-pannelli-rupestri-assiri-il-premio-bmta_a3af56f6-2cf8-4de5-bd96-3da76ce8585f.html\" target=\"_blank\" rel=\"noopener noreferrer nofollow\"><img decoding=\"async\" class=\"aligncenter\" src=\"https:\/\/www.borsaturismoarcheologico.it\/wp-content\/uploads\/2018\/07\/weblogo.x50452.png\" alt=\"1360704754_pdf\" width=\"20\" height=\"20\" title=\"\"><\/a><\/td>\n<\/tr>\n<tr>\n<td><strong>6 ottobre 2020<\/strong><\/td>\n<td><span style=\"color: #ff6600;\"><strong><a style=\"color: #ff6600;\" href=\"https:\/\/agcult.it\/a\/25507\/2020-10-06\/bmta-2020-premio-archeologia-khaled-al-asaad-a-scoperta-rilievi-rupestri-assiri-nel-kurdistan-iracheno\" target=\"_blank\" rel=\"noopener noreferrer nofollow\">AgCult.it<\/a><\/strong><\/span><\/td>\n<td>BMTA 2020, premio archeologia \u201cKhaled al-Asaad\u201d a scoperta rilievi rupestri assiri nel Kurdistan iracheno<\/td>\n<td><a title=\"aef\" href=\"https:\/\/agcult.it\/a\/25507\/2020-10-06\/bmta-2020-premio-archeologia-khaled-al-asaad-a-scoperta-rilievi-rupestri-assiri-nel-kurdistan-iracheno\" target=\"_blank\" rel=\"noopener noreferrer nofollow\"><img decoding=\"async\" class=\"aligncenter\" src=\"https:\/\/www.borsaturismoarcheologico.it\/wp-content\/uploads\/2018\/07\/weblogo.x50452.png\" alt=\"1360704754_pdf\" width=\"20\" height=\"20\" title=\"\"><\/a><\/td>\n<\/tr>\n<tr>\n<td><strong>6 ottobre 2020<\/strong><\/td>\n<td><span style=\"color: #ff6600;\"><strong><a style=\"color: #ff6600;\" href=\"https:\/\/siviaggia.it\/notizie\/kurdistan-scoperta-archeologica-anno-2020\/307293\/\" target=\"_blank\" rel=\"noopener noreferrer nofollow\">SiViaggia.it<\/a><\/strong><\/span><\/td>\n<td>In Kurdistan la scoperta archeologica dell\u2019anno<\/td>\n<td><a title=\"aef\" href=\"https:\/\/siviaggia.it\/notizie\/kurdistan-scoperta-archeologica-anno-2020\/307293\/\" target=\"_blank\" rel=\"noopener noreferrer nofollow\"><img decoding=\"async\" class=\"aligncenter\" src=\"https:\/\/www.borsaturismoarcheologico.it\/wp-content\/uploads\/2018\/07\/weblogo.x50452.png\" alt=\"1360704754_pdf\" width=\"20\" height=\"20\" title=\"\"><\/a><\/td>\n<\/tr>\n<tr>\n<td><strong>6 ottobre 2020<\/strong><\/td>\n<td><span style=\"color: #ff6600;\"><strong><a style=\"color: #ff6600;\" href=\"https:\/\/www.affaritaliani.it\/culturaspettacoli\/alla-scoperta-dei-reperti-rupresti-assiri-il-premio-bmta-archeo-dedicato-a-698312.html?refresh_ce\" target=\"_blank\" rel=\"noopener noreferrer nofollow\">Affaritaliani.it<\/a><\/strong><\/span><\/td>\n<td>Alla scoperta dei rilievi rupresti assiri di Faida il Premio Khaled al-Asaad<\/td>\n<td><a title=\"aef\" href=\"https:\/\/www.affaritaliani.it\/culturaspettacoli\/alla-scoperta-dei-reperti-rupresti-assiri-il-premio-bmta-archeo-dedicato-a-698312.html?refresh_ce\" target=\"_blank\" rel=\"noopener noreferrer nofollow\"><img decoding=\"async\" class=\"aligncenter\" src=\"https:\/\/www.borsaturismoarcheologico.it\/wp-content\/uploads\/2018\/07\/weblogo.x50452.png\" alt=\"1360704754_pdf\" width=\"20\" height=\"20\" title=\"\"><\/a><\/td>\n<\/tr>\n<tr>\n<td><strong>ottobre 2020<\/strong><\/td>\n<td><span style=\"color: #ff6600;\"><strong><a style=\"color: #ff6600;\" href=\"https:\/\/www.borsaturismoarcheologico.it\/wp-content\/uploads\/2020\/10\/Archeo_10.x50452.pdf\" target=\"_blank\" rel=\"noopener noreferrer\">Archeo<\/a><\/strong><\/span><\/td>\n<td>La BMTA assegna i suoi Premi<\/td>\n<td><a title=\"aef\" href=\"https:\/\/www.borsaturismoarcheologico.it\/wp-content\/uploads\/2020\/10\/Archeo_10.x50452.pdf\"><img decoding=\"async\" class=\"aligncenter\" src=\"https:\/\/www.borsaturismoarcheologico.it\/wp-content\/uploads\/2013\/01\/1360704754_pdf.x50452.png\" alt=\"1360704754_pdf\" width=\"20\" height=\"20\" title=\"\"><\/a><\/td>\n<\/tr>\n<tr>\n<td><strong>ottobre 2020<\/strong><\/td>\n<td><span style=\"color: #ff6600;\"><strong><a style=\"color: #ff6600;\" href=\"https:\/\/www.borsaturismoarcheologico.it\/wp-content\/uploads\/2020\/10\/Medioevo_10.x50452.pdf\" target=\"_blank\" rel=\"noopener noreferrer\">Medioevo<\/a><\/strong><\/span><\/td>\n<td>Gli allori di Paestum<\/td>\n<td><a title=\"aef\" href=\"https:\/\/www.borsaturismoarcheologico.it\/wp-content\/uploads\/2020\/10\/Medioevo_10.x50452.pdf\"><img decoding=\"async\" class=\"aligncenter\" src=\"https:\/\/www.borsaturismoarcheologico.it\/wp-content\/uploads\/2013\/01\/1360704754_pdf.x50452.png\" alt=\"1360704754_pdf\" width=\"20\" height=\"20\" title=\"\"><\/a><\/td>\n<\/tr>\n<tr>\n<td><strong>28 settembre 2020<\/strong><\/td>\n<td><span style=\"color: #ff6600;\"><strong><a style=\"color: #ff6600;\" href=\"https:\/\/www.borsaturismoarcheologico.it\/wp-content\/uploads\/2020\/09\/cormez_2-28-09.x50452.pdf\" target=\"_blank\" rel=\"noopener noreferrer\">Corriere del Mezzogiorno ed. Campania<\/a><\/strong><\/span><\/td>\n<td>A Paestum dal 19 al 22 novembre la Borsa Mediterranea del Turismo Archeologico<\/td>\n<td><a title=\"aef\" href=\"https:\/\/www.borsaturismoarcheologico.it\/wp-content\/uploads\/2020\/09\/cormez_2-28-09.x50452.pdf\"><img decoding=\"async\" class=\"aligncenter\" src=\"https:\/\/www.borsaturismoarcheologico.it\/wp-content\/uploads\/2013\/01\/1360704754_pdf.x50452.png\" alt=\"1360704754_pdf\" width=\"20\" height=\"20\" title=\"\"><\/a><\/td>\n<\/tr>\n<tr>\n<td><strong>28 settembre 2020<\/strong><\/td>\n<td><span style=\"color: #ff6600;\"><strong><a style=\"color: #ff6600;\" href=\"https:\/\/www.borsaturismoarcheologico.it\/wp-content\/uploads\/2020\/09\/cormez_1-28-09.x50452.pdf\" target=\"_blank\" rel=\"noopener noreferrer\">Corriere del Mezzogiorno ed. Campania<\/a><\/strong><\/span><\/td>\n<td>BMTA 2020: a spasso nel tempo in carrozze anni \u201930<\/td>\n<td><a title=\"aef\" href=\"https:\/\/www.borsaturismoarcheologico.it\/wp-content\/uploads\/2020\/09\/cormez_1-28-09.x50452.pdf\"><img decoding=\"async\" class=\"aligncenter\" src=\"https:\/\/www.borsaturismoarcheologico.it\/wp-content\/uploads\/2013\/01\/1360704754_pdf.x50452.png\" alt=\"1360704754_pdf\" width=\"20\" height=\"20\" title=\"\"><\/a><\/td>\n<\/tr>\n<tr>\n<td><strong>28 settembre 2020<\/strong><\/td>\n<td><span style=\"color: #ff6600;\"><strong><a style=\"color: #ff6600;\" href=\"https:\/\/ilgiornaleoff.ilgiornale.it\/2020\/09\/28\/le-cinque-scoperte-archeologiche-per-linternational-archaeological-discovery-award-khaled-al-asaa\/\" target=\"_blank\" rel=\"noopener noreferrer nofollow\">IlGiornaleOFF de IlGiornale.it<\/a><\/strong><\/span><\/td>\n<td>Il premio dedicato a Khaled al-Asaad<\/td>\n<td><a title=\"aef\" href=\"https:\/\/ilgiornaleoff.ilgiornale.it\/2020\/09\/28\/le-cinque-scoperte-archeologiche-per-linternational-archaeological-discovery-award-khaled-al-asaa\/\" target=\"_blank\" rel=\"noopener noreferrer nofollow\"><img decoding=\"async\" class=\"aligncenter\" src=\"https:\/\/www.borsaturismoarcheologico.it\/wp-content\/uploads\/2018\/07\/weblogo.x50452.png\" alt=\"1360704754_pdf\" width=\"20\" height=\"20\" title=\"\"><\/a><\/td>\n<\/tr>\n<tr>\n<td><strong>22 settembre 2020<\/strong><\/td>\n<td><span style=\"color: #ff6600;\"><strong><a style=\"color: #ff6600;\" href=\"http:\/\/www.guidaviaggi.it\/notizie\/204708\/bmta\" target=\"_blank\" rel=\"noopener noreferrer nofollow\">GuidaViaggi.it<\/a><\/strong><\/span><\/td>\n<td>BMTA, focus sulla sostenibilit\u00e0<\/td>\n<td><a title=\"aef\" href=\"http:\/\/www.guidaviaggi.it\/notizie\/204708\/bmta\" target=\"_blank\" rel=\"noopener noreferrer nofollow\"><img decoding=\"async\" class=\"aligncenter\" src=\"https:\/\/www.borsaturismoarcheologico.it\/wp-content\/uploads\/2018\/07\/weblogo.x50452.png\" alt=\"1360704754_pdf\" width=\"20\" height=\"20\" title=\"\"><\/a><\/td>\n<\/tr>\n<tr>\n<td><strong>16 settembre 2020<\/strong><\/td>\n<td><span style=\"color: #ff6600;\"><strong><a style=\"color: #ff6600;\" href=\"https:\/\/www.borsaturismoarcheologico.it\/wp-content\/uploads\/2020\/09\/quotidiano-di-sicilia.x50452.pdf\" target=\"_blank\" rel=\"noopener noreferrer\">Quotidiano di Sicilia<\/a><\/strong><\/span><\/td>\n<td>Regione Siciliana, presenza alla BMTA momento preparatorio per gli Stati Generali dei beni culturali<\/td>\n<td><a title=\"aef\" href=\"https:\/\/www.borsaturismoarcheologico.it\/wp-content\/uploads\/2020\/09\/quotidiano-di-sicilia.x50452.pdf\"><img decoding=\"async\" class=\"aligncenter\" src=\"https:\/\/www.borsaturismoarcheologico.it\/wp-content\/uploads\/2013\/01\/1360704754_pdf.x50452.png\" alt=\"1360704754_pdf\" width=\"20\" height=\"20\" title=\"\"><\/a><\/td>\n<\/tr>\n<tr>\n<td><strong>15 settembre 2020<\/strong><\/td>\n<td><span style=\"color: #ff6600;\"><strong><a style=\"color: #ff6600;\" href=\"https:\/\/ilgiornaleoff.ilgiornale.it\/2020\/09\/15\/a-paestum-la-borsa-mediterranea-del-turismo-archeologico\/\" target=\"_blank\" rel=\"noopener noreferrer nofollow\">IlGiornaleOFF de IlGiornale.it<\/a><\/strong><\/span><\/td>\n<td>A Paestum la Borsa Mediterranea del Turismo Archeologico<\/td>\n<td><a title=\"aef\" href=\"https:\/\/ilgiornaleoff.ilgiornale.it\/2020\/09\/15\/a-paestum-la-borsa-mediterranea-del-turismo-archeologico\/\" target=\"_blank\" rel=\"noopener noreferrer nofollow\"><img decoding=\"async\" class=\"aligncenter\" src=\"https:\/\/www.borsaturismoarcheologico.it\/wp-content\/uploads\/2018\/07\/weblogo.x50452.png\" alt=\"1360704754_pdf\" width=\"20\" height=\"20\" title=\"\"><\/a><\/td>\n<\/tr>\n<tr>\n<td><strong>10 settembre 2020<\/strong><\/td>\n<td><span style=\"color: #ff6600;\"><strong><a style=\"color: #ff6600;\" href=\"https:\/\/www.affaritaliani.it\/culturaspettacoli\/paestum-la-bmta-non-vede-ora-di-ripartire-il-progrmma-s-infittisce-693423.html\" target=\"_blank\" rel=\"noopener noreferrer nofollow\">Affaritaliani.it<\/a><\/strong><\/span><\/td>\n<td>BMTA, archeologia ma anche un programma sul nuovo modo di vivere il turismo<\/td>\n<td><a title=\"aef\" href=\"https:\/\/www.affaritaliani.it\/culturaspettacoli\/paestum-la-bmta-non-vede-ora-di-ripartire-il-progrmma-s-infittisce-693423.html\" target=\"_blank\" rel=\"noopener noreferrer nofollow\"><img decoding=\"async\" class=\"aligncenter\" src=\"https:\/\/www.borsaturismoarcheologico.it\/wp-content\/uploads\/2018\/07\/weblogo.x50452.png\" alt=\"1360704754_pdf\" width=\"20\" height=\"20\" title=\"\"><\/a><\/td>\n<\/tr>\n<tr>\n<td><strong>9 settembre 2020<\/strong><\/td>\n<td><span style=\"color: #ff6600;\"><strong><a style=\"color: #ff6600;\" href=\"https:\/\/www.borsaturismoarcheologico.it\/wp-content\/uploads\/2020\/09\/sicilia_9-9.x50452.pdf\" target=\"_blank\" rel=\"noopener noreferrer\">La Sicilia<\/a><\/strong><\/span><\/td>\n<td>Premio \u201cComunicare l\u2019Antico\u201d al Direttore della BMTA<\/td>\n<td><a title=\"aef\" href=\"https:\/\/www.borsaturismoarcheologico.it\/wp-content\/uploads\/2020\/09\/sicilia_9-9.x50452.pdf\"><img decoding=\"async\" class=\"aligncenter\" src=\"https:\/\/www.borsaturismoarcheologico.it\/wp-content\/uploads\/2013\/01\/1360704754_pdf.x50452.png\" alt=\"1360704754_pdf\" width=\"20\" height=\"20\" title=\"\"><\/a><\/td>\n<\/tr>\n<tr>\n<td><strong>5 settembre 2020<\/strong><\/td>\n<td><span style=\"color: #ff6600;\"><strong><a style=\"color: #ff6600;\" href=\"https:\/\/www.borsaturismoarcheologico.it\/wp-content\/uploads\/2020\/09\/2020905Ilmattinosalerno.x50452.pdf\" target=\"_blank\" rel=\"noopener noreferrer\">Il Mattino ed. Salerno<\/a><\/strong><\/span><\/td>\n<td>Borsa di Paestum, il turismo riparte dal patrimonio storico<\/td>\n<td><a title=\"aef\" href=\"https:\/\/www.borsaturismoarcheologico.it\/wp-content\/uploads\/2020\/09\/2020905Ilmattinosalerno.x50452.pdf\"><img decoding=\"async\" class=\"aligncenter\" src=\"https:\/\/www.borsaturismoarcheologico.it\/wp-content\/uploads\/2013\/01\/1360704754_pdf.x50452.png\" alt=\"1360704754_pdf\" width=\"20\" height=\"20\" title=\"\"><\/a><\/td>\n<\/tr>\n<tr>\n<td><strong>3 settembre 2020<\/strong><\/td>\n<td><span style=\"color: #ff6600;\"><strong><a style=\"color: #ff6600;\" href=\"https:\/\/www.borsaturismoarcheologico.it\/wp-content\/uploads\/2020\/09\/202093quotidianodisicilia.x50452.pdf\" target=\"_blank\" rel=\"noopener noreferrer\">Il Quotidiano di Sicilia<\/a><\/strong><\/span><\/td>\n<td>Al Direttore della BMTA il Premio \u201cComunicare l\u2019Antico\u201d<\/td>\n<td><a title=\"aef\" href=\"https:\/\/www.borsaturismoarcheologico.it\/wp-content\/uploads\/2020\/09\/202093quotidianodisicilia.x50452.pdf\"><img decoding=\"async\" class=\"aligncenter\" src=\"https:\/\/www.borsaturismoarcheologico.it\/wp-content\/uploads\/2013\/01\/1360704754_pdf.x50452.png\" alt=\"1360704754_pdf\" width=\"20\" height=\"20\" title=\"\"><\/a><\/td>\n<\/tr>\n<tr>\n<td><strong>3 settembre 2020<\/strong><\/td>\n<td><span style=\"color: #ff6600;\"><strong><a style=\"color: #ff6600;\" href=\"https:\/\/www.borsaturismoarcheologico.it\/wp-content\/uploads\/2020\/09\/202093-La-Gazzetta-del-Sud.x50452.pdf\" target=\"_blank\" rel=\"noopener noreferrer\">La Gazzetta del Sud<\/a><\/strong><\/span><\/td>\n<td>Il Direttore della BMTA riceve il Premio \u201cComunicare l\u2019Antico\u201d<\/td>\n<td><a title=\"aef\" href=\"https:\/\/www.borsaturismoarcheologico.it\/wp-content\/uploads\/2020\/09\/202093-La-Gazzetta-del-Sud.x50452.pdf\"><img decoding=\"async\" class=\"aligncenter\" src=\"https:\/\/www.borsaturismoarcheologico.it\/wp-content\/uploads\/2013\/01\/1360704754_pdf.x50452.png\" alt=\"1360704754_pdf\" width=\"20\" height=\"20\" title=\"\"><\/a><\/td>\n<\/tr>\n<tr>\n<td><strong>2 settembre 2020<\/strong><\/td>\n<td><span style=\"color: #ff6600;\"><strong><a style=\"color: #ff6600;\" href=\"https:\/\/www.ansa.it\/sicilia\/notizie\/2020\/09\/02\/premi-comunicare-lantico-a-osanna-malacrino-e-picarelli_69ab8816-e86b-4011-b615-140e50f25ba8.html\" target=\"_blank\" rel=\"noopener noreferrer nofollow\">Ansa.it Sicilia<\/a><\/strong><\/span><\/td>\n<td>\u2018Comunicare l\u2019Antico\u2019: il premio a Osanna, Malacrino e Picarelli<\/td>\n<td><a title=\"aef\" href=\"https:\/\/www.ansa.it\/sicilia\/notizie\/2020\/09\/02\/premi-comunicare-lantico-a-osanna-malacrino-e-picarelli_69ab8816-e86b-4011-b615-140e50f25ba8.html\" target=\"_blank\" rel=\"noopener noreferrer nofollow\"><img decoding=\"async\" class=\"aligncenter\" src=\"https:\/\/www.borsaturismoarcheologico.it\/wp-content\/uploads\/2018\/07\/weblogo.x50452.png\" alt=\"1360704754_pdf\" width=\"20\" height=\"20\" title=\"\"><\/a><\/td>\n<\/tr>\n<tr>\n<td><strong>2 settembre 2020<\/strong><\/td>\n<td><span style=\"color: #ff6600;\"><strong><a style=\"color: #ff6600;\" href=\"https:\/\/www.ansa.it\/calabria\/notizie\/2020\/09\/02\/premi-comunicare-lantico-a-osanna-malacrino-e-picarelli_1c1a2738-cc97-4dc2-92c9-a8ed339c2450.html\" target=\"_blank\" rel=\"noopener noreferrer nofollow\">Ansa.it Calabria<\/a><\/strong><\/span><\/td>\n<td>Premi: \u2018Comunicare l\u2019Antico\u2019 a Osanna, Malacrino e Picarelli<\/td>\n<td><a title=\"aef\" href=\"https:\/\/www.ansa.it\/calabria\/notizie\/2020\/09\/02\/premi-comunicare-lantico-a-osanna-malacrino-e-picarelli_1c1a2738-cc97-4dc2-92c9-a8ed339c2450.html\" target=\"_blank\" rel=\"noopener noreferrer nofollow\"><img decoding=\"async\" class=\"aligncenter\" src=\"https:\/\/www.borsaturismoarcheologico.it\/wp-content\/uploads\/2018\/07\/weblogo.x50452.png\" alt=\"1360704754_pdf\" width=\"20\" height=\"20\" title=\"\"><\/a><\/td>\n<\/tr>\n<tr>\n<td><strong>settembre 2020<\/strong><\/td>\n<td><span style=\"color: #ff6600;\"><strong><a style=\"color: #ff6600;\" href=\"https:\/\/www.borsaturismoarcheologico.it\/wp-content\/uploads\/2020\/09\/Archeo_09.x50452.pdf\" target=\"_blank\" rel=\"noopener noreferrer\">Archeo<\/a><\/strong><\/span><\/td>\n<td>Tutela e valorizzazione: un impegno senza frontiere<\/td>\n<td><a title=\"aef\" href=\"https:\/\/www.borsaturismoarcheologico.it\/wp-content\/uploads\/2020\/09\/Archeo_09.x50452.pdf\"><img decoding=\"async\" class=\"aligncenter\" src=\"https:\/\/www.borsaturismoarcheologico.it\/wp-content\/uploads\/2013\/01\/1360704754_pdf.x50452.png\" alt=\"1360704754_pdf\" width=\"20\" height=\"20\" title=\"\"><\/a><\/td>\n<\/tr>\n<tr>\n<td><strong>settembre 2020<\/strong><\/td>\n<td><span style=\"color: #ff6600;\"><strong><a style=\"color: #ff6600;\" href=\"https:\/\/www.borsaturismoarcheologico.it\/wp-content\/uploads\/2020\/09\/Medioevo-09.x50452.pdf\" target=\"_blank\" rel=\"noopener noreferrer\">Medioevo<\/a><\/strong><\/span><\/td>\n<td>Presidenti a confronto<\/td>\n<td><a title=\"aef\" href=\"https:\/\/www.borsaturismoarcheologico.it\/wp-content\/uploads\/2020\/09\/Medioevo-09.x50452.pdf\"><img decoding=\"async\" class=\"aligncenter\" src=\"https:\/\/www.borsaturismoarcheologico.it\/wp-content\/uploads\/2013\/01\/1360704754_pdf.x50452.png\" alt=\"1360704754_pdf\" width=\"20\" height=\"20\" title=\"\"><\/a><\/td>\n<\/tr>\n<tr>\n<td><strong>20 agosto 2020<\/strong><\/td>\n<td><span style=\"color: #ff6600;\"><strong><a style=\"color: #ff6600;\" href=\"https:\/\/antikewelt.de\/2020\/08\/20\/award-khaled-al-asaad-nominierungen-stehen-fest\/\" target=\"_blank\" rel=\"noopener noreferrer nofollow\">AntikeWelt.de<\/a><\/strong><\/span><\/td>\n<td>Award \u201eKhaled al-Asaad\u201c: Nominierungen stehen fest<\/td>\n<td><a title=\"aef\" href=\"https:\/\/antikewelt.de\/2020\/08\/20\/award-khaled-al-asaad-nominierungen-stehen-fest\/\" target=\"_blank\" rel=\"noopener noreferrer nofollow\"><img decoding=\"async\" class=\"aligncenter\" src=\"https:\/\/www.borsaturismoarcheologico.it\/wp-content\/uploads\/2018\/07\/weblogo.x50452.png\" alt=\"1360704754_pdf\" width=\"20\" height=\"20\" title=\"\"><\/a><\/td>\n<\/tr>\n<tr>\n<td><strong>5 agosto 2020<\/strong><\/td>\n<td><span style=\"color: #ff6600;\"><strong><a style=\"color: #ff6600;\" href=\"https:\/\/www.borsaturismoarcheologico.it\/wp-content\/uploads\/2020\/08\/cronache_5-8.x50452.pdf\" target=\"_blank\" rel=\"noopener noreferrer\">Le Cronache<\/a><\/strong><\/span><\/td>\n<td>Presentato il programma della XXIII BMTA<\/td>\n<td><a title=\"aef\" href=\"https:\/\/www.borsaturismoarcheologico.it\/wp-content\/uploads\/2020\/08\/cronache_5-8.x50452.pdf\"><img decoding=\"async\" class=\"aligncenter\" src=\"https:\/\/www.borsaturismoarcheologico.it\/wp-content\/uploads\/2013\/01\/1360704754_pdf.x50452.png\" alt=\"1360704754_pdf\" width=\"20\" height=\"20\" title=\"\"><\/a><\/td>\n<\/tr>\n<tr>\n<td><strong>5 agosto 2020<\/strong><\/td>\n<td><span style=\"color: #ff6600;\"><strong><a style=\"color: #ff6600;\" href=\"https:\/\/www.affaritaliani.it\/culturaspettacoli\/definito-il-programma-della-borsa-del-turismo-archeologico-688497.html?refresh_ce\" target=\"_blank\" rel=\"noopener noreferrer nofollow\">Affaritaliani.it<\/a><\/strong><\/span><\/td>\n<td>Pronto il programma della XXIII edizione della BMTA<\/td>\n<td><a title=\"aef\" href=\"https:\/\/www.affaritaliani.it\/culturaspettacoli\/definito-il-programma-della-borsa-del-turismo-archeologico-688497.html?refresh_ce\" target=\"_blank\" rel=\"noopener noreferrer nofollow\"><img decoding=\"async\" class=\"aligncenter\" src=\"https:\/\/www.borsaturismoarcheologico.it\/wp-content\/uploads\/2018\/07\/weblogo.x50452.png\" alt=\"1360704754_pdf\" width=\"20\" height=\"20\" title=\"\"><\/a><\/td>\n<\/tr>\n<tr>\n<td><strong>4 agosto 2020<\/strong><\/td>\n<td><span style=\"color: #ff6600;\"><strong><a style=\"color: #ff6600;\" href=\"https:\/\/www.lagenziadiviaggi.it\/la-borsa-mediterranea-del-turismo-archeologico-svela-il-programma-2020\/\" target=\"_blank\" rel=\"noopener noreferrer nofollow\">L\u2019AgenziadiViaggi.it<\/a><\/strong><\/span><\/td>\n<td>La BMTA svela il programma 2020<\/td>\n<td><a title=\"aef\" href=\"https:\/\/www.lagenziadiviaggi.it\/la-borsa-mediterranea-del-turismo-archeologico-svela-il-programma-2020\/\" target=\"_blank\" rel=\"noopener noreferrer nofollow\"><img decoding=\"async\" class=\"aligncenter\" src=\"https:\/\/www.borsaturismoarcheologico.it\/wp-content\/uploads\/2018\/07\/weblogo.x50452.png\" alt=\"1360704754_pdf\" width=\"20\" height=\"20\" title=\"\"><\/a><\/td>\n<\/tr>\n<tr>\n<td><strong>4 agosto 2020<\/strong><\/td>\n<td><span style=\"color: #ff6600;\"><strong><a style=\"color: #ff6600;\" href=\"http:\/\/www.travelquotidiano.com\/mercato_e_tecnologie\/sara-una-bmta-allinsegna-del-turismo-esperienziale-e-sostenibile\/tqid-387311\" target=\"_blank\" rel=\"noopener noreferrer nofollow\">TravelQuotidiano.com<\/a><\/strong><\/span><\/td>\n<td>Sar\u00e0 una BMTA all\u2019insegna del turismo esperienziale e sostenibile<\/td>\n<td><a title=\"aef\" href=\"http:\/\/www.travelquotidiano.com\/mercato_e_tecnologie\/sara-una-bmta-allinsegna-del-turismo-esperienziale-e-sostenibile\/tqid-387311\" target=\"_blank\" rel=\"noopener noreferrer nofollow\"><img decoding=\"async\" class=\"aligncenter\" src=\"https:\/\/www.borsaturismoarcheologico.it\/wp-content\/uploads\/2018\/07\/weblogo.x50452.png\" alt=\"1360704754_pdf\" width=\"20\" height=\"20\" title=\"\"><\/a><\/td>\n<\/tr>\n<tr>\n<td><strong>3 agosto 2020<\/strong><\/td>\n<td><span style=\"color: #ff6600;\"><strong><a style=\"color: #ff6600;\" href=\"https:\/\/www.ilmattino.it\/napoli\/cronaca\/borsa_mediterranea_turismo_archeologico_paestum-5384655.html\" target=\"_blank\" rel=\"noopener noreferrer nofollow\">IlMattino.it<\/a><\/strong><\/span><\/td>\n<td>A novembre la BMTA: presentato il programma<\/td>\n<td><a title=\"aef\" href=\"https:\/\/www.ilmattino.it\/napoli\/cronaca\/borsa_mediterranea_turismo_archeologico_paestum-5384655.html\" target=\"_blank\" rel=\"noopener noreferrer nofollow\"><img decoding=\"async\" class=\"aligncenter\" src=\"https:\/\/www.borsaturismoarcheologico.it\/wp-content\/uploads\/2018\/07\/weblogo.x50452.png\" alt=\"1360704754_pdf\" width=\"20\" height=\"20\" title=\"\"><\/a><\/td>\n<\/tr>\n<tr>\n<td><strong>1 agosto 2020<\/strong><\/td>\n<td><span style=\"color: #ff6600;\"><strong><a style=\"color: #ff6600;\" href=\"https:\/\/www.ilfattoquotidiano.it\/2020\/08\/01\/turismo-subacqueo-nasce-la-rete-dei-siti-sommersi-regole-guardare-e-non-toccare\/5885185\/\" target=\"_blank\" rel=\"noopener noreferrer nofollow\">IlFattoQuotidiano.it<\/a><\/strong><\/span><\/td>\n<td>Turismo subacqueo, alla BMTA nasce la rete dei siti sommersi. Regole: guardare e non toccare<\/td>\n<td><a title=\"aef\" href=\"https:\/\/www.ilfattoquotidiano.it\/2020\/08\/01\/turismo-subacqueo-nasce-la-rete-dei-siti-sommersi-regole-guardare-e-non-toccare\/5885185\/\" rel=\"nofollow noopener\" target=\"_blank\"><img decoding=\"async\" class=\"aligncenter\" src=\"https:\/\/www.borsaturismoarcheologico.it\/wp-content\/uploads\/2018\/07\/weblogo.x50452.png\" alt=\"1360704754_pdf\" width=\"20\" height=\"20\" title=\"\"><\/a><\/td>\n<\/tr>\n<tr>\n<td><strong>agosto 2020<\/strong><\/td>\n<td><span style=\"color: #ff6600;\"><strong><a style=\"color: #ff6600;\" href=\"https:\/\/www.borsaturismoarcheologico.it\/wp-content\/uploads\/2020\/08\/Archeo_08.x50452.pdf\" target=\"_blank\" rel=\"noopener noreferrer\">Archeo<\/a><\/strong><\/span><\/td>\n<td>Nel ricordo di un grande archeologo<\/td>\n<td><a title=\"aef\" href=\"https:\/\/www.borsaturismoarcheologico.it\/wp-content\/uploads\/2020\/08\/Archeo_08.x50452.pdf\"><img decoding=\"async\" class=\"aligncenter\" src=\"https:\/\/www.borsaturismoarcheologico.it\/wp-content\/uploads\/2013\/01\/1360704754_pdf.x50452.png\" alt=\"1360704754_pdf\" width=\"20\" height=\"20\" title=\"\"><\/a><\/td>\n<\/tr>\n<tr>\n<td><strong>agosto 2020<\/strong><\/td>\n<td><span style=\"color: #ff6600;\"><strong><a style=\"color: #ff6600;\" href=\"https:\/\/www.borsaturismoarcheologico.it\/wp-content\/uploads\/2020\/08\/Medioevo_08.x50452.pdf\" target=\"_blank\" rel=\"noopener noreferrer\">Medioevo<\/a><\/strong><\/span><\/td>\n<td>Un mondo da scoprire<\/td>\n<td><a title=\"aef\" href=\"https:\/\/www.borsaturismoarcheologico.it\/wp-content\/uploads\/2020\/08\/Medioevo_08.x50452.pdf\"><img decoding=\"async\" class=\"aligncenter\" src=\"https:\/\/www.borsaturismoarcheologico.it\/wp-content\/uploads\/2013\/01\/1360704754_pdf.x50452.png\" alt=\"1360704754_pdf\" width=\"20\" height=\"20\" title=\"\"><\/a><\/td>\n<\/tr>\n<tr>\n<td><strong>agosto 2020<\/strong><\/td>\n<td><span style=\"color: #ff6600;\"><strong><a style=\"color: #ff6600;\" href=\"https:\/\/www.borsaturismoarcheologico.it\/wp-content\/uploads\/2020\/07\/GdA_8-20.x50452.pdf\" target=\"_blank\" rel=\"noopener noreferrer\">Il Giornale dell\u2019Arte<\/a><\/strong><\/span><\/td>\n<td>I 5 finalisti dell\u2019International Archaeological Discovery Award \u201cKhaled al-Asaad\u201d<\/td>\n<td><a title=\"aef\" href=\"https:\/\/www.borsaturismoarcheologico.it\/wp-content\/uploads\/2020\/07\/GdA_8-20.x50452.pdf\"><img decoding=\"async\" class=\"aligncenter\" src=\"https:\/\/www.borsaturismoarcheologico.it\/wp-content\/uploads\/2013\/01\/1360704754_pdf.x50452.png\" alt=\"1360704754_pdf\" width=\"20\" height=\"20\" title=\"\"><\/a><\/td>\n<\/tr>\n<tr>\n<td><strong>26 luglio 2020<\/strong><\/td>\n<td><span style=\"color: #ff6600;\"><strong><a style=\"color: #ff6600;\" href=\"https:\/\/www.borsaturismoarcheologico.it\/wp-content\/uploads\/2020\/07\/domenica-26-07.x50452.pdf\" target=\"_blank\" rel=\"noopener noreferrer\">Domenica de Il Sole 24 Ore<\/a><\/strong><\/span><\/td>\n<td>Premio \u201cKhaled al-Asaad\u201d, il riconoscimento alle migliori scoperte archeologiche<\/td>\n<td><a title=\"aef\" href=\"https:\/\/www.borsaturismoarcheologico.it\/wp-content\/uploads\/2020\/07\/domenica-26-07.x50452.pdf\"><img decoding=\"async\" class=\"aligncenter\" src=\"https:\/\/www.borsaturismoarcheologico.it\/wp-content\/uploads\/2013\/01\/1360704754_pdf.x50452.png\" alt=\"1360704754_pdf\" width=\"20\" height=\"20\" title=\"\"><\/a><\/td>\n<\/tr>\n<tr>\n<td><strong>25 luglio 2020<\/strong><\/td>\n<td><span style=\"color: #ff6600;\"><strong><a style=\"color: #ff6600;\" href=\"https:\/\/www.borsaturismoarcheologico.it\/wp-content\/uploads\/2020\/07\/ilquotsud_25-7.x50452.pdf\" target=\"_blank\" rel=\"noopener noreferrer\">Il Quotidiano del Sud ed. Salerno<\/a><\/strong><\/span><\/td>\n<td>A Paestum il gotha dei musei<\/td>\n<td><a title=\"aef\" href=\"https:\/\/www.borsaturismoarcheologico.it\/wp-content\/uploads\/2020\/07\/ilquotsud_25-7.x50452.pdf\"><img decoding=\"async\" class=\"aligncenter\" src=\"https:\/\/www.borsaturismoarcheologico.it\/wp-content\/uploads\/2013\/01\/1360704754_pdf.x50452.png\" alt=\"1360704754_pdf\" width=\"20\" height=\"20\" title=\"\"><\/a><\/td>\n<\/tr>\n<tr>\n<td><strong>25 luglio 2020<\/strong><\/td>\n<td><span style=\"color: #ff6600;\"><strong><a style=\"color: #ff6600;\" href=\"https:\/\/www.borsaturismoarcheologico.it\/wp-content\/uploads\/2020\/07\/cronache_25-07.x50452.pdf\" target=\"_blank\" rel=\"noopener noreferrer\">Le Cronache<\/a><\/strong><\/span><\/td>\n<td>La XXIII BMTA ospiter\u00e0 le Assemblee Annuali dei Soci 2020 di ICOMOS Italia e di ICOM Italia<\/td>\n<td><a title=\"aef\" href=\"https:\/\/www.borsaturismoarcheologico.it\/wp-content\/uploads\/2020\/07\/cronache_25-07.x50452.pdf\"><img decoding=\"async\" class=\"aligncenter\" src=\"https:\/\/www.borsaturismoarcheologico.it\/wp-content\/uploads\/2013\/01\/1360704754_pdf.x50452.png\" alt=\"1360704754_pdf\" width=\"20\" height=\"20\" title=\"\"><\/a><\/td>\n<\/tr>\n<tr>\n<td><strong>24 luglio 2020<\/strong><\/td>\n<td><span style=\"color: #ff6600;\"><strong><a style=\"color: #ff6600;\" href=\"https:\/\/www.borsaturismoarcheologico.it\/wp-content\/uploads\/2020\/07\/mattino.it_24-07.x50452.pdf\" target=\"_blank\" rel=\"noopener noreferrer\">IlMattino.it<\/a><\/strong><\/span><\/td>\n<td>BMTA, a Paestum anche ICOMOS e ICOM Italia<\/td>\n<td><a title=\"aef\" href=\"https:\/\/www.borsaturismoarcheologico.it\/wp-content\/uploads\/2020\/07\/mattino.it_24-07.x50452.pdf\"><img decoding=\"async\" class=\"aligncenter\" src=\"https:\/\/www.borsaturismoarcheologico.it\/wp-content\/uploads\/2018\/07\/weblogo.x50452.png\" alt=\"1360704754_pdf\" width=\"20\" height=\"20\" title=\"\"><\/a><\/td>\n<\/tr>\n<tr>\n<td><strong>24 luglio 2020<\/strong><\/td>\n<td><span style=\"color: #ff6600;\"><strong><a style=\"color: #ff6600;\" href=\"https:\/\/www.affaritaliani.it\/culturaspettacoli\/alla-xxiii-bmta-a-paestum-le-assemblee-nazionali-dei-soci-icomos-icom-686582.html?refresh_ce\" target=\"_blank\" rel=\"noopener noreferrer nofollow\">Affaritaliani.it<\/a><\/strong><\/span><\/td>\n<td>Alla XXIII BMTA a Paestum le assemblee nazionali dei soci ICOMOS e ICOM<\/td>\n<td><a title=\"aef\" href=\"https:\/\/www.affaritaliani.it\/culturaspettacoli\/alla-xxiii-bmta-a-paestum-le-assemblee-nazionali-dei-soci-icomos-icom-686582.html?refresh_ce\" rel=\"nofollow noopener\" target=\"_blank\"><img decoding=\"async\" class=\"aligncenter\" src=\"https:\/\/www.borsaturismoarcheologico.it\/wp-content\/uploads\/2018\/07\/weblogo.x50452.png\" alt=\"1360704754_pdf\" width=\"20\" height=\"20\" title=\"\"><\/a><\/td>\n<\/tr>\n<tr>\n<td><strong>16 luglio 2020<\/strong><\/td>\n<td><span style=\"color: #ff6600;\"><strong><a style=\"color: #ff6600;\" href=\"https:\/\/www.borsaturismoarcheologico.it\/wp-content\/uploads\/2020\/07\/mattsal_16-07.x50452.pdf\" target=\"_blank\" rel=\"noopener noreferrer\">Il Mattino ed. Salerno<\/a><\/strong><\/span><\/td>\n<td>Meraviglie sommerse, la BMTA celebra il mare<\/td>\n<td><a title=\"aef\" href=\"https:\/\/www.borsaturismoarcheologico.it\/wp-content\/uploads\/2020\/07\/mattsal_16-07.x50452.pdf\"><img decoding=\"async\" class=\"aligncenter\" src=\"https:\/\/www.borsaturismoarcheologico.it\/wp-content\/uploads\/2013\/01\/1360704754_pdf.x50452.png\" alt=\"1360704754_pdf\" width=\"20\" height=\"20\" title=\"\"><\/a><\/td>\n<\/tr>\n<tr>\n<td><strong>14 luglio 2020<\/strong><\/td>\n<td><span style=\"color: #ff6600;\"><strong><a style=\"color: #ff6600;\" href=\"https:\/\/www.borsaturismoarcheologico.it\/wp-content\/uploads\/2020\/07\/mattino.it_14-07.x50452.pdf\" target=\"_blank\" rel=\"noopener noreferrer\">IlMattino.it<\/a><\/strong><\/span><\/td>\n<td>BMTA, itinerario subacqueo in memoria di Sebastiano Tusa<\/td>\n<td><a title=\"aef\" href=\"https:\/\/www.borsaturismoarcheologico.it\/wp-content\/uploads\/2020\/07\/mattino.it_14-07.x50452.pdf\"><img decoding=\"async\" class=\"aligncenter\" src=\"https:\/\/www.borsaturismoarcheologico.it\/wp-content\/uploads\/2018\/07\/weblogo.x50452.png\" alt=\"1360704754_pdf\" width=\"20\" height=\"20\" title=\"\"><\/a><\/td>\n<\/tr>\n<tr>\n<td><strong>14 luglio 2020<\/strong><\/td>\n<td><span style=\"color: #ff6600;\"><strong><a style=\"color: #ff6600;\" href=\"https:\/\/www.borsaturismoarcheologico.it\/wp-content\/uploads\/2020\/07\/quotsud_14-07.x50452.pdf\" target=\"_blank\" rel=\"noopener noreferrer\">Il Quotidiano del Sud ed. Salerno<\/a><\/strong><\/span><\/td>\n<td>BMTA, riconoscimento alle ricerche subacquee dedicato a Tusa<\/td>\n<td><a title=\"aef\" href=\"https:\/\/www.borsaturismoarcheologico.it\/wp-content\/uploads\/2020\/07\/quotsud_14-07.x50452.pdf\"><img decoding=\"async\" class=\"aligncenter\" src=\"https:\/\/www.borsaturismoarcheologico.it\/wp-content\/uploads\/2013\/01\/1360704754_pdf.x50452.png\" alt=\"1360704754_pdf\" width=\"20\" height=\"20\" title=\"\"><\/a><\/td>\n<\/tr>\n<tr>\n<td><strong>14 luglio 2020<\/strong><\/td>\n<td><span style=\"color: #ff6600;\"><strong><a style=\"color: #ff6600;\" href=\"https:\/\/www.borsaturismoarcheologico.it\/wp-content\/uploads\/2020\/07\/Cronache-14-07.x50452.pdf\" target=\"_blank\" rel=\"noopener noreferrer\">Le Cronache<\/a><\/strong><\/span><\/td>\n<td>Un Itinerario Culturale Europeo dei siti archeologici subacquei<\/td>\n<td><a title=\"aef\" href=\"https:\/\/www.borsaturismoarcheologico.it\/wp-content\/uploads\/2020\/07\/Cronache-14-07.x50452.pdf\"><img decoding=\"async\" class=\"aligncenter\" src=\"https:\/\/www.borsaturismoarcheologico.it\/wp-content\/uploads\/2013\/01\/1360704754_pdf.x50452.png\" alt=\"1360704754_pdf\" width=\"20\" height=\"20\" title=\"\"><\/a><\/td>\n<\/tr>\n<tr>\n<td><strong>13 luglio 2020<\/strong><\/td>\n<td><span style=\"color: #ff6600;\"><strong><a style=\"color: #ff6600;\" href=\"http:\/\/www.ansamed.info\/ansamed\/it\/notizie\/rubriche\/turismo\/2020\/07\/13\/turismo-borsa-paestum-punta-a-rete-itinerari-siti-sommersi_9b68beec-31f9-41f0-a4d0-5893b33404e6.html\" target=\"_blank\" rel=\"noopener noreferrer nofollow\">ANSAmed<\/a><\/strong><\/span><\/td>\n<td>Turismo: Borsa Paestum punta a rete itinerari siti sommersi<\/td>\n<td><a title=\"aef\" href=\"http:\/\/www.ansamed.info\/ansamed\/it\/notizie\/rubriche\/turismo\/2020\/07\/13\/turismo-borsa-paestum-punta-a-rete-itinerari-siti-sommersi_9b68beec-31f9-41f0-a4d0-5893b33404e6.html\" rel=\"nofollow noopener\" target=\"_blank\"><img decoding=\"async\" class=\"aligncenter\" src=\"https:\/\/www.borsaturismoarcheologico.it\/wp-content\/uploads\/2018\/07\/weblogo.x50452.png\" alt=\"1360704754_pdf\" width=\"20\" height=\"20\" title=\"\"><\/a><\/td>\n<\/tr>\n<tr>\n<td><strong>13 luglio 2020<\/strong><\/td>\n<td><span style=\"color: #ff6600;\"><strong><a style=\"color: #ff6600;\" href=\"https:\/\/www.affaritaliani.it\/culturaspettacoli\/un-itinerario-culturale-europeo-dei-siti-archeologici-subacquei-alla-bmta-684293.html\" target=\"_blank\" rel=\"noopener noreferrer nofollow\">Affaritaliani.it<\/a><\/strong><\/span><\/td>\n<td>Un itinerario culturale europeo dei siti archeologici subacquei alla BMTA<\/td>\n<td><a title=\"aef\" href=\"https:\/\/www.affaritaliani.it\/culturaspettacoli\/un-itinerario-culturale-europeo-dei-siti-archeologici-subacquei-alla-bmta-684293.html\" rel=\"nofollow noopener\" target=\"_blank\"><img decoding=\"async\" class=\"aligncenter\" src=\"https:\/\/www.borsaturismoarcheologico.it\/wp-content\/uploads\/2018\/07\/weblogo.x50452.png\" alt=\"1360704754_pdf\" width=\"20\" height=\"20\" title=\"\"><\/a><\/td>\n<\/tr>\n<tr>\n<td><strong>7 luglio 2020<\/strong><\/td>\n<td><span style=\"color: #ff6600;\"><strong><a style=\"color: #ff6600;\" href=\"https:\/\/www.borsaturismoarcheologico.it\/wp-content\/uploads\/2020\/07\/mattsal_7-07.x50452.pdf\" target=\"_blank\" rel=\"noopener noreferrer\">Il Mattino ed. Salerno<\/a><\/strong><\/span><\/td>\n<td>Con Muti Paestum si candida a capitale delle note e della pace per il gemellaggio con Palmira alla BMTA 2018<\/td>\n<td><a title=\"aef\" href=\"https:\/\/www.borsaturismoarcheologico.it\/wp-content\/uploads\/2020\/07\/mattsal_7-07.x50452.pdf\"><img decoding=\"async\" class=\"aligncenter\" src=\"https:\/\/www.borsaturismoarcheologico.it\/wp-content\/uploads\/2013\/01\/1360704754_pdf.x50452.png\" alt=\"1360704754_pdf\" width=\"20\" height=\"20\" title=\"\"><\/a><\/td>\n<\/tr>\n<tr>\n<td><strong>7 luglio 2020<\/strong><\/td>\n<td><span style=\"color: #ff6600;\"><strong><a style=\"color: #ff6600;\" href=\"https:\/\/www.borsaturismoarcheologico.it\/wp-content\/uploads\/2020\/07\/citta\u0300_7-07.x50452.pdf\" target=\"_blank\" rel=\"noopener noreferrer\">La Citt\u00e0 di Salerno<\/a><\/strong><\/span><\/td>\n<td>Muti vince, superato il test ripartenza. Paestum pronta ad ospitare altri eventi<\/td>\n<td><a title=\"aef\" href=\"https:\/\/www.borsaturismoarcheologico.it\/wp-content\/uploads\/2020\/07\/citta\u0300_7-07.x50452.pdf\"><img decoding=\"async\" class=\"aligncenter\" src=\"https:\/\/www.borsaturismoarcheologico.it\/wp-content\/uploads\/2013\/01\/1360704754_pdf.x50452.png\" alt=\"1360704754_pdf\" width=\"20\" height=\"20\" title=\"\"><\/a><\/td>\n<\/tr>\n<tr>\n<td><strong>5 luglio 2020<\/strong><\/td>\n<td><span style=\"color: #ff6600;\"><strong><a style=\"color: #ff6600;\" href=\"https:\/\/www.borsaturismoarcheologico.it\/wp-content\/uploads\/2020\/07\/mattsal_5-07.x50452.pdf\" target=\"_blank\" rel=\"noopener noreferrer\">Il Mattino ed. Salerno<\/a><\/strong><\/span><\/td>\n<td>Muti dirige a Paestum evento gi\u00e0 sold out<\/td>\n<td><a title=\"aef\" href=\"https:\/\/www.borsaturismoarcheologico.it\/wp-content\/uploads\/2020\/07\/mattsal_5-07.x50452.pdf\"><img decoding=\"async\" class=\"aligncenter\" src=\"https:\/\/www.borsaturismoarcheologico.it\/wp-content\/uploads\/2013\/01\/1360704754_pdf.x50452.png\" alt=\"1360704754_pdf\" width=\"20\" height=\"20\" title=\"\"><\/a><\/td>\n<\/tr>\n<tr>\n<td><strong>5 luglio 2020<\/strong><\/td>\n<td><span style=\"color: #ff6600;\"><strong><a style=\"color: #ff6600;\" href=\"https:\/\/www.borsaturismoarcheologico.it\/wp-content\/uploads\/2020\/07\/repnap.5-07.x50452.pdf\" target=\"_blank\" rel=\"noopener noreferrer\">La Repubblica ed. Napoli<\/a><\/strong><\/span><\/td>\n<td>Muti a Paestum gemellata con Palmira grazie alla BMTA<\/td>\n<td><a title=\"aef\" href=\"https:\/\/www.borsaturismoarcheologico.it\/wp-content\/uploads\/2020\/07\/repnap.5-07.x50452.pdf\"><img decoding=\"async\" class=\"aligncenter\" src=\"https:\/\/www.borsaturismoarcheologico.it\/wp-content\/uploads\/2013\/01\/1360704754_pdf.x50452.png\" alt=\"1360704754_pdf\" width=\"20\" height=\"20\" title=\"\"><\/a><\/td>\n<\/tr>\n<tr>\n<td><strong>5 luglio 2020<\/strong><\/td>\n<td><span style=\"color: #ff6600;\"><strong><a style=\"color: #ff6600;\" href=\"https:\/\/www.borsaturismoarcheologico.it\/wp-content\/uploads\/2020\/07\/gazmezz_5-07.x50452.pdf\" target=\"_blank\" rel=\"noopener noreferrer\">La Gazzetta del Mezzogiorno<\/a><\/strong><\/span><\/td>\n<td>Muti stasera a Paestum, gemellata con Palmira grazie alla BMTA<\/td>\n<td><a title=\"aef\" href=\"https:\/\/www.borsaturismoarcheologico.it\/wp-content\/uploads\/2020\/07\/gazmezz_5-07.x50452.pdf\"><img decoding=\"async\" class=\"aligncenter\" src=\"https:\/\/www.borsaturismoarcheologico.it\/wp-content\/uploads\/2013\/01\/1360704754_pdf.x50452.png\" alt=\"1360704754_pdf\" width=\"20\" height=\"20\" title=\"\"><\/a><\/td>\n<\/tr>\n<tr>\n<td><strong>5 luglio 2020<\/strong><\/td>\n<td><span style=\"color: #ff6600;\"><strong><a style=\"color: #ff6600;\" href=\"https:\/\/www.borsaturismoarcheologico.it\/wp-content\/uploads\/2020\/07\/citta\u0300_5-07.x50452.pdf\" target=\"_blank\" rel=\"noopener noreferrer\">La Citt\u00e0 di Salerno<\/a><\/strong><\/span><\/td>\n<td>Muti ai Templi, \u00e8 prova d\u2019orchestra. BMTA, Siria e Palmira insieme da 20 anni<\/td>\n<td><a title=\"aef\" href=\"https:\/\/www.borsaturismoarcheologico.it\/wp-content\/uploads\/2020\/07\/citta\u0300_5-07.x50452.pdf\"><img decoding=\"async\" class=\"aligncenter\" src=\"https:\/\/www.borsaturismoarcheologico.it\/wp-content\/uploads\/2013\/01\/1360704754_pdf.x50452.png\" alt=\"1360704754_pdf\" width=\"20\" height=\"20\" title=\"\"><\/a><\/td>\n<\/tr>\n<tr>\n<td><strong>5 luglio 2020<\/strong><\/td>\n<td><span style=\"color: #ff6600;\"><strong><a style=\"color: #ff6600;\" href=\"https:\/\/www.borsaturismoarcheologico.it\/wp-content\/uploads\/2020\/07\/quotsud_5-07.x50452.pdf\" target=\"_blank\" rel=\"noopener noreferrer\">Il Quotidiano del Sud ed. Salerno<\/a><\/strong><\/span><\/td>\n<td>L\u2019Eroica diretta da Muti suggella il gemellaggio Paestum-Palmira-BMTA<\/td>\n<td><a title=\"aef\" href=\"https:\/\/www.borsaturismoarcheologico.it\/wp-content\/uploads\/2020\/07\/quotsud_5-07.x50452.pdf\"><img decoding=\"async\" class=\"aligncenter\" src=\"https:\/\/www.borsaturismoarcheologico.it\/wp-content\/uploads\/2013\/01\/1360704754_pdf.x50452.png\" alt=\"1360704754_pdf\" width=\"20\" height=\"20\" title=\"\"><\/a><\/td>\n<\/tr>\n<tr>\n<td><strong>4 luglio 2020<\/strong><\/td>\n<td><span style=\"color: #ff6600;\"><strong><a style=\"color: #ff6600;\" href=\"https:\/\/www.borsaturismoarcheologico.it\/wp-content\/uploads\/2020\/07\/cronache_4-07.x50452.pdf\" target=\"_blank\" rel=\"noopener noreferrer\">Le Cronache<\/a><\/strong><\/span><\/td>\n<td>Sono circa 20 gli anni delle relazioni tra Paestum e la Siria grazie alla BMTA<\/td>\n<td><a title=\"aef\" href=\"https:\/\/www.borsaturismoarcheologico.it\/wp-content\/uploads\/2020\/07\/cronache_4-07.x50452.pdf\"><img decoding=\"async\" class=\"aligncenter\" src=\"https:\/\/www.borsaturismoarcheologico.it\/wp-content\/uploads\/2013\/01\/1360704754_pdf.x50452.png\" alt=\"1360704754_pdf\" width=\"20\" height=\"20\" title=\"\"><\/a><\/td>\n<\/tr>\n<tr>\n<td><strong>4 luglio 2020<\/strong><\/td>\n<td><span style=\"color: #ff6600;\"><strong><a style=\"color: #ff6600;\" href=\"http:\/\/www.guidaviaggi.it\/notizie\/203572\/la-xxiii-bmta-a-paestum-dal-19-al-22-novembre\" target=\"_blank\" rel=\"noopener noreferrer nofollow\">GuidaViaggi.it<\/a><\/strong><\/span><\/td>\n<td>La 23a edizione della BMTA a Paestum dal 19 al 22 novembre<\/td>\n<td><a title=\"aef\" href=\"http:\/\/www.guidaviaggi.it\/notizie\/203572\/la-xxiii-bmta-a-paestum-dal-19-al-22-novembre\" rel=\"nofollow noopener\" target=\"_blank\"><img decoding=\"async\" class=\"aligncenter\" src=\"https:\/\/www.borsaturismoarcheologico.it\/wp-content\/uploads\/2018\/07\/weblogo.x50452.png\" alt=\"1360704754_pdf\" width=\"20\" height=\"20\" title=\"\"><\/a><\/td>\n<\/tr>\n<tr>\n<td><strong>4 luglio 2020<\/strong><\/td>\n<td><span style=\"color: #ff6600;\"><strong><a style=\"color: #ff6600;\" href=\"https:\/\/www.ansa.it\/sito\/notizie\/cultura\/musica\/2020\/07\/03\/muti-replica-a-paestum-il-concerto-dellamicizia_c0bfb915-15dd-4047-b5fa-2d4458f8d579.html\" target=\"_blank\" rel=\"noopener noreferrer nofollow\">Ansa.it<\/a><\/strong><\/span><\/td>\n<td>Muti replica a Paestum il concerto dell\u2019amicizia. Il legame di Palmira e della Siria con la BMTA<\/td>\n<td><a title=\"aef\" href=\"https:\/\/www.ansa.it\/sito\/notizie\/cultura\/musica\/2020\/07\/03\/muti-replica-a-paestum-il-concerto-dellamicizia_c0bfb915-15dd-4047-b5fa-2d4458f8d579.html\" rel=\"nofollow noopener\" target=\"_blank\"><img decoding=\"async\" class=\"aligncenter\" src=\"https:\/\/www.borsaturismoarcheologico.it\/wp-content\/uploads\/2018\/07\/weblogo.x50452.png\" alt=\"1360704754_pdf\" width=\"20\" height=\"20\" title=\"\"><\/a><\/td>\n<\/tr>\n<tr>\n<td><strong>3 luglio 2020<\/strong><\/td>\n<td><span style=\"color: #ff6600;\"><strong><a style=\"color: #ff6600;\" href=\"https:\/\/www.affaritaliani.it\/culturaspettacoli\/muti-domenica-a-paestum-picarelli-venti-anni-di-relazioni-con-palmira-682554.html\" target=\"_blank\" rel=\"noopener noreferrer nofollow\">Affaritaliani.it<\/a><\/strong><\/span><\/td>\n<td>Muti domenica a Paestum. 20 anni di relazioni tra la BMTA e la Siria<\/td>\n<td><a title=\"aef\" href=\"https:\/\/www.affaritaliani.it\/culturaspettacoli\/muti-domenica-a-paestum-picarelli-venti-anni-di-relazioni-con-palmira-682554.html\" rel=\"nofollow noopener\" target=\"_blank\"><img decoding=\"async\" class=\"aligncenter\" src=\"https:\/\/www.borsaturismoarcheologico.it\/wp-content\/uploads\/2018\/07\/weblogo.x50452.png\" alt=\"1360704754_pdf\" width=\"20\" height=\"20\" title=\"\"><\/a><\/td>\n<\/tr>\n<tr>\n<td><strong>luglio 2020<\/strong><\/td>\n<td><span style=\"color: #ff6600;\"><strong><a style=\"color: #ff6600;\" href=\"https:\/\/www.borsaturismoarcheologico.it\/wp-content\/uploads\/2020\/10\/Archeo_07.x50452.pdf\" target=\"_blank\" rel=\"noopener noreferrer\">Archeo<\/a><\/strong><\/span><\/td>\n<td>Ripensare il futuro<\/td>\n<td><a title=\"aef\" href=\"https:\/\/www.borsaturismoarcheologico.it\/wp-content\/uploads\/2020\/10\/Archeo_07.x50452.pdf\"><img decoding=\"async\" class=\"aligncenter\" src=\"https:\/\/www.borsaturismoarcheologico.it\/wp-content\/uploads\/2013\/01\/1360704754_pdf.x50452.png\" alt=\"1360704754_pdf\" width=\"20\" height=\"20\" title=\"\"><\/a><\/td>\n<\/tr>\n<tr>\n<td><strong>luglio 2020<\/strong><\/td>\n<td><span style=\"color: #ff6600;\"><strong><a style=\"color: #ff6600;\" href=\"https:\/\/www.borsaturismoarcheologico.it\/wp-content\/uploads\/2020\/10\/Medioevo_7-20.x50452.pdf\" target=\"_blank\" rel=\"noopener noreferrer\">Medioevo<\/a><\/strong><\/span><\/td>\n<td>Nel segno della sicurezza e della sostenibilit\u00e0<\/td>\n<td><a title=\"aef\" href=\"https:\/\/www.borsaturismoarcheologico.it\/wp-content\/uploads\/2020\/10\/Medioevo_7-20.x50452.pdf\"><img decoding=\"async\" class=\"aligncenter\" src=\"https:\/\/www.borsaturismoarcheologico.it\/wp-content\/uploads\/2013\/01\/1360704754_pdf.x50452.png\" alt=\"1360704754_pdf\" width=\"20\" height=\"20\" title=\"\"><\/a><\/td>\n<\/tr>\n<tr>\n<td><strong>27 giugno 2020<\/strong><\/td>\n<td><span style=\"color: #ff6600;\"><strong><a style=\"color: #ff6600;\" href=\"https:\/\/thaqafiya.com\/ar\/2020\/06\/27\/3990\" target=\"_blank\" rel=\"noopener noreferrer nofollow\">AL THAQAFIYA<\/a><\/strong><\/span><\/td>\n<td>\u0627\u0644\u0628\u0648\u0631\u0635\u0629 \u0627\u0644\u0645\u062a\u0648\u0633\u0651\u0637\u064a\u0651\u0629 \u0644\u0644\u0633\u064a\u0627\u062d\u0629 \u0627\u0644\u0622\u062b\u0627\u0631\u064a\u0651\u0629 \u0641\u064a \u00ab \u067e\u064a\u0633\u062a\u0648\u0645 \u00bb \u0645\u0646 19 \u0625\u0644\u0649 22 \u0646\u0648\u0641\u0645\u0628\u0631 \u0627\u0644\u0645\u0642\u0628\u0644<\/td>\n<td><a title=\"aef\" href=\"https:\/\/thaqafiya.com\/ar\/2020\/06\/27\/3990\" rel=\"nofollow noopener\" target=\"_blank\"><img decoding=\"async\" class=\"aligncenter\" src=\"https:\/\/www.borsaturismoarcheologico.it\/wp-content\/uploads\/2018\/07\/weblogo.x50452.png\" alt=\"1360704754_pdf\" width=\"20\" height=\"20\" title=\"\"><\/a><\/td>\n<\/tr>\n<tr>\n<td><strong>25 giugno 2020<\/strong><\/td>\n<td><span style=\"color: #ff6600;\"><strong><a style=\"color: #ff6600;\" href=\"https:\/\/www.borsaturismoarcheologico.it\/wp-content\/uploads\/2020\/06\/repubblica_25-06.x50452.pdf\" target=\"_blank\" rel=\"noopener noreferrer\">La Repubblica ed. Napoli<\/a><\/strong><\/span><\/td>\n<td>A Paestum, gemellata con Palmira grazie alla BMTA, il concerto per la pace di Muti<\/td>\n<td><a title=\"aef\" href=\"https:\/\/www.borsaturismoarcheologico.it\/wp-content\/uploads\/2020\/06\/repubblica_25-06.x50452.pdf\"><img decoding=\"async\" class=\"aligncenter\" src=\"https:\/\/www.borsaturismoarcheologico.it\/wp-content\/uploads\/2013\/01\/1360704754_pdf.x50452.png\" alt=\"1360704754_pdf\" width=\"20\" height=\"20\" title=\"\"><\/a><\/td>\n<\/tr>\n<tr>\n<td><strong>25 giugno 2020<\/strong><\/td>\n<td><span style=\"color: #ff6600;\"><strong><a style=\"color: #ff6600;\" href=\"https:\/\/www.borsaturismoarcheologico.it\/wp-content\/uploads\/2020\/06\/mattino_25-06.x50452.pdf\" target=\"_blank\" rel=\"noopener noreferrer\">Il Mattino ed. Salerno<\/a><\/strong><\/span><\/td>\n<td>\u201cLe vie dell\u2019amicizia\u201d del Ravenna Festival con Muti a Paestum, gemellata con Palmira, complice la BMTA<\/td>\n<td><a title=\"aef\" href=\"https:\/\/www.borsaturismoarcheologico.it\/wp-content\/uploads\/2020\/06\/mattino_25-06.x50452.pdf\"><img decoding=\"async\" class=\"aligncenter\" src=\"https:\/\/www.borsaturismoarcheologico.it\/wp-content\/uploads\/2013\/01\/1360704754_pdf.x50452.png\" alt=\"1360704754_pdf\" width=\"20\" height=\"20\" title=\"\"><\/a><\/td>\n<\/tr>\n<tr>\n<td><strong>19 giugno 2020<\/strong><\/td>\n<td><span style=\"color: #ff6600;\"><strong><a style=\"color: #ff6600;\" href=\"https:\/\/www.affaritaliani.it\/culturaspettacoli\/bmtail-premio-fiammenghi-alla-migliore-tesi-di-laurea-in-archeologia-679825.html?refresh_ce\" target=\"_blank\" rel=\"noopener noreferrer nofollow\">Affaritaliani.it<\/a><\/strong><\/span><\/td>\n<td>BMTA, il Premio \u201cFiammenghi\u201d 2020 alla migliore tesi di laurea in archeologia<\/td>\n<td><a title=\"aef\" href=\"https:\/\/www.affaritaliani.it\/culturaspettacoli\/bmtail-premio-fiammenghi-alla-migliore-tesi-di-laurea-in-archeologia-679825.html?refresh_ce\" rel=\"nofollow noopener\" target=\"_blank\"><img decoding=\"async\" class=\"aligncenter\" src=\"https:\/\/www.borsaturismoarcheologico.it\/wp-content\/uploads\/2018\/07\/weblogo.x50452.png\" alt=\"1360704754_pdf\" width=\"20\" height=\"20\" title=\"\"><\/a><\/td>\n<\/tr>\n<tr>\n<td><strong>18 giugno 2020<\/strong><\/td>\n<td><span style=\"color: #ff6600;\"><strong><a style=\"color: #ff6600;\" href=\"https:\/\/www.borsaturismoarcheologico.it\/wp-content\/uploads\/2020\/06\/citta\u0300_18-06.x50452.pdf\" target=\"_blank\" rel=\"noopener noreferrer\">La Citt\u00e0 di Salerno<\/a><\/strong><\/span><\/td>\n<td>Turismo archeologico, una Borsa per il mondo<\/td>\n<td><a title=\"aef\" href=\"https:\/\/www.borsaturismoarcheologico.it\/wp-content\/uploads\/2020\/06\/citta\u0300_18-06.x50452.pdf\"><img decoding=\"async\" class=\"aligncenter\" src=\"https:\/\/www.borsaturismoarcheologico.it\/wp-content\/uploads\/2013\/01\/1360704754_pdf.x50452.png\" alt=\"1360704754_pdf\" width=\"20\" height=\"20\" title=\"\"><\/a><\/td>\n<\/tr>\n<tr>\n<td><strong>18 giugno 2020<\/strong><\/td>\n<td><span style=\"color: #ff6600;\"><strong><a style=\"color: #ff6600;\" href=\"https:\/\/www.borsaturismoarcheologico.it\/wp-content\/uploads\/2020\/06\/roma_18-06.x50452.pdf\" target=\"_blank\" rel=\"noopener noreferrer\">Roma<\/a><\/strong><\/span><\/td>\n<td>Riparte anche l\u2019archeologia, il Direttore della BMTA Picarelli: \u201cAiuti europei grande occasione\u201d<\/td>\n<td><a title=\"aef\" href=\"https:\/\/www.borsaturismoarcheologico.it\/wp-content\/uploads\/2020\/06\/roma_18-06.x50452.pdf\"><img decoding=\"async\" class=\"aligncenter\" src=\"https:\/\/www.borsaturismoarcheologico.it\/wp-content\/uploads\/2013\/01\/1360704754_pdf.x50452.png\" alt=\"1360704754_pdf\" width=\"20\" height=\"20\" title=\"\"><\/a><\/td>\n<\/tr>\n<tr>\n<td><strong>17 giugno 2020<\/strong><\/td>\n<td><span style=\"color: #ff6600;\"><strong><a style=\"color: #ff6600;\" href=\"https:\/\/www.lagenziadiviaggi.it\/paestum-la-borsa-mediterranea-del-turismo-archeologico-torna-a-novembre\" target=\"_blank\" rel=\"noopener noreferrer nofollow\">L\u2019AgenziadiViaggi.it<\/a><\/strong><\/span><\/td>\n<td>Paestum, la Borsa Mediterranea del Turismo Archeologico torna a novembre<\/td>\n<td><a title=\"aef\" href=\"https:\/\/www.lagenziadiviaggi.it\/paestum-la-borsa-mediterranea-del-turismo-archeologico-torna-a-novembre\/\" rel=\"nofollow noopener\" target=\"_blank\"><img decoding=\"async\" class=\"aligncenter\" src=\"https:\/\/www.borsaturismoarcheologico.it\/wp-content\/uploads\/2018\/07\/weblogo.x50452.png\" alt=\"1360704754_pdf\" width=\"20\" height=\"20\" title=\"\"><\/a><\/td>\n<\/tr>\n<tr>\n<td><strong>16 giugno 2020<\/strong><\/td>\n<td><span style=\"color: #ff6600;\"><strong><a style=\"color: #ff6600;\" href=\"https:\/\/www.borsaturismoarcheologico.it\/wp-content\/uploads\/2020\/06\/quotsud_16-06.x50452.pdf\" target=\"_blank\" rel=\"noopener noreferrer\">Il Quotidiano del Sud ed. Salerno<\/a><\/strong><\/span><\/td>\n<td>Tutto pronto per la XXIII BMTA<\/td>\n<td><a title=\"aef\" href=\"https:\/\/www.borsaturismoarcheologico.it\/wp-content\/uploads\/2020\/06\/quotsud_16-06.x50452.pdf\"><img decoding=\"async\" class=\"aligncenter\" src=\"https:\/\/www.borsaturismoarcheologico.it\/wp-content\/uploads\/2013\/01\/1360704754_pdf.x50452.png\" alt=\"1360704754_pdf\" width=\"20\" height=\"20\" title=\"\"><\/a><\/td>\n<\/tr>\n<tr>\n<td><strong>15 giugno 2020<\/strong><\/td>\n<td><span style=\"color: #ff6600;\"><strong><a style=\"color: #ff6600;\" href=\"https:\/\/www.affaritaliani.it\/culturaspettacoli\/bmta-il-rilancio-del-turismo-archeologico-sempre-piu-in-chiave-sostenibile-678724.html?refresh_ce\" target=\"_blank\" rel=\"noopener noreferrer nofollow\">Affaritaliani.it<\/a><\/strong><\/span><\/td>\n<td>BMTA, il rilancio del turismo archeologico sempre pi\u00f9 in chiave sostenibile<\/td>\n<td><a title=\"aef\" href=\"https:\/\/www.affaritaliani.it\/culturaspettacoli\/bmta-il-rilancio-del-turismo-archeologico-sempre-piu-in-chiave-sostenibile-678724.html?refresh_ce\" rel=\"nofollow noopener\" target=\"_blank\"><img decoding=\"async\" class=\"aligncenter\" src=\"https:\/\/www.borsaturismoarcheologico.it\/wp-content\/uploads\/2018\/07\/weblogo.x50452.png\" alt=\"1360704754_pdf\" width=\"20\" height=\"20\" title=\"\"><\/a><\/td>\n<\/tr>\n<tr>\n<td><strong>13 giugno 2020<\/strong><\/td>\n<td><span style=\"color: #ff6600;\"><strong><a style=\"color: #ff6600;\" href=\"https:\/\/www.borsaturismoarcheologico.it\/wp-content\/uploads\/2020\/06\/2020-06-13-Il-Mattino.x50452.pdf\" target=\"_blank\" rel=\"noopener noreferrer\">Il Mattino ed. Salerno<\/a><\/strong><\/span><\/td>\n<td>Picarelli: il turismo al Sud riparte della Borsa di Paestum<\/td>\n<td><a title=\"aef\" href=\"https:\/\/www.borsaturismoarcheologico.it\/wp-content\/uploads\/2020\/06\/2020-06-13-Il-Mattino.x50452.pdf\"><img decoding=\"async\" class=\"aligncenter\" src=\"https:\/\/www.borsaturismoarcheologico.it\/wp-content\/uploads\/2013\/01\/1360704754_pdf.x50452.png\" alt=\"1360704754_pdf\" width=\"20\" height=\"20\" title=\"\"><\/a><\/td>\n<\/tr>\n<tr>\n<td><strong>12 giugno 2020<\/strong><\/td>\n<td><span style=\"color: #ff6600;\"><strong><a style=\"color: #ff6600;\" href=\"https:\/\/www.borsaturismoarcheologico.it\/wp-content\/uploads\/2020\/06\/messvit_12-06.x50452.pdf\" target=\"_blank\" rel=\"noopener noreferrer\">Il Messaggero ed. Viterbo<\/a><\/strong><\/span><\/td>\n<td>Etruschi: il \u201cLeone alato\u201d di Vulci \u00e8 in corsa per la miglior scoperta mondiale del 2019<\/td>\n<td><a title=\"aef\" href=\"https:\/\/www.borsaturismoarcheologico.it\/wp-content\/uploads\/2020\/06\/messvit_12-06.x50452.pdf\"><img decoding=\"async\" class=\"aligncenter\" src=\"https:\/\/www.borsaturismoarcheologico.it\/wp-content\/uploads\/2013\/01\/1360704754_pdf.x50452.png\" alt=\"1360704754_pdf\" width=\"20\" height=\"20\" title=\"\"><\/a><\/td>\n<\/tr>\n<tr>\n<td><strong>11 giugno 2020<\/strong><\/td>\n<td><span style=\"color: #ff6600;\"><strong><a style=\"color: #ff6600;\" href=\"https:\/\/www.archeostorie.it\/premio-khaled-al-asaad\/\" target=\"_blank\" rel=\"noopener noreferrer nofollow\">Archeostorie.it<\/a><\/strong><\/span><\/td>\n<td>Premio intitolato a Khaled al-Asaad: votate!<\/td>\n<td><a title=\"aef\" href=\"https:\/\/www.archeostorie.it\/premio-khaled-al-asaad\/\" rel=\"nofollow noopener\" target=\"_blank\"><img decoding=\"async\" class=\"aligncenter\" src=\"https:\/\/www.borsaturismoarcheologico.it\/wp-content\/uploads\/2018\/07\/weblogo.x50452.png\" alt=\"1360704754_pdf\" width=\"20\" height=\"20\" title=\"\"><\/a><\/td>\n<\/tr>\n<tr>\n<td><strong>8 giugno 2020<\/strong><\/td>\n<td><span style=\"color: #ff6600;\"><strong><a style=\"color: #ff6600;\" href=\"https:\/\/www.rainews.it\/tgr\/fvg\/video\/2020\/06\/fvg-Mkissione-atrcheologica-Kurdistan-iracheno-Morandi-Bonacossi-Mesopotamia-ritrovamenti-05763b3d-5ec3-4abd-97af-7e1146a3694a.html\" target=\"_blank\" rel=\"noopener noreferrer nofollow\">TGR Friuli Venezia Giulia<\/a><\/strong><\/span><\/td>\n<td>In Mesopotamia, dove nacque la civilt\u00e0, con gli archeologi udinesi<\/td>\n<td><a title=\"aef\" href=\"https:\/\/www.rainews.it\/tgr\/fvg\/video\/2020\/06\/fvg-Mkissione-atrcheologica-Kurdistan-iracheno-Morandi-Bonacossi-Mesopotamia-ritrovamenti-05763b3d-5ec3-4abd-97af-7e1146a3694a.html\" rel=\"nofollow noopener\" target=\"_blank\"><img decoding=\"async\" class=\"aligncenter\" src=\"https:\/\/www.borsaturismoarcheologico.it\/wp-content\/uploads\/2018\/07\/weblogo.x50452.png\" alt=\"1360704754_pdf\" width=\"20\" height=\"20\" title=\"\"><\/a><\/td>\n<\/tr>\n<tr>\n<td><strong>5 giugno 2020<\/strong><\/td>\n<td><span style=\"color: #ff6600;\"><strong><a style=\"color: #ff6600;\" href=\"https:\/\/www.borsaturismoarcheologico.it\/wp-content\/uploads\/2020\/06\/messven_5-06.x50452.pdf\" target=\"_blank\" rel=\"noopener noreferrer\">Messaggero Veneto<\/a><\/strong><\/span><\/td>\n<td>Rilievi rupestri di Faida: la scoperta candidata al premio internazionale<\/td>\n<td><a title=\"aef\" href=\"https:\/\/www.borsaturismoarcheologico.it\/wp-content\/uploads\/2020\/06\/messven_5-06.x50452.pdf\"><img decoding=\"async\" class=\"aligncenter\" src=\"https:\/\/www.borsaturismoarcheologico.it\/wp-content\/uploads\/2013\/01\/1360704754_pdf.x50452.png\" alt=\"1360704754_pdf\" width=\"20\" height=\"20\" title=\"\"><\/a><\/td>\n<\/tr>\n<tr>\n<td><strong>4 giugno 2020<\/strong><\/td>\n<td><span style=\"color: #ff6600;\"><strong><a style=\"color: #ff6600;\" href=\"https:\/\/www.affaritaliani.it\/culturaspettacoli\/bmta-due-siti-italiani-tra-i-cinque-finalisti-del-premio-khaled-al-asaad-676507.html?refresh_ce\" target=\"_blank\" rel=\"noopener noreferrer nofollow\">Affaritaliani.it<\/a><\/strong><\/span><\/td>\n<td>BMTA, due siti italiani tra i cinque finalisti del Premio Khaled al-Asaad<\/td>\n<td><a title=\"aef\" href=\"https:\/\/www.affaritaliani.it\/culturaspettacoli\/bmta-due-siti-italiani-tra-i-cinque-finalisti-del-premio-khaled-al-asaad-676507.html?refresh_ce\" rel=\"nofollow noopener\" target=\"_blank\"><img decoding=\"async\" class=\"aligncenter\" src=\"https:\/\/www.borsaturismoarcheologico.it\/wp-content\/uploads\/2018\/07\/weblogo.x50452.png\" alt=\"1360704754_pdf\" width=\"20\" height=\"20\" title=\"\"><\/a><\/td>\n<\/tr>\n<tr>\n<td><strong>giugno 2020<\/strong><\/td>\n<td><span style=\"color: #ff6600;\"><strong><a style=\"color: #ff6600;\" href=\"https:\/\/www.borsaturismoarcheologico.it\/wp-content\/uploads\/2020\/06\/archeo_620.x50452.pdf\" target=\"_blank\" rel=\"noopener noreferrer\">Archeo<\/a><\/strong><\/span><\/td>\n<td>Chi sar\u00e0 il prossimo vincitore?<\/td>\n<td><a title=\"aef\" href=\"https:\/\/www.borsaturismoarcheologico.it\/wp-content\/uploads\/2020\/06\/archeo_620.x50452.pdf\"><img decoding=\"async\" class=\"aligncenter\" src=\"https:\/\/www.borsaturismoarcheologico.it\/wp-content\/uploads\/2013\/01\/1360704754_pdf.x50452.png\" alt=\"1360704754_pdf\" width=\"20\" height=\"20\" title=\"\"><\/a><\/td>\n<\/tr>\n<tr>\n<td><strong>giugno 2020<\/strong><\/td>\n<td><span style=\"color: #ff6600;\"><strong><a style=\"color: #ff6600;\" href=\"https:\/\/www.borsaturismoarcheologico.it\/wp-content\/uploads\/2020\/06\/Medioevo_6-20.x50452.pdf\" target=\"_blank\" rel=\"noopener noreferrer\">Medioevo<\/a><\/strong><\/span><\/td>\n<td>La Borsa di Paestum scalda i motori<\/td>\n<td><a title=\"aef\" href=\"https:\/\/www.borsaturismoarcheologico.it\/wp-content\/uploads\/2020\/06\/Medioevo_6-20.x50452.pdf\"><img decoding=\"async\" class=\"aligncenter\" src=\"https:\/\/www.borsaturismoarcheologico.it\/wp-content\/uploads\/2013\/01\/1360704754_pdf.x50452.png\" alt=\"1360704754_pdf\" width=\"20\" height=\"20\" title=\"\"><\/a><\/td>\n<\/tr>\n<tr>\n<td><strong>31 maggio 2020<\/strong><\/td>\n<td><span style=\"color: #ff6600;\"><strong><a style=\"color: #ff6600;\" href=\"https:\/\/www.borsaturismoarcheologico.it\/wp-content\/uploads\/2020\/05\/messaggero_31-05.x50452.pdf\" target=\"_blank\" rel=\"noopener noreferrer\">Il Messaggero<\/a><\/strong><\/span><\/td>\n<td>Vulci e Domus Aurea candidate a Paestum<\/td>\n<td><a title=\"aef\" href=\"https:\/\/www.borsaturismoarcheologico.it\/wp-content\/uploads\/2020\/05\/messaggero_31-05.x50452.pdf\"><img decoding=\"async\" class=\"aligncenter\" src=\"https:\/\/www.borsaturismoarcheologico.it\/wp-content\/uploads\/2013\/01\/1360704754_pdf.x50452.png\" alt=\"1360704754_pdf\" width=\"20\" height=\"20\" title=\"\"><\/a><\/td>\n<\/tr>\n<tr>\n<td><strong>31 maggio 2020<\/strong><\/td>\n<td><span style=\"color: #ff6600;\"><strong><a style=\"color: #ff6600;\" href=\"https:\/\/www.borsaturismoarcheologico.it\/wp-content\/uploads\/2020\/05\/mattino_31-05.x50452.pdf\" target=\"_blank\" rel=\"noopener noreferrer\">Il Mattino ed. Salerno<\/a><\/strong><\/span><\/td>\n<td>BMTA, le scoperte dell\u2019anno<\/td>\n<td><a title=\"aef\" href=\"https:\/\/www.borsaturismoarcheologico.it\/wp-content\/uploads\/2020\/05\/mattino_31-05.x50452.pdf\"><img decoding=\"async\" class=\"aligncenter\" src=\"https:\/\/www.borsaturismoarcheologico.it\/wp-content\/uploads\/2013\/01\/1360704754_pdf.x50452.png\" alt=\"1360704754_pdf\" width=\"20\" height=\"20\" title=\"\"><\/a><\/td>\n<\/tr>\n<tr>\n<td><strong>31 maggio 2020<\/strong><\/td>\n<td><span style=\"color: #ff6600;\"><strong><a style=\"color: #ff6600;\" href=\"https:\/\/www.borsaturismoarcheologico.it\/wp-content\/uploads\/2020\/05\/quotsud_31-05.x50452.pdf\" target=\"_blank\" rel=\"noopener noreferrer\">Il Quotidiano del Sud ed. Salerno<\/a><\/strong><\/span><\/td>\n<td>Le cinque maggiori scoperte premiate a novembre a Paestum<\/td>\n<td><a title=\"aef\" href=\"https:\/\/www.borsaturismoarcheologico.it\/wp-content\/uploads\/2020\/05\/quotsud_31-05.x50452.pdf\"><img decoding=\"async\" class=\"aligncenter\" src=\"https:\/\/www.borsaturismoarcheologico.it\/wp-content\/uploads\/2013\/01\/1360704754_pdf.x50452.png\" alt=\"1360704754_pdf\" width=\"20\" height=\"20\" title=\"\"><\/a><\/td>\n<\/tr>\n<tr>\n<td><strong>31 maggio 2020<\/strong><\/td>\n<td><span style=\"color: #ff6600;\"><strong><a style=\"color: #ff6600;\" href=\"https:\/\/arte.sky.it\/2020\/05\/premio-archeologia-khaled-al-asaad-finalisti\/\" target=\"_blank\" rel=\"noopener noreferrer nofollow\">Arte.Sky.it<\/a><\/strong><\/span><\/td>\n<td>Le 5 scoperte archeologiche dell\u2019anno in lizza per il Premio Khaled al-Asaad<\/td>\n<td><a title=\"aef\" href=\"https:\/\/arte.sky.it\/2020\/05\/premio-archeologia-khaled-al-asaad-finalisti\/\" rel=\"nofollow noopener\" target=\"_blank\"><img decoding=\"async\" class=\"aligncenter\" src=\"https:\/\/www.borsaturismoarcheologico.it\/wp-content\/uploads\/2018\/07\/weblogo.x50452.png\" alt=\"1360704754_pdf\" width=\"20\" height=\"20\" title=\"\"><\/a><\/td>\n<\/tr>\n<tr>\n<td><strong>31 maggio 2020<\/strong><\/td>\n<td><span style=\"color: #ff6600;\"><strong><a style=\"color: #ff6600;\" href=\"https:\/\/siviaggia.it\/notizie\/international-archaeological-discovery-award-khaled-al-asaad-italia\/292450\/\" target=\"_blank\" rel=\"noopener noreferrer nofollow\">SiViaggia.it<\/a><\/strong><\/span><\/td>\n<td>International Archaeological Discovery Award \u201cKhaled al-Asaad\u201d, tra i candidati 2 italiani<\/td>\n<td><a title=\"aef\" href=\"https:\/\/siviaggia.it\/notizie\/international-archaeological-discovery-award-khaled-al-asaad-italia\/292450\/\" rel=\"nofollow noopener\" target=\"_blank\"><img decoding=\"async\" class=\"aligncenter\" src=\"https:\/\/www.borsaturismoarcheologico.it\/wp-content\/uploads\/2018\/07\/weblogo.x50452.png\" alt=\"1360704754_pdf\" width=\"20\" height=\"20\" title=\"\"><\/a><\/td>\n<\/tr>\n<tr>\n<td><strong>30 maggio 2020<\/strong><\/td>\n<td><span style=\"color: #ff6600;\"><strong><a style=\"color: #ff6600;\" href=\"https:\/\/www.borsaturismoarcheologico.it\/wp-content\/uploads\/2020\/05\/citta\u0300_30-05.x50452.pdf\" target=\"_blank\" rel=\"noopener noreferrer\">La Citt\u00e0 di Salerno<\/a><\/strong><\/span><\/td>\n<td>\u201cKhaled al-Asaad\u201d, le cinque scoperte finaliste<\/td>\n<td><a title=\"aef\" href=\"https:\/\/www.borsaturismoarcheologico.it\/wp-content\/uploads\/2020\/05\/citta\u0300_30-05.x50452.pdf\"><img decoding=\"async\" class=\"aligncenter\" src=\"https:\/\/www.borsaturismoarcheologico.it\/wp-content\/uploads\/2013\/01\/1360704754_pdf.x50452.png\" alt=\"1360704754_pdf\" width=\"20\" height=\"20\" title=\"\"><\/a><\/td>\n<\/tr>\n<tr>\n<td><strong>30 maggio 2020<\/strong><\/td>\n<td><span style=\"color: #ff6600;\"><strong><a style=\"color: #ff6600;\" href=\"https:\/\/www.borsaturismoarcheologico.it\/wp-content\/uploads\/2020\/05\/cronache_30-05.x50452.pdf\" target=\"_blank\" rel=\"noopener noreferrer\">Le Cronache<\/a><\/strong><\/span><\/td>\n<td>Le 5 scoperte archeologiche del 2019<\/td>\n<td><a title=\"aef\" href=\"https:\/\/www.borsaturismoarcheologico.it\/wp-content\/uploads\/2020\/05\/cronache_30-05.x50452.pdf\"><img decoding=\"async\" class=\"aligncenter\" src=\"https:\/\/www.borsaturismoarcheologico.it\/wp-content\/uploads\/2013\/01\/1360704754_pdf.x50452.png\" alt=\"1360704754_pdf\" width=\"20\" height=\"20\" title=\"\"><\/a><\/td>\n<\/tr>\n<tr>\n<td><strong>30 maggio 2020<\/strong><\/td>\n<td><span style=\"color: #ff6600;\"><strong><a style=\"color: #ff6600;\" href=\"https:\/\/mediterraneoantico.it\/articoli\/borsa-di-paestum-torna-linternational-archaeological-discovery-award-2020\/\" target=\"_blank\" rel=\"noopener noreferrer nofollow\">MediterraneoAntico.it<\/a><\/strong><\/span><\/td>\n<td>Borsa di Paestum: torna l\u2019International Archaeological Discovery Award<\/td>\n<td><a title=\"aef\" href=\"https:\/\/mediterraneoantico.it\/articoli\/borsa-di-paestum-torna-linternational-archaeological-discovery-award-2020\/\" rel=\"nofollow noopener\" target=\"_blank\"><img decoding=\"async\" class=\"aligncenter\" src=\"https:\/\/www.borsaturismoarcheologico.it\/wp-content\/uploads\/2018\/07\/weblogo.x50452.png\" alt=\"1360704754_pdf\" width=\"20\" height=\"20\" title=\"\"><\/a><\/td>\n<\/tr>\n<tr>\n<td><strong>29 maggio 2020<\/strong><\/td>\n<td><span style=\"color: #ff6600;\"><strong><a style=\"color: #ff6600;\" href=\"https:\/\/agcult.it\/a\/19557\/2020-05-29\/archeologia-annunciate-le-cinque-scoperte-finaliste-al-premio-khaled-al-asaad\" target=\"_blank\" rel=\"noopener noreferrer nofollow\">AgCult.it<\/a><\/strong><\/span><\/td>\n<td>Archeologia, annunciate le cinque scoperte finaliste al premio \u201cKhaled al-Asaad\u201d<\/td>\n<td><a title=\"aef\" href=\"https:\/\/agcult.it\/a\/19557\/2020-05-29\/archeologia-annunciate-le-cinque-scoperte-finaliste-al-premio-khaled-al-asaad\" rel=\"nofollow noopener\" target=\"_blank\"><img decoding=\"async\" class=\"aligncenter\" src=\"https:\/\/www.borsaturismoarcheologico.it\/wp-content\/uploads\/2018\/07\/weblogo.x50452.png\" alt=\"1360704754_pdf\" width=\"20\" height=\"20\" title=\"\"><\/a><\/td>\n<\/tr>\n<tr>\n<td><strong>29 maggio 2020<\/strong><\/td>\n<td><span style=\"color: #ff6600;\"><strong><a style=\"color: #ff6600;\" href=\"https:\/\/www.affaritaliani.it\/culturaspettacoli\/bmta-archeo-premieranno-le-cinque-scoperte-piu-importanti-del-2019-675585.html\" target=\"_blank\" rel=\"noopener noreferrer nofollow\">Affaritaliani.it<\/a><\/strong><\/span><\/td>\n<td>BMTA e Archeo, Premio Khaled al-Asaad alla pi\u00f9 importante scoperta del 2019<\/td>\n<td><a title=\"aef\" href=\"https:\/\/www.affaritaliani.it\/culturaspettacoli\/bmta-archeo-premieranno-le-cinque-scoperte-piu-importanti-del-2019-675585.html\" rel=\"nofollow noopener\" target=\"_blank\"><img decoding=\"async\" class=\"aligncenter\" src=\"https:\/\/www.borsaturismoarcheologico.it\/wp-content\/uploads\/2018\/07\/weblogo.x50452.png\" alt=\"1360704754_pdf\" width=\"20\" height=\"20\" title=\"\"><\/a><\/td>\n<\/tr>\n<tr>\n<td><strong>19 maggio 2020<\/strong><\/td>\n<td><span style=\"color: #ff6600;\"><strong><a style=\"color: #ff6600;\" href=\"https:\/\/www.borsaturismoarcheologico.it\/wp-content\/uploads\/2020\/05\/Roma_19-05.x50452.pdf\" target=\"_blank\" rel=\"noopener noreferrer\">Roma<\/a><\/strong><\/span><\/td>\n<td>Settore fieristico pronto a ripartire, ma per ora \u00e8 tutto fermo<\/td>\n<td><a title=\"aef\" href=\"https:\/\/www.borsaturismoarcheologico.it\/wp-content\/uploads\/2020\/05\/Roma_19-05.x50452.pdf\"><img decoding=\"async\" class=\"aligncenter\" src=\"https:\/\/www.borsaturismoarcheologico.it\/wp-content\/uploads\/2013\/01\/1360704754_pdf.x50452.png\" alt=\"1360704754_pdf\" width=\"20\" height=\"20\" title=\"\"><\/a><\/td>\n<\/tr>\n<tr>\n<td><strong>29 aprile 2020<\/strong><\/td>\n<td><span style=\"color: #ff6600;\"><strong><a style=\"color: #ff6600;\" href=\"https:\/\/travelnostop.com\/news\/beni-culturali\/490484_490484\" target=\"_blank\" rel=\"noopener noreferrer nofollow\">Travelnostop.com<\/a><\/strong><\/span><\/td>\n<td>Musei verso ripartenza in attesa di direttive ufficiali, ma il 18 resta data indicativa<\/td>\n<td><a title=\"aef\" href=\"https:\/\/travelnostop.com\/news\/beni-culturali\/490484_490484\" rel=\"nofollow noopener\" target=\"_blank\"><img decoding=\"async\" class=\"aligncenter\" src=\"https:\/\/www.borsaturismoarcheologico.it\/wp-content\/uploads\/2018\/07\/weblogo.x50452.png\" alt=\"1360704754_pdf\" width=\"20\" height=\"20\" title=\"\"><\/a><\/td>\n<\/tr>\n<tr>\n<td><strong>29 aprile 2020<\/strong><\/td>\n<td><span style=\"color: #ff6600;\"><strong><a style=\"color: #ff6600;\" href=\"https:\/\/www.ansa.it\/sito\/notizie\/cultura\/2020\/04\/28\/distanze-e-mascherine-i-musei-si-preparano_9d659f9b-1231-44cc-84f6-7b8ef63c9e78.html\" target=\"_blank\" rel=\"noopener noreferrer nofollow\">Ansa.it<\/a><\/strong><\/span><\/td>\n<td>Distanze e mascherine, i musei si preparano<\/td>\n<td><a title=\"aef\" href=\"https:\/\/www.ansa.it\/sito\/notizie\/cultura\/2020\/04\/28\/distanze-e-mascherine-i-musei-si-preparano_9d659f9b-1231-44cc-84f6-7b8ef63c9e78.html\" rel=\"nofollow noopener\" target=\"_blank\"><img decoding=\"async\" class=\"aligncenter\" src=\"https:\/\/www.borsaturismoarcheologico.it\/wp-content\/uploads\/2018\/07\/weblogo.x50452.png\" alt=\"1360704754_pdf\" width=\"20\" height=\"20\" title=\"\"><\/a><\/td>\n<\/tr>\n<tr>\n<td><strong>29 aprile 2020<\/strong><\/td>\n<td><span style=\"color: #ff6600;\"><strong><a style=\"color: #ff6600;\" href=\"https:\/\/www.borsaturismoarcheologico.it\/wp-content\/uploads\/2020\/04\/gazsud_29-04.x50452.pdf\" target=\"_blank\" rel=\"noopener noreferrer\">Gazzetta del Sud<\/a><\/strong><\/span><\/td>\n<td>Cos\u00ec i musei preparano la riapertura<\/td>\n<td><a title=\"aef\" href=\"https:\/\/www.borsaturismoarcheologico.it\/wp-content\/uploads\/2020\/04\/gazsud_29-04.x50452.pdf\"><img decoding=\"async\" class=\"aligncenter\" src=\"https:\/\/www.borsaturismoarcheologico.it\/wp-content\/uploads\/2013\/01\/1360704754_pdf.x50452.png\" alt=\"1360704754_pdf\" width=\"20\" height=\"20\" title=\"\"><\/a><\/td>\n<\/tr>\n<tr>\n<td><strong>28 aprile 2020<\/strong><\/td>\n<td><span style=\"color: #ff6600;\"><strong><a style=\"color: #ff6600;\" href=\"https:\/\/www.borsaturismoarcheologico.it\/wp-content\/uploads\/2020\/04\/ANSA-28-04.x50452.pdf\" target=\"_blank\" rel=\"noopener noreferrer\">ANSA<\/a><\/strong><\/span><\/td>\n<td>Distanze e mascherine, i musei si preparano<\/td>\n<td><a title=\"aef\" href=\"https:\/\/www.borsaturismoarcheologico.it\/wp-content\/uploads\/2020\/04\/ANSA-28-04.x50452.pdf\"><img decoding=\"async\" class=\"aligncenter\" src=\"https:\/\/www.borsaturismoarcheologico.it\/wp-content\/uploads\/2013\/01\/1360704754_pdf.x50452.png\" alt=\"1360704754_pdf\" width=\"20\" height=\"20\" title=\"\"><\/a><\/td>\n<\/tr>\n<\/tbody>\n<\/table>\n","protected":false},"excerpt":{"rendered":"<p>XXIII edizione gennaio 2022 Turismo all&#8217;aria aperta Nuove scoperte nell&#8217;Anatolia  [&#8230;]<\/p>\n","protected":false},"author":1,"featured_media":0,"parent":0,"menu_order":0,"comment_status":"closed","ping_status":"closed","template":"","meta":{"_monsterinsights_skip_tracking":false,"_monsterinsights_sitenote_active":false,"_monsterinsights_sitenote_note":"","_monsterinsights_sitenote_category":0,"footnotes":""},"class_list":["post-25046","page","type-page","status-publish","hentry"],"_links":{"self":[{"href":"https:\/\/www.borsaturismoarcheologico.it\/ar\/wp-json\/wp\/v2\/pages\/25046","targetHints":{"allow":["GET"]}}],"collection":[{"href":"https:\/\/www.borsaturismoarcheologico.it\/ar\/wp-json\/wp\/v2\/pages"}],"about":[{"href":"https:\/\/www.borsaturismoarcheologico.it\/ar\/wp-json\/wp\/v2\/types\/page"}],"author":[{"embeddable":true,"href":"https:\/\/www.borsaturismoarcheologico.it\/ar\/wp-json\/wp\/v2\/users\/1"}],"replies":[{"embeddable":true,"href":"https:\/\/www.borsaturismoarcheologico.it\/ar\/wp-json\/wp\/v2\/comments?post=25046"}],"version-history":[{"count":0,"href":"https:\/\/www.borsaturismoarcheologico.it\/ar\/wp-json\/wp\/v2\/pages\/25046\/revisions"}],"wp:attachment":[{"href":"https:\/\/www.borsaturismoarcheologico.it\/ar\/wp-json\/wp\/v2\/media?parent=25046"}],"curies":[{"name":"wp","href":"https:\/\/api.w.org\/{rel}","templated":true}]}}